{"version":"1.0","provider_name":"Acad\u00e9mie de l&#039;immobilier","provider_url":"https:\/\/academie-immo.lu\/de\/","author_name":"oliver.deckers","author_url":"https:\/\/academie-immo.lu\/de\/author\/oliver-deckers\/","title":"G\u00e9rer le d\u00e9tachement des salari\u00e9s - Acad\u00e9mie de l&#039;immobilier","type":"rich","width":600,"height":338,"html":"<blockquote class=\"wp-embedded-content\" data-secret=\"D14eRj0q2P\"><a href=\"https:\/\/academie-immo.lu\/de\/courses\/gerer-le-detachement-des-salaries-2\/\">G\u00e9rer le d\u00e9tachement des salari\u00e9s<\/a><\/blockquote><iframe sandbox=\"allow-scripts\" security=\"restricted\" src=\"https:\/\/academie-immo.lu\/de\/courses\/gerer-le-detachement-des-salaries-2\/embed\/#?secret=D14eRj0q2P\" width=\"600\" height=\"338\" title=\"&#8222;G\u00e9rer le d\u00e9tachement des salari\u00e9s&#8220; &#8211; Acad\u00e9mie de l&#039;immobilier\" data-secret=\"D14eRj0q2P\" frameborder=\"0\" marginwidth=\"0\" marginheight=\"0\" scrolling=\"no\" class=\"wp-embedded-content\"><\/iframe><script type=\"text\/javascript\">\n\/* <![CDATA[ *\/\n\/*! This file is auto-generated *\/\n!function(d,l){\"use strict\";l.querySelector&&d.addEventListener&&\"undefined\"!=typeof URL&&(d.wp=d.wp||{},d.wp.receiveEmbedMessage||(d.wp.receiveEmbedMessage=function(e){var t=e.data;if((t||t.secret||t.message||t.value)&&!\/[^a-zA-Z0-9]\/.test(t.secret)){for(var s,r,n,a=l.querySelectorAll('iframe[data-secret=\"'+t.secret+'\"]'),o=l.querySelectorAll('blockquote[data-secret=\"'+t.secret+'\"]'),c=new RegExp(\"^https?:$\",\"i\"),i=0;i<o.length;i++)o[i].style.display=\"none\";for(i=0;i<a.length;i++)s=a[i],e.source===s.contentWindow&&(s.removeAttribute(\"style\"),\"height\"===t.message?(1e3<(r=parseInt(t.value,10))?r=1e3:~~r<200&&(r=200),s.height=r):\"link\"===t.message&&(r=new URL(s.getAttribute(\"src\")),n=new URL(t.value),c.test(n.protocol))&&n.host===r.host&&l.activeElement===s&&(d.top.location.href=t.value))}},d.addEventListener(\"message\",d.wp.receiveEmbedMessage,!1),l.addEventListener(\"DOMContentLoaded\",function(){for(var e,t,s=l.querySelectorAll(\"iframe.wp-embedded-content\"),r=0;r<s.length;r++)(t=(e=s[r]).getAttribute(\"data-secret\"))||(t=Math.random().toString(36).substring(2,12),e.src+=\"#?secret=\"+t,e.setAttribute(\"data-secret\",t)),e.contentWindow.postMessage({message:\"ready\",secret:t},\"*\")},!1)))}(window,document);\n\/\/# sourceURL=https:\/\/academie-immo.lu\/wp-includes\/js\/wp-embed.min.js\n\/* ]]> *\/\n<\/script>\n","thumbnail_url":"https:\/\/academie-immo.lu\/wp-content\/uploads\/2024\/03\/folder-5000783_1280.png","thumbnail_width":1280,"thumbnail_height":1280,"description":"Objectifs du module Comprendre la notion de d\u00e9tachement. Identifier les formalit\u00e9s administratives \u00e0 r\u00e9aliser. Contenus p\u00e9dagogiques Le champ d\u2019application du d\u00e9tachement Sa d\u00e9finition L\u2019activit\u00e9 multi-pays Les possibilit\u00e9s de prestations transnationales Le cas du d\u00e9tachement vers le Luxembourg La dur\u00e9e du d\u00e9tachement La l\u00e9gislation applicable en mati\u00e8re de droit du travail en cas de d\u00e9tachement Principes g\u00e9n\u00e9raux Le cas de la&hellip;"}