{"id":1692,"date":"2022-05-27T16:14:27","date_gmt":"2022-05-27T14:14:27","guid":{"rendered":"https:\/\/academie-immo.lu\/?page_id=1692"},"modified":"2022-09-22T15:58:13","modified_gmt":"2022-09-22T13:58:13","slug":"schulungen","status":"publish","type":"page","link":"https:\/\/academie-immo.lu\/de\/schulungen\/","title":{"rendered":"Schulungen"},"content":{"rendered":"<p>[vc_row el_class=&#8220;display_everythingelse_courses&#8220;][vc_column][vc_empty_space height=&#8220;150px&#8220; alter_height=&#8220;medium&#8220; hide_on_mobile=&#8220;&#8220;][vc_text_separator title=&#8220;Finden Sie unsere verschiedenen Module&#8220;][vc_tta_tabs alignment=&#8220;center&#8220; active_section=&#8220;1&#8243; title=&#8220;Unsere Schulungen&#8220;][vc_tta_section title=&#8220;Finden Sie unsere verschiedenen Module&#8220; tab_id=&#8220;1656686816033-cc8c8c66-d3d71657183789096&#8243;]<div class=\"sc_courses sc_courses_default\"><div class=\"sc_courses_columns sc_item_columns trx_addons_columns_wrap columns_padding_bottom\"><div class=\"trx_addons_column-1_4\"><div class=\"sc_courses_item trx_addons_hover trx_addons_hover_style_links\">\n\t\t\t<div class=\"sc_courses_item_thumb\">\n\t\t\t<img loading=\"lazy\" decoding=\"async\" width=\"740\" height=\"530\" src=\"https:\/\/academie-immo.lu\/wp-content\/uploads\/2023\/05\/housebuilding-g5e92dfc74_1280-740x530.jpg\" class=\"attachment-studeon-thumb-big-blogger size-studeon-thumb-big-blogger wp-post-image\" alt=\"Les travaux dans la copropri\u00e9t\u00e9\" \/>\t\t\t<span class=\"sc_courses_item_categories\"><a href=\"https:\/\/academie-immo.lu\/de\/courses_group\/techniques-immobilieres\/\" title=\"View all posts in Techniques immobili\u00e8res\">Techniques immobili\u00e8res<\/a><\/span>\n\t\t<\/div>\n\t\t<div class=\"sc_courses_item_info\">\n\t\t<div class=\"sc_courses_item_header\">\n\t\t\t<h5 class=\"sc_courses_item_title\">Les travaux dans la copropri\u00e9t\u00e9<\/h5>\n\t\t\t<div class=\"sc_courses_item_meta\">\n\t\t\t\t<span class=\"sc_courses_item_meta_item sc_courses_item_meta_date\">Starting <span class=\"sc_courses_item_date\">30\/06\/2033<\/span><\/span>\n\t\t\t\t<span class=\"sc_courses_item_meta_item sc_courses_item_meta_duration\">4h<\/span>\n            <\/div>\n\t\t\t<div class=\"sc_courses_item_price\"><\/div>\n\t\t<\/div>\n\n\t<\/div>\n\t<div class=\"trx_addons_hover_mask\"><\/div>\n\t<div class=\"trx_addons_hover_content\">\n\t\t<h5 class=\"trx_addons_hover_title\">Les travaux dans la copropri\u00e9t\u00e9<\/h5>\n\t\t\t\t\t<div class=\"trx_addons_hover_text\">OBJECTIFS DU MODULE Parmi les sujets les plus complexes abord\u00e9s dans le texte coordonn\u00e9 sur le statut de la copropri\u00e9t\u00e9 des immeubles b\u00e2tis figure sans doute celui des travaux \u00e0 effectuer dans une copropri\u00e9t\u00e9. Le probl\u00e8me se pose r\u00e9guli\u00e8rement dans les assembl\u00e9es g\u00e9n\u00e9rales, en raison des dispositions l\u00e9gales souvent consid\u00e9r\u00e9s incompl\u00e8tes et ou confuses. Le module aborde tous les diff\u00e9rents&hellip;<\/div>\n\t\t\t\t<div class=\"trx_addons_hover_links\">\n\t\t\t<a href=\"https:\/\/academie-immo.lu\/de\/courses\/les-travaux-dans-la-copropriete\/\" class=\"trx_addons_hover_link\">More Info<\/a>\n\t\t\t\t\t<\/div>\n\t<\/div>\n<\/div>\n<\/div><div class=\"trx_addons_column-1_4\"><div class=\"sc_courses_item trx_addons_hover trx_addons_hover_style_links\">\n\t\t\t<div class=\"sc_courses_item_thumb\">\n\t\t\t<img loading=\"lazy\" decoding=\"async\" width=\"400\" height=\"400\" src=\"https:\/\/academie-immo.lu\/wp-content\/uploads\/2023\/05\/image-2.jpeg\" class=\"attachment-studeon-thumb-big-blogger size-studeon-thumb-big-blogger wp-post-image\" alt=\"Communiquer dans des situations difficiles\" srcset=\"https:\/\/academie-immo.lu\/wp-content\/uploads\/2023\/05\/image-2.jpeg 400w, https:\/\/academie-immo.lu\/wp-content\/uploads\/2023\/05\/image-2-300x300.jpeg 300w, https:\/\/academie-immo.lu\/wp-content\/uploads\/2023\/05\/image-2-150x150.jpeg 150w, https:\/\/academie-immo.lu\/wp-content\/uploads\/2023\/05\/image-2-370x370.jpeg 370w, https:\/\/academie-immo.lu\/wp-content\/uploads\/2023\/05\/image-2-90x90.jpeg 90w\" sizes=\"auto, (max-width: 400px) 100vw, 400px\" \/>\t\t\t<span class=\"sc_courses_item_categories\"><a href=\"https:\/\/academie-immo.lu\/de\/courses_group\/competences-tranversales\/\" title=\"View all posts in Comp\u00e9tences transversales\">Comp\u00e9tences transversales<\/a><\/span>\n\t\t<\/div>\n\t\t<div class=\"sc_courses_item_info\">\n\t\t<div class=\"sc_courses_item_header\">\n\t\t\t<h5 class=\"sc_courses_item_title\">Communiquer dans des situations difficiles<\/h5>\n\t\t\t<div class=\"sc_courses_item_meta\">\n\t\t\t\t<span class=\"sc_courses_item_meta_item sc_courses_item_meta_date\">Starting <span class=\"sc_courses_item_date\">30\/06\/2033<\/span><\/span>\n\t\t\t\t<span class=\"sc_courses_item_meta_item sc_courses_item_meta_duration\">8h<\/span>\n            <\/div>\n\t\t\t<div class=\"sc_courses_item_price\"><\/div>\n\t\t<\/div>\n\n\t<\/div>\n\t<div class=\"trx_addons_hover_mask\"><\/div>\n\t<div class=\"trx_addons_hover_content\">\n\t\t<h5 class=\"trx_addons_hover_title\">Communiquer dans des situations difficiles<\/h5>\n\t\t\t\t\t<div class=\"trx_addons_hover_text\">OBJECTIFS DU MODULE R\u00e9soudre des situations de communication difficile avec un client. CONTENUS P\u00c9DAGOGIQUES Communication\u00a0: verbale et non-verbale, rationnelle et \u00e9motionnelle, Importance de l&#8217;assertivit\u00e9 et de l&#8217;empathie, Le mod\u00e8le d\u2019escalade d&#8217;un conflit, Votre position dans la gestion des situations difficiles. M\u00c9THODES P\u00c9DAGOGIQUES Enseignements th\u00e9oriques, discussions de groupe, \u00e9change d\u2019exp\u00e9riences CERTIFICATION Attestation de pr\u00e9sence INFORMATIONS PRATIQUES\u00a0 Pr\u00e9sentiel en centre de formation&hellip;<\/div>\n\t\t\t\t<div class=\"trx_addons_hover_links\">\n\t\t\t<a href=\"https:\/\/academie-immo.lu\/de\/courses\/communiquer-dans-des-situations-difficiles\/\" class=\"trx_addons_hover_link\">More Info<\/a>\n\t\t\t\t\t<\/div>\n\t<\/div>\n<\/div>\n<\/div><div class=\"trx_addons_column-1_4\"><div class=\"sc_courses_item trx_addons_hover trx_addons_hover_style_links\">\n\t\t\t<div class=\"sc_courses_item_thumb\">\n\t\t\t<img loading=\"lazy\" decoding=\"async\" width=\"740\" height=\"530\" src=\"https:\/\/academie-immo.lu\/wp-content\/uploads\/2023\/05\/office-g143d04d23_1280-740x530.jpg\" class=\"attachment-studeon-thumb-big-blogger size-studeon-thumb-big-blogger wp-post-image\" alt=\"Introduction \u00e0 la gestion de projet\" \/>\t\t\t<span class=\"sc_courses_item_categories\"><a href=\"https:\/\/academie-immo.lu\/de\/courses_group\/competences-tranversales\/\" title=\"View all posts in Comp\u00e9tences transversales\">Comp\u00e9tences transversales<\/a><\/span>\n\t\t<\/div>\n\t\t<div class=\"sc_courses_item_info\">\n\t\t<div class=\"sc_courses_item_header\">\n\t\t\t<h5 class=\"sc_courses_item_title\">Introduction \u00e0 la gestion de projet<\/h5>\n\t\t\t<div class=\"sc_courses_item_meta\">\n\t\t\t\t<span class=\"sc_courses_item_meta_item sc_courses_item_meta_date\">Starting <span class=\"sc_courses_item_date\">30\/06\/2033<\/span><\/span>\n\t\t\t\t<span class=\"sc_courses_item_meta_item sc_courses_item_meta_duration\"><\/span>\n            <\/div>\n\t\t\t<div class=\"sc_courses_item_price\"><\/div>\n\t\t<\/div>\n\n\t<\/div>\n\t<div class=\"trx_addons_hover_mask\"><\/div>\n\t<div class=\"trx_addons_hover_content\">\n\t\t<h5 class=\"trx_addons_hover_title\">Introduction \u00e0 la gestion de projet<\/h5>\n\t\t\t\t\t<div class=\"trx_addons_hover_text\">OBJECTIFS DU MODULE D\u00e9marrer et g\u00e9rer des projets avec succ\u00e8s R\u00e9ussir des projets Acqu\u00e9rir les m\u00e9thodes et outils de base autour d&#8217;un projet Acqu\u00e9rir des outils pour mieux piloter un projet CONTENUS P\u00c9DAGOGIQUES L&#8217;\u00e9laboration du projet L&#8217;organisation du projet La planification, le contr\u00f4le et le suivi Connaissance des phases de pilotage de projet Compr\u00e9hension de base de la gestion de&hellip;<\/div>\n\t\t\t\t<div class=\"trx_addons_hover_links\">\n\t\t\t<a href=\"https:\/\/academie-immo.lu\/de\/courses\/introduction-a-la-gestion-de-projet\/\" class=\"trx_addons_hover_link\">More Info<\/a>\n\t\t\t\t\t<\/div>\n\t<\/div>\n<\/div>\n<\/div><div class=\"trx_addons_column-1_4\"><div class=\"sc_courses_item trx_addons_hover trx_addons_hover_style_links\">\n\t\t\t<div class=\"sc_courses_item_thumb\">\n\t\t\t<img loading=\"lazy\" decoding=\"async\" width=\"740\" height=\"530\" src=\"https:\/\/academie-immo.lu\/wp-content\/uploads\/2023\/05\/wheelie-bin-g275a9232d_1280-740x530.jpg\" class=\"attachment-studeon-thumb-big-blogger size-studeon-thumb-big-blogger wp-post-image\" alt=\"Gestion et pr\u00e9vention des d\u00e9chets en immeuble r\u00e9sidentiel\" \/>\t\t\t<span class=\"sc_courses_item_categories\"><a href=\"https:\/\/academie-immo.lu\/de\/courses_group\/techniques-immobilieres\/\" title=\"View all posts in Techniques immobili\u00e8res\">Techniques immobili\u00e8res<\/a><\/span>\n\t\t<\/div>\n\t\t<div class=\"sc_courses_item_info\">\n\t\t<div class=\"sc_courses_item_header\">\n\t\t\t<h5 class=\"sc_courses_item_title\">Gestion et pr\u00e9vention des d\u00e9chets en immeuble r\u00e9sidentiel<\/h5>\n\t\t\t<div class=\"sc_courses_item_meta\">\n\t\t\t\t<span class=\"sc_courses_item_meta_item sc_courses_item_meta_date\">Starting <span class=\"sc_courses_item_date\">31\/07\/2033<\/span><\/span>\n\t\t\t\t<span class=\"sc_courses_item_meta_item sc_courses_item_meta_duration\">8H<\/span>\n            <\/div>\n\t\t\t<div class=\"sc_courses_item_price\"><\/div>\n\t\t<\/div>\n\n\t<\/div>\n\t<div class=\"trx_addons_hover_mask\"><\/div>\n\t<div class=\"trx_addons_hover_content\">\n\t\t<h5 class=\"trx_addons_hover_title\">Gestion et pr\u00e9vention des d\u00e9chets en immeuble r\u00e9sidentiel<\/h5>\n\t\t\t\t\t<div class=\"trx_addons_hover_text\">OBJECTIFS DU MODULE Cette formation a comme objectif d\u2019informer les acteurs du secteur de l\u2019immobilier sur la gestion efficace et durable des d\u00e9chets dans les immeubles r\u00e9sidentiels conform\u00e9ment aux dispositions l\u00e9gales. Cette formation s\u2019inscrit dans l\u2019activit\u00e9 SDK Residenzen de la SuperDrecksK\u00ebscht\u00ae CONTENUS P\u00c9DAGOGIQUES\u00a0 D\u00e9couvrir et comprendre : les \u00e9l\u00e9ments de la gestion des d\u00e9chets dans le contexte d\u2019un immeuble r\u00e9sidentiel,&hellip;<\/div>\n\t\t\t\t<div class=\"trx_addons_hover_links\">\n\t\t\t<a href=\"https:\/\/academie-immo.lu\/de\/courses\/gestion-et-prevention-des-dechets-en-immeuble-residentiel\/\" class=\"trx_addons_hover_link\">More Info<\/a>\n\t\t\t\t\t<\/div>\n\t<\/div>\n<\/div>\n<\/div><div class=\"trx_addons_column-1_4\"><div class=\"sc_courses_item trx_addons_hover trx_addons_hover_style_links\">\n\t\t\t<div class=\"sc_courses_item_thumb\">\n\t\t\t<img loading=\"lazy\" decoding=\"async\" width=\"740\" height=\"530\" src=\"https:\/\/academie-immo.lu\/wp-content\/uploads\/2022\/06\/mediamodifier-I3HPUolh5hA-unsplash-740x530.jpg\" class=\"attachment-studeon-thumb-big-blogger size-studeon-thumb-big-blogger wp-post-image\" alt=\"\u00c9tude de rentabilit\u00e9\" \/>\t\t\t<span class=\"sc_courses_item_categories\"><a href=\"https:\/\/academie-immo.lu\/de\/courses_group\/economie\/\" title=\"View all posts in \u00c9conomie\">\u00c9conomie<\/a><\/span>\n\t\t<\/div>\n\t\t<div class=\"sc_courses_item_info\">\n\t\t<div class=\"sc_courses_item_header\">\n\t\t\t<h5 class=\"sc_courses_item_title\">\u00c9tude de rentabilit\u00e9<\/h5>\n\t\t\t<div class=\"sc_courses_item_meta\">\n\t\t\t\t<span class=\"sc_courses_item_meta_item sc_courses_item_meta_date\">Starting <span class=\"sc_courses_item_date\">25\/08\/2033<\/span><\/span>\n\t\t\t\t<span class=\"sc_courses_item_meta_item sc_courses_item_meta_duration\"><\/span>\n            <\/div>\n\t\t\t<div class=\"sc_courses_item_price\"><\/div>\n\t\t<\/div>\n\n\t<\/div>\n\t<div class=\"trx_addons_hover_mask\"><\/div>\n\t<div class=\"trx_addons_hover_content\">\n\t\t<h5 class=\"trx_addons_hover_title\">\u00c9tude de rentabilit\u00e9<\/h5>\n\t\t\t\t\t<div class=\"trx_addons_hover_text\">OBJECTIFS DU MODULE Cette initiation au m\u00e9tier de prospecteur foncier vise \u00e0 fournir aux participants les comp\u00e9tences essentielles pour \u00e9valuer la faisabilit\u00e9 d&#8217;un projet immobilier. Ils acquerront une compr\u00e9hension approfondie de sujets tels que la constructibilit\u00e9 du terrain, l&#8217;\u00e9tude de march\u00e9, la mod\u00e9lisation financi\u00e8re et l&#8217;analyse des risques. CONTENUS P\u00c9DAGOGIQUES Initiation au m\u00e9tier de prospecteur foncier chez un promoteur immobilier.&hellip;<\/div>\n\t\t\t\t<div class=\"trx_addons_hover_links\">\n\t\t\t<a href=\"https:\/\/academie-immo.lu\/de\/courses\/etudes-de-rentabilite\/\" class=\"trx_addons_hover_link\">More Info<\/a>\n\t\t\t\t\t<\/div>\n\t<\/div>\n<\/div>\n<\/div><div class=\"trx_addons_column-1_4\"><div class=\"sc_courses_item trx_addons_hover trx_addons_hover_style_links\">\n\t\t\t<div class=\"sc_courses_item_thumb\">\n\t\t\t<img loading=\"lazy\" decoding=\"async\" width=\"740\" height=\"530\" src=\"https:\/\/academie-immo.lu\/wp-content\/uploads\/2022\/03\/Untitled-design-4-2-740x530.png\" class=\"attachment-studeon-thumb-big-blogger size-studeon-thumb-big-blogger wp-post-image\" alt=\"\u00c9valuation immobili\u00e8re\" \/>\t\t\t<span class=\"sc_courses_item_categories\"><a href=\"https:\/\/academie-immo.lu\/de\/courses_group\/techniques-immobilieres\/\" title=\"View all posts in Techniques immobili\u00e8res\">Techniques immobili\u00e8res<\/a><\/span>\n\t\t<\/div>\n\t\t<div class=\"sc_courses_item_info\">\n\t\t<div class=\"sc_courses_item_header\">\n\t\t\t<h5 class=\"sc_courses_item_title\">\u00c9valuation immobili\u00e8re<\/h5>\n\t\t\t<div class=\"sc_courses_item_meta\">\n\t\t\t\t<span class=\"sc_courses_item_meta_item sc_courses_item_meta_date\">Starting <span class=\"sc_courses_item_date\">31\/08\/2033<\/span><\/span>\n\t\t\t\t<span class=\"sc_courses_item_meta_item sc_courses_item_meta_duration\"><\/span>\n            <\/div>\n\t\t\t<div class=\"sc_courses_item_price\"><\/div>\n\t\t<\/div>\n\n\t<\/div>\n\t<div class=\"trx_addons_hover_mask\"><\/div>\n\t<div class=\"trx_addons_hover_content\">\n\t\t<h5 class=\"trx_addons_hover_title\">\u00c9valuation immobili\u00e8re<\/h5>\n\t\t\t\t\t<div class=\"trx_addons_hover_text\">OBJECTIFS DU MODULE L\u2019objectif de ce module est de d\u00e9finir la valeur d\u2019un bien immobilier, de comprendre les standards d\u2019\u00e9valuation immobili\u00e8re et enfin d\u2019aborder cinq m\u00e9thodes d\u2019\u00e9valuation. CONTENUS P\u00c9DAGOGIQUES\u00a0 D\u00e9finir la valeur d&#8217;un bien et \u00e0 quel usage Comprendre les m\u00e9canismes d&#8217;\u00e9valuation suivant les approches par : le march\u00e9, le revenu, les co\u00fbts Appliquer les m\u00e9thodes d&#8217;\u00e9valuation : comparative, r\u00e9siduelle,&hellip;<\/div>\n\t\t\t\t<div class=\"trx_addons_hover_links\">\n\t\t\t<a href=\"https:\/\/academie-immo.lu\/de\/courses\/evaluation-immobiliere\/\" class=\"trx_addons_hover_link\">More Info<\/a>\n\t\t\t\t\t<\/div>\n\t<\/div>\n<\/div>\n<\/div><div class=\"trx_addons_column-1_4\"><div class=\"sc_courses_item trx_addons_hover trx_addons_hover_style_links\">\n\t\t\t<div class=\"sc_courses_item_thumb\">\n\t\t\t<img loading=\"lazy\" decoding=\"async\" width=\"740\" height=\"530\" src=\"https:\/\/academie-immo.lu\/wp-content\/uploads\/2023\/05\/feedback-g5ab0aca8c_1280-740x530.jpg\" class=\"attachment-studeon-thumb-big-blogger size-studeon-thumb-big-blogger wp-post-image\" alt=\"N\u00e9gociation commerciale\" \/>\t\t\t<span class=\"sc_courses_item_categories\"><a href=\"https:\/\/academie-immo.lu\/de\/courses_group\/competences-tranversales\/\" title=\"View all posts in Comp\u00e9tences transversales\">Comp\u00e9tences transversales<\/a><\/span>\n\t\t<\/div>\n\t\t<div class=\"sc_courses_item_info\">\n\t\t<div class=\"sc_courses_item_header\">\n\t\t\t<h5 class=\"sc_courses_item_title\">N\u00e9gociation commerciale<\/h5>\n\t\t\t<div class=\"sc_courses_item_meta\">\n\t\t\t\t<span class=\"sc_courses_item_meta_item sc_courses_item_meta_date\">Starting <span class=\"sc_courses_item_date\">31\/08\/2033<\/span><\/span>\n\t\t\t\t<span class=\"sc_courses_item_meta_item sc_courses_item_meta_duration\"><\/span>\n            <\/div>\n\t\t\t<div class=\"sc_courses_item_price\"><\/div>\n\t\t<\/div>\n\n\t<\/div>\n\t<div class=\"trx_addons_hover_mask\"><\/div>\n\t<div class=\"trx_addons_hover_content\">\n\t\t<h5 class=\"trx_addons_hover_title\">N\u00e9gociation commerciale<\/h5>\n\t\t\t\t\t<div class=\"trx_addons_hover_text\">OBJECTIFS DU MODULE L\u2019objectif de ce module est de d\u00e9cortiquer les m\u00e9canismes de persuasion et de n\u00e9gociation afin de pouvoir les appliquer de fa\u00e7on \u00e9thique dans les m\u00e9tiers de l\u2019immobilier. Le but est de comprendre comment utiliser les m\u00e9canismes de persuasion et de n\u00e9gociation suivant 6 principes (r\u00e9ciprocit\u00e9, engagement, preuve sociale, autorit\u00e9, raret\u00e9, sympathie). CONTENUS P\u00c9DAGOGIQUES\u00a0 Pourquoi sommes-nous amen\u00e9s \u00e0&hellip;<\/div>\n\t\t\t\t<div class=\"trx_addons_hover_links\">\n\t\t\t<a href=\"https:\/\/academie-immo.lu\/de\/courses\/negociation-commerciale\/\" class=\"trx_addons_hover_link\">More Info<\/a>\n\t\t\t\t\t<\/div>\n\t<\/div>\n<\/div>\n<\/div><div class=\"trx_addons_column-1_4\"><div class=\"sc_courses_item trx_addons_hover trx_addons_hover_style_links\">\n\t\t\t<div class=\"sc_courses_item_thumb\">\n\t\t\t<img loading=\"lazy\" decoding=\"async\" width=\"740\" height=\"530\" src=\"https:\/\/academie-immo.lu\/wp-content\/uploads\/2017\/02\/sungrow-emea-itv-MC5S6cU-unsplash-740x530.jpg\" class=\"attachment-studeon-thumb-big-blogger size-studeon-thumb-big-blogger wp-post-image\" alt=\"Maisons passives\" \/>\t\t\t<span class=\"sc_courses_item_categories\"><a href=\"https:\/\/academie-immo.lu\/de\/courses_group\/techniques-de-construction\/\" title=\"View all posts in Techniques de construction\">Techniques de construction<\/a><\/span>\n\t\t<\/div>\n\t\t<div class=\"sc_courses_item_info\">\n\t\t<div class=\"sc_courses_item_header\">\n\t\t\t<h5 class=\"sc_courses_item_title\">Maisons passives<\/h5>\n\t\t\t<div class=\"sc_courses_item_meta\">\n\t\t\t\t<span class=\"sc_courses_item_meta_item sc_courses_item_meta_date\">Starting <span class=\"sc_courses_item_date\">31\/08\/2033<\/span><\/span>\n\t\t\t\t<span class=\"sc_courses_item_meta_item sc_courses_item_meta_duration\"><\/span>\n            <\/div>\n\t\t\t<div class=\"sc_courses_item_price\"><\/div>\n\t\t<\/div>\n\n\t<\/div>\n\t<div class=\"trx_addons_hover_mask\"><\/div>\n\t<div class=\"trx_addons_hover_content\">\n\t\t<h5 class=\"trx_addons_hover_title\">Maisons passives<\/h5>\n\t\t\t\t\t<div class=\"trx_addons_hover_text\">OBJECTIFS DU MODULE Comprendre les principes de base de la maison passive. Conna\u00eetre les avantages et les enjeux de la maison passive en termes de performance \u00e9nerg\u00e9tique et environnementale. Savoir concevoir et construire une maison passive en respectant les normes et les crit\u00e8res de certification. Apprendre \u00e0 optimiser l&#8217;efficacit\u00e9 \u00e9nerg\u00e9tique d&#8217;une maison existante en la rendant plus proche des standards&hellip;<\/div>\n\t\t\t\t<div class=\"trx_addons_hover_links\">\n\t\t\t<a href=\"https:\/\/academie-immo.lu\/de\/courses\/maisons-passives\/\" class=\"trx_addons_hover_link\">More Info<\/a>\n\t\t\t\t\t<\/div>\n\t<\/div>\n<\/div>\n<\/div><div class=\"trx_addons_column-1_4\"><div class=\"sc_courses_item trx_addons_hover trx_addons_hover_style_links\">\n\t\t\t<div class=\"sc_courses_item_thumb\">\n\t\t\t<img loading=\"lazy\" decoding=\"async\" width=\"400\" height=\"300\" src=\"https:\/\/academie-immo.lu\/wp-content\/uploads\/2023\/08\/image.jpeg\" class=\"attachment-studeon-thumb-big-blogger size-studeon-thumb-big-blogger wp-post-image\" alt=\"Fiscalit\u00e9 de l\u2019Immobilier\" srcset=\"https:\/\/academie-immo.lu\/wp-content\/uploads\/2023\/08\/image.jpeg 400w, https:\/\/academie-immo.lu\/wp-content\/uploads\/2023\/08\/image-300x225.jpeg 300w, https:\/\/academie-immo.lu\/wp-content\/uploads\/2023\/08\/image-370x278.jpeg 370w\" sizes=\"auto, (max-width: 400px) 100vw, 400px\" \/>\t\t\t<span class=\"sc_courses_item_categories\"><a href=\"https:\/\/academie-immo.lu\/de\/courses_group\/economie\/\" title=\"View all posts in \u00c9conomie\">\u00c9conomie<\/a><\/span>\n\t\t<\/div>\n\t\t<div class=\"sc_courses_item_info\">\n\t\t<div class=\"sc_courses_item_header\">\n\t\t\t<h5 class=\"sc_courses_item_title\">Fiscalit\u00e9 de l\u2019Immobilier<\/h5>\n\t\t\t<div class=\"sc_courses_item_meta\">\n\t\t\t\t<span class=\"sc_courses_item_meta_item sc_courses_item_meta_date\">Starting <span class=\"sc_courses_item_date\">31\/08\/2033<\/span><\/span>\n\t\t\t\t<span class=\"sc_courses_item_meta_item sc_courses_item_meta_duration\"><\/span>\n            <\/div>\n\t\t\t<div class=\"sc_courses_item_price\"><\/div>\n\t\t<\/div>\n\n\t<\/div>\n\t<div class=\"trx_addons_hover_mask\"><\/div>\n\t<div class=\"trx_addons_hover_content\">\n\t\t<h5 class=\"trx_addons_hover_title\">Fiscalit\u00e9 de l\u2019Immobilier<\/h5>\n\t\t\t\t\t<div class=\"trx_addons_hover_text\">OBJECTIFS DU MODULE Comprendre les bases de la fiscalit\u00e9 Luxembourgeoise et les administrations ex\u00e9cutant la l\u00e9gislation fiscale au Luxembourg. Explorer les modes de d\u00e9tention immobili\u00e8re. Ma\u00eetriser les imp\u00f4ts li\u00e9s \u00e0 l&#8217;acquisition, la d\u00e9tention immobili\u00e8re et la vente immobili\u00e8re. Se familiariser avec l\u2019imposition des successions et donations. Conseiller efficacement sur la fiscalit\u00e9 immobili\u00e8re. CONTENUS P\u00c9DAGOGIQUES Initiation \u00e0 la fiscalit\u00e9 Luxembourgeoise. Modes&hellip;<\/div>\n\t\t\t\t<div class=\"trx_addons_hover_links\">\n\t\t\t<a href=\"https:\/\/academie-immo.lu\/de\/courses\/fiscalite-de-limmobilier\/\" class=\"trx_addons_hover_link\">More Info<\/a>\n\t\t\t\t\t<\/div>\n\t<\/div>\n<\/div>\n<\/div><div class=\"trx_addons_column-1_4\"><div class=\"sc_courses_item trx_addons_hover trx_addons_hover_style_links\">\n\t\t\t<div class=\"sc_courses_item_thumb\">\n\t\t\t<img loading=\"lazy\" decoding=\"async\" width=\"740\" height=\"530\" src=\"https:\/\/academie-immo.lu\/wp-content\/uploads\/2023\/05\/housebuilding-g5e92dfc74_1280-740x530.jpg\" class=\"attachment-studeon-thumb-big-blogger size-studeon-thumb-big-blogger wp-post-image\" alt=\"Techniques de construction\" \/>\t\t\t<span class=\"sc_courses_item_categories\"><a href=\"https:\/\/academie-immo.lu\/de\/courses_group\/techniques-de-construction\/\" title=\"View all posts in Techniques de construction\">Techniques de construction<\/a><\/span>\n\t\t<\/div>\n\t\t<div class=\"sc_courses_item_info\">\n\t\t<div class=\"sc_courses_item_header\">\n\t\t\t<h5 class=\"sc_courses_item_title\">Techniques de construction<\/h5>\n\t\t\t<div class=\"sc_courses_item_meta\">\n\t\t\t\t<span class=\"sc_courses_item_meta_item sc_courses_item_meta_date\">Starting <span class=\"sc_courses_item_date\">31\/08\/2033<\/span><\/span>\n\t\t\t\t<span class=\"sc_courses_item_meta_item sc_courses_item_meta_duration\"><\/span>\n            <\/div>\n\t\t\t<div class=\"sc_courses_item_price\"><\/div>\n\t\t<\/div>\n\n\t<\/div>\n\t<div class=\"trx_addons_hover_mask\"><\/div>\n\t<div class=\"trx_addons_hover_content\">\n\t\t<h5 class=\"trx_addons_hover_title\">Techniques de construction<\/h5>\n\t\t\t\t\t<div class=\"trx_addons_hover_text\">OBJECTIFS DU MODULE Connaitre les diff\u00e9rents types de sols et de fondations Connaitre les caract\u00e9ristiques du b\u00e9ton arm\u00e9 Connaitre les diff\u00e9rents types de ma\u00e7onnerie Connaitre les syst\u00e8mes de fonctionnement des halls et b\u00e2timents fonctionnels CONTENUS P\u00c9DAGOGIQUES Normes Luxembourgeoises Format de construction DNA EN 206 M\u00c9THODES P\u00c9DAGOGIQUES Enseignements th\u00e9oriques CERTIFICATION Document de validation\u00a0: Attestation de participation INFORMATIONS PRATIQUES\u00a0 Pr\u00e9sentiel en centre&hellip;<\/div>\n\t\t\t\t<div class=\"trx_addons_hover_links\">\n\t\t\t<a href=\"https:\/\/academie-immo.lu\/de\/courses\/techniques-de-construction\/\" class=\"trx_addons_hover_link\">More Info<\/a>\n\t\t\t\t\t<\/div>\n\t<\/div>\n<\/div>\n<\/div><div class=\"trx_addons_column-1_4\"><div class=\"sc_courses_item trx_addons_hover trx_addons_hover_style_links\">\n\t\t\t<div class=\"sc_courses_item_thumb\">\n\t\t\t<img loading=\"lazy\" decoding=\"async\" width=\"740\" height=\"530\" src=\"https:\/\/academie-immo.lu\/wp-content\/uploads\/2023\/10\/team-4386222_1280-740x530.png\" class=\"attachment-studeon-thumb-big-blogger size-studeon-thumb-big-blogger wp-post-image\" alt=\"Salari\u00e9 D\u00e9sign\u00e9 \u00e0 la s\u00e9curit\u00e9 et sant\u00e9 au travail &#8211; Groupe A\" \/>\t\t\t<span class=\"sc_courses_item_categories\"><a href=\"https:\/\/academie-immo.lu\/de\/courses_group\/securite\/\" title=\"View all posts in S\u00e9curit\u00e9\">S\u00e9curit\u00e9<\/a><\/span>\n\t\t<\/div>\n\t\t<div class=\"sc_courses_item_info\">\n\t\t<div class=\"sc_courses_item_header\">\n\t\t\t<h5 class=\"sc_courses_item_title\">Salari\u00e9 D\u00e9sign\u00e9 \u00e0 la s\u00e9curit\u00e9 et sant\u00e9 au travail &#8211; Groupe A<\/h5>\n\t\t\t<div class=\"sc_courses_item_meta\">\n\t\t\t\t<span class=\"sc_courses_item_meta_item sc_courses_item_meta_date\">Starting <span class=\"sc_courses_item_date\">29\/10\/2033<\/span><\/span>\n\t\t\t\t<span class=\"sc_courses_item_meta_item sc_courses_item_meta_duration\"><\/span>\n            <\/div>\n\t\t\t<div class=\"sc_courses_item_price\"><\/div>\n\t\t<\/div>\n\n\t<\/div>\n\t<div class=\"trx_addons_hover_mask\"><\/div>\n\t<div class=\"trx_addons_hover_content\">\n\t\t<h5 class=\"trx_addons_hover_title\">Salari\u00e9 D\u00e9sign\u00e9 \u00e0 la s\u00e9curit\u00e9 et sant\u00e9 au travail &#8211; Groupe A<\/h5>\n\t\t\t\t\t<div class=\"trx_addons_hover_text\">OBJECTIFS DU MODULE Devenir salari\u00e9 d\u00e9sign\u00e9 en entreprise artisanale comprenant entre 1 et 15 salari\u00e9s. CONTENUS P\u00c9DAGOGIQUES Le programme de la formation est bas\u00e9 sur l&#8216;Arr\u00eat\u00e9 minist\u00e9riel du 18 juillet 2007 d\u00e9terminant les programmes des diff\u00e9rents cycles de formation pour salari\u00e9s d\u00e9sign\u00e9s. Pr\u00e9sentation des missions et de la fonction du travailleur d\u00e9sign\u00e9, L\u00e9gislation concernant la s\u00e9curit\u00e9 et la sant\u00e9 sur&hellip;<\/div>\n\t\t\t\t<div class=\"trx_addons_hover_links\">\n\t\t\t<a href=\"https:\/\/academie-immo.lu\/de\/courses\/salarie-designe-a-la-securite-et-sante-au-travail-groupe-a\/\" class=\"trx_addons_hover_link\">More Info<\/a>\n\t\t\t\t\t<\/div>\n\t<\/div>\n<\/div>\n<\/div><div class=\"trx_addons_column-1_4\"><div class=\"sc_courses_item trx_addons_hover trx_addons_hover_style_links\">\n\t\t\t<div class=\"sc_courses_item_thumb\">\n\t\t\t<img loading=\"lazy\" decoding=\"async\" width=\"740\" height=\"530\" src=\"https:\/\/academie-immo.lu\/wp-content\/uploads\/2023\/10\/Capture-decran-2023-11-02-a-15.28.58-740x530.png\" class=\"attachment-studeon-thumb-big-blogger size-studeon-thumb-big-blogger wp-post-image\" alt=\"Ma\u00eetriser la Gestion de la paie au Luxembourg\" \/>\t\t\t<span class=\"sc_courses_item_categories\"><a href=\"https:\/\/academie-immo.lu\/de\/courses_group\/competences-tranversales\/\" title=\"View all posts in Comp\u00e9tences transversales\">Comp\u00e9tences transversales<\/a><\/span>\n\t\t<\/div>\n\t\t<div class=\"sc_courses_item_info\">\n\t\t<div class=\"sc_courses_item_header\">\n\t\t\t<h5 class=\"sc_courses_item_title\">Ma\u00eetriser la Gestion de la paie au Luxembourg<\/h5>\n\t\t\t<div class=\"sc_courses_item_meta\">\n\t\t\t\t<span class=\"sc_courses_item_meta_item sc_courses_item_meta_date\">Starting <span class=\"sc_courses_item_date\">30\/11\/2033<\/span><\/span>\n\t\t\t\t<span class=\"sc_courses_item_meta_item sc_courses_item_meta_duration\"><\/span>\n            <\/div>\n\t\t\t<div class=\"sc_courses_item_price\"><\/div>\n\t\t<\/div>\n\n\t<\/div>\n\t<div class=\"trx_addons_hover_mask\"><\/div>\n\t<div class=\"trx_addons_hover_content\">\n\t\t<h5 class=\"trx_addons_hover_title\">Ma\u00eetriser la Gestion de la paie au Luxembourg<\/h5>\n\t\t\t\t\t<div class=\"trx_addons_hover_text\">OBJECTIFS DU MODULE Comprendre les principales rubriques d&#8217;une fiche de salaire (brut ou net). Identifier les diff\u00e9rents pr\u00e9l\u00e8vements sociaux. D\u00e9crypter les bar\u00e8mes d&#8217;imposition. CONTENUS P\u00c9DAGOGIQUES Collecter les instructions salaires Les absences : cong\u00e9 maternit\u00e9, parental, maladie, &#8230; Le changement de temps de travail L\u2019arriv\u00e9e ou le d\u00e9part en cours de mois Le licenciement Comprendre la composition du salaire brut La&hellip;<\/div>\n\t\t\t\t<div class=\"trx_addons_hover_links\">\n\t\t\t<a href=\"https:\/\/academie-immo.lu\/de\/courses\/maitriser-la-gestion-de-la-paie-au-luxembourg\/\" class=\"trx_addons_hover_link\">More Info<\/a>\n\t\t\t\t\t<\/div>\n\t<\/div>\n<\/div>\n<\/div><div class=\"trx_addons_column-1_4\"><div class=\"sc_courses_item trx_addons_hover trx_addons_hover_style_links\">\n\t\t\t<div class=\"sc_courses_item_thumb\">\n\t\t\t<img loading=\"lazy\" decoding=\"async\" width=\"400\" height=\"400\" src=\"https:\/\/academie-immo.lu\/wp-content\/uploads\/2024\/03\/image.jpeg\" class=\"attachment-studeon-thumb-big-blogger size-studeon-thumb-big-blogger wp-post-image\" alt=\"Efficience \u00e9nerg\u00e9tique des b\u00e2timents\" srcset=\"https:\/\/academie-immo.lu\/wp-content\/uploads\/2024\/03\/image.jpeg 400w, https:\/\/academie-immo.lu\/wp-content\/uploads\/2024\/03\/image-300x300.jpeg 300w, https:\/\/academie-immo.lu\/wp-content\/uploads\/2024\/03\/image-150x150.jpeg 150w, https:\/\/academie-immo.lu\/wp-content\/uploads\/2024\/03\/image-370x370.jpeg 370w, https:\/\/academie-immo.lu\/wp-content\/uploads\/2024\/03\/image-90x90.jpeg 90w\" sizes=\"auto, (max-width: 400px) 100vw, 400px\" \/>\t\t\t<span class=\"sc_courses_item_categories\"><a href=\"https:\/\/academie-immo.lu\/de\/courses_group\/techniques-immobilieres\/\" title=\"View all posts in Techniques immobili\u00e8res\">Techniques immobili\u00e8res<\/a><\/span>\n\t\t<\/div>\n\t\t<div class=\"sc_courses_item_info\">\n\t\t<div class=\"sc_courses_item_header\">\n\t\t\t<h5 class=\"sc_courses_item_title\">Efficience \u00e9nerg\u00e9tique des b\u00e2timents<\/h5>\n\t\t\t<div class=\"sc_courses_item_meta\">\n\t\t\t\t<span class=\"sc_courses_item_meta_item sc_courses_item_meta_date\">Starting <span class=\"sc_courses_item_date\">30\/11\/2033<\/span><\/span>\n\t\t\t\t<span class=\"sc_courses_item_meta_item sc_courses_item_meta_duration\"><\/span>\n            <\/div>\n\t\t\t<div class=\"sc_courses_item_price\"><\/div>\n\t\t<\/div>\n\n\t<\/div>\n\t<div class=\"trx_addons_hover_mask\"><\/div>\n\t<div class=\"trx_addons_hover_content\">\n\t\t<h5 class=\"trx_addons_hover_title\">Efficience \u00e9nerg\u00e9tique des b\u00e2timents<\/h5>\n\t\t\t\t\t<div class=\"trx_addons_hover_text\">OBJECTIFS DU MODULE Fournir aux agents immobiliers les compe\u0301tences ne\u0301cessaires pour comprendre et promouvoir l&#8217;efficience e\u0301nerge\u0301tique dans les ba\u0302timents Permettre aux agents immobiliers d&#8217;appre\u0301hender l&#8217;importance de l&#8217;efficience e\u0301nerge\u0301tique dans le secteur immobilier, de reconnai\u0302tre les opportunite\u0301s d&#8217;ame\u0301lioration e\u0301nerge\u0301tique et de conseiller les clients sur les avantages e\u0301conomiques et environnementaux lie\u0301s a\u0300 ces mesures Informer les agents immobiliers sur les certifications&hellip;<\/div>\n\t\t\t\t<div class=\"trx_addons_hover_links\">\n\t\t\t<a href=\"https:\/\/academie-immo.lu\/de\/courses\/efficience-energetique-des-batiments\/\" class=\"trx_addons_hover_link\">More Info<\/a>\n\t\t\t\t\t<\/div>\n\t<\/div>\n<\/div>\n<\/div><div class=\"trx_addons_column-1_4\"><div class=\"sc_courses_item trx_addons_hover trx_addons_hover_style_links\">\n\t\t\t<div class=\"sc_courses_item_thumb\">\n\t\t\t<img loading=\"lazy\" decoding=\"async\" width=\"740\" height=\"530\" src=\"https:\/\/academie-immo.lu\/wp-content\/uploads\/2023\/11\/student-849825_1280-740x530.jpg\" class=\"attachment-studeon-thumb-big-blogger size-studeon-thumb-big-blogger wp-post-image\" alt=\"G\u00e9rer les absences et les maladies des salari\u00e9s\" \/>\t\t\t<span class=\"sc_courses_item_categories\"><a href=\"https:\/\/academie-immo.lu\/de\/courses_group\/competences-tranversales\/\" title=\"View all posts in Comp\u00e9tences transversales\">Comp\u00e9tences transversales<\/a><\/span>\n\t\t<\/div>\n\t\t<div class=\"sc_courses_item_info\">\n\t\t<div class=\"sc_courses_item_header\">\n\t\t\t<h5 class=\"sc_courses_item_title\">G\u00e9rer les absences et les maladies des salari\u00e9s<\/h5>\n\t\t\t<div class=\"sc_courses_item_meta\">\n\t\t\t\t<span class=\"sc_courses_item_meta_item sc_courses_item_meta_date\">Starting <span class=\"sc_courses_item_date\">30\/11\/2033<\/span><\/span>\n\t\t\t\t<span class=\"sc_courses_item_meta_item sc_courses_item_meta_duration\"><\/span>\n            <\/div>\n\t\t\t<div class=\"sc_courses_item_price\"><\/div>\n\t\t<\/div>\n\n\t<\/div>\n\t<div class=\"trx_addons_hover_mask\"><\/div>\n\t<div class=\"trx_addons_hover_content\">\n\t\t<h5 class=\"trx_addons_hover_title\">G\u00e9rer les absences et les maladies des salari\u00e9s<\/h5>\n\t\t\t\t\t<div class=\"trx_addons_hover_text\">OBJECTIFS DU MODULE Ma\u00eetriser les proc\u00e9dures en cas de maladie ou d&#8217;absence des salari\u00e9s. Traiter administrativement les cas de maladies du salari\u00e9. G\u00e9rer la reprise progressive du travail. G\u00e9rer le reclassement interne. CONTENUS P\u00c9DAGOGIQUES Les diff\u00e9rents types d\u2019absences et leurs cadres Les absences volontaires Les absences involontaires Le cadre r\u00e9glementaire Le respect de la vie priv\u00e9e et du secret m\u00e9dical&hellip;<\/div>\n\t\t\t\t<div class=\"trx_addons_hover_links\">\n\t\t\t<a href=\"https:\/\/academie-immo.lu\/de\/courses\/gerer-les-absences-et-les-maladies-des-salaries\/\" class=\"trx_addons_hover_link\">More Info<\/a>\n\t\t\t\t\t<\/div>\n\t<\/div>\n<\/div>\n<\/div><div class=\"trx_addons_column-1_4\"><div class=\"sc_courses_item trx_addons_hover trx_addons_hover_style_links\">\n\t\t\t<div class=\"sc_courses_item_thumb\">\n\t\t\t<img loading=\"lazy\" decoding=\"async\" width=\"740\" height=\"530\" src=\"https:\/\/academie-immo.lu\/wp-content\/uploads\/2024\/02\/9276433-740x530.jpg\" class=\"attachment-studeon-thumb-big-blogger size-studeon-thumb-big-blogger wp-post-image\" alt=\"Les erreurs \u00e0 ne pas faire en immobilier\" \/>\t\t\t<span class=\"sc_courses_item_categories\"><a href=\"https:\/\/academie-immo.lu\/de\/courses_group\/techniques-immobilieres\/\" title=\"View all posts in Techniques immobili\u00e8res\">Techniques immobili\u00e8res<\/a><\/span>\n\t\t<\/div>\n\t\t<div class=\"sc_courses_item_info\">\n\t\t<div class=\"sc_courses_item_header\">\n\t\t\t<h5 class=\"sc_courses_item_title\">Les erreurs \u00e0 ne pas faire en immobilier<\/h5>\n\t\t\t<div class=\"sc_courses_item_meta\">\n\t\t\t\t<span class=\"sc_courses_item_meta_item sc_courses_item_meta_date\">Starting <span class=\"sc_courses_item_date\">28\/02\/2034<\/span><\/span>\n\t\t\t\t<span class=\"sc_courses_item_meta_item sc_courses_item_meta_duration\"><\/span>\n            <\/div>\n\t\t\t<div class=\"sc_courses_item_price\"><\/div>\n\t\t<\/div>\n\n\t<\/div>\n\t<div class=\"trx_addons_hover_mask\"><\/div>\n\t<div class=\"trx_addons_hover_content\">\n\t\t<h5 class=\"trx_addons_hover_title\">Les erreurs \u00e0 ne pas faire en immobilier<\/h5>\n\t\t\t\t\t<div class=\"trx_addons_hover_text\">OBJECTIFS DU MODULE Identifier et \u00e9viter les erreurs courantes dans les transactions immobili\u00e8res. Comprendre les r\u00e9percussions juridiques et financi\u00e8res des erreurs fr\u00e9quentes pour mieux les pr\u00e9venir. CONTENUS P\u00c9DAGOGIQUES\u00a0 Analyse des erreurs fr\u00e9quentes dans la r\u00e9daction des contrats et leurs impacts. \u00c9valuation des risques li\u00e9s \u00e0 une mauvaise compr\u00e9hension des obligations l\u00e9gales. Strat\u00e9gies pour une gestion efficace des attentes clients et&hellip;<\/div>\n\t\t\t\t<div class=\"trx_addons_hover_links\">\n\t\t\t<a href=\"https:\/\/academie-immo.lu\/de\/courses\/les-erreurs-a-ne-pas-faire-en-immobilier\/\" class=\"trx_addons_hover_link\">More Info<\/a>\n\t\t\t\t\t<\/div>\n\t<\/div>\n<\/div>\n<\/div><div class=\"trx_addons_column-1_4\"><div class=\"sc_courses_item trx_addons_hover trx_addons_hover_style_links\">\n\t\t\t<div class=\"sc_courses_item_thumb\">\n\t\t\t<img loading=\"lazy\" decoding=\"async\" width=\"740\" height=\"530\" src=\"https:\/\/academie-immo.lu\/wp-content\/uploads\/2024\/03\/Capture-decran-2024-03-22-a-13.29.48-740x530.png\" class=\"attachment-studeon-thumb-big-blogger size-studeon-thumb-big-blogger wp-post-image\" alt=\"Cr\u00e9ation de contenu pour les r\u00e9seaux sociaux\" \/>\t\t\t<span class=\"sc_courses_item_categories\"><a href=\"https:\/\/academie-immo.lu\/de\/courses_group\/competences-tranversales\/\" title=\"View all posts in Comp\u00e9tences transversales\">Comp\u00e9tences transversales<\/a> <a href=\"https:\/\/academie-immo.lu\/de\/courses_group\/techniques-immobilieres\/\" title=\"View all posts in Techniques immobili\u00e8res\">Techniques immobili\u00e8res<\/a><\/span>\n\t\t<\/div>\n\t\t<div class=\"sc_courses_item_info\">\n\t\t<div class=\"sc_courses_item_header\">\n\t\t\t<h5 class=\"sc_courses_item_title\">Cr\u00e9ation de contenu pour les r\u00e9seaux sociaux<\/h5>\n\t\t\t<div class=\"sc_courses_item_meta\">\n\t\t\t\t<span class=\"sc_courses_item_meta_item sc_courses_item_meta_date\">Starting <span class=\"sc_courses_item_date\">31\/03\/2034<\/span><\/span>\n\t\t\t\t<span class=\"sc_courses_item_meta_item sc_courses_item_meta_duration\"><\/span>\n            <\/div>\n\t\t\t<div class=\"sc_courses_item_price\"><\/div>\n\t\t<\/div>\n\n\t<\/div>\n\t<div class=\"trx_addons_hover_mask\"><\/div>\n\t<div class=\"trx_addons_hover_content\">\n\t\t<h5 class=\"trx_addons_hover_title\">Cr\u00e9ation de contenu pour les r\u00e9seaux sociaux<\/h5>\n\t\t\t\t\t<div class=\"trx_addons_hover_text\">OBJECTIFS DU MODULE Acque\u0301rir une compre\u0301hension approfondie des principaux re\u0301seaux sociaux et de leur utilisation dans le contexte professionnel. De\u0301velopper des compe\u0301tences pratiques dans la cre\u0301ation de contenu attractif et pertinent pour les me\u0301dias sociaux. Introduction aux outils de cre\u0301ation de contenu mobile : applications de retouche photo, d&#8217;e\u0301dition vide\u0301o, et de conception graphique disponibles sur les smartphones. Optimisation du&hellip;<\/div>\n\t\t\t\t<div class=\"trx_addons_hover_links\">\n\t\t\t<a href=\"https:\/\/academie-immo.lu\/de\/courses\/creation-de-contenu-pour-les-reseaux-sociaux\/\" class=\"trx_addons_hover_link\">More Info<\/a>\n\t\t\t\t\t<\/div>\n\t<\/div>\n<\/div>\n<\/div><div class=\"trx_addons_column-1_4\"><div class=\"sc_courses_item trx_addons_hover trx_addons_hover_style_links\">\n\t\t\t<div class=\"sc_courses_item_thumb\">\n\t\t\t<img loading=\"lazy\" decoding=\"async\" width=\"740\" height=\"530\" src=\"https:\/\/academie-immo.lu\/wp-content\/uploads\/2024\/03\/25072174_2201_w039_n003_88b_p1_88-740x530.jpg\" class=\"attachment-studeon-thumb-big-blogger size-studeon-thumb-big-blogger wp-post-image\" alt=\"Dirigeant(e) et chef(fe) d&#8217;entreprise : les fondamentaux des ressources humaines\" \/>\t\t\t<span class=\"sc_courses_item_categories\"><a href=\"https:\/\/academie-immo.lu\/de\/courses_group\/competences-tranversales\/\" title=\"View all posts in Comp\u00e9tences transversales\">Comp\u00e9tences transversales<\/a><\/span>\n\t\t<\/div>\n\t\t<div class=\"sc_courses_item_info\">\n\t\t<div class=\"sc_courses_item_header\">\n\t\t\t<h5 class=\"sc_courses_item_title\">Dirigeant(e) et chef(fe) d&#8217;entreprise : les fondamentaux des ressources humaines<\/h5>\n\t\t\t<div class=\"sc_courses_item_meta\">\n\t\t\t\t<span class=\"sc_courses_item_meta_item sc_courses_item_meta_date\">Starting <span class=\"sc_courses_item_date\">31\/12\/2034<\/span><\/span>\n\t\t\t\t<span class=\"sc_courses_item_meta_item sc_courses_item_meta_duration\"><\/span>\n            <\/div>\n\t\t\t<div class=\"sc_courses_item_price\"><\/div>\n\t\t<\/div>\n\n\t<\/div>\n\t<div class=\"trx_addons_hover_mask\"><\/div>\n\t<div class=\"trx_addons_hover_content\">\n\t\t<h5 class=\"trx_addons_hover_title\">Dirigeant(e) et chef(fe) d&#8217;entreprise : les fondamentaux des ressources humaines<\/h5>\n\t\t\t\t\t<div class=\"trx_addons_hover_text\">Objectifs du module D\u00e9velopper ses connaissances en GRH pour une gestion plus efficace et \u00e9thique. Comprendre les \u00e9volutions des cadres l\u00e9gislatifs au Luxembourg. Contenus p\u00e9dagogiques JOUR 1 : Les sp\u00e9cificit\u00e9s de la GRH au Luxembourg Conformit\u00e9 juridique\u00a0; R\u00e9mun\u00e9ration et avantages sociaux\u00a0; Sant\u00e9 et s\u00e9curit\u00e9 au travail\u00a0; Relations professionnelles\u00a0; Proc\u00e9dures l\u00e9gales en cas de rupture ou suspension du contrat de travail.&hellip;<\/div>\n\t\t\t\t<div class=\"trx_addons_hover_links\">\n\t\t\t<a href=\"https:\/\/academie-immo.lu\/de\/courses\/dirigeante-et-cheffe-dentreprise-les-fondamentaux-des-ressources-humaines\/\" class=\"trx_addons_hover_link\">More Info<\/a>\n\t\t\t\t\t<\/div>\n\t<\/div>\n<\/div>\n<\/div><div class=\"trx_addons_column-1_4\"><div class=\"sc_courses_item trx_addons_hover trx_addons_hover_style_links\">\n\t\t\t<div class=\"sc_courses_item_thumb\">\n\t\t\t<img loading=\"lazy\" decoding=\"async\" width=\"740\" height=\"530\" src=\"https:\/\/academie-immo.lu\/wp-content\/uploads\/2024\/03\/folder-5000783_1280-740x530.png\" class=\"attachment-studeon-thumb-big-blogger size-studeon-thumb-big-blogger wp-post-image\" alt=\"G\u00e9rer le d\u00e9tachement des salari\u00e9s\" \/>\t\t\t<span class=\"sc_courses_item_categories\"><a href=\"https:\/\/academie-immo.lu\/de\/courses_group\/competences-tranversales\/\" title=\"View all posts in Comp\u00e9tences transversales\">Comp\u00e9tences transversales<\/a><\/span>\n\t\t<\/div>\n\t\t<div class=\"sc_courses_item_info\">\n\t\t<div class=\"sc_courses_item_header\">\n\t\t\t<h5 class=\"sc_courses_item_title\">G\u00e9rer le d\u00e9tachement des salari\u00e9s<\/h5>\n\t\t\t<div class=\"sc_courses_item_meta\">\n\t\t\t\t<span class=\"sc_courses_item_meta_item sc_courses_item_meta_date\">Starting <span class=\"sc_courses_item_date\">31\/12\/2034<\/span><\/span>\n\t\t\t\t<span class=\"sc_courses_item_meta_item sc_courses_item_meta_duration\"><\/span>\n            <\/div>\n\t\t\t<div class=\"sc_courses_item_price\"><\/div>\n\t\t<\/div>\n\n\t<\/div>\n\t<div class=\"trx_addons_hover_mask\"><\/div>\n\t<div class=\"trx_addons_hover_content\">\n\t\t<h5 class=\"trx_addons_hover_title\">G\u00e9rer le d\u00e9tachement des salari\u00e9s<\/h5>\n\t\t\t\t\t<div class=\"trx_addons_hover_text\">Objectifs du module Comprendre la notion de d\u00e9tachement. Identifier les formalit\u00e9s administratives \u00e0 r\u00e9aliser. Contenus p\u00e9dagogiques Le champ d\u2019application du d\u00e9tachement Sa d\u00e9finition L\u2019activit\u00e9 multi-pays Les possibilit\u00e9s de prestations transnationales Le cas du d\u00e9tachement vers le Luxembourg La dur\u00e9e du d\u00e9tachement La l\u00e9gislation applicable en mati\u00e8re de droit du travail en cas de d\u00e9tachement Principes g\u00e9n\u00e9raux Le cas de la&hellip;<\/div>\n\t\t\t\t<div class=\"trx_addons_hover_links\">\n\t\t\t<a href=\"https:\/\/academie-immo.lu\/de\/courses\/gerer-le-detachement-des-salaries-2\/\" class=\"trx_addons_hover_link\">More Info<\/a>\n\t\t\t\t\t<\/div>\n\t<\/div>\n<\/div>\n<\/div><div class=\"trx_addons_column-1_4\"><div class=\"sc_courses_item trx_addons_hover trx_addons_hover_style_links\">\n\t\t\t<div class=\"sc_courses_item_thumb\">\n\t\t\t<img loading=\"lazy\" decoding=\"async\" width=\"740\" height=\"530\" src=\"https:\/\/academie-immo.lu\/wp-content\/uploads\/2024\/04\/group-1962592_1280-740x530.png\" class=\"attachment-studeon-thumb-big-blogger size-studeon-thumb-big-blogger wp-post-image\" alt=\"La gestion de l&#8217;assembl\u00e9e g\u00e9n\u00e9rale des copropri\u00e9taires (module avanc\u00e9)\" \/>\t\t\t<span class=\"sc_courses_item_categories\"><a href=\"https:\/\/academie-immo.lu\/de\/courses_group\/copropriete\/\" title=\"View all posts in Copropri\u00e9t\u00e9\">Copropri\u00e9t\u00e9<\/a><\/span>\n\t\t<\/div>\n\t\t<div class=\"sc_courses_item_info\">\n\t\t<div class=\"sc_courses_item_header\">\n\t\t\t<h5 class=\"sc_courses_item_title\">La gestion de l&#8217;assembl\u00e9e g\u00e9n\u00e9rale des copropri\u00e9taires (module avanc\u00e9)<\/h5>\n\t\t\t<div class=\"sc_courses_item_meta\">\n\t\t\t\t<span class=\"sc_courses_item_meta_item sc_courses_item_meta_date\">Starting <span class=\"sc_courses_item_date\">31\/12\/2034<\/span><\/span>\n\t\t\t\t<span class=\"sc_courses_item_meta_item sc_courses_item_meta_duration\"><\/span>\n            <\/div>\n\t\t\t<div class=\"sc_courses_item_price\"><\/div>\n\t\t<\/div>\n\n\t<\/div>\n\t<div class=\"trx_addons_hover_mask\"><\/div>\n\t<div class=\"trx_addons_hover_content\">\n\t\t<h5 class=\"trx_addons_hover_title\">La gestion de l&#8217;assembl\u00e9e g\u00e9n\u00e9rale des copropri\u00e9taires (module avanc\u00e9)<\/h5>\n\t\t\t\t\t<div class=\"trx_addons_hover_text\">La gestion de l&#8217;assembl\u00e9e g\u00e9n\u00e9rale des copropri\u00e9taires : de l&#8217;\u00e9tablissement de l&#8217;ordre du jour \u00e0 la transmission du proc\u00e8s-verbal OBJECTIFS DU MODULE Ce module offre une analyse exhaustive et approfondie de la gestion de l&#8217;assembl\u00e9e g\u00e9n\u00e9rale des copropri\u00e9taires. L\u2019assembl\u00e9e annuelle repr\u00e9sente un moment crucial dans la dynamique d&#8217;une r\u00e9sidence, permettant de prendre des d\u00e9cisions capitales ayant un impact sur la&hellip;<\/div>\n\t\t\t\t<div class=\"trx_addons_hover_links\">\n\t\t\t<a href=\"https:\/\/academie-immo.lu\/de\/courses\/la-gestion-de-lassemblee-generale-des-coproprietaires-de-letablissement-de-lordre-du-jour-a-la-transmission-du-proces-verbal\/\" class=\"trx_addons_hover_link\">More Info<\/a>\n\t\t\t\t\t<\/div>\n\t<\/div>\n<\/div>\n<\/div><div class=\"trx_addons_column-1_4\"><div class=\"sc_courses_item trx_addons_hover trx_addons_hover_style_links\">\n\t\t\t<div class=\"sc_courses_item_thumb\">\n\t\t\t<img loading=\"lazy\" decoding=\"async\" width=\"740\" height=\"530\" src=\"https:\/\/academie-immo.lu\/wp-content\/uploads\/2024\/04\/education-5600987_1280-740x530.png\" class=\"attachment-studeon-thumb-big-blogger size-studeon-thumb-big-blogger wp-post-image\" alt=\"Les r\u00e8gles de majorit\u00e9 dans les assembl\u00e9es g\u00e9n\u00e9rales (module avanc\u00e9)\" \/>\t\t\t<span class=\"sc_courses_item_categories\"><a href=\"https:\/\/academie-immo.lu\/de\/courses_group\/copropriete\/\" title=\"View all posts in Copropri\u00e9t\u00e9\">Copropri\u00e9t\u00e9<\/a><\/span>\n\t\t<\/div>\n\t\t<div class=\"sc_courses_item_info\">\n\t\t<div class=\"sc_courses_item_header\">\n\t\t\t<h5 class=\"sc_courses_item_title\">Les r\u00e8gles de majorit\u00e9 dans les assembl\u00e9es g\u00e9n\u00e9rales (module avanc\u00e9)<\/h5>\n\t\t\t<div class=\"sc_courses_item_meta\">\n\t\t\t\t<span class=\"sc_courses_item_meta_item sc_courses_item_meta_date\">Starting <span class=\"sc_courses_item_date\">31\/12\/2034<\/span><\/span>\n\t\t\t\t<span class=\"sc_courses_item_meta_item sc_courses_item_meta_duration\"><\/span>\n            <\/div>\n\t\t\t<div class=\"sc_courses_item_price\"><\/div>\n\t\t<\/div>\n\n\t<\/div>\n\t<div class=\"trx_addons_hover_mask\"><\/div>\n\t<div class=\"trx_addons_hover_content\">\n\t\t<h5 class=\"trx_addons_hover_title\">Les r\u00e8gles de majorit\u00e9 dans les assembl\u00e9es g\u00e9n\u00e9rales (module avanc\u00e9)<\/h5>\n\t\t\t\t\t<div class=\"trx_addons_hover_text\">Les r\u00e8gles de majorit\u00e9 dans les assembl\u00e9es g\u00e9n\u00e9rales : comprendre les principes fondamentaux ainsi que les exceptions applicables aux d\u00e9cisions \u00e0 prendre lors des votes &nbsp; OBJECTIFS DU MODULE Ce module vise \u00e0 expliquer en d\u00e9tail les principes fondamentaux des r\u00e8gles de majorit\u00e9 applicables aux votes lors des assembl\u00e9es g\u00e9n\u00e9rales. La formation a pour objectif de d\u00e9tailler les diff\u00e9rents cas&hellip;<\/div>\n\t\t\t\t<div class=\"trx_addons_hover_links\">\n\t\t\t<a href=\"https:\/\/academie-immo.lu\/de\/courses\/les-regles-de-majorite-dans-les-assemblees-generales-comprendre-les-principes-fondamentaux-ainsi-que-les-exceptions-applicables-aux-decisions-a-prendre-lors-des-votes\/\" class=\"trx_addons_hover_link\">More Info<\/a>\n\t\t\t\t\t<\/div>\n\t<\/div>\n<\/div>\n<\/div><div class=\"trx_addons_column-1_4\"><div class=\"sc_courses_item trx_addons_hover trx_addons_hover_style_links\">\n\t\t\t<div class=\"sc_courses_item_thumb\">\n\t\t\t<img loading=\"lazy\" decoding=\"async\" width=\"530\" height=\"530\" src=\"https:\/\/academie-immo.lu\/wp-content\/uploads\/2024\/05\/Wavy_Cst-01_Single-05ok.jpeg\" class=\"attachment-studeon-thumb-big-blogger size-studeon-thumb-big-blogger wp-post-image\" alt=\"Risque \u00e9lectrique pour \u00ab personne ordinaire \u00bb\" srcset=\"https:\/\/academie-immo.lu\/wp-content\/uploads\/2024\/05\/Wavy_Cst-01_Single-05ok.jpeg 7730w, https:\/\/academie-immo.lu\/wp-content\/uploads\/2024\/05\/Wavy_Cst-01_Single-05ok-300x300.jpeg 300w, https:\/\/academie-immo.lu\/wp-content\/uploads\/2024\/05\/Wavy_Cst-01_Single-05ok-768x768.jpeg 768w, https:\/\/academie-immo.lu\/wp-content\/uploads\/2024\/05\/Wavy_Cst-01_Single-05ok-370x370.jpeg 370w, https:\/\/academie-immo.lu\/wp-content\/uploads\/2024\/05\/Wavy_Cst-01_Single-05ok-760x760.jpeg 760w\" sizes=\"auto, (max-width: 530px) 100vw, 530px\" \/>\t\t\t<span class=\"sc_courses_item_categories\"><a href=\"https:\/\/academie-immo.lu\/de\/courses_group\/genie-technique\/\" title=\"View all posts in G\u00e9nie technique\">G\u00e9nie technique<\/a><\/span>\n\t\t<\/div>\n\t\t<div class=\"sc_courses_item_info\">\n\t\t<div class=\"sc_courses_item_header\">\n\t\t\t<h5 class=\"sc_courses_item_title\">Risque \u00e9lectrique pour \u00ab personne ordinaire \u00bb<\/h5>\n\t\t\t<div class=\"sc_courses_item_meta\">\n\t\t\t\t<span class=\"sc_courses_item_meta_item sc_courses_item_meta_date\">Starting <span class=\"sc_courses_item_date\">31\/12\/2034<\/span><\/span>\n\t\t\t\t<span class=\"sc_courses_item_meta_item sc_courses_item_meta_duration\"><\/span>\n            <\/div>\n\t\t\t<div class=\"sc_courses_item_price\"><\/div>\n\t\t<\/div>\n\n\t<\/div>\n\t<div class=\"trx_addons_hover_mask\"><\/div>\n\t<div class=\"trx_addons_hover_content\">\n\t\t<h5 class=\"trx_addons_hover_title\">Risque \u00e9lectrique pour \u00ab personne ordinaire \u00bb<\/h5>\n\t\t\t\t\t<div class=\"trx_addons_hover_text\">&nbsp; OBJECTIFS DU MODULE Assurer une formation \u00e9lectrique ad\u00e9quate pour les personnes charg\u00e9es de travaux non \u00e9lectriques dans des zones pr\u00e9sentant un risque \u00e9lectrique sp\u00e9cifique. Les dangers \u00e9lectriques et autres, pr\u00e9sents sur les postes de travail et plus particuli\u00e8rement sur les distances de s\u00e9curit\u00e9. Acqu\u00e9rir les connaissances n\u00e9cessaires pour reconna\u00eetre, \u00e9valuer et r\u00e9agir face aux risques \u00e9lectriques, ainsi que pour&hellip;<\/div>\n\t\t\t\t<div class=\"trx_addons_hover_links\">\n\t\t\t<a href=\"https:\/\/academie-immo.lu\/de\/courses\/risque-electrique-pour-personne-ordinaire\/\" class=\"trx_addons_hover_link\">More Info<\/a>\n\t\t\t\t\t<\/div>\n\t<\/div>\n<\/div>\n<\/div><div class=\"trx_addons_column-1_4\"><div class=\"sc_courses_item trx_addons_hover trx_addons_hover_style_links\">\n\t\t\t<div class=\"sc_courses_item_thumb\">\n\t\t\t<img loading=\"lazy\" decoding=\"async\" width=\"400\" height=\"300\" src=\"https:\/\/academie-immo.lu\/wp-content\/uploads\/2022\/06\/image-3.jpeg\" class=\"attachment-studeon-thumb-big-blogger size-studeon-thumb-big-blogger wp-post-image\" alt=\"Introduction \u00e0 la certification WELL Building\" srcset=\"https:\/\/academie-immo.lu\/wp-content\/uploads\/2022\/06\/image-3.jpeg 400w, https:\/\/academie-immo.lu\/wp-content\/uploads\/2022\/06\/image-3-300x225.jpeg 300w, https:\/\/academie-immo.lu\/wp-content\/uploads\/2022\/06\/image-3-370x278.jpeg 370w\" sizes=\"auto, (max-width: 400px) 100vw, 400px\" \/>\t\t\t<span class=\"sc_courses_item_categories\"><a href=\"https:\/\/academie-immo.lu\/de\/courses_group\/techniques-de-construction\/\" title=\"View all posts in Techniques de construction\">Techniques de construction<\/a><\/span>\n\t\t<\/div>\n\t\t<div class=\"sc_courses_item_info\">\n\t\t<div class=\"sc_courses_item_header\">\n\t\t\t<h5 class=\"sc_courses_item_title\">Introduction \u00e0 la certification WELL Building<\/h5>\n\t\t\t<div class=\"sc_courses_item_meta\">\n\t\t\t\t<span class=\"sc_courses_item_meta_item sc_courses_item_meta_date\">Starting <span class=\"sc_courses_item_date\">31\/12\/2034<\/span><\/span>\n\t\t\t\t<span class=\"sc_courses_item_meta_item sc_courses_item_meta_duration\"><\/span>\n            <\/div>\n\t\t\t<div class=\"sc_courses_item_price\"><\/div>\n\t\t<\/div>\n\n\t<\/div>\n\t<div class=\"trx_addons_hover_mask\"><\/div>\n\t<div class=\"trx_addons_hover_content\">\n\t\t<h5 class=\"trx_addons_hover_title\">Introduction \u00e0 la certification WELL Building<\/h5>\n\t\t\t\t\t<div class=\"trx_addons_hover_text\">OBJECTIFS DU MODULE Comprendre et e\u0302tre capable d&#8217;appliquer les bases de la certification WELL Building Connai\u0302tre les cate\u0301gories d&#8217;e\u0301valuation avec leurs diffe\u0301rents crite\u0300res et savoir quels aspects de la construction et autres sont pris en compte pour la certification Connai\u0302tre et savoir utiliser la plateforme en ligne de l&#8217;IWBI et les documents qui s&#8217;y rapportent. Comprendre les avantages d\u2019une certification&hellip;<\/div>\n\t\t\t\t<div class=\"trx_addons_hover_links\">\n\t\t\t<a href=\"https:\/\/academie-immo.lu\/de\/courses\/introduction-a-la-certification-well\/\" class=\"trx_addons_hover_link\">More Info<\/a>\n\t\t\t\t\t<\/div>\n\t<\/div>\n<\/div>\n<\/div><div class=\"trx_addons_column-1_4\"><div class=\"sc_courses_item trx_addons_hover trx_addons_hover_style_links\">\n\t\t\t<div class=\"sc_courses_item_thumb\">\n\t\t\t<img loading=\"lazy\" decoding=\"async\" width=\"400\" height=\"400\" src=\"https:\/\/academie-immo.lu\/wp-content\/uploads\/2024\/07\/image-1.jpeg\" class=\"attachment-studeon-thumb-big-blogger size-studeon-thumb-big-blogger wp-post-image\" alt=\"Vices et vices cach\u00e9s dans l&#8217;immobilier\" srcset=\"https:\/\/academie-immo.lu\/wp-content\/uploads\/2024\/07\/image-1.jpeg 400w, https:\/\/academie-immo.lu\/wp-content\/uploads\/2024\/07\/image-1-300x300.jpeg 300w, https:\/\/academie-immo.lu\/wp-content\/uploads\/2024\/07\/image-1-150x150.jpeg 150w, https:\/\/academie-immo.lu\/wp-content\/uploads\/2024\/07\/image-1-370x370.jpeg 370w, https:\/\/academie-immo.lu\/wp-content\/uploads\/2024\/07\/image-1-90x90.jpeg 90w\" sizes=\"auto, (max-width: 400px) 100vw, 400px\" \/>\t\t\t<span class=\"sc_courses_item_categories\"><a href=\"https:\/\/academie-immo.lu\/de\/courses_group\/techniques-immobilieres\/\" title=\"View all posts in Techniques immobili\u00e8res\">Techniques immobili\u00e8res<\/a><\/span>\n\t\t<\/div>\n\t\t<div class=\"sc_courses_item_info\">\n\t\t<div class=\"sc_courses_item_header\">\n\t\t\t<h5 class=\"sc_courses_item_title\">Vices et vices cach\u00e9s dans l&#8217;immobilier<\/h5>\n\t\t\t<div class=\"sc_courses_item_meta\">\n\t\t\t\t<span class=\"sc_courses_item_meta_item sc_courses_item_meta_date\">Starting <span class=\"sc_courses_item_date\">31\/12\/2034<\/span><\/span>\n\t\t\t\t<span class=\"sc_courses_item_meta_item sc_courses_item_meta_duration\"><\/span>\n            <\/div>\n\t\t\t<div class=\"sc_courses_item_price\"><\/div>\n\t\t<\/div>\n\n\t<\/div>\n\t<div class=\"trx_addons_hover_mask\"><\/div>\n\t<div class=\"trx_addons_hover_content\">\n\t\t<h5 class=\"trx_addons_hover_title\">Vices et vices cach\u00e9s dans l&#8217;immobilier<\/h5>\n\t\t\t\t\t<div class=\"trx_addons_hover_text\">OBJECTIFS DU MODULE Apprendre \u00e0 faire la diff\u00e9rence entre un vice et un vice cach\u00e9. Mesure \u00e0 prendre en cas de vices et vices cach\u00e9s. \u2026\u2026\u2026\u2026\u2026\u2026\u2026\u2026\u2026\u2026\u2026\u2026\u2026\u2026\u2026\u2026\u2026\u2026\u2026\u2026\u2026\u2026\u2026\u2026\u2026\u2026\u2026\u2026\u2026\u2026\u2026\u2026\u2026\u2026\u2026\u2026\u2026\u2026\u2026\u2026\u2026 CONTENUS P\u00c9DAGOGIQUES D\u00e9finition d&#8217;un vice apparent. D\u00e9finition d&#8217;un vice cach\u00e9. Quelles sont les diff\u00e9rences de vices dans des nouvelles constructions existantes. Vices et vices cach\u00e9s d&#8217;un point de vue l\u00e9gislatif. Exemples pour faire la&hellip;<\/div>\n\t\t\t\t<div class=\"trx_addons_hover_links\">\n\t\t\t<a href=\"https:\/\/academie-immo.lu\/de\/courses\/vices-et-vices-caches-dans-limmobilier\/\" class=\"trx_addons_hover_link\">More Info<\/a>\n\t\t\t\t\t<\/div>\n\t<\/div>\n<\/div>\n<\/div><\/div><\/div><!-- \/.sc_courses -->[\/vc_tta_section][vc_tta_section i_icon_fontawesome=&#8220;fas fa-home&#8220; add_icon=&#8220;true&#8220; title=&#8220;Immobilientechnik&#8220; tab_id=&#8220;1653638619052-f4019675-3cec1657183789096&#8243;]<div class=\"sc_courses sc_courses_default\"><h3 class=\"sc_item_title sc_courses_title sc_align_left sc_item_title_style_default\">Immobilientechnik<\/h3><div class=\"sc_courses_columns sc_item_columns trx_addons_columns_wrap columns_padding_bottom\"><div class=\"trx_addons_column-1_4\"><div class=\"sc_courses_item trx_addons_hover trx_addons_hover_style_links\">\n\t\t\t<div class=\"sc_courses_item_thumb\">\n\t\t\t<img loading=\"lazy\" decoding=\"async\" width=\"740\" height=\"530\" src=\"https:\/\/academie-immo.lu\/wp-content\/uploads\/2023\/05\/housebuilding-g5e92dfc74_1280-740x530.jpg\" class=\"attachment-studeon-thumb-big-blogger size-studeon-thumb-big-blogger wp-post-image\" alt=\"Les travaux dans la copropri\u00e9t\u00e9\" \/>\t\t\t<span class=\"sc_courses_item_categories\"><a href=\"https:\/\/academie-immo.lu\/de\/courses_group\/techniques-immobilieres\/\" title=\"View all posts in Techniques immobili\u00e8res\">Techniques immobili\u00e8res<\/a><\/span>\n\t\t<\/div>\n\t\t<div class=\"sc_courses_item_info\">\n\t\t<div class=\"sc_courses_item_header\">\n\t\t\t<h5 class=\"sc_courses_item_title\">Les travaux dans la copropri\u00e9t\u00e9<\/h5>\n\t\t\t<div class=\"sc_courses_item_meta\">\n\t\t\t\t<span class=\"sc_courses_item_meta_item sc_courses_item_meta_date\">Starting <span class=\"sc_courses_item_date\">30\/06\/2033<\/span><\/span>\n\t\t\t\t<span class=\"sc_courses_item_meta_item sc_courses_item_meta_duration\">4h<\/span>\n            <\/div>\n\t\t\t<div class=\"sc_courses_item_price\"><\/div>\n\t\t<\/div>\n\n\t<\/div>\n\t<div class=\"trx_addons_hover_mask\"><\/div>\n\t<div class=\"trx_addons_hover_content\">\n\t\t<h5 class=\"trx_addons_hover_title\">Les travaux dans la copropri\u00e9t\u00e9<\/h5>\n\t\t\t\t\t<div class=\"trx_addons_hover_text\">OBJECTIFS DU MODULE Parmi les sujets les plus complexes abord\u00e9s dans le texte coordonn\u00e9 sur le statut de la copropri\u00e9t\u00e9 des immeubles b\u00e2tis figure sans doute celui des travaux \u00e0 effectuer dans une copropri\u00e9t\u00e9. Le probl\u00e8me se pose r\u00e9guli\u00e8rement dans les assembl\u00e9es g\u00e9n\u00e9rales, en raison des dispositions l\u00e9gales souvent consid\u00e9r\u00e9s incompl\u00e8tes et ou confuses. Le module aborde tous les diff\u00e9rents&hellip;<\/div>\n\t\t\t\t<div class=\"trx_addons_hover_links\">\n\t\t\t<a href=\"https:\/\/academie-immo.lu\/de\/courses\/les-travaux-dans-la-copropriete\/\" class=\"trx_addons_hover_link\">More Info<\/a>\n\t\t\t\t\t<\/div>\n\t<\/div>\n<\/div>\n<\/div><div class=\"trx_addons_column-1_4\"><div class=\"sc_courses_item trx_addons_hover trx_addons_hover_style_links\">\n\t\t\t<div class=\"sc_courses_item_thumb\">\n\t\t\t<img loading=\"lazy\" decoding=\"async\" width=\"400\" height=\"400\" src=\"https:\/\/academie-immo.lu\/wp-content\/uploads\/2023\/05\/image-2.jpeg\" class=\"attachment-studeon-thumb-big-blogger size-studeon-thumb-big-blogger wp-post-image\" alt=\"Communiquer dans des situations difficiles\" srcset=\"https:\/\/academie-immo.lu\/wp-content\/uploads\/2023\/05\/image-2.jpeg 400w, https:\/\/academie-immo.lu\/wp-content\/uploads\/2023\/05\/image-2-300x300.jpeg 300w, https:\/\/academie-immo.lu\/wp-content\/uploads\/2023\/05\/image-2-150x150.jpeg 150w, https:\/\/academie-immo.lu\/wp-content\/uploads\/2023\/05\/image-2-370x370.jpeg 370w, https:\/\/academie-immo.lu\/wp-content\/uploads\/2023\/05\/image-2-90x90.jpeg 90w\" sizes=\"auto, (max-width: 400px) 100vw, 400px\" \/>\t\t\t<span class=\"sc_courses_item_categories\"><a href=\"https:\/\/academie-immo.lu\/de\/courses_group\/competences-tranversales\/\" title=\"View all posts in Comp\u00e9tences transversales\">Comp\u00e9tences transversales<\/a><\/span>\n\t\t<\/div>\n\t\t<div class=\"sc_courses_item_info\">\n\t\t<div class=\"sc_courses_item_header\">\n\t\t\t<h5 class=\"sc_courses_item_title\">Communiquer dans des situations difficiles<\/h5>\n\t\t\t<div class=\"sc_courses_item_meta\">\n\t\t\t\t<span class=\"sc_courses_item_meta_item sc_courses_item_meta_date\">Starting <span class=\"sc_courses_item_date\">30\/06\/2033<\/span><\/span>\n\t\t\t\t<span class=\"sc_courses_item_meta_item sc_courses_item_meta_duration\">8h<\/span>\n            <\/div>\n\t\t\t<div class=\"sc_courses_item_price\"><\/div>\n\t\t<\/div>\n\n\t<\/div>\n\t<div class=\"trx_addons_hover_mask\"><\/div>\n\t<div class=\"trx_addons_hover_content\">\n\t\t<h5 class=\"trx_addons_hover_title\">Communiquer dans des situations difficiles<\/h5>\n\t\t\t\t\t<div class=\"trx_addons_hover_text\">OBJECTIFS DU MODULE R\u00e9soudre des situations de communication difficile avec un client. CONTENUS P\u00c9DAGOGIQUES Communication\u00a0: verbale et non-verbale, rationnelle et \u00e9motionnelle, Importance de l&#8217;assertivit\u00e9 et de l&#8217;empathie, Le mod\u00e8le d\u2019escalade d&#8217;un conflit, Votre position dans la gestion des situations difficiles. M\u00c9THODES P\u00c9DAGOGIQUES Enseignements th\u00e9oriques, discussions de groupe, \u00e9change d\u2019exp\u00e9riences CERTIFICATION Attestation de pr\u00e9sence INFORMATIONS PRATIQUES\u00a0 Pr\u00e9sentiel en centre de formation&hellip;<\/div>\n\t\t\t\t<div class=\"trx_addons_hover_links\">\n\t\t\t<a href=\"https:\/\/academie-immo.lu\/de\/courses\/communiquer-dans-des-situations-difficiles\/\" class=\"trx_addons_hover_link\">More Info<\/a>\n\t\t\t\t\t<\/div>\n\t<\/div>\n<\/div>\n<\/div><div class=\"trx_addons_column-1_4\"><div class=\"sc_courses_item trx_addons_hover trx_addons_hover_style_links\">\n\t\t\t<div class=\"sc_courses_item_thumb\">\n\t\t\t<img loading=\"lazy\" decoding=\"async\" width=\"740\" height=\"530\" src=\"https:\/\/academie-immo.lu\/wp-content\/uploads\/2023\/05\/office-g143d04d23_1280-740x530.jpg\" class=\"attachment-studeon-thumb-big-blogger size-studeon-thumb-big-blogger wp-post-image\" alt=\"Introduction \u00e0 la gestion de projet\" \/>\t\t\t<span class=\"sc_courses_item_categories\"><a href=\"https:\/\/academie-immo.lu\/de\/courses_group\/competences-tranversales\/\" title=\"View all posts in Comp\u00e9tences transversales\">Comp\u00e9tences transversales<\/a><\/span>\n\t\t<\/div>\n\t\t<div class=\"sc_courses_item_info\">\n\t\t<div class=\"sc_courses_item_header\">\n\t\t\t<h5 class=\"sc_courses_item_title\">Introduction \u00e0 la gestion de projet<\/h5>\n\t\t\t<div class=\"sc_courses_item_meta\">\n\t\t\t\t<span class=\"sc_courses_item_meta_item sc_courses_item_meta_date\">Starting <span class=\"sc_courses_item_date\">30\/06\/2033<\/span><\/span>\n\t\t\t\t<span class=\"sc_courses_item_meta_item sc_courses_item_meta_duration\"><\/span>\n            <\/div>\n\t\t\t<div class=\"sc_courses_item_price\"><\/div>\n\t\t<\/div>\n\n\t<\/div>\n\t<div class=\"trx_addons_hover_mask\"><\/div>\n\t<div class=\"trx_addons_hover_content\">\n\t\t<h5 class=\"trx_addons_hover_title\">Introduction \u00e0 la gestion de projet<\/h5>\n\t\t\t\t\t<div class=\"trx_addons_hover_text\">OBJECTIFS DU MODULE D\u00e9marrer et g\u00e9rer des projets avec succ\u00e8s R\u00e9ussir des projets Acqu\u00e9rir les m\u00e9thodes et outils de base autour d&#8217;un projet Acqu\u00e9rir des outils pour mieux piloter un projet CONTENUS P\u00c9DAGOGIQUES L&#8217;\u00e9laboration du projet L&#8217;organisation du projet La planification, le contr\u00f4le et le suivi Connaissance des phases de pilotage de projet Compr\u00e9hension de base de la gestion de&hellip;<\/div>\n\t\t\t\t<div class=\"trx_addons_hover_links\">\n\t\t\t<a href=\"https:\/\/academie-immo.lu\/de\/courses\/introduction-a-la-gestion-de-projet\/\" class=\"trx_addons_hover_link\">More Info<\/a>\n\t\t\t\t\t<\/div>\n\t<\/div>\n<\/div>\n<\/div><\/div><\/div><!-- \/.sc_courses -->[\/vc_tta_section][vc_tta_section i_icon_fontawesome=&#8220;fas fa-building&#8220; add_icon=&#8220;true&#8220; title=&#8220;Bautechniken&#8220; tab_id=&#8220;1653638434857-53261fe5-d8c81657183789096&#8243;]<div class=\"sc_courses sc_courses_default\"><h3 class=\"sc_item_title sc_courses_title sc_align_left sc_item_title_style_default\">Bautechniken<\/h3><div class=\"sc_courses_columns sc_item_columns trx_addons_columns_wrap columns_padding_bottom\"><div class=\"trx_addons_column-1_4\"><div class=\"sc_courses_item trx_addons_hover trx_addons_hover_style_links\">\n\t\t\t<div class=\"sc_courses_item_thumb\">\n\t\t\t<img loading=\"lazy\" decoding=\"async\" width=\"740\" height=\"530\" src=\"https:\/\/academie-immo.lu\/wp-content\/uploads\/2023\/05\/housebuilding-g5e92dfc74_1280-740x530.jpg\" class=\"attachment-studeon-thumb-big-blogger size-studeon-thumb-big-blogger wp-post-image\" alt=\"Les travaux dans la copropri\u00e9t\u00e9\" \/>\t\t\t<span class=\"sc_courses_item_categories\"><a href=\"https:\/\/academie-immo.lu\/de\/courses_group\/techniques-immobilieres\/\" title=\"View all posts in Techniques immobili\u00e8res\">Techniques immobili\u00e8res<\/a><\/span>\n\t\t<\/div>\n\t\t<div class=\"sc_courses_item_info\">\n\t\t<div class=\"sc_courses_item_header\">\n\t\t\t<h5 class=\"sc_courses_item_title\">Les travaux dans la copropri\u00e9t\u00e9<\/h5>\n\t\t\t<div class=\"sc_courses_item_meta\">\n\t\t\t\t<span class=\"sc_courses_item_meta_item sc_courses_item_meta_date\">Starting <span class=\"sc_courses_item_date\">30\/06\/2033<\/span><\/span>\n\t\t\t\t<span class=\"sc_courses_item_meta_item sc_courses_item_meta_duration\">4h<\/span>\n            <\/div>\n\t\t\t<div class=\"sc_courses_item_price\"><\/div>\n\t\t<\/div>\n\n\t<\/div>\n\t<div class=\"trx_addons_hover_mask\"><\/div>\n\t<div class=\"trx_addons_hover_content\">\n\t\t<h5 class=\"trx_addons_hover_title\">Les travaux dans la copropri\u00e9t\u00e9<\/h5>\n\t\t\t\t\t<div class=\"trx_addons_hover_text\">OBJECTIFS DU MODULE Parmi les sujets les plus complexes abord\u00e9s dans le texte coordonn\u00e9 sur le statut de la copropri\u00e9t\u00e9 des immeubles b\u00e2tis figure sans doute celui des travaux \u00e0 effectuer dans une copropri\u00e9t\u00e9. Le probl\u00e8me se pose r\u00e9guli\u00e8rement dans les assembl\u00e9es g\u00e9n\u00e9rales, en raison des dispositions l\u00e9gales souvent consid\u00e9r\u00e9s incompl\u00e8tes et ou confuses. Le module aborde tous les diff\u00e9rents&hellip;<\/div>\n\t\t\t\t<div class=\"trx_addons_hover_links\">\n\t\t\t<a href=\"https:\/\/academie-immo.lu\/de\/courses\/les-travaux-dans-la-copropriete\/\" class=\"trx_addons_hover_link\">More Info<\/a>\n\t\t\t\t\t<\/div>\n\t<\/div>\n<\/div>\n<\/div><div class=\"trx_addons_column-1_4\"><div class=\"sc_courses_item trx_addons_hover trx_addons_hover_style_links\">\n\t\t\t<div class=\"sc_courses_item_thumb\">\n\t\t\t<img loading=\"lazy\" decoding=\"async\" width=\"400\" height=\"400\" src=\"https:\/\/academie-immo.lu\/wp-content\/uploads\/2023\/05\/image-2.jpeg\" class=\"attachment-studeon-thumb-big-blogger size-studeon-thumb-big-blogger wp-post-image\" alt=\"Communiquer dans des situations difficiles\" srcset=\"https:\/\/academie-immo.lu\/wp-content\/uploads\/2023\/05\/image-2.jpeg 400w, https:\/\/academie-immo.lu\/wp-content\/uploads\/2023\/05\/image-2-300x300.jpeg 300w, https:\/\/academie-immo.lu\/wp-content\/uploads\/2023\/05\/image-2-150x150.jpeg 150w, https:\/\/academie-immo.lu\/wp-content\/uploads\/2023\/05\/image-2-370x370.jpeg 370w, https:\/\/academie-immo.lu\/wp-content\/uploads\/2023\/05\/image-2-90x90.jpeg 90w\" sizes=\"auto, (max-width: 400px) 100vw, 400px\" \/>\t\t\t<span class=\"sc_courses_item_categories\"><a href=\"https:\/\/academie-immo.lu\/de\/courses_group\/competences-tranversales\/\" title=\"View all posts in Comp\u00e9tences transversales\">Comp\u00e9tences transversales<\/a><\/span>\n\t\t<\/div>\n\t\t<div class=\"sc_courses_item_info\">\n\t\t<div class=\"sc_courses_item_header\">\n\t\t\t<h5 class=\"sc_courses_item_title\">Communiquer dans des situations difficiles<\/h5>\n\t\t\t<div class=\"sc_courses_item_meta\">\n\t\t\t\t<span class=\"sc_courses_item_meta_item sc_courses_item_meta_date\">Starting <span class=\"sc_courses_item_date\">30\/06\/2033<\/span><\/span>\n\t\t\t\t<span class=\"sc_courses_item_meta_item sc_courses_item_meta_duration\">8h<\/span>\n            <\/div>\n\t\t\t<div class=\"sc_courses_item_price\"><\/div>\n\t\t<\/div>\n\n\t<\/div>\n\t<div class=\"trx_addons_hover_mask\"><\/div>\n\t<div class=\"trx_addons_hover_content\">\n\t\t<h5 class=\"trx_addons_hover_title\">Communiquer dans des situations difficiles<\/h5>\n\t\t\t\t\t<div class=\"trx_addons_hover_text\">OBJECTIFS DU MODULE R\u00e9soudre des situations de communication difficile avec un client. CONTENUS P\u00c9DAGOGIQUES Communication\u00a0: verbale et non-verbale, rationnelle et \u00e9motionnelle, Importance de l&#8217;assertivit\u00e9 et de l&#8217;empathie, Le mod\u00e8le d\u2019escalade d&#8217;un conflit, Votre position dans la gestion des situations difficiles. M\u00c9THODES P\u00c9DAGOGIQUES Enseignements th\u00e9oriques, discussions de groupe, \u00e9change d\u2019exp\u00e9riences CERTIFICATION Attestation de pr\u00e9sence INFORMATIONS PRATIQUES\u00a0 Pr\u00e9sentiel en centre de formation&hellip;<\/div>\n\t\t\t\t<div class=\"trx_addons_hover_links\">\n\t\t\t<a href=\"https:\/\/academie-immo.lu\/de\/courses\/communiquer-dans-des-situations-difficiles\/\" class=\"trx_addons_hover_link\">More Info<\/a>\n\t\t\t\t\t<\/div>\n\t<\/div>\n<\/div>\n<\/div><div class=\"trx_addons_column-1_4\"><div class=\"sc_courses_item trx_addons_hover trx_addons_hover_style_links\">\n\t\t\t<div class=\"sc_courses_item_thumb\">\n\t\t\t<img loading=\"lazy\" decoding=\"async\" width=\"740\" height=\"530\" src=\"https:\/\/academie-immo.lu\/wp-content\/uploads\/2023\/05\/office-g143d04d23_1280-740x530.jpg\" class=\"attachment-studeon-thumb-big-blogger size-studeon-thumb-big-blogger wp-post-image\" alt=\"Introduction \u00e0 la gestion de projet\" \/>\t\t\t<span class=\"sc_courses_item_categories\"><a href=\"https:\/\/academie-immo.lu\/de\/courses_group\/competences-tranversales\/\" title=\"View all posts in Comp\u00e9tences transversales\">Comp\u00e9tences transversales<\/a><\/span>\n\t\t<\/div>\n\t\t<div class=\"sc_courses_item_info\">\n\t\t<div class=\"sc_courses_item_header\">\n\t\t\t<h5 class=\"sc_courses_item_title\">Introduction \u00e0 la gestion de projet<\/h5>\n\t\t\t<div class=\"sc_courses_item_meta\">\n\t\t\t\t<span class=\"sc_courses_item_meta_item sc_courses_item_meta_date\">Starting <span class=\"sc_courses_item_date\">30\/06\/2033<\/span><\/span>\n\t\t\t\t<span class=\"sc_courses_item_meta_item sc_courses_item_meta_duration\"><\/span>\n            <\/div>\n\t\t\t<div class=\"sc_courses_item_price\"><\/div>\n\t\t<\/div>\n\n\t<\/div>\n\t<div class=\"trx_addons_hover_mask\"><\/div>\n\t<div class=\"trx_addons_hover_content\">\n\t\t<h5 class=\"trx_addons_hover_title\">Introduction \u00e0 la gestion de projet<\/h5>\n\t\t\t\t\t<div class=\"trx_addons_hover_text\">OBJECTIFS DU MODULE D\u00e9marrer et g\u00e9rer des projets avec succ\u00e8s R\u00e9ussir des projets Acqu\u00e9rir les m\u00e9thodes et outils de base autour d&#8217;un projet Acqu\u00e9rir des outils pour mieux piloter un projet CONTENUS P\u00c9DAGOGIQUES L&#8217;\u00e9laboration du projet L&#8217;organisation du projet La planification, le contr\u00f4le et le suivi Connaissance des phases de pilotage de projet Compr\u00e9hension de base de la gestion de&hellip;<\/div>\n\t\t\t\t<div class=\"trx_addons_hover_links\">\n\t\t\t<a href=\"https:\/\/academie-immo.lu\/de\/courses\/introduction-a-la-gestion-de-projet\/\" class=\"trx_addons_hover_link\">More Info<\/a>\n\t\t\t\t\t<\/div>\n\t<\/div>\n<\/div>\n<\/div><div class=\"trx_addons_column-1_4\"><div class=\"sc_courses_item trx_addons_hover trx_addons_hover_style_links\">\n\t\t\t<div class=\"sc_courses_item_thumb\">\n\t\t\t<img loading=\"lazy\" decoding=\"async\" width=\"740\" height=\"530\" src=\"https:\/\/academie-immo.lu\/wp-content\/uploads\/2023\/05\/wheelie-bin-g275a9232d_1280-740x530.jpg\" class=\"attachment-studeon-thumb-big-blogger size-studeon-thumb-big-blogger wp-post-image\" alt=\"Gestion et pr\u00e9vention des d\u00e9chets en immeuble r\u00e9sidentiel\" \/>\t\t\t<span class=\"sc_courses_item_categories\"><a href=\"https:\/\/academie-immo.lu\/de\/courses_group\/techniques-immobilieres\/\" title=\"View all posts in Techniques immobili\u00e8res\">Techniques immobili\u00e8res<\/a><\/span>\n\t\t<\/div>\n\t\t<div class=\"sc_courses_item_info\">\n\t\t<div class=\"sc_courses_item_header\">\n\t\t\t<h5 class=\"sc_courses_item_title\">Gestion et pr\u00e9vention des d\u00e9chets en immeuble r\u00e9sidentiel<\/h5>\n\t\t\t<div class=\"sc_courses_item_meta\">\n\t\t\t\t<span class=\"sc_courses_item_meta_item sc_courses_item_meta_date\">Starting <span class=\"sc_courses_item_date\">31\/07\/2033<\/span><\/span>\n\t\t\t\t<span class=\"sc_courses_item_meta_item sc_courses_item_meta_duration\">8H<\/span>\n            <\/div>\n\t\t\t<div class=\"sc_courses_item_price\"><\/div>\n\t\t<\/div>\n\n\t<\/div>\n\t<div class=\"trx_addons_hover_mask\"><\/div>\n\t<div class=\"trx_addons_hover_content\">\n\t\t<h5 class=\"trx_addons_hover_title\">Gestion et pr\u00e9vention des d\u00e9chets en immeuble r\u00e9sidentiel<\/h5>\n\t\t\t\t\t<div class=\"trx_addons_hover_text\">OBJECTIFS DU MODULE Cette formation a comme objectif d\u2019informer les acteurs du secteur de l\u2019immobilier sur la gestion efficace et durable des d\u00e9chets dans les immeubles r\u00e9sidentiels conform\u00e9ment aux dispositions l\u00e9gales. Cette formation s\u2019inscrit dans l\u2019activit\u00e9 SDK Residenzen de la SuperDrecksK\u00ebscht\u00ae CONTENUS P\u00c9DAGOGIQUES\u00a0 D\u00e9couvrir et comprendre : les \u00e9l\u00e9ments de la gestion des d\u00e9chets dans le contexte d\u2019un immeuble r\u00e9sidentiel,&hellip;<\/div>\n\t\t\t\t<div class=\"trx_addons_hover_links\">\n\t\t\t<a href=\"https:\/\/academie-immo.lu\/de\/courses\/gestion-et-prevention-des-dechets-en-immeuble-residentiel\/\" class=\"trx_addons_hover_link\">More Info<\/a>\n\t\t\t\t\t<\/div>\n\t<\/div>\n<\/div>\n<\/div><div class=\"trx_addons_column-1_4\"><div class=\"sc_courses_item trx_addons_hover trx_addons_hover_style_links\">\n\t\t\t<div class=\"sc_courses_item_thumb\">\n\t\t\t<img loading=\"lazy\" decoding=\"async\" width=\"740\" height=\"530\" src=\"https:\/\/academie-immo.lu\/wp-content\/uploads\/2022\/06\/mediamodifier-I3HPUolh5hA-unsplash-740x530.jpg\" class=\"attachment-studeon-thumb-big-blogger size-studeon-thumb-big-blogger wp-post-image\" alt=\"\u00c9tude de rentabilit\u00e9\" \/>\t\t\t<span class=\"sc_courses_item_categories\"><a href=\"https:\/\/academie-immo.lu\/de\/courses_group\/economie\/\" title=\"View all posts in \u00c9conomie\">\u00c9conomie<\/a><\/span>\n\t\t<\/div>\n\t\t<div class=\"sc_courses_item_info\">\n\t\t<div class=\"sc_courses_item_header\">\n\t\t\t<h5 class=\"sc_courses_item_title\">\u00c9tude de rentabilit\u00e9<\/h5>\n\t\t\t<div class=\"sc_courses_item_meta\">\n\t\t\t\t<span class=\"sc_courses_item_meta_item sc_courses_item_meta_date\">Starting <span class=\"sc_courses_item_date\">25\/08\/2033<\/span><\/span>\n\t\t\t\t<span class=\"sc_courses_item_meta_item sc_courses_item_meta_duration\"><\/span>\n            <\/div>\n\t\t\t<div class=\"sc_courses_item_price\"><\/div>\n\t\t<\/div>\n\n\t<\/div>\n\t<div class=\"trx_addons_hover_mask\"><\/div>\n\t<div class=\"trx_addons_hover_content\">\n\t\t<h5 class=\"trx_addons_hover_title\">\u00c9tude de rentabilit\u00e9<\/h5>\n\t\t\t\t\t<div class=\"trx_addons_hover_text\">OBJECTIFS DU MODULE Cette initiation au m\u00e9tier de prospecteur foncier vise \u00e0 fournir aux participants les comp\u00e9tences essentielles pour \u00e9valuer la faisabilit\u00e9 d&#8217;un projet immobilier. Ils acquerront une compr\u00e9hension approfondie de sujets tels que la constructibilit\u00e9 du terrain, l&#8217;\u00e9tude de march\u00e9, la mod\u00e9lisation financi\u00e8re et l&#8217;analyse des risques. CONTENUS P\u00c9DAGOGIQUES Initiation au m\u00e9tier de prospecteur foncier chez un promoteur immobilier.&hellip;<\/div>\n\t\t\t\t<div class=\"trx_addons_hover_links\">\n\t\t\t<a href=\"https:\/\/academie-immo.lu\/de\/courses\/etudes-de-rentabilite\/\" class=\"trx_addons_hover_link\">More Info<\/a>\n\t\t\t\t\t<\/div>\n\t<\/div>\n<\/div>\n<\/div><div class=\"trx_addons_column-1_4\"><div class=\"sc_courses_item trx_addons_hover trx_addons_hover_style_links\">\n\t\t\t<div class=\"sc_courses_item_thumb\">\n\t\t\t<img loading=\"lazy\" decoding=\"async\" width=\"740\" height=\"530\" src=\"https:\/\/academie-immo.lu\/wp-content\/uploads\/2022\/03\/Untitled-design-4-2-740x530.png\" class=\"attachment-studeon-thumb-big-blogger size-studeon-thumb-big-blogger wp-post-image\" alt=\"\u00c9valuation immobili\u00e8re\" \/>\t\t\t<span class=\"sc_courses_item_categories\"><a href=\"https:\/\/academie-immo.lu\/de\/courses_group\/techniques-immobilieres\/\" title=\"View all posts in Techniques immobili\u00e8res\">Techniques immobili\u00e8res<\/a><\/span>\n\t\t<\/div>\n\t\t<div class=\"sc_courses_item_info\">\n\t\t<div class=\"sc_courses_item_header\">\n\t\t\t<h5 class=\"sc_courses_item_title\">\u00c9valuation immobili\u00e8re<\/h5>\n\t\t\t<div class=\"sc_courses_item_meta\">\n\t\t\t\t<span class=\"sc_courses_item_meta_item sc_courses_item_meta_date\">Starting <span class=\"sc_courses_item_date\">31\/08\/2033<\/span><\/span>\n\t\t\t\t<span class=\"sc_courses_item_meta_item sc_courses_item_meta_duration\"><\/span>\n            <\/div>\n\t\t\t<div class=\"sc_courses_item_price\"><\/div>\n\t\t<\/div>\n\n\t<\/div>\n\t<div class=\"trx_addons_hover_mask\"><\/div>\n\t<div class=\"trx_addons_hover_content\">\n\t\t<h5 class=\"trx_addons_hover_title\">\u00c9valuation immobili\u00e8re<\/h5>\n\t\t\t\t\t<div class=\"trx_addons_hover_text\">OBJECTIFS DU MODULE L\u2019objectif de ce module est de d\u00e9finir la valeur d\u2019un bien immobilier, de comprendre les standards d\u2019\u00e9valuation immobili\u00e8re et enfin d\u2019aborder cinq m\u00e9thodes d\u2019\u00e9valuation. CONTENUS P\u00c9DAGOGIQUES\u00a0 D\u00e9finir la valeur d&#8217;un bien et \u00e0 quel usage Comprendre les m\u00e9canismes d&#8217;\u00e9valuation suivant les approches par : le march\u00e9, le revenu, les co\u00fbts Appliquer les m\u00e9thodes d&#8217;\u00e9valuation : comparative, r\u00e9siduelle,&hellip;<\/div>\n\t\t\t\t<div class=\"trx_addons_hover_links\">\n\t\t\t<a href=\"https:\/\/academie-immo.lu\/de\/courses\/evaluation-immobiliere\/\" class=\"trx_addons_hover_link\">More Info<\/a>\n\t\t\t\t\t<\/div>\n\t<\/div>\n<\/div>\n<\/div><div class=\"trx_addons_column-1_4\"><div class=\"sc_courses_item trx_addons_hover trx_addons_hover_style_links\">\n\t\t\t<div class=\"sc_courses_item_thumb\">\n\t\t\t<img loading=\"lazy\" decoding=\"async\" width=\"740\" height=\"530\" src=\"https:\/\/academie-immo.lu\/wp-content\/uploads\/2023\/05\/feedback-g5ab0aca8c_1280-740x530.jpg\" class=\"attachment-studeon-thumb-big-blogger size-studeon-thumb-big-blogger wp-post-image\" alt=\"N\u00e9gociation commerciale\" \/>\t\t\t<span class=\"sc_courses_item_categories\"><a href=\"https:\/\/academie-immo.lu\/de\/courses_group\/competences-tranversales\/\" title=\"View all posts in Comp\u00e9tences transversales\">Comp\u00e9tences transversales<\/a><\/span>\n\t\t<\/div>\n\t\t<div class=\"sc_courses_item_info\">\n\t\t<div class=\"sc_courses_item_header\">\n\t\t\t<h5 class=\"sc_courses_item_title\">N\u00e9gociation commerciale<\/h5>\n\t\t\t<div class=\"sc_courses_item_meta\">\n\t\t\t\t<span class=\"sc_courses_item_meta_item sc_courses_item_meta_date\">Starting <span class=\"sc_courses_item_date\">31\/08\/2033<\/span><\/span>\n\t\t\t\t<span class=\"sc_courses_item_meta_item sc_courses_item_meta_duration\"><\/span>\n            <\/div>\n\t\t\t<div class=\"sc_courses_item_price\"><\/div>\n\t\t<\/div>\n\n\t<\/div>\n\t<div class=\"trx_addons_hover_mask\"><\/div>\n\t<div class=\"trx_addons_hover_content\">\n\t\t<h5 class=\"trx_addons_hover_title\">N\u00e9gociation commerciale<\/h5>\n\t\t\t\t\t<div class=\"trx_addons_hover_text\">OBJECTIFS DU MODULE L\u2019objectif de ce module est de d\u00e9cortiquer les m\u00e9canismes de persuasion et de n\u00e9gociation afin de pouvoir les appliquer de fa\u00e7on \u00e9thique dans les m\u00e9tiers de l\u2019immobilier. Le but est de comprendre comment utiliser les m\u00e9canismes de persuasion et de n\u00e9gociation suivant 6 principes (r\u00e9ciprocit\u00e9, engagement, preuve sociale, autorit\u00e9, raret\u00e9, sympathie). CONTENUS P\u00c9DAGOGIQUES\u00a0 Pourquoi sommes-nous amen\u00e9s \u00e0&hellip;<\/div>\n\t\t\t\t<div class=\"trx_addons_hover_links\">\n\t\t\t<a href=\"https:\/\/academie-immo.lu\/de\/courses\/negociation-commerciale\/\" class=\"trx_addons_hover_link\">More Info<\/a>\n\t\t\t\t\t<\/div>\n\t<\/div>\n<\/div>\n<\/div><div class=\"trx_addons_column-1_4\"><div class=\"sc_courses_item trx_addons_hover trx_addons_hover_style_links\">\n\t\t\t<div class=\"sc_courses_item_thumb\">\n\t\t\t<img loading=\"lazy\" decoding=\"async\" width=\"740\" height=\"530\" src=\"https:\/\/academie-immo.lu\/wp-content\/uploads\/2017\/02\/sungrow-emea-itv-MC5S6cU-unsplash-740x530.jpg\" class=\"attachment-studeon-thumb-big-blogger size-studeon-thumb-big-blogger wp-post-image\" alt=\"Maisons passives\" \/>\t\t\t<span class=\"sc_courses_item_categories\"><a href=\"https:\/\/academie-immo.lu\/de\/courses_group\/techniques-de-construction\/\" title=\"View all posts in Techniques de construction\">Techniques de construction<\/a><\/span>\n\t\t<\/div>\n\t\t<div class=\"sc_courses_item_info\">\n\t\t<div class=\"sc_courses_item_header\">\n\t\t\t<h5 class=\"sc_courses_item_title\">Maisons passives<\/h5>\n\t\t\t<div class=\"sc_courses_item_meta\">\n\t\t\t\t<span class=\"sc_courses_item_meta_item sc_courses_item_meta_date\">Starting <span class=\"sc_courses_item_date\">31\/08\/2033<\/span><\/span>\n\t\t\t\t<span class=\"sc_courses_item_meta_item sc_courses_item_meta_duration\"><\/span>\n            <\/div>\n\t\t\t<div class=\"sc_courses_item_price\"><\/div>\n\t\t<\/div>\n\n\t<\/div>\n\t<div class=\"trx_addons_hover_mask\"><\/div>\n\t<div class=\"trx_addons_hover_content\">\n\t\t<h5 class=\"trx_addons_hover_title\">Maisons passives<\/h5>\n\t\t\t\t\t<div class=\"trx_addons_hover_text\">OBJECTIFS DU MODULE Comprendre les principes de base de la maison passive. Conna\u00eetre les avantages et les enjeux de la maison passive en termes de performance \u00e9nerg\u00e9tique et environnementale. Savoir concevoir et construire une maison passive en respectant les normes et les crit\u00e8res de certification. Apprendre \u00e0 optimiser l&#8217;efficacit\u00e9 \u00e9nerg\u00e9tique d&#8217;une maison existante en la rendant plus proche des standards&hellip;<\/div>\n\t\t\t\t<div class=\"trx_addons_hover_links\">\n\t\t\t<a href=\"https:\/\/academie-immo.lu\/de\/courses\/maisons-passives\/\" class=\"trx_addons_hover_link\">More Info<\/a>\n\t\t\t\t\t<\/div>\n\t<\/div>\n<\/div>\n<\/div><div class=\"trx_addons_column-1_4\"><div class=\"sc_courses_item trx_addons_hover trx_addons_hover_style_links\">\n\t\t\t<div class=\"sc_courses_item_thumb\">\n\t\t\t<img loading=\"lazy\" decoding=\"async\" width=\"400\" height=\"300\" src=\"https:\/\/academie-immo.lu\/wp-content\/uploads\/2023\/08\/image.jpeg\" class=\"attachment-studeon-thumb-big-blogger size-studeon-thumb-big-blogger wp-post-image\" alt=\"Fiscalit\u00e9 de l\u2019Immobilier\" srcset=\"https:\/\/academie-immo.lu\/wp-content\/uploads\/2023\/08\/image.jpeg 400w, https:\/\/academie-immo.lu\/wp-content\/uploads\/2023\/08\/image-300x225.jpeg 300w, https:\/\/academie-immo.lu\/wp-content\/uploads\/2023\/08\/image-370x278.jpeg 370w\" sizes=\"auto, (max-width: 400px) 100vw, 400px\" \/>\t\t\t<span class=\"sc_courses_item_categories\"><a href=\"https:\/\/academie-immo.lu\/de\/courses_group\/economie\/\" title=\"View all posts in \u00c9conomie\">\u00c9conomie<\/a><\/span>\n\t\t<\/div>\n\t\t<div class=\"sc_courses_item_info\">\n\t\t<div class=\"sc_courses_item_header\">\n\t\t\t<h5 class=\"sc_courses_item_title\">Fiscalit\u00e9 de l\u2019Immobilier<\/h5>\n\t\t\t<div class=\"sc_courses_item_meta\">\n\t\t\t\t<span class=\"sc_courses_item_meta_item sc_courses_item_meta_date\">Starting <span class=\"sc_courses_item_date\">31\/08\/2033<\/span><\/span>\n\t\t\t\t<span class=\"sc_courses_item_meta_item sc_courses_item_meta_duration\"><\/span>\n            <\/div>\n\t\t\t<div class=\"sc_courses_item_price\"><\/div>\n\t\t<\/div>\n\n\t<\/div>\n\t<div class=\"trx_addons_hover_mask\"><\/div>\n\t<div class=\"trx_addons_hover_content\">\n\t\t<h5 class=\"trx_addons_hover_title\">Fiscalit\u00e9 de l\u2019Immobilier<\/h5>\n\t\t\t\t\t<div class=\"trx_addons_hover_text\">OBJECTIFS DU MODULE Comprendre les bases de la fiscalit\u00e9 Luxembourgeoise et les administrations ex\u00e9cutant la l\u00e9gislation fiscale au Luxembourg. Explorer les modes de d\u00e9tention immobili\u00e8re. Ma\u00eetriser les imp\u00f4ts li\u00e9s \u00e0 l&#8217;acquisition, la d\u00e9tention immobili\u00e8re et la vente immobili\u00e8re. Se familiariser avec l\u2019imposition des successions et donations. Conseiller efficacement sur la fiscalit\u00e9 immobili\u00e8re. CONTENUS P\u00c9DAGOGIQUES Initiation \u00e0 la fiscalit\u00e9 Luxembourgeoise. Modes&hellip;<\/div>\n\t\t\t\t<div class=\"trx_addons_hover_links\">\n\t\t\t<a href=\"https:\/\/academie-immo.lu\/de\/courses\/fiscalite-de-limmobilier\/\" class=\"trx_addons_hover_link\">More Info<\/a>\n\t\t\t\t\t<\/div>\n\t<\/div>\n<\/div>\n<\/div><div class=\"trx_addons_column-1_4\"><div class=\"sc_courses_item trx_addons_hover trx_addons_hover_style_links\">\n\t\t\t<div class=\"sc_courses_item_thumb\">\n\t\t\t<img loading=\"lazy\" decoding=\"async\" width=\"740\" height=\"530\" src=\"https:\/\/academie-immo.lu\/wp-content\/uploads\/2023\/05\/housebuilding-g5e92dfc74_1280-740x530.jpg\" class=\"attachment-studeon-thumb-big-blogger size-studeon-thumb-big-blogger wp-post-image\" alt=\"Techniques de construction\" \/>\t\t\t<span class=\"sc_courses_item_categories\"><a href=\"https:\/\/academie-immo.lu\/de\/courses_group\/techniques-de-construction\/\" title=\"View all posts in Techniques de construction\">Techniques de construction<\/a><\/span>\n\t\t<\/div>\n\t\t<div class=\"sc_courses_item_info\">\n\t\t<div class=\"sc_courses_item_header\">\n\t\t\t<h5 class=\"sc_courses_item_title\">Techniques de construction<\/h5>\n\t\t\t<div class=\"sc_courses_item_meta\">\n\t\t\t\t<span class=\"sc_courses_item_meta_item sc_courses_item_meta_date\">Starting <span class=\"sc_courses_item_date\">31\/08\/2033<\/span><\/span>\n\t\t\t\t<span class=\"sc_courses_item_meta_item sc_courses_item_meta_duration\"><\/span>\n            <\/div>\n\t\t\t<div class=\"sc_courses_item_price\"><\/div>\n\t\t<\/div>\n\n\t<\/div>\n\t<div class=\"trx_addons_hover_mask\"><\/div>\n\t<div class=\"trx_addons_hover_content\">\n\t\t<h5 class=\"trx_addons_hover_title\">Techniques de construction<\/h5>\n\t\t\t\t\t<div class=\"trx_addons_hover_text\">OBJECTIFS DU MODULE Connaitre les diff\u00e9rents types de sols et de fondations Connaitre les caract\u00e9ristiques du b\u00e9ton arm\u00e9 Connaitre les diff\u00e9rents types de ma\u00e7onnerie Connaitre les syst\u00e8mes de fonctionnement des halls et b\u00e2timents fonctionnels CONTENUS P\u00c9DAGOGIQUES Normes Luxembourgeoises Format de construction DNA EN 206 M\u00c9THODES P\u00c9DAGOGIQUES Enseignements th\u00e9oriques CERTIFICATION Document de validation\u00a0: Attestation de participation INFORMATIONS PRATIQUES\u00a0 Pr\u00e9sentiel en centre&hellip;<\/div>\n\t\t\t\t<div class=\"trx_addons_hover_links\">\n\t\t\t<a href=\"https:\/\/academie-immo.lu\/de\/courses\/techniques-de-construction\/\" class=\"trx_addons_hover_link\">More Info<\/a>\n\t\t\t\t\t<\/div>\n\t<\/div>\n<\/div>\n<\/div><div class=\"trx_addons_column-1_4\"><div class=\"sc_courses_item trx_addons_hover trx_addons_hover_style_links\">\n\t\t\t<div class=\"sc_courses_item_thumb\">\n\t\t\t<img loading=\"lazy\" decoding=\"async\" width=\"740\" height=\"530\" src=\"https:\/\/academie-immo.lu\/wp-content\/uploads\/2023\/10\/team-4386222_1280-740x530.png\" class=\"attachment-studeon-thumb-big-blogger size-studeon-thumb-big-blogger wp-post-image\" alt=\"Salari\u00e9 D\u00e9sign\u00e9 \u00e0 la s\u00e9curit\u00e9 et sant\u00e9 au travail &#8211; Groupe A\" \/>\t\t\t<span class=\"sc_courses_item_categories\"><a href=\"https:\/\/academie-immo.lu\/de\/courses_group\/securite\/\" title=\"View all posts in S\u00e9curit\u00e9\">S\u00e9curit\u00e9<\/a><\/span>\n\t\t<\/div>\n\t\t<div class=\"sc_courses_item_info\">\n\t\t<div class=\"sc_courses_item_header\">\n\t\t\t<h5 class=\"sc_courses_item_title\">Salari\u00e9 D\u00e9sign\u00e9 \u00e0 la s\u00e9curit\u00e9 et sant\u00e9 au travail &#8211; Groupe A<\/h5>\n\t\t\t<div class=\"sc_courses_item_meta\">\n\t\t\t\t<span class=\"sc_courses_item_meta_item sc_courses_item_meta_date\">Starting <span class=\"sc_courses_item_date\">29\/10\/2033<\/span><\/span>\n\t\t\t\t<span class=\"sc_courses_item_meta_item sc_courses_item_meta_duration\"><\/span>\n            <\/div>\n\t\t\t<div class=\"sc_courses_item_price\"><\/div>\n\t\t<\/div>\n\n\t<\/div>\n\t<div class=\"trx_addons_hover_mask\"><\/div>\n\t<div class=\"trx_addons_hover_content\">\n\t\t<h5 class=\"trx_addons_hover_title\">Salari\u00e9 D\u00e9sign\u00e9 \u00e0 la s\u00e9curit\u00e9 et sant\u00e9 au travail &#8211; Groupe A<\/h5>\n\t\t\t\t\t<div class=\"trx_addons_hover_text\">OBJECTIFS DU MODULE Devenir salari\u00e9 d\u00e9sign\u00e9 en entreprise artisanale comprenant entre 1 et 15 salari\u00e9s. CONTENUS P\u00c9DAGOGIQUES Le programme de la formation est bas\u00e9 sur l&#8216;Arr\u00eat\u00e9 minist\u00e9riel du 18 juillet 2007 d\u00e9terminant les programmes des diff\u00e9rents cycles de formation pour salari\u00e9s d\u00e9sign\u00e9s. Pr\u00e9sentation des missions et de la fonction du travailleur d\u00e9sign\u00e9, L\u00e9gislation concernant la s\u00e9curit\u00e9 et la sant\u00e9 sur&hellip;<\/div>\n\t\t\t\t<div class=\"trx_addons_hover_links\">\n\t\t\t<a href=\"https:\/\/academie-immo.lu\/de\/courses\/salarie-designe-a-la-securite-et-sante-au-travail-groupe-a\/\" class=\"trx_addons_hover_link\">More Info<\/a>\n\t\t\t\t\t<\/div>\n\t<\/div>\n<\/div>\n<\/div><div class=\"trx_addons_column-1_4\"><div class=\"sc_courses_item trx_addons_hover trx_addons_hover_style_links\">\n\t\t\t<div class=\"sc_courses_item_thumb\">\n\t\t\t<img loading=\"lazy\" decoding=\"async\" width=\"740\" height=\"530\" src=\"https:\/\/academie-immo.lu\/wp-content\/uploads\/2023\/10\/Capture-decran-2023-11-02-a-15.28.58-740x530.png\" class=\"attachment-studeon-thumb-big-blogger size-studeon-thumb-big-blogger wp-post-image\" alt=\"Ma\u00eetriser la Gestion de la paie au Luxembourg\" \/>\t\t\t<span class=\"sc_courses_item_categories\"><a href=\"https:\/\/academie-immo.lu\/de\/courses_group\/competences-tranversales\/\" title=\"View all posts in Comp\u00e9tences transversales\">Comp\u00e9tences transversales<\/a><\/span>\n\t\t<\/div>\n\t\t<div class=\"sc_courses_item_info\">\n\t\t<div class=\"sc_courses_item_header\">\n\t\t\t<h5 class=\"sc_courses_item_title\">Ma\u00eetriser la Gestion de la paie au Luxembourg<\/h5>\n\t\t\t<div class=\"sc_courses_item_meta\">\n\t\t\t\t<span class=\"sc_courses_item_meta_item sc_courses_item_meta_date\">Starting <span class=\"sc_courses_item_date\">30\/11\/2033<\/span><\/span>\n\t\t\t\t<span class=\"sc_courses_item_meta_item sc_courses_item_meta_duration\"><\/span>\n            <\/div>\n\t\t\t<div class=\"sc_courses_item_price\"><\/div>\n\t\t<\/div>\n\n\t<\/div>\n\t<div class=\"trx_addons_hover_mask\"><\/div>\n\t<div class=\"trx_addons_hover_content\">\n\t\t<h5 class=\"trx_addons_hover_title\">Ma\u00eetriser la Gestion de la paie au Luxembourg<\/h5>\n\t\t\t\t\t<div class=\"trx_addons_hover_text\">OBJECTIFS DU MODULE Comprendre les principales rubriques d&#8217;une fiche de salaire (brut ou net). Identifier les diff\u00e9rents pr\u00e9l\u00e8vements sociaux. D\u00e9crypter les bar\u00e8mes d&#8217;imposition. CONTENUS P\u00c9DAGOGIQUES Collecter les instructions salaires Les absences : cong\u00e9 maternit\u00e9, parental, maladie, &#8230; Le changement de temps de travail L\u2019arriv\u00e9e ou le d\u00e9part en cours de mois Le licenciement Comprendre la composition du salaire brut La&hellip;<\/div>\n\t\t\t\t<div class=\"trx_addons_hover_links\">\n\t\t\t<a href=\"https:\/\/academie-immo.lu\/de\/courses\/maitriser-la-gestion-de-la-paie-au-luxembourg\/\" class=\"trx_addons_hover_link\">More Info<\/a>\n\t\t\t\t\t<\/div>\n\t<\/div>\n<\/div>\n<\/div><div class=\"trx_addons_column-1_4\"><div class=\"sc_courses_item trx_addons_hover trx_addons_hover_style_links\">\n\t\t\t<div class=\"sc_courses_item_thumb\">\n\t\t\t<img loading=\"lazy\" decoding=\"async\" width=\"400\" height=\"400\" src=\"https:\/\/academie-immo.lu\/wp-content\/uploads\/2024\/03\/image.jpeg\" class=\"attachment-studeon-thumb-big-blogger size-studeon-thumb-big-blogger wp-post-image\" alt=\"Efficience \u00e9nerg\u00e9tique des b\u00e2timents\" srcset=\"https:\/\/academie-immo.lu\/wp-content\/uploads\/2024\/03\/image.jpeg 400w, https:\/\/academie-immo.lu\/wp-content\/uploads\/2024\/03\/image-300x300.jpeg 300w, https:\/\/academie-immo.lu\/wp-content\/uploads\/2024\/03\/image-150x150.jpeg 150w, https:\/\/academie-immo.lu\/wp-content\/uploads\/2024\/03\/image-370x370.jpeg 370w, https:\/\/academie-immo.lu\/wp-content\/uploads\/2024\/03\/image-90x90.jpeg 90w\" sizes=\"auto, (max-width: 400px) 100vw, 400px\" \/>\t\t\t<span class=\"sc_courses_item_categories\"><a href=\"https:\/\/academie-immo.lu\/de\/courses_group\/techniques-immobilieres\/\" title=\"View all posts in Techniques immobili\u00e8res\">Techniques immobili\u00e8res<\/a><\/span>\n\t\t<\/div>\n\t\t<div class=\"sc_courses_item_info\">\n\t\t<div class=\"sc_courses_item_header\">\n\t\t\t<h5 class=\"sc_courses_item_title\">Efficience \u00e9nerg\u00e9tique des b\u00e2timents<\/h5>\n\t\t\t<div class=\"sc_courses_item_meta\">\n\t\t\t\t<span class=\"sc_courses_item_meta_item sc_courses_item_meta_date\">Starting <span class=\"sc_courses_item_date\">30\/11\/2033<\/span><\/span>\n\t\t\t\t<span class=\"sc_courses_item_meta_item sc_courses_item_meta_duration\"><\/span>\n            <\/div>\n\t\t\t<div class=\"sc_courses_item_price\"><\/div>\n\t\t<\/div>\n\n\t<\/div>\n\t<div class=\"trx_addons_hover_mask\"><\/div>\n\t<div class=\"trx_addons_hover_content\">\n\t\t<h5 class=\"trx_addons_hover_title\">Efficience \u00e9nerg\u00e9tique des b\u00e2timents<\/h5>\n\t\t\t\t\t<div class=\"trx_addons_hover_text\">OBJECTIFS DU MODULE Fournir aux agents immobiliers les compe\u0301tences ne\u0301cessaires pour comprendre et promouvoir l&#8217;efficience e\u0301nerge\u0301tique dans les ba\u0302timents Permettre aux agents immobiliers d&#8217;appre\u0301hender l&#8217;importance de l&#8217;efficience e\u0301nerge\u0301tique dans le secteur immobilier, de reconnai\u0302tre les opportunite\u0301s d&#8217;ame\u0301lioration e\u0301nerge\u0301tique et de conseiller les clients sur les avantages e\u0301conomiques et environnementaux lie\u0301s a\u0300 ces mesures Informer les agents immobiliers sur les certifications&hellip;<\/div>\n\t\t\t\t<div class=\"trx_addons_hover_links\">\n\t\t\t<a href=\"https:\/\/academie-immo.lu\/de\/courses\/efficience-energetique-des-batiments\/\" class=\"trx_addons_hover_link\">More Info<\/a>\n\t\t\t\t\t<\/div>\n\t<\/div>\n<\/div>\n<\/div><div class=\"trx_addons_column-1_4\"><div class=\"sc_courses_item trx_addons_hover trx_addons_hover_style_links\">\n\t\t\t<div class=\"sc_courses_item_thumb\">\n\t\t\t<img loading=\"lazy\" decoding=\"async\" width=\"740\" height=\"530\" src=\"https:\/\/academie-immo.lu\/wp-content\/uploads\/2023\/11\/student-849825_1280-740x530.jpg\" class=\"attachment-studeon-thumb-big-blogger size-studeon-thumb-big-blogger wp-post-image\" alt=\"G\u00e9rer les absences et les maladies des salari\u00e9s\" \/>\t\t\t<span class=\"sc_courses_item_categories\"><a href=\"https:\/\/academie-immo.lu\/de\/courses_group\/competences-tranversales\/\" title=\"View all posts in Comp\u00e9tences transversales\">Comp\u00e9tences transversales<\/a><\/span>\n\t\t<\/div>\n\t\t<div class=\"sc_courses_item_info\">\n\t\t<div class=\"sc_courses_item_header\">\n\t\t\t<h5 class=\"sc_courses_item_title\">G\u00e9rer les absences et les maladies des salari\u00e9s<\/h5>\n\t\t\t<div class=\"sc_courses_item_meta\">\n\t\t\t\t<span class=\"sc_courses_item_meta_item sc_courses_item_meta_date\">Starting <span class=\"sc_courses_item_date\">30\/11\/2033<\/span><\/span>\n\t\t\t\t<span class=\"sc_courses_item_meta_item sc_courses_item_meta_duration\"><\/span>\n            <\/div>\n\t\t\t<div class=\"sc_courses_item_price\"><\/div>\n\t\t<\/div>\n\n\t<\/div>\n\t<div class=\"trx_addons_hover_mask\"><\/div>\n\t<div class=\"trx_addons_hover_content\">\n\t\t<h5 class=\"trx_addons_hover_title\">G\u00e9rer les absences et les maladies des salari\u00e9s<\/h5>\n\t\t\t\t\t<div class=\"trx_addons_hover_text\">OBJECTIFS DU MODULE Ma\u00eetriser les proc\u00e9dures en cas de maladie ou d&#8217;absence des salari\u00e9s. Traiter administrativement les cas de maladies du salari\u00e9. G\u00e9rer la reprise progressive du travail. G\u00e9rer le reclassement interne. CONTENUS P\u00c9DAGOGIQUES Les diff\u00e9rents types d\u2019absences et leurs cadres Les absences volontaires Les absences involontaires Le cadre r\u00e9glementaire Le respect de la vie priv\u00e9e et du secret m\u00e9dical&hellip;<\/div>\n\t\t\t\t<div class=\"trx_addons_hover_links\">\n\t\t\t<a href=\"https:\/\/academie-immo.lu\/de\/courses\/gerer-les-absences-et-les-maladies-des-salaries\/\" class=\"trx_addons_hover_link\">More Info<\/a>\n\t\t\t\t\t<\/div>\n\t<\/div>\n<\/div>\n<\/div><div class=\"trx_addons_column-1_4\"><div class=\"sc_courses_item trx_addons_hover trx_addons_hover_style_links\">\n\t\t\t<div class=\"sc_courses_item_thumb\">\n\t\t\t<img loading=\"lazy\" decoding=\"async\" width=\"740\" height=\"530\" src=\"https:\/\/academie-immo.lu\/wp-content\/uploads\/2024\/02\/9276433-740x530.jpg\" class=\"attachment-studeon-thumb-big-blogger size-studeon-thumb-big-blogger wp-post-image\" alt=\"Les erreurs \u00e0 ne pas faire en immobilier\" \/>\t\t\t<span class=\"sc_courses_item_categories\"><a href=\"https:\/\/academie-immo.lu\/de\/courses_group\/techniques-immobilieres\/\" title=\"View all posts in Techniques immobili\u00e8res\">Techniques immobili\u00e8res<\/a><\/span>\n\t\t<\/div>\n\t\t<div class=\"sc_courses_item_info\">\n\t\t<div class=\"sc_courses_item_header\">\n\t\t\t<h5 class=\"sc_courses_item_title\">Les erreurs \u00e0 ne pas faire en immobilier<\/h5>\n\t\t\t<div class=\"sc_courses_item_meta\">\n\t\t\t\t<span class=\"sc_courses_item_meta_item sc_courses_item_meta_date\">Starting <span class=\"sc_courses_item_date\">28\/02\/2034<\/span><\/span>\n\t\t\t\t<span class=\"sc_courses_item_meta_item sc_courses_item_meta_duration\"><\/span>\n            <\/div>\n\t\t\t<div class=\"sc_courses_item_price\"><\/div>\n\t\t<\/div>\n\n\t<\/div>\n\t<div class=\"trx_addons_hover_mask\"><\/div>\n\t<div class=\"trx_addons_hover_content\">\n\t\t<h5 class=\"trx_addons_hover_title\">Les erreurs \u00e0 ne pas faire en immobilier<\/h5>\n\t\t\t\t\t<div class=\"trx_addons_hover_text\">OBJECTIFS DU MODULE Identifier et \u00e9viter les erreurs courantes dans les transactions immobili\u00e8res. Comprendre les r\u00e9percussions juridiques et financi\u00e8res des erreurs fr\u00e9quentes pour mieux les pr\u00e9venir. CONTENUS P\u00c9DAGOGIQUES\u00a0 Analyse des erreurs fr\u00e9quentes dans la r\u00e9daction des contrats et leurs impacts. \u00c9valuation des risques li\u00e9s \u00e0 une mauvaise compr\u00e9hension des obligations l\u00e9gales. Strat\u00e9gies pour une gestion efficace des attentes clients et&hellip;<\/div>\n\t\t\t\t<div class=\"trx_addons_hover_links\">\n\t\t\t<a href=\"https:\/\/academie-immo.lu\/de\/courses\/les-erreurs-a-ne-pas-faire-en-immobilier\/\" class=\"trx_addons_hover_link\">More Info<\/a>\n\t\t\t\t\t<\/div>\n\t<\/div>\n<\/div>\n<\/div><div class=\"trx_addons_column-1_4\"><div class=\"sc_courses_item trx_addons_hover trx_addons_hover_style_links\">\n\t\t\t<div class=\"sc_courses_item_thumb\">\n\t\t\t<img loading=\"lazy\" decoding=\"async\" width=\"740\" height=\"530\" src=\"https:\/\/academie-immo.lu\/wp-content\/uploads\/2024\/03\/Capture-decran-2024-03-22-a-13.29.48-740x530.png\" class=\"attachment-studeon-thumb-big-blogger size-studeon-thumb-big-blogger wp-post-image\" alt=\"Cr\u00e9ation de contenu pour les r\u00e9seaux sociaux\" \/>\t\t\t<span class=\"sc_courses_item_categories\"><a href=\"https:\/\/academie-immo.lu\/de\/courses_group\/competences-tranversales\/\" title=\"View all posts in Comp\u00e9tences transversales\">Comp\u00e9tences transversales<\/a> <a href=\"https:\/\/academie-immo.lu\/de\/courses_group\/techniques-immobilieres\/\" title=\"View all posts in Techniques immobili\u00e8res\">Techniques immobili\u00e8res<\/a><\/span>\n\t\t<\/div>\n\t\t<div class=\"sc_courses_item_info\">\n\t\t<div class=\"sc_courses_item_header\">\n\t\t\t<h5 class=\"sc_courses_item_title\">Cr\u00e9ation de contenu pour les r\u00e9seaux sociaux<\/h5>\n\t\t\t<div class=\"sc_courses_item_meta\">\n\t\t\t\t<span class=\"sc_courses_item_meta_item sc_courses_item_meta_date\">Starting <span class=\"sc_courses_item_date\">31\/03\/2034<\/span><\/span>\n\t\t\t\t<span class=\"sc_courses_item_meta_item sc_courses_item_meta_duration\"><\/span>\n            <\/div>\n\t\t\t<div class=\"sc_courses_item_price\"><\/div>\n\t\t<\/div>\n\n\t<\/div>\n\t<div class=\"trx_addons_hover_mask\"><\/div>\n\t<div class=\"trx_addons_hover_content\">\n\t\t<h5 class=\"trx_addons_hover_title\">Cr\u00e9ation de contenu pour les r\u00e9seaux sociaux<\/h5>\n\t\t\t\t\t<div class=\"trx_addons_hover_text\">OBJECTIFS DU MODULE Acque\u0301rir une compre\u0301hension approfondie des principaux re\u0301seaux sociaux et de leur utilisation dans le contexte professionnel. De\u0301velopper des compe\u0301tences pratiques dans la cre\u0301ation de contenu attractif et pertinent pour les me\u0301dias sociaux. Introduction aux outils de cre\u0301ation de contenu mobile : applications de retouche photo, d&#8217;e\u0301dition vide\u0301o, et de conception graphique disponibles sur les smartphones. Optimisation du&hellip;<\/div>\n\t\t\t\t<div class=\"trx_addons_hover_links\">\n\t\t\t<a href=\"https:\/\/academie-immo.lu\/de\/courses\/creation-de-contenu-pour-les-reseaux-sociaux\/\" class=\"trx_addons_hover_link\">More Info<\/a>\n\t\t\t\t\t<\/div>\n\t<\/div>\n<\/div>\n<\/div><div class=\"trx_addons_column-1_4\"><div class=\"sc_courses_item trx_addons_hover trx_addons_hover_style_links\">\n\t\t\t<div class=\"sc_courses_item_thumb\">\n\t\t\t<img loading=\"lazy\" decoding=\"async\" width=\"740\" height=\"530\" src=\"https:\/\/academie-immo.lu\/wp-content\/uploads\/2024\/03\/25072174_2201_w039_n003_88b_p1_88-740x530.jpg\" class=\"attachment-studeon-thumb-big-blogger size-studeon-thumb-big-blogger wp-post-image\" alt=\"Dirigeant(e) et chef(fe) d&#8217;entreprise : les fondamentaux des ressources humaines\" \/>\t\t\t<span class=\"sc_courses_item_categories\"><a href=\"https:\/\/academie-immo.lu\/de\/courses_group\/competences-tranversales\/\" title=\"View all posts in Comp\u00e9tences transversales\">Comp\u00e9tences transversales<\/a><\/span>\n\t\t<\/div>\n\t\t<div class=\"sc_courses_item_info\">\n\t\t<div class=\"sc_courses_item_header\">\n\t\t\t<h5 class=\"sc_courses_item_title\">Dirigeant(e) et chef(fe) d&#8217;entreprise : les fondamentaux des ressources humaines<\/h5>\n\t\t\t<div class=\"sc_courses_item_meta\">\n\t\t\t\t<span class=\"sc_courses_item_meta_item sc_courses_item_meta_date\">Starting <span class=\"sc_courses_item_date\">31\/12\/2034<\/span><\/span>\n\t\t\t\t<span class=\"sc_courses_item_meta_item sc_courses_item_meta_duration\"><\/span>\n            <\/div>\n\t\t\t<div class=\"sc_courses_item_price\"><\/div>\n\t\t<\/div>\n\n\t<\/div>\n\t<div class=\"trx_addons_hover_mask\"><\/div>\n\t<div class=\"trx_addons_hover_content\">\n\t\t<h5 class=\"trx_addons_hover_title\">Dirigeant(e) et chef(fe) d&#8217;entreprise : les fondamentaux des ressources humaines<\/h5>\n\t\t\t\t\t<div class=\"trx_addons_hover_text\">Objectifs du module D\u00e9velopper ses connaissances en GRH pour une gestion plus efficace et \u00e9thique. Comprendre les \u00e9volutions des cadres l\u00e9gislatifs au Luxembourg. Contenus p\u00e9dagogiques JOUR 1 : Les sp\u00e9cificit\u00e9s de la GRH au Luxembourg Conformit\u00e9 juridique\u00a0; R\u00e9mun\u00e9ration et avantages sociaux\u00a0; Sant\u00e9 et s\u00e9curit\u00e9 au travail\u00a0; Relations professionnelles\u00a0; Proc\u00e9dures l\u00e9gales en cas de rupture ou suspension du contrat de travail.&hellip;<\/div>\n\t\t\t\t<div class=\"trx_addons_hover_links\">\n\t\t\t<a href=\"https:\/\/academie-immo.lu\/de\/courses\/dirigeante-et-cheffe-dentreprise-les-fondamentaux-des-ressources-humaines\/\" class=\"trx_addons_hover_link\">More Info<\/a>\n\t\t\t\t\t<\/div>\n\t<\/div>\n<\/div>\n<\/div><div class=\"trx_addons_column-1_4\"><div class=\"sc_courses_item trx_addons_hover trx_addons_hover_style_links\">\n\t\t\t<div class=\"sc_courses_item_thumb\">\n\t\t\t<img loading=\"lazy\" decoding=\"async\" width=\"740\" height=\"530\" src=\"https:\/\/academie-immo.lu\/wp-content\/uploads\/2024\/03\/folder-5000783_1280-740x530.png\" class=\"attachment-studeon-thumb-big-blogger size-studeon-thumb-big-blogger wp-post-image\" alt=\"G\u00e9rer le d\u00e9tachement des salari\u00e9s\" \/>\t\t\t<span class=\"sc_courses_item_categories\"><a href=\"https:\/\/academie-immo.lu\/de\/courses_group\/competences-tranversales\/\" title=\"View all posts in Comp\u00e9tences transversales\">Comp\u00e9tences transversales<\/a><\/span>\n\t\t<\/div>\n\t\t<div class=\"sc_courses_item_info\">\n\t\t<div class=\"sc_courses_item_header\">\n\t\t\t<h5 class=\"sc_courses_item_title\">G\u00e9rer le d\u00e9tachement des salari\u00e9s<\/h5>\n\t\t\t<div class=\"sc_courses_item_meta\">\n\t\t\t\t<span class=\"sc_courses_item_meta_item sc_courses_item_meta_date\">Starting <span class=\"sc_courses_item_date\">31\/12\/2034<\/span><\/span>\n\t\t\t\t<span class=\"sc_courses_item_meta_item sc_courses_item_meta_duration\"><\/span>\n            <\/div>\n\t\t\t<div class=\"sc_courses_item_price\"><\/div>\n\t\t<\/div>\n\n\t<\/div>\n\t<div class=\"trx_addons_hover_mask\"><\/div>\n\t<div class=\"trx_addons_hover_content\">\n\t\t<h5 class=\"trx_addons_hover_title\">G\u00e9rer le d\u00e9tachement des salari\u00e9s<\/h5>\n\t\t\t\t\t<div class=\"trx_addons_hover_text\">Objectifs du module Comprendre la notion de d\u00e9tachement. Identifier les formalit\u00e9s administratives \u00e0 r\u00e9aliser. Contenus p\u00e9dagogiques Le champ d\u2019application du d\u00e9tachement Sa d\u00e9finition L\u2019activit\u00e9 multi-pays Les possibilit\u00e9s de prestations transnationales Le cas du d\u00e9tachement vers le Luxembourg La dur\u00e9e du d\u00e9tachement La l\u00e9gislation applicable en mati\u00e8re de droit du travail en cas de d\u00e9tachement Principes g\u00e9n\u00e9raux Le cas de la&hellip;<\/div>\n\t\t\t\t<div class=\"trx_addons_hover_links\">\n\t\t\t<a href=\"https:\/\/academie-immo.lu\/de\/courses\/gerer-le-detachement-des-salaries-2\/\" class=\"trx_addons_hover_link\">More Info<\/a>\n\t\t\t\t\t<\/div>\n\t<\/div>\n<\/div>\n<\/div><div class=\"trx_addons_column-1_4\"><div class=\"sc_courses_item trx_addons_hover trx_addons_hover_style_links\">\n\t\t\t<div class=\"sc_courses_item_thumb\">\n\t\t\t<img loading=\"lazy\" decoding=\"async\" width=\"740\" height=\"530\" src=\"https:\/\/academie-immo.lu\/wp-content\/uploads\/2024\/04\/group-1962592_1280-740x530.png\" class=\"attachment-studeon-thumb-big-blogger size-studeon-thumb-big-blogger wp-post-image\" alt=\"La gestion de l&#8217;assembl\u00e9e g\u00e9n\u00e9rale des copropri\u00e9taires (module avanc\u00e9)\" \/>\t\t\t<span class=\"sc_courses_item_categories\"><a href=\"https:\/\/academie-immo.lu\/de\/courses_group\/copropriete\/\" title=\"View all posts in Copropri\u00e9t\u00e9\">Copropri\u00e9t\u00e9<\/a><\/span>\n\t\t<\/div>\n\t\t<div class=\"sc_courses_item_info\">\n\t\t<div class=\"sc_courses_item_header\">\n\t\t\t<h5 class=\"sc_courses_item_title\">La gestion de l&#8217;assembl\u00e9e g\u00e9n\u00e9rale des copropri\u00e9taires (module avanc\u00e9)<\/h5>\n\t\t\t<div class=\"sc_courses_item_meta\">\n\t\t\t\t<span class=\"sc_courses_item_meta_item sc_courses_item_meta_date\">Starting <span class=\"sc_courses_item_date\">31\/12\/2034<\/span><\/span>\n\t\t\t\t<span class=\"sc_courses_item_meta_item sc_courses_item_meta_duration\"><\/span>\n            <\/div>\n\t\t\t<div class=\"sc_courses_item_price\"><\/div>\n\t\t<\/div>\n\n\t<\/div>\n\t<div class=\"trx_addons_hover_mask\"><\/div>\n\t<div class=\"trx_addons_hover_content\">\n\t\t<h5 class=\"trx_addons_hover_title\">La gestion de l&#8217;assembl\u00e9e g\u00e9n\u00e9rale des copropri\u00e9taires (module avanc\u00e9)<\/h5>\n\t\t\t\t\t<div class=\"trx_addons_hover_text\">La gestion de l&#8217;assembl\u00e9e g\u00e9n\u00e9rale des copropri\u00e9taires : de l&#8217;\u00e9tablissement de l&#8217;ordre du jour \u00e0 la transmission du proc\u00e8s-verbal OBJECTIFS DU MODULE Ce module offre une analyse exhaustive et approfondie de la gestion de l&#8217;assembl\u00e9e g\u00e9n\u00e9rale des copropri\u00e9taires. L\u2019assembl\u00e9e annuelle repr\u00e9sente un moment crucial dans la dynamique d&#8217;une r\u00e9sidence, permettant de prendre des d\u00e9cisions capitales ayant un impact sur la&hellip;<\/div>\n\t\t\t\t<div class=\"trx_addons_hover_links\">\n\t\t\t<a href=\"https:\/\/academie-immo.lu\/de\/courses\/la-gestion-de-lassemblee-generale-des-coproprietaires-de-letablissement-de-lordre-du-jour-a-la-transmission-du-proces-verbal\/\" class=\"trx_addons_hover_link\">More Info<\/a>\n\t\t\t\t\t<\/div>\n\t<\/div>\n<\/div>\n<\/div><div class=\"trx_addons_column-1_4\"><div class=\"sc_courses_item trx_addons_hover trx_addons_hover_style_links\">\n\t\t\t<div class=\"sc_courses_item_thumb\">\n\t\t\t<img loading=\"lazy\" decoding=\"async\" width=\"740\" height=\"530\" src=\"https:\/\/academie-immo.lu\/wp-content\/uploads\/2024\/04\/education-5600987_1280-740x530.png\" class=\"attachment-studeon-thumb-big-blogger size-studeon-thumb-big-blogger wp-post-image\" alt=\"Les r\u00e8gles de majorit\u00e9 dans les assembl\u00e9es g\u00e9n\u00e9rales (module avanc\u00e9)\" \/>\t\t\t<span class=\"sc_courses_item_categories\"><a href=\"https:\/\/academie-immo.lu\/de\/courses_group\/copropriete\/\" title=\"View all posts in Copropri\u00e9t\u00e9\">Copropri\u00e9t\u00e9<\/a><\/span>\n\t\t<\/div>\n\t\t<div class=\"sc_courses_item_info\">\n\t\t<div class=\"sc_courses_item_header\">\n\t\t\t<h5 class=\"sc_courses_item_title\">Les r\u00e8gles de majorit\u00e9 dans les assembl\u00e9es g\u00e9n\u00e9rales (module avanc\u00e9)<\/h5>\n\t\t\t<div class=\"sc_courses_item_meta\">\n\t\t\t\t<span class=\"sc_courses_item_meta_item sc_courses_item_meta_date\">Starting <span class=\"sc_courses_item_date\">31\/12\/2034<\/span><\/span>\n\t\t\t\t<span class=\"sc_courses_item_meta_item sc_courses_item_meta_duration\"><\/span>\n            <\/div>\n\t\t\t<div class=\"sc_courses_item_price\"><\/div>\n\t\t<\/div>\n\n\t<\/div>\n\t<div class=\"trx_addons_hover_mask\"><\/div>\n\t<div class=\"trx_addons_hover_content\">\n\t\t<h5 class=\"trx_addons_hover_title\">Les r\u00e8gles de majorit\u00e9 dans les assembl\u00e9es g\u00e9n\u00e9rales (module avanc\u00e9)<\/h5>\n\t\t\t\t\t<div class=\"trx_addons_hover_text\">Les r\u00e8gles de majorit\u00e9 dans les assembl\u00e9es g\u00e9n\u00e9rales : comprendre les principes fondamentaux ainsi que les exceptions applicables aux d\u00e9cisions \u00e0 prendre lors des votes &nbsp; OBJECTIFS DU MODULE Ce module vise \u00e0 expliquer en d\u00e9tail les principes fondamentaux des r\u00e8gles de majorit\u00e9 applicables aux votes lors des assembl\u00e9es g\u00e9n\u00e9rales. La formation a pour objectif de d\u00e9tailler les diff\u00e9rents cas&hellip;<\/div>\n\t\t\t\t<div class=\"trx_addons_hover_links\">\n\t\t\t<a href=\"https:\/\/academie-immo.lu\/de\/courses\/les-regles-de-majorite-dans-les-assemblees-generales-comprendre-les-principes-fondamentaux-ainsi-que-les-exceptions-applicables-aux-decisions-a-prendre-lors-des-votes\/\" class=\"trx_addons_hover_link\">More Info<\/a>\n\t\t\t\t\t<\/div>\n\t<\/div>\n<\/div>\n<\/div><div class=\"trx_addons_column-1_4\"><div class=\"sc_courses_item trx_addons_hover trx_addons_hover_style_links\">\n\t\t\t<div class=\"sc_courses_item_thumb\">\n\t\t\t<img loading=\"lazy\" decoding=\"async\" width=\"530\" height=\"530\" src=\"https:\/\/academie-immo.lu\/wp-content\/uploads\/2024\/05\/Wavy_Cst-01_Single-05ok.jpeg\" class=\"attachment-studeon-thumb-big-blogger size-studeon-thumb-big-blogger wp-post-image\" alt=\"Risque \u00e9lectrique pour \u00ab personne ordinaire \u00bb\" srcset=\"https:\/\/academie-immo.lu\/wp-content\/uploads\/2024\/05\/Wavy_Cst-01_Single-05ok.jpeg 7730w, https:\/\/academie-immo.lu\/wp-content\/uploads\/2024\/05\/Wavy_Cst-01_Single-05ok-300x300.jpeg 300w, https:\/\/academie-immo.lu\/wp-content\/uploads\/2024\/05\/Wavy_Cst-01_Single-05ok-768x768.jpeg 768w, https:\/\/academie-immo.lu\/wp-content\/uploads\/2024\/05\/Wavy_Cst-01_Single-05ok-370x370.jpeg 370w, https:\/\/academie-immo.lu\/wp-content\/uploads\/2024\/05\/Wavy_Cst-01_Single-05ok-760x760.jpeg 760w\" sizes=\"auto, (max-width: 530px) 100vw, 530px\" \/>\t\t\t<span class=\"sc_courses_item_categories\"><a href=\"https:\/\/academie-immo.lu\/de\/courses_group\/genie-technique\/\" title=\"View all posts in G\u00e9nie technique\">G\u00e9nie technique<\/a><\/span>\n\t\t<\/div>\n\t\t<div class=\"sc_courses_item_info\">\n\t\t<div class=\"sc_courses_item_header\">\n\t\t\t<h5 class=\"sc_courses_item_title\">Risque \u00e9lectrique pour \u00ab personne ordinaire \u00bb<\/h5>\n\t\t\t<div class=\"sc_courses_item_meta\">\n\t\t\t\t<span class=\"sc_courses_item_meta_item sc_courses_item_meta_date\">Starting <span class=\"sc_courses_item_date\">31\/12\/2034<\/span><\/span>\n\t\t\t\t<span class=\"sc_courses_item_meta_item sc_courses_item_meta_duration\"><\/span>\n            <\/div>\n\t\t\t<div class=\"sc_courses_item_price\"><\/div>\n\t\t<\/div>\n\n\t<\/div>\n\t<div class=\"trx_addons_hover_mask\"><\/div>\n\t<div class=\"trx_addons_hover_content\">\n\t\t<h5 class=\"trx_addons_hover_title\">Risque \u00e9lectrique pour \u00ab personne ordinaire \u00bb<\/h5>\n\t\t\t\t\t<div class=\"trx_addons_hover_text\">&nbsp; OBJECTIFS DU MODULE Assurer une formation \u00e9lectrique ad\u00e9quate pour les personnes charg\u00e9es de travaux non \u00e9lectriques dans des zones pr\u00e9sentant un risque \u00e9lectrique sp\u00e9cifique. Les dangers \u00e9lectriques et autres, pr\u00e9sents sur les postes de travail et plus particuli\u00e8rement sur les distances de s\u00e9curit\u00e9. Acqu\u00e9rir les connaissances n\u00e9cessaires pour reconna\u00eetre, \u00e9valuer et r\u00e9agir face aux risques \u00e9lectriques, ainsi que pour&hellip;<\/div>\n\t\t\t\t<div class=\"trx_addons_hover_links\">\n\t\t\t<a href=\"https:\/\/academie-immo.lu\/de\/courses\/risque-electrique-pour-personne-ordinaire\/\" class=\"trx_addons_hover_link\">More Info<\/a>\n\t\t\t\t\t<\/div>\n\t<\/div>\n<\/div>\n<\/div><div class=\"trx_addons_column-1_4\"><div class=\"sc_courses_item trx_addons_hover trx_addons_hover_style_links\">\n\t\t\t<div class=\"sc_courses_item_thumb\">\n\t\t\t<img loading=\"lazy\" decoding=\"async\" width=\"400\" height=\"300\" src=\"https:\/\/academie-immo.lu\/wp-content\/uploads\/2022\/06\/image-3.jpeg\" class=\"attachment-studeon-thumb-big-blogger size-studeon-thumb-big-blogger wp-post-image\" alt=\"Introduction \u00e0 la certification WELL Building\" srcset=\"https:\/\/academie-immo.lu\/wp-content\/uploads\/2022\/06\/image-3.jpeg 400w, https:\/\/academie-immo.lu\/wp-content\/uploads\/2022\/06\/image-3-300x225.jpeg 300w, https:\/\/academie-immo.lu\/wp-content\/uploads\/2022\/06\/image-3-370x278.jpeg 370w\" sizes=\"auto, (max-width: 400px) 100vw, 400px\" \/>\t\t\t<span class=\"sc_courses_item_categories\"><a href=\"https:\/\/academie-immo.lu\/de\/courses_group\/techniques-de-construction\/\" title=\"View all posts in Techniques de construction\">Techniques de construction<\/a><\/span>\n\t\t<\/div>\n\t\t<div class=\"sc_courses_item_info\">\n\t\t<div class=\"sc_courses_item_header\">\n\t\t\t<h5 class=\"sc_courses_item_title\">Introduction \u00e0 la certification WELL Building<\/h5>\n\t\t\t<div class=\"sc_courses_item_meta\">\n\t\t\t\t<span class=\"sc_courses_item_meta_item sc_courses_item_meta_date\">Starting <span class=\"sc_courses_item_date\">31\/12\/2034<\/span><\/span>\n\t\t\t\t<span class=\"sc_courses_item_meta_item sc_courses_item_meta_duration\"><\/span>\n            <\/div>\n\t\t\t<div class=\"sc_courses_item_price\"><\/div>\n\t\t<\/div>\n\n\t<\/div>\n\t<div class=\"trx_addons_hover_mask\"><\/div>\n\t<div class=\"trx_addons_hover_content\">\n\t\t<h5 class=\"trx_addons_hover_title\">Introduction \u00e0 la certification WELL Building<\/h5>\n\t\t\t\t\t<div class=\"trx_addons_hover_text\">OBJECTIFS DU MODULE Comprendre et e\u0302tre capable d&#8217;appliquer les bases de la certification WELL Building Connai\u0302tre les cate\u0301gories d&#8217;e\u0301valuation avec leurs diffe\u0301rents crite\u0300res et savoir quels aspects de la construction et autres sont pris en compte pour la certification Connai\u0302tre et savoir utiliser la plateforme en ligne de l&#8217;IWBI et les documents qui s&#8217;y rapportent. Comprendre les avantages d\u2019une certification&hellip;<\/div>\n\t\t\t\t<div class=\"trx_addons_hover_links\">\n\t\t\t<a href=\"https:\/\/academie-immo.lu\/de\/courses\/introduction-a-la-certification-well\/\" class=\"trx_addons_hover_link\">More Info<\/a>\n\t\t\t\t\t<\/div>\n\t<\/div>\n<\/div>\n<\/div><div class=\"trx_addons_column-1_4\"><div class=\"sc_courses_item trx_addons_hover trx_addons_hover_style_links\">\n\t\t\t<div class=\"sc_courses_item_thumb\">\n\t\t\t<img loading=\"lazy\" decoding=\"async\" width=\"400\" height=\"400\" src=\"https:\/\/academie-immo.lu\/wp-content\/uploads\/2024\/07\/image-1.jpeg\" class=\"attachment-studeon-thumb-big-blogger size-studeon-thumb-big-blogger wp-post-image\" alt=\"Vices et vices cach\u00e9s dans l&#8217;immobilier\" srcset=\"https:\/\/academie-immo.lu\/wp-content\/uploads\/2024\/07\/image-1.jpeg 400w, https:\/\/academie-immo.lu\/wp-content\/uploads\/2024\/07\/image-1-300x300.jpeg 300w, https:\/\/academie-immo.lu\/wp-content\/uploads\/2024\/07\/image-1-150x150.jpeg 150w, https:\/\/academie-immo.lu\/wp-content\/uploads\/2024\/07\/image-1-370x370.jpeg 370w, https:\/\/academie-immo.lu\/wp-content\/uploads\/2024\/07\/image-1-90x90.jpeg 90w\" sizes=\"auto, (max-width: 400px) 100vw, 400px\" \/>\t\t\t<span class=\"sc_courses_item_categories\"><a href=\"https:\/\/academie-immo.lu\/de\/courses_group\/techniques-immobilieres\/\" title=\"View all posts in Techniques immobili\u00e8res\">Techniques immobili\u00e8res<\/a><\/span>\n\t\t<\/div>\n\t\t<div class=\"sc_courses_item_info\">\n\t\t<div class=\"sc_courses_item_header\">\n\t\t\t<h5 class=\"sc_courses_item_title\">Vices et vices cach\u00e9s dans l&#8217;immobilier<\/h5>\n\t\t\t<div class=\"sc_courses_item_meta\">\n\t\t\t\t<span class=\"sc_courses_item_meta_item sc_courses_item_meta_date\">Starting <span class=\"sc_courses_item_date\">31\/12\/2034<\/span><\/span>\n\t\t\t\t<span class=\"sc_courses_item_meta_item sc_courses_item_meta_duration\"><\/span>\n            <\/div>\n\t\t\t<div class=\"sc_courses_item_price\"><\/div>\n\t\t<\/div>\n\n\t<\/div>\n\t<div class=\"trx_addons_hover_mask\"><\/div>\n\t<div class=\"trx_addons_hover_content\">\n\t\t<h5 class=\"trx_addons_hover_title\">Vices et vices cach\u00e9s dans l&#8217;immobilier<\/h5>\n\t\t\t\t\t<div class=\"trx_addons_hover_text\">OBJECTIFS DU MODULE Apprendre \u00e0 faire la diff\u00e9rence entre un vice et un vice cach\u00e9. Mesure \u00e0 prendre en cas de vices et vices cach\u00e9s. \u2026\u2026\u2026\u2026\u2026\u2026\u2026\u2026\u2026\u2026\u2026\u2026\u2026\u2026\u2026\u2026\u2026\u2026\u2026\u2026\u2026\u2026\u2026\u2026\u2026\u2026\u2026\u2026\u2026\u2026\u2026\u2026\u2026\u2026\u2026\u2026\u2026\u2026\u2026\u2026\u2026 CONTENUS P\u00c9DAGOGIQUES D\u00e9finition d&#8217;un vice apparent. D\u00e9finition d&#8217;un vice cach\u00e9. Quelles sont les diff\u00e9rences de vices dans des nouvelles constructions existantes. Vices et vices cach\u00e9s d&#8217;un point de vue l\u00e9gislatif. Exemples pour faire la&hellip;<\/div>\n\t\t\t\t<div class=\"trx_addons_hover_links\">\n\t\t\t<a href=\"https:\/\/academie-immo.lu\/de\/courses\/vices-et-vices-caches-dans-limmobilier\/\" class=\"trx_addons_hover_link\">More Info<\/a>\n\t\t\t\t\t<\/div>\n\t<\/div>\n<\/div>\n<\/div><\/div><\/div><!-- \/.sc_courses -->[\/vc_tta_section][vc_tta_section i_icon_fontawesome=&#8220;fas fa-clipboard&#8220; add_icon=&#8220;true&#8220; title=&#8220;Wirtschaft&#8220; tab_id=&#8220;1653638616903-4bff063a-88dc1657183789096&#8243;]<div class=\"sc_courses sc_courses_default\"><h3 class=\"sc_item_title sc_courses_title sc_align_left sc_item_title_style_default\">Wirtschaft<\/h3><div class=\"sc_courses_columns sc_item_columns trx_addons_columns_wrap columns_padding_bottom\"><div class=\"trx_addons_column-1_4\"><div class=\"sc_courses_item trx_addons_hover trx_addons_hover_style_links\">\n\t\t\t<div class=\"sc_courses_item_thumb\">\n\t\t\t<img loading=\"lazy\" decoding=\"async\" width=\"740\" height=\"530\" src=\"https:\/\/academie-immo.lu\/wp-content\/uploads\/2023\/05\/housebuilding-g5e92dfc74_1280-740x530.jpg\" class=\"attachment-studeon-thumb-big-blogger size-studeon-thumb-big-blogger wp-post-image\" alt=\"Les travaux dans la copropri\u00e9t\u00e9\" \/>\t\t\t<span class=\"sc_courses_item_categories\"><a href=\"https:\/\/academie-immo.lu\/de\/courses_group\/techniques-immobilieres\/\" title=\"View all posts in Techniques immobili\u00e8res\">Techniques immobili\u00e8res<\/a><\/span>\n\t\t<\/div>\n\t\t<div class=\"sc_courses_item_info\">\n\t\t<div class=\"sc_courses_item_header\">\n\t\t\t<h5 class=\"sc_courses_item_title\">Les travaux dans la copropri\u00e9t\u00e9<\/h5>\n\t\t\t<div class=\"sc_courses_item_meta\">\n\t\t\t\t<span class=\"sc_courses_item_meta_item sc_courses_item_meta_date\">Starting <span class=\"sc_courses_item_date\">30\/06\/2033<\/span><\/span>\n\t\t\t\t<span class=\"sc_courses_item_meta_item sc_courses_item_meta_duration\">4h<\/span>\n            <\/div>\n\t\t\t<div class=\"sc_courses_item_price\"><\/div>\n\t\t<\/div>\n\n\t<\/div>\n\t<div class=\"trx_addons_hover_mask\"><\/div>\n\t<div class=\"trx_addons_hover_content\">\n\t\t<h5 class=\"trx_addons_hover_title\">Les travaux dans la copropri\u00e9t\u00e9<\/h5>\n\t\t\t\t\t<div class=\"trx_addons_hover_text\">OBJECTIFS DU MODULE Parmi les sujets les plus complexes abord\u00e9s dans le texte coordonn\u00e9 sur le statut de la copropri\u00e9t\u00e9 des immeubles b\u00e2tis figure sans doute celui des travaux \u00e0 effectuer dans une copropri\u00e9t\u00e9. Le probl\u00e8me se pose r\u00e9guli\u00e8rement dans les assembl\u00e9es g\u00e9n\u00e9rales, en raison des dispositions l\u00e9gales souvent consid\u00e9r\u00e9s incompl\u00e8tes et ou confuses. Le module aborde tous les diff\u00e9rents&hellip;<\/div>\n\t\t\t\t<div class=\"trx_addons_hover_links\">\n\t\t\t<a href=\"https:\/\/academie-immo.lu\/de\/courses\/les-travaux-dans-la-copropriete\/\" class=\"trx_addons_hover_link\">More Info<\/a>\n\t\t\t\t\t<\/div>\n\t<\/div>\n<\/div>\n<\/div><div class=\"trx_addons_column-1_4\"><div class=\"sc_courses_item trx_addons_hover trx_addons_hover_style_links\">\n\t\t\t<div class=\"sc_courses_item_thumb\">\n\t\t\t<img loading=\"lazy\" decoding=\"async\" width=\"400\" height=\"400\" src=\"https:\/\/academie-immo.lu\/wp-content\/uploads\/2023\/05\/image-2.jpeg\" class=\"attachment-studeon-thumb-big-blogger size-studeon-thumb-big-blogger wp-post-image\" alt=\"Communiquer dans des situations difficiles\" srcset=\"https:\/\/academie-immo.lu\/wp-content\/uploads\/2023\/05\/image-2.jpeg 400w, https:\/\/academie-immo.lu\/wp-content\/uploads\/2023\/05\/image-2-300x300.jpeg 300w, https:\/\/academie-immo.lu\/wp-content\/uploads\/2023\/05\/image-2-150x150.jpeg 150w, https:\/\/academie-immo.lu\/wp-content\/uploads\/2023\/05\/image-2-370x370.jpeg 370w, https:\/\/academie-immo.lu\/wp-content\/uploads\/2023\/05\/image-2-90x90.jpeg 90w\" sizes=\"auto, (max-width: 400px) 100vw, 400px\" \/>\t\t\t<span class=\"sc_courses_item_categories\"><a href=\"https:\/\/academie-immo.lu\/de\/courses_group\/competences-tranversales\/\" title=\"View all posts in Comp\u00e9tences transversales\">Comp\u00e9tences transversales<\/a><\/span>\n\t\t<\/div>\n\t\t<div class=\"sc_courses_item_info\">\n\t\t<div class=\"sc_courses_item_header\">\n\t\t\t<h5 class=\"sc_courses_item_title\">Communiquer dans des situations difficiles<\/h5>\n\t\t\t<div class=\"sc_courses_item_meta\">\n\t\t\t\t<span class=\"sc_courses_item_meta_item sc_courses_item_meta_date\">Starting <span class=\"sc_courses_item_date\">30\/06\/2033<\/span><\/span>\n\t\t\t\t<span class=\"sc_courses_item_meta_item sc_courses_item_meta_duration\">8h<\/span>\n            <\/div>\n\t\t\t<div class=\"sc_courses_item_price\"><\/div>\n\t\t<\/div>\n\n\t<\/div>\n\t<div class=\"trx_addons_hover_mask\"><\/div>\n\t<div class=\"trx_addons_hover_content\">\n\t\t<h5 class=\"trx_addons_hover_title\">Communiquer dans des situations difficiles<\/h5>\n\t\t\t\t\t<div class=\"trx_addons_hover_text\">OBJECTIFS DU MODULE R\u00e9soudre des situations de communication difficile avec un client. CONTENUS P\u00c9DAGOGIQUES Communication\u00a0: verbale et non-verbale, rationnelle et \u00e9motionnelle, Importance de l&#8217;assertivit\u00e9 et de l&#8217;empathie, Le mod\u00e8le d\u2019escalade d&#8217;un conflit, Votre position dans la gestion des situations difficiles. M\u00c9THODES P\u00c9DAGOGIQUES Enseignements th\u00e9oriques, discussions de groupe, \u00e9change d\u2019exp\u00e9riences CERTIFICATION Attestation de pr\u00e9sence INFORMATIONS PRATIQUES\u00a0 Pr\u00e9sentiel en centre de formation&hellip;<\/div>\n\t\t\t\t<div class=\"trx_addons_hover_links\">\n\t\t\t<a href=\"https:\/\/academie-immo.lu\/de\/courses\/communiquer-dans-des-situations-difficiles\/\" class=\"trx_addons_hover_link\">More Info<\/a>\n\t\t\t\t\t<\/div>\n\t<\/div>\n<\/div>\n<\/div><div class=\"trx_addons_column-1_4\"><div class=\"sc_courses_item trx_addons_hover trx_addons_hover_style_links\">\n\t\t\t<div class=\"sc_courses_item_thumb\">\n\t\t\t<img loading=\"lazy\" decoding=\"async\" width=\"740\" height=\"530\" src=\"https:\/\/academie-immo.lu\/wp-content\/uploads\/2023\/05\/office-g143d04d23_1280-740x530.jpg\" class=\"attachment-studeon-thumb-big-blogger size-studeon-thumb-big-blogger wp-post-image\" alt=\"Introduction \u00e0 la gestion de projet\" \/>\t\t\t<span class=\"sc_courses_item_categories\"><a href=\"https:\/\/academie-immo.lu\/de\/courses_group\/competences-tranversales\/\" title=\"View all posts in Comp\u00e9tences transversales\">Comp\u00e9tences transversales<\/a><\/span>\n\t\t<\/div>\n\t\t<div class=\"sc_courses_item_info\">\n\t\t<div class=\"sc_courses_item_header\">\n\t\t\t<h5 class=\"sc_courses_item_title\">Introduction \u00e0 la gestion de projet<\/h5>\n\t\t\t<div class=\"sc_courses_item_meta\">\n\t\t\t\t<span class=\"sc_courses_item_meta_item sc_courses_item_meta_date\">Starting <span class=\"sc_courses_item_date\">30\/06\/2033<\/span><\/span>\n\t\t\t\t<span class=\"sc_courses_item_meta_item sc_courses_item_meta_duration\"><\/span>\n            <\/div>\n\t\t\t<div class=\"sc_courses_item_price\"><\/div>\n\t\t<\/div>\n\n\t<\/div>\n\t<div class=\"trx_addons_hover_mask\"><\/div>\n\t<div class=\"trx_addons_hover_content\">\n\t\t<h5 class=\"trx_addons_hover_title\">Introduction \u00e0 la gestion de projet<\/h5>\n\t\t\t\t\t<div class=\"trx_addons_hover_text\">OBJECTIFS DU MODULE D\u00e9marrer et g\u00e9rer des projets avec succ\u00e8s R\u00e9ussir des projets Acqu\u00e9rir les m\u00e9thodes et outils de base autour d&#8217;un projet Acqu\u00e9rir des outils pour mieux piloter un projet CONTENUS P\u00c9DAGOGIQUES L&#8217;\u00e9laboration du projet L&#8217;organisation du projet La planification, le contr\u00f4le et le suivi Connaissance des phases de pilotage de projet Compr\u00e9hension de base de la gestion de&hellip;<\/div>\n\t\t\t\t<div class=\"trx_addons_hover_links\">\n\t\t\t<a href=\"https:\/\/academie-immo.lu\/de\/courses\/introduction-a-la-gestion-de-projet\/\" class=\"trx_addons_hover_link\">More Info<\/a>\n\t\t\t\t\t<\/div>\n\t<\/div>\n<\/div>\n<\/div><div class=\"trx_addons_column-1_4\"><div class=\"sc_courses_item trx_addons_hover trx_addons_hover_style_links\">\n\t\t\t<div class=\"sc_courses_item_thumb\">\n\t\t\t<img loading=\"lazy\" decoding=\"async\" width=\"740\" height=\"530\" src=\"https:\/\/academie-immo.lu\/wp-content\/uploads\/2023\/05\/wheelie-bin-g275a9232d_1280-740x530.jpg\" class=\"attachment-studeon-thumb-big-blogger size-studeon-thumb-big-blogger wp-post-image\" alt=\"Gestion et pr\u00e9vention des d\u00e9chets en immeuble r\u00e9sidentiel\" \/>\t\t\t<span class=\"sc_courses_item_categories\"><a href=\"https:\/\/academie-immo.lu\/de\/courses_group\/techniques-immobilieres\/\" title=\"View all posts in Techniques immobili\u00e8res\">Techniques immobili\u00e8res<\/a><\/span>\n\t\t<\/div>\n\t\t<div class=\"sc_courses_item_info\">\n\t\t<div class=\"sc_courses_item_header\">\n\t\t\t<h5 class=\"sc_courses_item_title\">Gestion et pr\u00e9vention des d\u00e9chets en immeuble r\u00e9sidentiel<\/h5>\n\t\t\t<div class=\"sc_courses_item_meta\">\n\t\t\t\t<span class=\"sc_courses_item_meta_item sc_courses_item_meta_date\">Starting <span class=\"sc_courses_item_date\">31\/07\/2033<\/span><\/span>\n\t\t\t\t<span class=\"sc_courses_item_meta_item sc_courses_item_meta_duration\">8H<\/span>\n            <\/div>\n\t\t\t<div class=\"sc_courses_item_price\"><\/div>\n\t\t<\/div>\n\n\t<\/div>\n\t<div class=\"trx_addons_hover_mask\"><\/div>\n\t<div class=\"trx_addons_hover_content\">\n\t\t<h5 class=\"trx_addons_hover_title\">Gestion et pr\u00e9vention des d\u00e9chets en immeuble r\u00e9sidentiel<\/h5>\n\t\t\t\t\t<div class=\"trx_addons_hover_text\">OBJECTIFS DU MODULE Cette formation a comme objectif d\u2019informer les acteurs du secteur de l\u2019immobilier sur la gestion efficace et durable des d\u00e9chets dans les immeubles r\u00e9sidentiels conform\u00e9ment aux dispositions l\u00e9gales. Cette formation s\u2019inscrit dans l\u2019activit\u00e9 SDK Residenzen de la SuperDrecksK\u00ebscht\u00ae CONTENUS P\u00c9DAGOGIQUES\u00a0 D\u00e9couvrir et comprendre : les \u00e9l\u00e9ments de la gestion des d\u00e9chets dans le contexte d\u2019un immeuble r\u00e9sidentiel,&hellip;<\/div>\n\t\t\t\t<div class=\"trx_addons_hover_links\">\n\t\t\t<a href=\"https:\/\/academie-immo.lu\/de\/courses\/gestion-et-prevention-des-dechets-en-immeuble-residentiel\/\" class=\"trx_addons_hover_link\">More Info<\/a>\n\t\t\t\t\t<\/div>\n\t<\/div>\n<\/div>\n<\/div><div class=\"trx_addons_column-1_4\"><div class=\"sc_courses_item trx_addons_hover trx_addons_hover_style_links\">\n\t\t\t<div class=\"sc_courses_item_thumb\">\n\t\t\t<img loading=\"lazy\" decoding=\"async\" width=\"740\" height=\"530\" src=\"https:\/\/academie-immo.lu\/wp-content\/uploads\/2022\/06\/mediamodifier-I3HPUolh5hA-unsplash-740x530.jpg\" class=\"attachment-studeon-thumb-big-blogger size-studeon-thumb-big-blogger wp-post-image\" alt=\"\u00c9tude de rentabilit\u00e9\" \/>\t\t\t<span class=\"sc_courses_item_categories\"><a href=\"https:\/\/academie-immo.lu\/de\/courses_group\/economie\/\" title=\"View all posts in \u00c9conomie\">\u00c9conomie<\/a><\/span>\n\t\t<\/div>\n\t\t<div class=\"sc_courses_item_info\">\n\t\t<div class=\"sc_courses_item_header\">\n\t\t\t<h5 class=\"sc_courses_item_title\">\u00c9tude de rentabilit\u00e9<\/h5>\n\t\t\t<div class=\"sc_courses_item_meta\">\n\t\t\t\t<span class=\"sc_courses_item_meta_item sc_courses_item_meta_date\">Starting <span class=\"sc_courses_item_date\">25\/08\/2033<\/span><\/span>\n\t\t\t\t<span class=\"sc_courses_item_meta_item sc_courses_item_meta_duration\"><\/span>\n            <\/div>\n\t\t\t<div class=\"sc_courses_item_price\"><\/div>\n\t\t<\/div>\n\n\t<\/div>\n\t<div class=\"trx_addons_hover_mask\"><\/div>\n\t<div class=\"trx_addons_hover_content\">\n\t\t<h5 class=\"trx_addons_hover_title\">\u00c9tude de rentabilit\u00e9<\/h5>\n\t\t\t\t\t<div class=\"trx_addons_hover_text\">OBJECTIFS DU MODULE Cette initiation au m\u00e9tier de prospecteur foncier vise \u00e0 fournir aux participants les comp\u00e9tences essentielles pour \u00e9valuer la faisabilit\u00e9 d&#8217;un projet immobilier. Ils acquerront une compr\u00e9hension approfondie de sujets tels que la constructibilit\u00e9 du terrain, l&#8217;\u00e9tude de march\u00e9, la mod\u00e9lisation financi\u00e8re et l&#8217;analyse des risques. CONTENUS P\u00c9DAGOGIQUES Initiation au m\u00e9tier de prospecteur foncier chez un promoteur immobilier.&hellip;<\/div>\n\t\t\t\t<div class=\"trx_addons_hover_links\">\n\t\t\t<a href=\"https:\/\/academie-immo.lu\/de\/courses\/etudes-de-rentabilite\/\" class=\"trx_addons_hover_link\">More Info<\/a>\n\t\t\t\t\t<\/div>\n\t<\/div>\n<\/div>\n<\/div><div class=\"trx_addons_column-1_4\"><div class=\"sc_courses_item trx_addons_hover trx_addons_hover_style_links\">\n\t\t\t<div class=\"sc_courses_item_thumb\">\n\t\t\t<img loading=\"lazy\" decoding=\"async\" width=\"740\" height=\"530\" src=\"https:\/\/academie-immo.lu\/wp-content\/uploads\/2022\/03\/Untitled-design-4-2-740x530.png\" class=\"attachment-studeon-thumb-big-blogger size-studeon-thumb-big-blogger wp-post-image\" alt=\"\u00c9valuation immobili\u00e8re\" \/>\t\t\t<span class=\"sc_courses_item_categories\"><a href=\"https:\/\/academie-immo.lu\/de\/courses_group\/techniques-immobilieres\/\" title=\"View all posts in Techniques immobili\u00e8res\">Techniques immobili\u00e8res<\/a><\/span>\n\t\t<\/div>\n\t\t<div class=\"sc_courses_item_info\">\n\t\t<div class=\"sc_courses_item_header\">\n\t\t\t<h5 class=\"sc_courses_item_title\">\u00c9valuation immobili\u00e8re<\/h5>\n\t\t\t<div class=\"sc_courses_item_meta\">\n\t\t\t\t<span class=\"sc_courses_item_meta_item sc_courses_item_meta_date\">Starting <span class=\"sc_courses_item_date\">31\/08\/2033<\/span><\/span>\n\t\t\t\t<span class=\"sc_courses_item_meta_item sc_courses_item_meta_duration\"><\/span>\n            <\/div>\n\t\t\t<div class=\"sc_courses_item_price\"><\/div>\n\t\t<\/div>\n\n\t<\/div>\n\t<div class=\"trx_addons_hover_mask\"><\/div>\n\t<div class=\"trx_addons_hover_content\">\n\t\t<h5 class=\"trx_addons_hover_title\">\u00c9valuation immobili\u00e8re<\/h5>\n\t\t\t\t\t<div class=\"trx_addons_hover_text\">OBJECTIFS DU MODULE L\u2019objectif de ce module est de d\u00e9finir la valeur d\u2019un bien immobilier, de comprendre les standards d\u2019\u00e9valuation immobili\u00e8re et enfin d\u2019aborder cinq m\u00e9thodes d\u2019\u00e9valuation. CONTENUS P\u00c9DAGOGIQUES\u00a0 D\u00e9finir la valeur d&#8217;un bien et \u00e0 quel usage Comprendre les m\u00e9canismes d&#8217;\u00e9valuation suivant les approches par : le march\u00e9, le revenu, les co\u00fbts Appliquer les m\u00e9thodes d&#8217;\u00e9valuation : comparative, r\u00e9siduelle,&hellip;<\/div>\n\t\t\t\t<div class=\"trx_addons_hover_links\">\n\t\t\t<a href=\"https:\/\/academie-immo.lu\/de\/courses\/evaluation-immobiliere\/\" class=\"trx_addons_hover_link\">More Info<\/a>\n\t\t\t\t\t<\/div>\n\t<\/div>\n<\/div>\n<\/div><div class=\"trx_addons_column-1_4\"><div class=\"sc_courses_item trx_addons_hover trx_addons_hover_style_links\">\n\t\t\t<div class=\"sc_courses_item_thumb\">\n\t\t\t<img loading=\"lazy\" decoding=\"async\" width=\"740\" height=\"530\" src=\"https:\/\/academie-immo.lu\/wp-content\/uploads\/2023\/05\/feedback-g5ab0aca8c_1280-740x530.jpg\" class=\"attachment-studeon-thumb-big-blogger size-studeon-thumb-big-blogger wp-post-image\" alt=\"N\u00e9gociation commerciale\" \/>\t\t\t<span class=\"sc_courses_item_categories\"><a href=\"https:\/\/academie-immo.lu\/de\/courses_group\/competences-tranversales\/\" title=\"View all posts in Comp\u00e9tences transversales\">Comp\u00e9tences transversales<\/a><\/span>\n\t\t<\/div>\n\t\t<div class=\"sc_courses_item_info\">\n\t\t<div class=\"sc_courses_item_header\">\n\t\t\t<h5 class=\"sc_courses_item_title\">N\u00e9gociation commerciale<\/h5>\n\t\t\t<div class=\"sc_courses_item_meta\">\n\t\t\t\t<span class=\"sc_courses_item_meta_item sc_courses_item_meta_date\">Starting <span class=\"sc_courses_item_date\">31\/08\/2033<\/span><\/span>\n\t\t\t\t<span class=\"sc_courses_item_meta_item sc_courses_item_meta_duration\"><\/span>\n            <\/div>\n\t\t\t<div class=\"sc_courses_item_price\"><\/div>\n\t\t<\/div>\n\n\t<\/div>\n\t<div class=\"trx_addons_hover_mask\"><\/div>\n\t<div class=\"trx_addons_hover_content\">\n\t\t<h5 class=\"trx_addons_hover_title\">N\u00e9gociation commerciale<\/h5>\n\t\t\t\t\t<div class=\"trx_addons_hover_text\">OBJECTIFS DU MODULE L\u2019objectif de ce module est de d\u00e9cortiquer les m\u00e9canismes de persuasion et de n\u00e9gociation afin de pouvoir les appliquer de fa\u00e7on \u00e9thique dans les m\u00e9tiers de l\u2019immobilier. Le but est de comprendre comment utiliser les m\u00e9canismes de persuasion et de n\u00e9gociation suivant 6 principes (r\u00e9ciprocit\u00e9, engagement, preuve sociale, autorit\u00e9, raret\u00e9, sympathie). CONTENUS P\u00c9DAGOGIQUES\u00a0 Pourquoi sommes-nous amen\u00e9s \u00e0&hellip;<\/div>\n\t\t\t\t<div class=\"trx_addons_hover_links\">\n\t\t\t<a href=\"https:\/\/academie-immo.lu\/de\/courses\/negociation-commerciale\/\" class=\"trx_addons_hover_link\">More Info<\/a>\n\t\t\t\t\t<\/div>\n\t<\/div>\n<\/div>\n<\/div><div class=\"trx_addons_column-1_4\"><div class=\"sc_courses_item trx_addons_hover trx_addons_hover_style_links\">\n\t\t\t<div class=\"sc_courses_item_thumb\">\n\t\t\t<img loading=\"lazy\" decoding=\"async\" width=\"740\" height=\"530\" src=\"https:\/\/academie-immo.lu\/wp-content\/uploads\/2017\/02\/sungrow-emea-itv-MC5S6cU-unsplash-740x530.jpg\" class=\"attachment-studeon-thumb-big-blogger size-studeon-thumb-big-blogger wp-post-image\" alt=\"Maisons passives\" \/>\t\t\t<span class=\"sc_courses_item_categories\"><a href=\"https:\/\/academie-immo.lu\/de\/courses_group\/techniques-de-construction\/\" title=\"View all posts in Techniques de construction\">Techniques de construction<\/a><\/span>\n\t\t<\/div>\n\t\t<div class=\"sc_courses_item_info\">\n\t\t<div class=\"sc_courses_item_header\">\n\t\t\t<h5 class=\"sc_courses_item_title\">Maisons passives<\/h5>\n\t\t\t<div class=\"sc_courses_item_meta\">\n\t\t\t\t<span class=\"sc_courses_item_meta_item sc_courses_item_meta_date\">Starting <span class=\"sc_courses_item_date\">31\/08\/2033<\/span><\/span>\n\t\t\t\t<span class=\"sc_courses_item_meta_item sc_courses_item_meta_duration\"><\/span>\n            <\/div>\n\t\t\t<div class=\"sc_courses_item_price\"><\/div>\n\t\t<\/div>\n\n\t<\/div>\n\t<div class=\"trx_addons_hover_mask\"><\/div>\n\t<div class=\"trx_addons_hover_content\">\n\t\t<h5 class=\"trx_addons_hover_title\">Maisons passives<\/h5>\n\t\t\t\t\t<div class=\"trx_addons_hover_text\">OBJECTIFS DU MODULE Comprendre les principes de base de la maison passive. Conna\u00eetre les avantages et les enjeux de la maison passive en termes de performance \u00e9nerg\u00e9tique et environnementale. Savoir concevoir et construire une maison passive en respectant les normes et les crit\u00e8res de certification. Apprendre \u00e0 optimiser l&#8217;efficacit\u00e9 \u00e9nerg\u00e9tique d&#8217;une maison existante en la rendant plus proche des standards&hellip;<\/div>\n\t\t\t\t<div class=\"trx_addons_hover_links\">\n\t\t\t<a href=\"https:\/\/academie-immo.lu\/de\/courses\/maisons-passives\/\" class=\"trx_addons_hover_link\">More Info<\/a>\n\t\t\t\t\t<\/div>\n\t<\/div>\n<\/div>\n<\/div><div class=\"trx_addons_column-1_4\"><div class=\"sc_courses_item trx_addons_hover trx_addons_hover_style_links\">\n\t\t\t<div class=\"sc_courses_item_thumb\">\n\t\t\t<img loading=\"lazy\" decoding=\"async\" width=\"400\" height=\"300\" src=\"https:\/\/academie-immo.lu\/wp-content\/uploads\/2023\/08\/image.jpeg\" class=\"attachment-studeon-thumb-big-blogger size-studeon-thumb-big-blogger wp-post-image\" alt=\"Fiscalit\u00e9 de l\u2019Immobilier\" srcset=\"https:\/\/academie-immo.lu\/wp-content\/uploads\/2023\/08\/image.jpeg 400w, https:\/\/academie-immo.lu\/wp-content\/uploads\/2023\/08\/image-300x225.jpeg 300w, https:\/\/academie-immo.lu\/wp-content\/uploads\/2023\/08\/image-370x278.jpeg 370w\" sizes=\"auto, (max-width: 400px) 100vw, 400px\" \/>\t\t\t<span class=\"sc_courses_item_categories\"><a href=\"https:\/\/academie-immo.lu\/de\/courses_group\/economie\/\" title=\"View all posts in \u00c9conomie\">\u00c9conomie<\/a><\/span>\n\t\t<\/div>\n\t\t<div class=\"sc_courses_item_info\">\n\t\t<div class=\"sc_courses_item_header\">\n\t\t\t<h5 class=\"sc_courses_item_title\">Fiscalit\u00e9 de l\u2019Immobilier<\/h5>\n\t\t\t<div class=\"sc_courses_item_meta\">\n\t\t\t\t<span class=\"sc_courses_item_meta_item sc_courses_item_meta_date\">Starting <span class=\"sc_courses_item_date\">31\/08\/2033<\/span><\/span>\n\t\t\t\t<span class=\"sc_courses_item_meta_item sc_courses_item_meta_duration\"><\/span>\n            <\/div>\n\t\t\t<div class=\"sc_courses_item_price\"><\/div>\n\t\t<\/div>\n\n\t<\/div>\n\t<div class=\"trx_addons_hover_mask\"><\/div>\n\t<div class=\"trx_addons_hover_content\">\n\t\t<h5 class=\"trx_addons_hover_title\">Fiscalit\u00e9 de l\u2019Immobilier<\/h5>\n\t\t\t\t\t<div class=\"trx_addons_hover_text\">OBJECTIFS DU MODULE Comprendre les bases de la fiscalit\u00e9 Luxembourgeoise et les administrations ex\u00e9cutant la l\u00e9gislation fiscale au Luxembourg. Explorer les modes de d\u00e9tention immobili\u00e8re. Ma\u00eetriser les imp\u00f4ts li\u00e9s \u00e0 l&#8217;acquisition, la d\u00e9tention immobili\u00e8re et la vente immobili\u00e8re. Se familiariser avec l\u2019imposition des successions et donations. Conseiller efficacement sur la fiscalit\u00e9 immobili\u00e8re. CONTENUS P\u00c9DAGOGIQUES Initiation \u00e0 la fiscalit\u00e9 Luxembourgeoise. Modes&hellip;<\/div>\n\t\t\t\t<div class=\"trx_addons_hover_links\">\n\t\t\t<a href=\"https:\/\/academie-immo.lu\/de\/courses\/fiscalite-de-limmobilier\/\" class=\"trx_addons_hover_link\">More Info<\/a>\n\t\t\t\t\t<\/div>\n\t<\/div>\n<\/div>\n<\/div><div class=\"trx_addons_column-1_4\"><div class=\"sc_courses_item trx_addons_hover trx_addons_hover_style_links\">\n\t\t\t<div class=\"sc_courses_item_thumb\">\n\t\t\t<img loading=\"lazy\" decoding=\"async\" width=\"740\" height=\"530\" src=\"https:\/\/academie-immo.lu\/wp-content\/uploads\/2023\/05\/housebuilding-g5e92dfc74_1280-740x530.jpg\" class=\"attachment-studeon-thumb-big-blogger size-studeon-thumb-big-blogger wp-post-image\" alt=\"Techniques de construction\" \/>\t\t\t<span class=\"sc_courses_item_categories\"><a href=\"https:\/\/academie-immo.lu\/de\/courses_group\/techniques-de-construction\/\" title=\"View all posts in Techniques de construction\">Techniques de construction<\/a><\/span>\n\t\t<\/div>\n\t\t<div class=\"sc_courses_item_info\">\n\t\t<div class=\"sc_courses_item_header\">\n\t\t\t<h5 class=\"sc_courses_item_title\">Techniques de construction<\/h5>\n\t\t\t<div class=\"sc_courses_item_meta\">\n\t\t\t\t<span class=\"sc_courses_item_meta_item sc_courses_item_meta_date\">Starting <span class=\"sc_courses_item_date\">31\/08\/2033<\/span><\/span>\n\t\t\t\t<span class=\"sc_courses_item_meta_item sc_courses_item_meta_duration\"><\/span>\n            <\/div>\n\t\t\t<div class=\"sc_courses_item_price\"><\/div>\n\t\t<\/div>\n\n\t<\/div>\n\t<div class=\"trx_addons_hover_mask\"><\/div>\n\t<div class=\"trx_addons_hover_content\">\n\t\t<h5 class=\"trx_addons_hover_title\">Techniques de construction<\/h5>\n\t\t\t\t\t<div class=\"trx_addons_hover_text\">OBJECTIFS DU MODULE Connaitre les diff\u00e9rents types de sols et de fondations Connaitre les caract\u00e9ristiques du b\u00e9ton arm\u00e9 Connaitre les diff\u00e9rents types de ma\u00e7onnerie Connaitre les syst\u00e8mes de fonctionnement des halls et b\u00e2timents fonctionnels CONTENUS P\u00c9DAGOGIQUES Normes Luxembourgeoises Format de construction DNA EN 206 M\u00c9THODES P\u00c9DAGOGIQUES Enseignements th\u00e9oriques CERTIFICATION Document de validation\u00a0: Attestation de participation INFORMATIONS PRATIQUES\u00a0 Pr\u00e9sentiel en centre&hellip;<\/div>\n\t\t\t\t<div class=\"trx_addons_hover_links\">\n\t\t\t<a href=\"https:\/\/academie-immo.lu\/de\/courses\/techniques-de-construction\/\" class=\"trx_addons_hover_link\">More Info<\/a>\n\t\t\t\t\t<\/div>\n\t<\/div>\n<\/div>\n<\/div><div class=\"trx_addons_column-1_4\"><div class=\"sc_courses_item trx_addons_hover trx_addons_hover_style_links\">\n\t\t\t<div class=\"sc_courses_item_thumb\">\n\t\t\t<img loading=\"lazy\" decoding=\"async\" width=\"740\" height=\"530\" src=\"https:\/\/academie-immo.lu\/wp-content\/uploads\/2023\/10\/team-4386222_1280-740x530.png\" class=\"attachment-studeon-thumb-big-blogger size-studeon-thumb-big-blogger wp-post-image\" alt=\"Salari\u00e9 D\u00e9sign\u00e9 \u00e0 la s\u00e9curit\u00e9 et sant\u00e9 au travail &#8211; Groupe A\" \/>\t\t\t<span class=\"sc_courses_item_categories\"><a href=\"https:\/\/academie-immo.lu\/de\/courses_group\/securite\/\" title=\"View all posts in S\u00e9curit\u00e9\">S\u00e9curit\u00e9<\/a><\/span>\n\t\t<\/div>\n\t\t<div class=\"sc_courses_item_info\">\n\t\t<div class=\"sc_courses_item_header\">\n\t\t\t<h5 class=\"sc_courses_item_title\">Salari\u00e9 D\u00e9sign\u00e9 \u00e0 la s\u00e9curit\u00e9 et sant\u00e9 au travail &#8211; Groupe A<\/h5>\n\t\t\t<div class=\"sc_courses_item_meta\">\n\t\t\t\t<span class=\"sc_courses_item_meta_item sc_courses_item_meta_date\">Starting <span class=\"sc_courses_item_date\">29\/10\/2033<\/span><\/span>\n\t\t\t\t<span class=\"sc_courses_item_meta_item sc_courses_item_meta_duration\"><\/span>\n            <\/div>\n\t\t\t<div class=\"sc_courses_item_price\"><\/div>\n\t\t<\/div>\n\n\t<\/div>\n\t<div class=\"trx_addons_hover_mask\"><\/div>\n\t<div class=\"trx_addons_hover_content\">\n\t\t<h5 class=\"trx_addons_hover_title\">Salari\u00e9 D\u00e9sign\u00e9 \u00e0 la s\u00e9curit\u00e9 et sant\u00e9 au travail &#8211; Groupe A<\/h5>\n\t\t\t\t\t<div class=\"trx_addons_hover_text\">OBJECTIFS DU MODULE Devenir salari\u00e9 d\u00e9sign\u00e9 en entreprise artisanale comprenant entre 1 et 15 salari\u00e9s. CONTENUS P\u00c9DAGOGIQUES Le programme de la formation est bas\u00e9 sur l&#8216;Arr\u00eat\u00e9 minist\u00e9riel du 18 juillet 2007 d\u00e9terminant les programmes des diff\u00e9rents cycles de formation pour salari\u00e9s d\u00e9sign\u00e9s. Pr\u00e9sentation des missions et de la fonction du travailleur d\u00e9sign\u00e9, L\u00e9gislation concernant la s\u00e9curit\u00e9 et la sant\u00e9 sur&hellip;<\/div>\n\t\t\t\t<div class=\"trx_addons_hover_links\">\n\t\t\t<a href=\"https:\/\/academie-immo.lu\/de\/courses\/salarie-designe-a-la-securite-et-sante-au-travail-groupe-a\/\" class=\"trx_addons_hover_link\">More Info<\/a>\n\t\t\t\t\t<\/div>\n\t<\/div>\n<\/div>\n<\/div><div class=\"trx_addons_column-1_4\"><div class=\"sc_courses_item trx_addons_hover trx_addons_hover_style_links\">\n\t\t\t<div class=\"sc_courses_item_thumb\">\n\t\t\t<img loading=\"lazy\" decoding=\"async\" width=\"740\" height=\"530\" src=\"https:\/\/academie-immo.lu\/wp-content\/uploads\/2023\/10\/Capture-decran-2023-11-02-a-15.28.58-740x530.png\" class=\"attachment-studeon-thumb-big-blogger size-studeon-thumb-big-blogger wp-post-image\" alt=\"Ma\u00eetriser la Gestion de la paie au Luxembourg\" \/>\t\t\t<span class=\"sc_courses_item_categories\"><a href=\"https:\/\/academie-immo.lu\/de\/courses_group\/competences-tranversales\/\" title=\"View all posts in Comp\u00e9tences transversales\">Comp\u00e9tences transversales<\/a><\/span>\n\t\t<\/div>\n\t\t<div class=\"sc_courses_item_info\">\n\t\t<div class=\"sc_courses_item_header\">\n\t\t\t<h5 class=\"sc_courses_item_title\">Ma\u00eetriser la Gestion de la paie au Luxembourg<\/h5>\n\t\t\t<div class=\"sc_courses_item_meta\">\n\t\t\t\t<span class=\"sc_courses_item_meta_item sc_courses_item_meta_date\">Starting <span class=\"sc_courses_item_date\">30\/11\/2033<\/span><\/span>\n\t\t\t\t<span class=\"sc_courses_item_meta_item sc_courses_item_meta_duration\"><\/span>\n            <\/div>\n\t\t\t<div class=\"sc_courses_item_price\"><\/div>\n\t\t<\/div>\n\n\t<\/div>\n\t<div class=\"trx_addons_hover_mask\"><\/div>\n\t<div class=\"trx_addons_hover_content\">\n\t\t<h5 class=\"trx_addons_hover_title\">Ma\u00eetriser la Gestion de la paie au Luxembourg<\/h5>\n\t\t\t\t\t<div class=\"trx_addons_hover_text\">OBJECTIFS DU MODULE Comprendre les principales rubriques d&#8217;une fiche de salaire (brut ou net). Identifier les diff\u00e9rents pr\u00e9l\u00e8vements sociaux. D\u00e9crypter les bar\u00e8mes d&#8217;imposition. CONTENUS P\u00c9DAGOGIQUES Collecter les instructions salaires Les absences : cong\u00e9 maternit\u00e9, parental, maladie, &#8230; Le changement de temps de travail L\u2019arriv\u00e9e ou le d\u00e9part en cours de mois Le licenciement Comprendre la composition du salaire brut La&hellip;<\/div>\n\t\t\t\t<div class=\"trx_addons_hover_links\">\n\t\t\t<a href=\"https:\/\/academie-immo.lu\/de\/courses\/maitriser-la-gestion-de-la-paie-au-luxembourg\/\" class=\"trx_addons_hover_link\">More Info<\/a>\n\t\t\t\t\t<\/div>\n\t<\/div>\n<\/div>\n<\/div><div class=\"trx_addons_column-1_4\"><div class=\"sc_courses_item trx_addons_hover trx_addons_hover_style_links\">\n\t\t\t<div class=\"sc_courses_item_thumb\">\n\t\t\t<img loading=\"lazy\" decoding=\"async\" width=\"400\" height=\"400\" src=\"https:\/\/academie-immo.lu\/wp-content\/uploads\/2024\/03\/image.jpeg\" class=\"attachment-studeon-thumb-big-blogger size-studeon-thumb-big-blogger wp-post-image\" alt=\"Efficience \u00e9nerg\u00e9tique des b\u00e2timents\" srcset=\"https:\/\/academie-immo.lu\/wp-content\/uploads\/2024\/03\/image.jpeg 400w, https:\/\/academie-immo.lu\/wp-content\/uploads\/2024\/03\/image-300x300.jpeg 300w, https:\/\/academie-immo.lu\/wp-content\/uploads\/2024\/03\/image-150x150.jpeg 150w, https:\/\/academie-immo.lu\/wp-content\/uploads\/2024\/03\/image-370x370.jpeg 370w, https:\/\/academie-immo.lu\/wp-content\/uploads\/2024\/03\/image-90x90.jpeg 90w\" sizes=\"auto, (max-width: 400px) 100vw, 400px\" \/>\t\t\t<span class=\"sc_courses_item_categories\"><a href=\"https:\/\/academie-immo.lu\/de\/courses_group\/techniques-immobilieres\/\" title=\"View all posts in Techniques immobili\u00e8res\">Techniques immobili\u00e8res<\/a><\/span>\n\t\t<\/div>\n\t\t<div class=\"sc_courses_item_info\">\n\t\t<div class=\"sc_courses_item_header\">\n\t\t\t<h5 class=\"sc_courses_item_title\">Efficience \u00e9nerg\u00e9tique des b\u00e2timents<\/h5>\n\t\t\t<div class=\"sc_courses_item_meta\">\n\t\t\t\t<span class=\"sc_courses_item_meta_item sc_courses_item_meta_date\">Starting <span class=\"sc_courses_item_date\">30\/11\/2033<\/span><\/span>\n\t\t\t\t<span class=\"sc_courses_item_meta_item sc_courses_item_meta_duration\"><\/span>\n            <\/div>\n\t\t\t<div class=\"sc_courses_item_price\"><\/div>\n\t\t<\/div>\n\n\t<\/div>\n\t<div class=\"trx_addons_hover_mask\"><\/div>\n\t<div class=\"trx_addons_hover_content\">\n\t\t<h5 class=\"trx_addons_hover_title\">Efficience \u00e9nerg\u00e9tique des b\u00e2timents<\/h5>\n\t\t\t\t\t<div class=\"trx_addons_hover_text\">OBJECTIFS DU MODULE Fournir aux agents immobiliers les compe\u0301tences ne\u0301cessaires pour comprendre et promouvoir l&#8217;efficience e\u0301nerge\u0301tique dans les ba\u0302timents Permettre aux agents immobiliers d&#8217;appre\u0301hender l&#8217;importance de l&#8217;efficience e\u0301nerge\u0301tique dans le secteur immobilier, de reconnai\u0302tre les opportunite\u0301s d&#8217;ame\u0301lioration e\u0301nerge\u0301tique et de conseiller les clients sur les avantages e\u0301conomiques et environnementaux lie\u0301s a\u0300 ces mesures Informer les agents immobiliers sur les certifications&hellip;<\/div>\n\t\t\t\t<div class=\"trx_addons_hover_links\">\n\t\t\t<a href=\"https:\/\/academie-immo.lu\/de\/courses\/efficience-energetique-des-batiments\/\" class=\"trx_addons_hover_link\">More Info<\/a>\n\t\t\t\t\t<\/div>\n\t<\/div>\n<\/div>\n<\/div><div class=\"trx_addons_column-1_4\"><div class=\"sc_courses_item trx_addons_hover trx_addons_hover_style_links\">\n\t\t\t<div class=\"sc_courses_item_thumb\">\n\t\t\t<img loading=\"lazy\" decoding=\"async\" width=\"740\" height=\"530\" src=\"https:\/\/academie-immo.lu\/wp-content\/uploads\/2023\/11\/student-849825_1280-740x530.jpg\" class=\"attachment-studeon-thumb-big-blogger size-studeon-thumb-big-blogger wp-post-image\" alt=\"G\u00e9rer les absences et les maladies des salari\u00e9s\" \/>\t\t\t<span class=\"sc_courses_item_categories\"><a href=\"https:\/\/academie-immo.lu\/de\/courses_group\/competences-tranversales\/\" title=\"View all posts in Comp\u00e9tences transversales\">Comp\u00e9tences transversales<\/a><\/span>\n\t\t<\/div>\n\t\t<div class=\"sc_courses_item_info\">\n\t\t<div class=\"sc_courses_item_header\">\n\t\t\t<h5 class=\"sc_courses_item_title\">G\u00e9rer les absences et les maladies des salari\u00e9s<\/h5>\n\t\t\t<div class=\"sc_courses_item_meta\">\n\t\t\t\t<span class=\"sc_courses_item_meta_item sc_courses_item_meta_date\">Starting <span class=\"sc_courses_item_date\">30\/11\/2033<\/span><\/span>\n\t\t\t\t<span class=\"sc_courses_item_meta_item sc_courses_item_meta_duration\"><\/span>\n            <\/div>\n\t\t\t<div class=\"sc_courses_item_price\"><\/div>\n\t\t<\/div>\n\n\t<\/div>\n\t<div class=\"trx_addons_hover_mask\"><\/div>\n\t<div class=\"trx_addons_hover_content\">\n\t\t<h5 class=\"trx_addons_hover_title\">G\u00e9rer les absences et les maladies des salari\u00e9s<\/h5>\n\t\t\t\t\t<div class=\"trx_addons_hover_text\">OBJECTIFS DU MODULE Ma\u00eetriser les proc\u00e9dures en cas de maladie ou d&#8217;absence des salari\u00e9s. Traiter administrativement les cas de maladies du salari\u00e9. G\u00e9rer la reprise progressive du travail. G\u00e9rer le reclassement interne. CONTENUS P\u00c9DAGOGIQUES Les diff\u00e9rents types d\u2019absences et leurs cadres Les absences volontaires Les absences involontaires Le cadre r\u00e9glementaire Le respect de la vie priv\u00e9e et du secret m\u00e9dical&hellip;<\/div>\n\t\t\t\t<div class=\"trx_addons_hover_links\">\n\t\t\t<a href=\"https:\/\/academie-immo.lu\/de\/courses\/gerer-les-absences-et-les-maladies-des-salaries\/\" class=\"trx_addons_hover_link\">More Info<\/a>\n\t\t\t\t\t<\/div>\n\t<\/div>\n<\/div>\n<\/div><div class=\"trx_addons_column-1_4\"><div class=\"sc_courses_item trx_addons_hover trx_addons_hover_style_links\">\n\t\t\t<div class=\"sc_courses_item_thumb\">\n\t\t\t<img loading=\"lazy\" decoding=\"async\" width=\"740\" height=\"530\" src=\"https:\/\/academie-immo.lu\/wp-content\/uploads\/2024\/02\/9276433-740x530.jpg\" class=\"attachment-studeon-thumb-big-blogger size-studeon-thumb-big-blogger wp-post-image\" alt=\"Les erreurs \u00e0 ne pas faire en immobilier\" \/>\t\t\t<span class=\"sc_courses_item_categories\"><a href=\"https:\/\/academie-immo.lu\/de\/courses_group\/techniques-immobilieres\/\" title=\"View all posts in Techniques immobili\u00e8res\">Techniques immobili\u00e8res<\/a><\/span>\n\t\t<\/div>\n\t\t<div class=\"sc_courses_item_info\">\n\t\t<div class=\"sc_courses_item_header\">\n\t\t\t<h5 class=\"sc_courses_item_title\">Les erreurs \u00e0 ne pas faire en immobilier<\/h5>\n\t\t\t<div class=\"sc_courses_item_meta\">\n\t\t\t\t<span class=\"sc_courses_item_meta_item sc_courses_item_meta_date\">Starting <span class=\"sc_courses_item_date\">28\/02\/2034<\/span><\/span>\n\t\t\t\t<span class=\"sc_courses_item_meta_item sc_courses_item_meta_duration\"><\/span>\n            <\/div>\n\t\t\t<div class=\"sc_courses_item_price\"><\/div>\n\t\t<\/div>\n\n\t<\/div>\n\t<div class=\"trx_addons_hover_mask\"><\/div>\n\t<div class=\"trx_addons_hover_content\">\n\t\t<h5 class=\"trx_addons_hover_title\">Les erreurs \u00e0 ne pas faire en immobilier<\/h5>\n\t\t\t\t\t<div class=\"trx_addons_hover_text\">OBJECTIFS DU MODULE Identifier et \u00e9viter les erreurs courantes dans les transactions immobili\u00e8res. Comprendre les r\u00e9percussions juridiques et financi\u00e8res des erreurs fr\u00e9quentes pour mieux les pr\u00e9venir. CONTENUS P\u00c9DAGOGIQUES\u00a0 Analyse des erreurs fr\u00e9quentes dans la r\u00e9daction des contrats et leurs impacts. \u00c9valuation des risques li\u00e9s \u00e0 une mauvaise compr\u00e9hension des obligations l\u00e9gales. Strat\u00e9gies pour une gestion efficace des attentes clients et&hellip;<\/div>\n\t\t\t\t<div class=\"trx_addons_hover_links\">\n\t\t\t<a href=\"https:\/\/academie-immo.lu\/de\/courses\/les-erreurs-a-ne-pas-faire-en-immobilier\/\" class=\"trx_addons_hover_link\">More Info<\/a>\n\t\t\t\t\t<\/div>\n\t<\/div>\n<\/div>\n<\/div><\/div><\/div><!-- \/.sc_courses -->[\/vc_tta_section][vc_tta_section title=&#8220;Gesetzgebung&#8220; tab_id=&#8220;1653642590321-c82571c9-7d2e1657183789096&#8243;]<div class=\"sc_courses sc_courses_default\"><h3 class=\"sc_item_title sc_courses_title sc_align_left sc_item_title_style_default\">Gesetzgebung<\/h3><div class=\"sc_courses_columns sc_item_columns trx_addons_columns_wrap columns_padding_bottom\"><div class=\"trx_addons_column-1_4\"><div class=\"sc_courses_item trx_addons_hover trx_addons_hover_style_links\">\n\t\t\t<div class=\"sc_courses_item_thumb\">\n\t\t\t<img loading=\"lazy\" decoding=\"async\" width=\"740\" height=\"530\" src=\"https:\/\/academie-immo.lu\/wp-content\/uploads\/2023\/05\/housebuilding-g5e92dfc74_1280-740x530.jpg\" class=\"attachment-studeon-thumb-big-blogger size-studeon-thumb-big-blogger wp-post-image\" alt=\"Les travaux dans la copropri\u00e9t\u00e9\" \/>\t\t\t<span class=\"sc_courses_item_categories\"><a href=\"https:\/\/academie-immo.lu\/de\/courses_group\/techniques-immobilieres\/\" title=\"View all posts in Techniques immobili\u00e8res\">Techniques immobili\u00e8res<\/a><\/span>\n\t\t<\/div>\n\t\t<div class=\"sc_courses_item_info\">\n\t\t<div class=\"sc_courses_item_header\">\n\t\t\t<h5 class=\"sc_courses_item_title\">Les travaux dans la copropri\u00e9t\u00e9<\/h5>\n\t\t\t<div class=\"sc_courses_item_meta\">\n\t\t\t\t<span class=\"sc_courses_item_meta_item sc_courses_item_meta_date\">Starting <span class=\"sc_courses_item_date\">30\/06\/2033<\/span><\/span>\n\t\t\t\t<span class=\"sc_courses_item_meta_item sc_courses_item_meta_duration\">4h<\/span>\n            <\/div>\n\t\t\t<div class=\"sc_courses_item_price\"><\/div>\n\t\t<\/div>\n\n\t<\/div>\n\t<div class=\"trx_addons_hover_mask\"><\/div>\n\t<div class=\"trx_addons_hover_content\">\n\t\t<h5 class=\"trx_addons_hover_title\">Les travaux dans la copropri\u00e9t\u00e9<\/h5>\n\t\t\t\t\t<div class=\"trx_addons_hover_text\">OBJECTIFS DU MODULE Parmi les sujets les plus complexes abord\u00e9s dans le texte coordonn\u00e9 sur le statut de la copropri\u00e9t\u00e9 des immeubles b\u00e2tis figure sans doute celui des travaux \u00e0 effectuer dans une copropri\u00e9t\u00e9. Le probl\u00e8me se pose r\u00e9guli\u00e8rement dans les assembl\u00e9es g\u00e9n\u00e9rales, en raison des dispositions l\u00e9gales souvent consid\u00e9r\u00e9s incompl\u00e8tes et ou confuses. Le module aborde tous les diff\u00e9rents&hellip;<\/div>\n\t\t\t\t<div class=\"trx_addons_hover_links\">\n\t\t\t<a href=\"https:\/\/academie-immo.lu\/de\/courses\/les-travaux-dans-la-copropriete\/\" class=\"trx_addons_hover_link\">More Info<\/a>\n\t\t\t\t\t<\/div>\n\t<\/div>\n<\/div>\n<\/div><div class=\"trx_addons_column-1_4\"><div class=\"sc_courses_item trx_addons_hover trx_addons_hover_style_links\">\n\t\t\t<div class=\"sc_courses_item_thumb\">\n\t\t\t<img loading=\"lazy\" decoding=\"async\" width=\"400\" height=\"400\" src=\"https:\/\/academie-immo.lu\/wp-content\/uploads\/2023\/05\/image-2.jpeg\" class=\"attachment-studeon-thumb-big-blogger size-studeon-thumb-big-blogger wp-post-image\" alt=\"Communiquer dans des situations difficiles\" srcset=\"https:\/\/academie-immo.lu\/wp-content\/uploads\/2023\/05\/image-2.jpeg 400w, https:\/\/academie-immo.lu\/wp-content\/uploads\/2023\/05\/image-2-300x300.jpeg 300w, https:\/\/academie-immo.lu\/wp-content\/uploads\/2023\/05\/image-2-150x150.jpeg 150w, https:\/\/academie-immo.lu\/wp-content\/uploads\/2023\/05\/image-2-370x370.jpeg 370w, https:\/\/academie-immo.lu\/wp-content\/uploads\/2023\/05\/image-2-90x90.jpeg 90w\" sizes=\"auto, (max-width: 400px) 100vw, 400px\" \/>\t\t\t<span class=\"sc_courses_item_categories\"><a href=\"https:\/\/academie-immo.lu\/de\/courses_group\/competences-tranversales\/\" title=\"View all posts in Comp\u00e9tences transversales\">Comp\u00e9tences transversales<\/a><\/span>\n\t\t<\/div>\n\t\t<div class=\"sc_courses_item_info\">\n\t\t<div class=\"sc_courses_item_header\">\n\t\t\t<h5 class=\"sc_courses_item_title\">Communiquer dans des situations difficiles<\/h5>\n\t\t\t<div class=\"sc_courses_item_meta\">\n\t\t\t\t<span class=\"sc_courses_item_meta_item sc_courses_item_meta_date\">Starting <span class=\"sc_courses_item_date\">30\/06\/2033<\/span><\/span>\n\t\t\t\t<span class=\"sc_courses_item_meta_item sc_courses_item_meta_duration\">8h<\/span>\n            <\/div>\n\t\t\t<div class=\"sc_courses_item_price\"><\/div>\n\t\t<\/div>\n\n\t<\/div>\n\t<div class=\"trx_addons_hover_mask\"><\/div>\n\t<div class=\"trx_addons_hover_content\">\n\t\t<h5 class=\"trx_addons_hover_title\">Communiquer dans des situations difficiles<\/h5>\n\t\t\t\t\t<div class=\"trx_addons_hover_text\">OBJECTIFS DU MODULE R\u00e9soudre des situations de communication difficile avec un client. CONTENUS P\u00c9DAGOGIQUES Communication\u00a0: verbale et non-verbale, rationnelle et \u00e9motionnelle, Importance de l&#8217;assertivit\u00e9 et de l&#8217;empathie, Le mod\u00e8le d\u2019escalade d&#8217;un conflit, Votre position dans la gestion des situations difficiles. M\u00c9THODES P\u00c9DAGOGIQUES Enseignements th\u00e9oriques, discussions de groupe, \u00e9change d\u2019exp\u00e9riences CERTIFICATION Attestation de pr\u00e9sence INFORMATIONS PRATIQUES\u00a0 Pr\u00e9sentiel en centre de formation&hellip;<\/div>\n\t\t\t\t<div class=\"trx_addons_hover_links\">\n\t\t\t<a href=\"https:\/\/academie-immo.lu\/de\/courses\/communiquer-dans-des-situations-difficiles\/\" class=\"trx_addons_hover_link\">More Info<\/a>\n\t\t\t\t\t<\/div>\n\t<\/div>\n<\/div>\n<\/div><div class=\"trx_addons_column-1_4\"><div class=\"sc_courses_item trx_addons_hover trx_addons_hover_style_links\">\n\t\t\t<div class=\"sc_courses_item_thumb\">\n\t\t\t<img loading=\"lazy\" decoding=\"async\" width=\"740\" height=\"530\" src=\"https:\/\/academie-immo.lu\/wp-content\/uploads\/2023\/05\/office-g143d04d23_1280-740x530.jpg\" class=\"attachment-studeon-thumb-big-blogger size-studeon-thumb-big-blogger wp-post-image\" alt=\"Introduction \u00e0 la gestion de projet\" \/>\t\t\t<span class=\"sc_courses_item_categories\"><a href=\"https:\/\/academie-immo.lu\/de\/courses_group\/competences-tranversales\/\" title=\"View all posts in Comp\u00e9tences transversales\">Comp\u00e9tences transversales<\/a><\/span>\n\t\t<\/div>\n\t\t<div class=\"sc_courses_item_info\">\n\t\t<div class=\"sc_courses_item_header\">\n\t\t\t<h5 class=\"sc_courses_item_title\">Introduction \u00e0 la gestion de projet<\/h5>\n\t\t\t<div class=\"sc_courses_item_meta\">\n\t\t\t\t<span class=\"sc_courses_item_meta_item sc_courses_item_meta_date\">Starting <span class=\"sc_courses_item_date\">30\/06\/2033<\/span><\/span>\n\t\t\t\t<span class=\"sc_courses_item_meta_item sc_courses_item_meta_duration\"><\/span>\n            <\/div>\n\t\t\t<div class=\"sc_courses_item_price\"><\/div>\n\t\t<\/div>\n\n\t<\/div>\n\t<div class=\"trx_addons_hover_mask\"><\/div>\n\t<div class=\"trx_addons_hover_content\">\n\t\t<h5 class=\"trx_addons_hover_title\">Introduction \u00e0 la gestion de projet<\/h5>\n\t\t\t\t\t<div class=\"trx_addons_hover_text\">OBJECTIFS DU MODULE D\u00e9marrer et g\u00e9rer des projets avec succ\u00e8s R\u00e9ussir des projets Acqu\u00e9rir les m\u00e9thodes et outils de base autour d&#8217;un projet Acqu\u00e9rir des outils pour mieux piloter un projet CONTENUS P\u00c9DAGOGIQUES L&#8217;\u00e9laboration du projet L&#8217;organisation du projet La planification, le contr\u00f4le et le suivi Connaissance des phases de pilotage de projet Compr\u00e9hension de base de la gestion de&hellip;<\/div>\n\t\t\t\t<div class=\"trx_addons_hover_links\">\n\t\t\t<a href=\"https:\/\/academie-immo.lu\/de\/courses\/introduction-a-la-gestion-de-projet\/\" class=\"trx_addons_hover_link\">More Info<\/a>\n\t\t\t\t\t<\/div>\n\t<\/div>\n<\/div>\n<\/div><div class=\"trx_addons_column-1_4\"><div class=\"sc_courses_item trx_addons_hover trx_addons_hover_style_links\">\n\t\t\t<div class=\"sc_courses_item_thumb\">\n\t\t\t<img loading=\"lazy\" decoding=\"async\" width=\"740\" height=\"530\" src=\"https:\/\/academie-immo.lu\/wp-content\/uploads\/2023\/05\/wheelie-bin-g275a9232d_1280-740x530.jpg\" class=\"attachment-studeon-thumb-big-blogger size-studeon-thumb-big-blogger wp-post-image\" alt=\"Gestion et pr\u00e9vention des d\u00e9chets en immeuble r\u00e9sidentiel\" \/>\t\t\t<span class=\"sc_courses_item_categories\"><a href=\"https:\/\/academie-immo.lu\/de\/courses_group\/techniques-immobilieres\/\" title=\"View all posts in Techniques immobili\u00e8res\">Techniques immobili\u00e8res<\/a><\/span>\n\t\t<\/div>\n\t\t<div class=\"sc_courses_item_info\">\n\t\t<div class=\"sc_courses_item_header\">\n\t\t\t<h5 class=\"sc_courses_item_title\">Gestion et pr\u00e9vention des d\u00e9chets en immeuble r\u00e9sidentiel<\/h5>\n\t\t\t<div class=\"sc_courses_item_meta\">\n\t\t\t\t<span class=\"sc_courses_item_meta_item sc_courses_item_meta_date\">Starting <span class=\"sc_courses_item_date\">31\/07\/2033<\/span><\/span>\n\t\t\t\t<span class=\"sc_courses_item_meta_item sc_courses_item_meta_duration\">8H<\/span>\n            <\/div>\n\t\t\t<div class=\"sc_courses_item_price\"><\/div>\n\t\t<\/div>\n\n\t<\/div>\n\t<div class=\"trx_addons_hover_mask\"><\/div>\n\t<div class=\"trx_addons_hover_content\">\n\t\t<h5 class=\"trx_addons_hover_title\">Gestion et pr\u00e9vention des d\u00e9chets en immeuble r\u00e9sidentiel<\/h5>\n\t\t\t\t\t<div class=\"trx_addons_hover_text\">OBJECTIFS DU MODULE Cette formation a comme objectif d\u2019informer les acteurs du secteur de l\u2019immobilier sur la gestion efficace et durable des d\u00e9chets dans les immeubles r\u00e9sidentiels conform\u00e9ment aux dispositions l\u00e9gales. Cette formation s\u2019inscrit dans l\u2019activit\u00e9 SDK Residenzen de la SuperDrecksK\u00ebscht\u00ae CONTENUS P\u00c9DAGOGIQUES\u00a0 D\u00e9couvrir et comprendre : les \u00e9l\u00e9ments de la gestion des d\u00e9chets dans le contexte d\u2019un immeuble r\u00e9sidentiel,&hellip;<\/div>\n\t\t\t\t<div class=\"trx_addons_hover_links\">\n\t\t\t<a href=\"https:\/\/academie-immo.lu\/de\/courses\/gestion-et-prevention-des-dechets-en-immeuble-residentiel\/\" class=\"trx_addons_hover_link\">More Info<\/a>\n\t\t\t\t\t<\/div>\n\t<\/div>\n<\/div>\n<\/div><div class=\"trx_addons_column-1_4\"><div class=\"sc_courses_item trx_addons_hover trx_addons_hover_style_links\">\n\t\t\t<div class=\"sc_courses_item_thumb\">\n\t\t\t<img loading=\"lazy\" decoding=\"async\" width=\"740\" height=\"530\" src=\"https:\/\/academie-immo.lu\/wp-content\/uploads\/2022\/06\/mediamodifier-I3HPUolh5hA-unsplash-740x530.jpg\" class=\"attachment-studeon-thumb-big-blogger size-studeon-thumb-big-blogger wp-post-image\" alt=\"\u00c9tude de rentabilit\u00e9\" \/>\t\t\t<span class=\"sc_courses_item_categories\"><a href=\"https:\/\/academie-immo.lu\/de\/courses_group\/economie\/\" title=\"View all posts in \u00c9conomie\">\u00c9conomie<\/a><\/span>\n\t\t<\/div>\n\t\t<div class=\"sc_courses_item_info\">\n\t\t<div class=\"sc_courses_item_header\">\n\t\t\t<h5 class=\"sc_courses_item_title\">\u00c9tude de rentabilit\u00e9<\/h5>\n\t\t\t<div class=\"sc_courses_item_meta\">\n\t\t\t\t<span class=\"sc_courses_item_meta_item sc_courses_item_meta_date\">Starting <span class=\"sc_courses_item_date\">25\/08\/2033<\/span><\/span>\n\t\t\t\t<span class=\"sc_courses_item_meta_item sc_courses_item_meta_duration\"><\/span>\n            <\/div>\n\t\t\t<div class=\"sc_courses_item_price\"><\/div>\n\t\t<\/div>\n\n\t<\/div>\n\t<div class=\"trx_addons_hover_mask\"><\/div>\n\t<div class=\"trx_addons_hover_content\">\n\t\t<h5 class=\"trx_addons_hover_title\">\u00c9tude de rentabilit\u00e9<\/h5>\n\t\t\t\t\t<div class=\"trx_addons_hover_text\">OBJECTIFS DU MODULE Cette initiation au m\u00e9tier de prospecteur foncier vise \u00e0 fournir aux participants les comp\u00e9tences essentielles pour \u00e9valuer la faisabilit\u00e9 d&#8217;un projet immobilier. Ils acquerront une compr\u00e9hension approfondie de sujets tels que la constructibilit\u00e9 du terrain, l&#8217;\u00e9tude de march\u00e9, la mod\u00e9lisation financi\u00e8re et l&#8217;analyse des risques. CONTENUS P\u00c9DAGOGIQUES Initiation au m\u00e9tier de prospecteur foncier chez un promoteur immobilier.&hellip;<\/div>\n\t\t\t\t<div class=\"trx_addons_hover_links\">\n\t\t\t<a href=\"https:\/\/academie-immo.lu\/de\/courses\/etudes-de-rentabilite\/\" class=\"trx_addons_hover_link\">More Info<\/a>\n\t\t\t\t\t<\/div>\n\t<\/div>\n<\/div>\n<\/div><div class=\"trx_addons_column-1_4\"><div class=\"sc_courses_item trx_addons_hover trx_addons_hover_style_links\">\n\t\t\t<div class=\"sc_courses_item_thumb\">\n\t\t\t<img loading=\"lazy\" decoding=\"async\" width=\"740\" height=\"530\" src=\"https:\/\/academie-immo.lu\/wp-content\/uploads\/2022\/03\/Untitled-design-4-2-740x530.png\" class=\"attachment-studeon-thumb-big-blogger size-studeon-thumb-big-blogger wp-post-image\" alt=\"\u00c9valuation immobili\u00e8re\" \/>\t\t\t<span class=\"sc_courses_item_categories\"><a href=\"https:\/\/academie-immo.lu\/de\/courses_group\/techniques-immobilieres\/\" title=\"View all posts in Techniques immobili\u00e8res\">Techniques immobili\u00e8res<\/a><\/span>\n\t\t<\/div>\n\t\t<div class=\"sc_courses_item_info\">\n\t\t<div class=\"sc_courses_item_header\">\n\t\t\t<h5 class=\"sc_courses_item_title\">\u00c9valuation immobili\u00e8re<\/h5>\n\t\t\t<div class=\"sc_courses_item_meta\">\n\t\t\t\t<span class=\"sc_courses_item_meta_item sc_courses_item_meta_date\">Starting <span class=\"sc_courses_item_date\">31\/08\/2033<\/span><\/span>\n\t\t\t\t<span class=\"sc_courses_item_meta_item sc_courses_item_meta_duration\"><\/span>\n            <\/div>\n\t\t\t<div class=\"sc_courses_item_price\"><\/div>\n\t\t<\/div>\n\n\t<\/div>\n\t<div class=\"trx_addons_hover_mask\"><\/div>\n\t<div class=\"trx_addons_hover_content\">\n\t\t<h5 class=\"trx_addons_hover_title\">\u00c9valuation immobili\u00e8re<\/h5>\n\t\t\t\t\t<div class=\"trx_addons_hover_text\">OBJECTIFS DU MODULE L\u2019objectif de ce module est de d\u00e9finir la valeur d\u2019un bien immobilier, de comprendre les standards d\u2019\u00e9valuation immobili\u00e8re et enfin d\u2019aborder cinq m\u00e9thodes d\u2019\u00e9valuation. CONTENUS P\u00c9DAGOGIQUES\u00a0 D\u00e9finir la valeur d&#8217;un bien et \u00e0 quel usage Comprendre les m\u00e9canismes d&#8217;\u00e9valuation suivant les approches par : le march\u00e9, le revenu, les co\u00fbts Appliquer les m\u00e9thodes d&#8217;\u00e9valuation : comparative, r\u00e9siduelle,&hellip;<\/div>\n\t\t\t\t<div class=\"trx_addons_hover_links\">\n\t\t\t<a href=\"https:\/\/academie-immo.lu\/de\/courses\/evaluation-immobiliere\/\" class=\"trx_addons_hover_link\">More Info<\/a>\n\t\t\t\t\t<\/div>\n\t<\/div>\n<\/div>\n<\/div><div class=\"trx_addons_column-1_4\"><div class=\"sc_courses_item trx_addons_hover trx_addons_hover_style_links\">\n\t\t\t<div class=\"sc_courses_item_thumb\">\n\t\t\t<img loading=\"lazy\" decoding=\"async\" width=\"740\" height=\"530\" src=\"https:\/\/academie-immo.lu\/wp-content\/uploads\/2023\/05\/feedback-g5ab0aca8c_1280-740x530.jpg\" class=\"attachment-studeon-thumb-big-blogger size-studeon-thumb-big-blogger wp-post-image\" alt=\"N\u00e9gociation commerciale\" \/>\t\t\t<span class=\"sc_courses_item_categories\"><a href=\"https:\/\/academie-immo.lu\/de\/courses_group\/competences-tranversales\/\" title=\"View all posts in Comp\u00e9tences transversales\">Comp\u00e9tences transversales<\/a><\/span>\n\t\t<\/div>\n\t\t<div class=\"sc_courses_item_info\">\n\t\t<div class=\"sc_courses_item_header\">\n\t\t\t<h5 class=\"sc_courses_item_title\">N\u00e9gociation commerciale<\/h5>\n\t\t\t<div class=\"sc_courses_item_meta\">\n\t\t\t\t<span class=\"sc_courses_item_meta_item sc_courses_item_meta_date\">Starting <span class=\"sc_courses_item_date\">31\/08\/2033<\/span><\/span>\n\t\t\t\t<span class=\"sc_courses_item_meta_item sc_courses_item_meta_duration\"><\/span>\n            <\/div>\n\t\t\t<div class=\"sc_courses_item_price\"><\/div>\n\t\t<\/div>\n\n\t<\/div>\n\t<div class=\"trx_addons_hover_mask\"><\/div>\n\t<div class=\"trx_addons_hover_content\">\n\t\t<h5 class=\"trx_addons_hover_title\">N\u00e9gociation commerciale<\/h5>\n\t\t\t\t\t<div class=\"trx_addons_hover_text\">OBJECTIFS DU MODULE L\u2019objectif de ce module est de d\u00e9cortiquer les m\u00e9canismes de persuasion et de n\u00e9gociation afin de pouvoir les appliquer de fa\u00e7on \u00e9thique dans les m\u00e9tiers de l\u2019immobilier. Le but est de comprendre comment utiliser les m\u00e9canismes de persuasion et de n\u00e9gociation suivant 6 principes (r\u00e9ciprocit\u00e9, engagement, preuve sociale, autorit\u00e9, raret\u00e9, sympathie). CONTENUS P\u00c9DAGOGIQUES\u00a0 Pourquoi sommes-nous amen\u00e9s \u00e0&hellip;<\/div>\n\t\t\t\t<div class=\"trx_addons_hover_links\">\n\t\t\t<a href=\"https:\/\/academie-immo.lu\/de\/courses\/negociation-commerciale\/\" class=\"trx_addons_hover_link\">More Info<\/a>\n\t\t\t\t\t<\/div>\n\t<\/div>\n<\/div>\n<\/div><div class=\"trx_addons_column-1_4\"><div class=\"sc_courses_item trx_addons_hover trx_addons_hover_style_links\">\n\t\t\t<div class=\"sc_courses_item_thumb\">\n\t\t\t<img loading=\"lazy\" decoding=\"async\" width=\"740\" height=\"530\" src=\"https:\/\/academie-immo.lu\/wp-content\/uploads\/2017\/02\/sungrow-emea-itv-MC5S6cU-unsplash-740x530.jpg\" class=\"attachment-studeon-thumb-big-blogger size-studeon-thumb-big-blogger wp-post-image\" alt=\"Maisons passives\" \/>\t\t\t<span class=\"sc_courses_item_categories\"><a href=\"https:\/\/academie-immo.lu\/de\/courses_group\/techniques-de-construction\/\" title=\"View all posts in Techniques de construction\">Techniques de construction<\/a><\/span>\n\t\t<\/div>\n\t\t<div class=\"sc_courses_item_info\">\n\t\t<div class=\"sc_courses_item_header\">\n\t\t\t<h5 class=\"sc_courses_item_title\">Maisons passives<\/h5>\n\t\t\t<div class=\"sc_courses_item_meta\">\n\t\t\t\t<span class=\"sc_courses_item_meta_item sc_courses_item_meta_date\">Starting <span class=\"sc_courses_item_date\">31\/08\/2033<\/span><\/span>\n\t\t\t\t<span class=\"sc_courses_item_meta_item sc_courses_item_meta_duration\"><\/span>\n            <\/div>\n\t\t\t<div class=\"sc_courses_item_price\"><\/div>\n\t\t<\/div>\n\n\t<\/div>\n\t<div class=\"trx_addons_hover_mask\"><\/div>\n\t<div class=\"trx_addons_hover_content\">\n\t\t<h5 class=\"trx_addons_hover_title\">Maisons passives<\/h5>\n\t\t\t\t\t<div class=\"trx_addons_hover_text\">OBJECTIFS DU MODULE Comprendre les principes de base de la maison passive. Conna\u00eetre les avantages et les enjeux de la maison passive en termes de performance \u00e9nerg\u00e9tique et environnementale. Savoir concevoir et construire une maison passive en respectant les normes et les crit\u00e8res de certification. Apprendre \u00e0 optimiser l&#8217;efficacit\u00e9 \u00e9nerg\u00e9tique d&#8217;une maison existante en la rendant plus proche des standards&hellip;<\/div>\n\t\t\t\t<div class=\"trx_addons_hover_links\">\n\t\t\t<a href=\"https:\/\/academie-immo.lu\/de\/courses\/maisons-passives\/\" class=\"trx_addons_hover_link\">More Info<\/a>\n\t\t\t\t\t<\/div>\n\t<\/div>\n<\/div>\n<\/div><div class=\"trx_addons_column-1_4\"><div class=\"sc_courses_item trx_addons_hover trx_addons_hover_style_links\">\n\t\t\t<div class=\"sc_courses_item_thumb\">\n\t\t\t<img loading=\"lazy\" decoding=\"async\" width=\"400\" height=\"300\" src=\"https:\/\/academie-immo.lu\/wp-content\/uploads\/2023\/08\/image.jpeg\" class=\"attachment-studeon-thumb-big-blogger size-studeon-thumb-big-blogger wp-post-image\" alt=\"Fiscalit\u00e9 de l\u2019Immobilier\" srcset=\"https:\/\/academie-immo.lu\/wp-content\/uploads\/2023\/08\/image.jpeg 400w, https:\/\/academie-immo.lu\/wp-content\/uploads\/2023\/08\/image-300x225.jpeg 300w, https:\/\/academie-immo.lu\/wp-content\/uploads\/2023\/08\/image-370x278.jpeg 370w\" sizes=\"auto, (max-width: 400px) 100vw, 400px\" \/>\t\t\t<span class=\"sc_courses_item_categories\"><a href=\"https:\/\/academie-immo.lu\/de\/courses_group\/economie\/\" title=\"View all posts in \u00c9conomie\">\u00c9conomie<\/a><\/span>\n\t\t<\/div>\n\t\t<div class=\"sc_courses_item_info\">\n\t\t<div class=\"sc_courses_item_header\">\n\t\t\t<h5 class=\"sc_courses_item_title\">Fiscalit\u00e9 de l\u2019Immobilier<\/h5>\n\t\t\t<div class=\"sc_courses_item_meta\">\n\t\t\t\t<span class=\"sc_courses_item_meta_item sc_courses_item_meta_date\">Starting <span class=\"sc_courses_item_date\">31\/08\/2033<\/span><\/span>\n\t\t\t\t<span class=\"sc_courses_item_meta_item sc_courses_item_meta_duration\"><\/span>\n            <\/div>\n\t\t\t<div class=\"sc_courses_item_price\"><\/div>\n\t\t<\/div>\n\n\t<\/div>\n\t<div class=\"trx_addons_hover_mask\"><\/div>\n\t<div class=\"trx_addons_hover_content\">\n\t\t<h5 class=\"trx_addons_hover_title\">Fiscalit\u00e9 de l\u2019Immobilier<\/h5>\n\t\t\t\t\t<div class=\"trx_addons_hover_text\">OBJECTIFS DU MODULE Comprendre les bases de la fiscalit\u00e9 Luxembourgeoise et les administrations ex\u00e9cutant la l\u00e9gislation fiscale au Luxembourg. Explorer les modes de d\u00e9tention immobili\u00e8re. Ma\u00eetriser les imp\u00f4ts li\u00e9s \u00e0 l&#8217;acquisition, la d\u00e9tention immobili\u00e8re et la vente immobili\u00e8re. Se familiariser avec l\u2019imposition des successions et donations. Conseiller efficacement sur la fiscalit\u00e9 immobili\u00e8re. CONTENUS P\u00c9DAGOGIQUES Initiation \u00e0 la fiscalit\u00e9 Luxembourgeoise. Modes&hellip;<\/div>\n\t\t\t\t<div class=\"trx_addons_hover_links\">\n\t\t\t<a href=\"https:\/\/academie-immo.lu\/de\/courses\/fiscalite-de-limmobilier\/\" class=\"trx_addons_hover_link\">More Info<\/a>\n\t\t\t\t\t<\/div>\n\t<\/div>\n<\/div>\n<\/div><div class=\"trx_addons_column-1_4\"><div class=\"sc_courses_item trx_addons_hover trx_addons_hover_style_links\">\n\t\t\t<div class=\"sc_courses_item_thumb\">\n\t\t\t<img loading=\"lazy\" decoding=\"async\" width=\"740\" height=\"530\" src=\"https:\/\/academie-immo.lu\/wp-content\/uploads\/2023\/05\/housebuilding-g5e92dfc74_1280-740x530.jpg\" class=\"attachment-studeon-thumb-big-blogger size-studeon-thumb-big-blogger wp-post-image\" alt=\"Techniques de construction\" \/>\t\t\t<span class=\"sc_courses_item_categories\"><a href=\"https:\/\/academie-immo.lu\/de\/courses_group\/techniques-de-construction\/\" title=\"View all posts in Techniques de construction\">Techniques de construction<\/a><\/span>\n\t\t<\/div>\n\t\t<div class=\"sc_courses_item_info\">\n\t\t<div class=\"sc_courses_item_header\">\n\t\t\t<h5 class=\"sc_courses_item_title\">Techniques de construction<\/h5>\n\t\t\t<div class=\"sc_courses_item_meta\">\n\t\t\t\t<span class=\"sc_courses_item_meta_item sc_courses_item_meta_date\">Starting <span class=\"sc_courses_item_date\">31\/08\/2033<\/span><\/span>\n\t\t\t\t<span class=\"sc_courses_item_meta_item sc_courses_item_meta_duration\"><\/span>\n            <\/div>\n\t\t\t<div class=\"sc_courses_item_price\"><\/div>\n\t\t<\/div>\n\n\t<\/div>\n\t<div class=\"trx_addons_hover_mask\"><\/div>\n\t<div class=\"trx_addons_hover_content\">\n\t\t<h5 class=\"trx_addons_hover_title\">Techniques de construction<\/h5>\n\t\t\t\t\t<div class=\"trx_addons_hover_text\">OBJECTIFS DU MODULE Connaitre les diff\u00e9rents types de sols et de fondations Connaitre les caract\u00e9ristiques du b\u00e9ton arm\u00e9 Connaitre les diff\u00e9rents types de ma\u00e7onnerie Connaitre les syst\u00e8mes de fonctionnement des halls et b\u00e2timents fonctionnels CONTENUS P\u00c9DAGOGIQUES Normes Luxembourgeoises Format de construction DNA EN 206 M\u00c9THODES P\u00c9DAGOGIQUES Enseignements th\u00e9oriques CERTIFICATION Document de validation\u00a0: Attestation de participation INFORMATIONS PRATIQUES\u00a0 Pr\u00e9sentiel en centre&hellip;<\/div>\n\t\t\t\t<div class=\"trx_addons_hover_links\">\n\t\t\t<a href=\"https:\/\/academie-immo.lu\/de\/courses\/techniques-de-construction\/\" class=\"trx_addons_hover_link\">More Info<\/a>\n\t\t\t\t\t<\/div>\n\t<\/div>\n<\/div>\n<\/div><div class=\"trx_addons_column-1_4\"><div class=\"sc_courses_item trx_addons_hover trx_addons_hover_style_links\">\n\t\t\t<div class=\"sc_courses_item_thumb\">\n\t\t\t<img loading=\"lazy\" decoding=\"async\" width=\"740\" height=\"530\" src=\"https:\/\/academie-immo.lu\/wp-content\/uploads\/2023\/10\/team-4386222_1280-740x530.png\" class=\"attachment-studeon-thumb-big-blogger size-studeon-thumb-big-blogger wp-post-image\" alt=\"Salari\u00e9 D\u00e9sign\u00e9 \u00e0 la s\u00e9curit\u00e9 et sant\u00e9 au travail &#8211; Groupe A\" \/>\t\t\t<span class=\"sc_courses_item_categories\"><a href=\"https:\/\/academie-immo.lu\/de\/courses_group\/securite\/\" title=\"View all posts in S\u00e9curit\u00e9\">S\u00e9curit\u00e9<\/a><\/span>\n\t\t<\/div>\n\t\t<div class=\"sc_courses_item_info\">\n\t\t<div class=\"sc_courses_item_header\">\n\t\t\t<h5 class=\"sc_courses_item_title\">Salari\u00e9 D\u00e9sign\u00e9 \u00e0 la s\u00e9curit\u00e9 et sant\u00e9 au travail &#8211; Groupe A<\/h5>\n\t\t\t<div class=\"sc_courses_item_meta\">\n\t\t\t\t<span class=\"sc_courses_item_meta_item sc_courses_item_meta_date\">Starting <span class=\"sc_courses_item_date\">29\/10\/2033<\/span><\/span>\n\t\t\t\t<span class=\"sc_courses_item_meta_item sc_courses_item_meta_duration\"><\/span>\n            <\/div>\n\t\t\t<div class=\"sc_courses_item_price\"><\/div>\n\t\t<\/div>\n\n\t<\/div>\n\t<div class=\"trx_addons_hover_mask\"><\/div>\n\t<div class=\"trx_addons_hover_content\">\n\t\t<h5 class=\"trx_addons_hover_title\">Salari\u00e9 D\u00e9sign\u00e9 \u00e0 la s\u00e9curit\u00e9 et sant\u00e9 au travail &#8211; Groupe A<\/h5>\n\t\t\t\t\t<div class=\"trx_addons_hover_text\">OBJECTIFS DU MODULE Devenir salari\u00e9 d\u00e9sign\u00e9 en entreprise artisanale comprenant entre 1 et 15 salari\u00e9s. CONTENUS P\u00c9DAGOGIQUES Le programme de la formation est bas\u00e9 sur l&#8216;Arr\u00eat\u00e9 minist\u00e9riel du 18 juillet 2007 d\u00e9terminant les programmes des diff\u00e9rents cycles de formation pour salari\u00e9s d\u00e9sign\u00e9s. Pr\u00e9sentation des missions et de la fonction du travailleur d\u00e9sign\u00e9, L\u00e9gislation concernant la s\u00e9curit\u00e9 et la sant\u00e9 sur&hellip;<\/div>\n\t\t\t\t<div class=\"trx_addons_hover_links\">\n\t\t\t<a href=\"https:\/\/academie-immo.lu\/de\/courses\/salarie-designe-a-la-securite-et-sante-au-travail-groupe-a\/\" class=\"trx_addons_hover_link\">More Info<\/a>\n\t\t\t\t\t<\/div>\n\t<\/div>\n<\/div>\n<\/div><div class=\"trx_addons_column-1_4\"><div class=\"sc_courses_item trx_addons_hover trx_addons_hover_style_links\">\n\t\t\t<div class=\"sc_courses_item_thumb\">\n\t\t\t<img loading=\"lazy\" decoding=\"async\" width=\"740\" height=\"530\" src=\"https:\/\/academie-immo.lu\/wp-content\/uploads\/2023\/10\/Capture-decran-2023-11-02-a-15.28.58-740x530.png\" class=\"attachment-studeon-thumb-big-blogger size-studeon-thumb-big-blogger wp-post-image\" alt=\"Ma\u00eetriser la Gestion de la paie au Luxembourg\" \/>\t\t\t<span class=\"sc_courses_item_categories\"><a href=\"https:\/\/academie-immo.lu\/de\/courses_group\/competences-tranversales\/\" title=\"View all posts in Comp\u00e9tences transversales\">Comp\u00e9tences transversales<\/a><\/span>\n\t\t<\/div>\n\t\t<div class=\"sc_courses_item_info\">\n\t\t<div class=\"sc_courses_item_header\">\n\t\t\t<h5 class=\"sc_courses_item_title\">Ma\u00eetriser la Gestion de la paie au Luxembourg<\/h5>\n\t\t\t<div class=\"sc_courses_item_meta\">\n\t\t\t\t<span class=\"sc_courses_item_meta_item sc_courses_item_meta_date\">Starting <span class=\"sc_courses_item_date\">30\/11\/2033<\/span><\/span>\n\t\t\t\t<span class=\"sc_courses_item_meta_item sc_courses_item_meta_duration\"><\/span>\n            <\/div>\n\t\t\t<div class=\"sc_courses_item_price\"><\/div>\n\t\t<\/div>\n\n\t<\/div>\n\t<div class=\"trx_addons_hover_mask\"><\/div>\n\t<div class=\"trx_addons_hover_content\">\n\t\t<h5 class=\"trx_addons_hover_title\">Ma\u00eetriser la Gestion de la paie au Luxembourg<\/h5>\n\t\t\t\t\t<div class=\"trx_addons_hover_text\">OBJECTIFS DU MODULE Comprendre les principales rubriques d&#8217;une fiche de salaire (brut ou net). Identifier les diff\u00e9rents pr\u00e9l\u00e8vements sociaux. D\u00e9crypter les bar\u00e8mes d&#8217;imposition. CONTENUS P\u00c9DAGOGIQUES Collecter les instructions salaires Les absences : cong\u00e9 maternit\u00e9, parental, maladie, &#8230; Le changement de temps de travail L\u2019arriv\u00e9e ou le d\u00e9part en cours de mois Le licenciement Comprendre la composition du salaire brut La&hellip;<\/div>\n\t\t\t\t<div class=\"trx_addons_hover_links\">\n\t\t\t<a href=\"https:\/\/academie-immo.lu\/de\/courses\/maitriser-la-gestion-de-la-paie-au-luxembourg\/\" class=\"trx_addons_hover_link\">More Info<\/a>\n\t\t\t\t\t<\/div>\n\t<\/div>\n<\/div>\n<\/div><div class=\"trx_addons_column-1_4\"><div class=\"sc_courses_item trx_addons_hover trx_addons_hover_style_links\">\n\t\t\t<div class=\"sc_courses_item_thumb\">\n\t\t\t<img loading=\"lazy\" decoding=\"async\" width=\"400\" height=\"400\" src=\"https:\/\/academie-immo.lu\/wp-content\/uploads\/2024\/03\/image.jpeg\" class=\"attachment-studeon-thumb-big-blogger size-studeon-thumb-big-blogger wp-post-image\" alt=\"Efficience \u00e9nerg\u00e9tique des b\u00e2timents\" srcset=\"https:\/\/academie-immo.lu\/wp-content\/uploads\/2024\/03\/image.jpeg 400w, https:\/\/academie-immo.lu\/wp-content\/uploads\/2024\/03\/image-300x300.jpeg 300w, https:\/\/academie-immo.lu\/wp-content\/uploads\/2024\/03\/image-150x150.jpeg 150w, https:\/\/academie-immo.lu\/wp-content\/uploads\/2024\/03\/image-370x370.jpeg 370w, https:\/\/academie-immo.lu\/wp-content\/uploads\/2024\/03\/image-90x90.jpeg 90w\" sizes=\"auto, (max-width: 400px) 100vw, 400px\" \/>\t\t\t<span class=\"sc_courses_item_categories\"><a href=\"https:\/\/academie-immo.lu\/de\/courses_group\/techniques-immobilieres\/\" title=\"View all posts in Techniques immobili\u00e8res\">Techniques immobili\u00e8res<\/a><\/span>\n\t\t<\/div>\n\t\t<div class=\"sc_courses_item_info\">\n\t\t<div class=\"sc_courses_item_header\">\n\t\t\t<h5 class=\"sc_courses_item_title\">Efficience \u00e9nerg\u00e9tique des b\u00e2timents<\/h5>\n\t\t\t<div class=\"sc_courses_item_meta\">\n\t\t\t\t<span class=\"sc_courses_item_meta_item sc_courses_item_meta_date\">Starting <span class=\"sc_courses_item_date\">30\/11\/2033<\/span><\/span>\n\t\t\t\t<span class=\"sc_courses_item_meta_item sc_courses_item_meta_duration\"><\/span>\n            <\/div>\n\t\t\t<div class=\"sc_courses_item_price\"><\/div>\n\t\t<\/div>\n\n\t<\/div>\n\t<div class=\"trx_addons_hover_mask\"><\/div>\n\t<div class=\"trx_addons_hover_content\">\n\t\t<h5 class=\"trx_addons_hover_title\">Efficience \u00e9nerg\u00e9tique des b\u00e2timents<\/h5>\n\t\t\t\t\t<div class=\"trx_addons_hover_text\">OBJECTIFS DU MODULE Fournir aux agents immobiliers les compe\u0301tences ne\u0301cessaires pour comprendre et promouvoir l&#8217;efficience e\u0301nerge\u0301tique dans les ba\u0302timents Permettre aux agents immobiliers d&#8217;appre\u0301hender l&#8217;importance de l&#8217;efficience e\u0301nerge\u0301tique dans le secteur immobilier, de reconnai\u0302tre les opportunite\u0301s d&#8217;ame\u0301lioration e\u0301nerge\u0301tique et de conseiller les clients sur les avantages e\u0301conomiques et environnementaux lie\u0301s a\u0300 ces mesures Informer les agents immobiliers sur les certifications&hellip;<\/div>\n\t\t\t\t<div class=\"trx_addons_hover_links\">\n\t\t\t<a href=\"https:\/\/academie-immo.lu\/de\/courses\/efficience-energetique-des-batiments\/\" class=\"trx_addons_hover_link\">More Info<\/a>\n\t\t\t\t\t<\/div>\n\t<\/div>\n<\/div>\n<\/div><div class=\"trx_addons_column-1_4\"><div class=\"sc_courses_item trx_addons_hover trx_addons_hover_style_links\">\n\t\t\t<div class=\"sc_courses_item_thumb\">\n\t\t\t<img loading=\"lazy\" decoding=\"async\" width=\"740\" height=\"530\" src=\"https:\/\/academie-immo.lu\/wp-content\/uploads\/2023\/11\/student-849825_1280-740x530.jpg\" class=\"attachment-studeon-thumb-big-blogger size-studeon-thumb-big-blogger wp-post-image\" alt=\"G\u00e9rer les absences et les maladies des salari\u00e9s\" \/>\t\t\t<span class=\"sc_courses_item_categories\"><a href=\"https:\/\/academie-immo.lu\/de\/courses_group\/competences-tranversales\/\" title=\"View all posts in Comp\u00e9tences transversales\">Comp\u00e9tences transversales<\/a><\/span>\n\t\t<\/div>\n\t\t<div class=\"sc_courses_item_info\">\n\t\t<div class=\"sc_courses_item_header\">\n\t\t\t<h5 class=\"sc_courses_item_title\">G\u00e9rer les absences et les maladies des salari\u00e9s<\/h5>\n\t\t\t<div class=\"sc_courses_item_meta\">\n\t\t\t\t<span class=\"sc_courses_item_meta_item sc_courses_item_meta_date\">Starting <span class=\"sc_courses_item_date\">30\/11\/2033<\/span><\/span>\n\t\t\t\t<span class=\"sc_courses_item_meta_item sc_courses_item_meta_duration\"><\/span>\n            <\/div>\n\t\t\t<div class=\"sc_courses_item_price\"><\/div>\n\t\t<\/div>\n\n\t<\/div>\n\t<div class=\"trx_addons_hover_mask\"><\/div>\n\t<div class=\"trx_addons_hover_content\">\n\t\t<h5 class=\"trx_addons_hover_title\">G\u00e9rer les absences et les maladies des salari\u00e9s<\/h5>\n\t\t\t\t\t<div class=\"trx_addons_hover_text\">OBJECTIFS DU MODULE Ma\u00eetriser les proc\u00e9dures en cas de maladie ou d&#8217;absence des salari\u00e9s. Traiter administrativement les cas de maladies du salari\u00e9. G\u00e9rer la reprise progressive du travail. G\u00e9rer le reclassement interne. CONTENUS P\u00c9DAGOGIQUES Les diff\u00e9rents types d\u2019absences et leurs cadres Les absences volontaires Les absences involontaires Le cadre r\u00e9glementaire Le respect de la vie priv\u00e9e et du secret m\u00e9dical&hellip;<\/div>\n\t\t\t\t<div class=\"trx_addons_hover_links\">\n\t\t\t<a href=\"https:\/\/academie-immo.lu\/de\/courses\/gerer-les-absences-et-les-maladies-des-salaries\/\" class=\"trx_addons_hover_link\">More Info<\/a>\n\t\t\t\t\t<\/div>\n\t<\/div>\n<\/div>\n<\/div><div class=\"trx_addons_column-1_4\"><div class=\"sc_courses_item trx_addons_hover trx_addons_hover_style_links\">\n\t\t\t<div class=\"sc_courses_item_thumb\">\n\t\t\t<img loading=\"lazy\" decoding=\"async\" width=\"740\" height=\"530\" src=\"https:\/\/academie-immo.lu\/wp-content\/uploads\/2024\/02\/9276433-740x530.jpg\" class=\"attachment-studeon-thumb-big-blogger size-studeon-thumb-big-blogger wp-post-image\" alt=\"Les erreurs \u00e0 ne pas faire en immobilier\" \/>\t\t\t<span class=\"sc_courses_item_categories\"><a href=\"https:\/\/academie-immo.lu\/de\/courses_group\/techniques-immobilieres\/\" title=\"View all posts in Techniques immobili\u00e8res\">Techniques immobili\u00e8res<\/a><\/span>\n\t\t<\/div>\n\t\t<div class=\"sc_courses_item_info\">\n\t\t<div class=\"sc_courses_item_header\">\n\t\t\t<h5 class=\"sc_courses_item_title\">Les erreurs \u00e0 ne pas faire en immobilier<\/h5>\n\t\t\t<div class=\"sc_courses_item_meta\">\n\t\t\t\t<span class=\"sc_courses_item_meta_item sc_courses_item_meta_date\">Starting <span class=\"sc_courses_item_date\">28\/02\/2034<\/span><\/span>\n\t\t\t\t<span class=\"sc_courses_item_meta_item sc_courses_item_meta_duration\"><\/span>\n            <\/div>\n\t\t\t<div class=\"sc_courses_item_price\"><\/div>\n\t\t<\/div>\n\n\t<\/div>\n\t<div class=\"trx_addons_hover_mask\"><\/div>\n\t<div class=\"trx_addons_hover_content\">\n\t\t<h5 class=\"trx_addons_hover_title\">Les erreurs \u00e0 ne pas faire en immobilier<\/h5>\n\t\t\t\t\t<div class=\"trx_addons_hover_text\">OBJECTIFS DU MODULE Identifier et \u00e9viter les erreurs courantes dans les transactions immobili\u00e8res. Comprendre les r\u00e9percussions juridiques et financi\u00e8res des erreurs fr\u00e9quentes pour mieux les pr\u00e9venir. CONTENUS P\u00c9DAGOGIQUES\u00a0 Analyse des erreurs fr\u00e9quentes dans la r\u00e9daction des contrats et leurs impacts. \u00c9valuation des risques li\u00e9s \u00e0 une mauvaise compr\u00e9hension des obligations l\u00e9gales. Strat\u00e9gies pour une gestion efficace des attentes clients et&hellip;<\/div>\n\t\t\t\t<div class=\"trx_addons_hover_links\">\n\t\t\t<a href=\"https:\/\/academie-immo.lu\/de\/courses\/les-erreurs-a-ne-pas-faire-en-immobilier\/\" class=\"trx_addons_hover_link\">More Info<\/a>\n\t\t\t\t\t<\/div>\n\t<\/div>\n<\/div>\n<\/div><\/div><\/div><!-- \/.sc_courses -->[\/vc_tta_section][vc_tta_section title=&#8220;Sicherheit&#8220; tab_id=&#8220;1653642614227-5759d1ae-2f351657183789096&#8243;]<div class=\"sc_courses sc_courses_default\"><h3 class=\"sc_item_title sc_courses_title sc_align_left sc_item_title_style_default\">Sicherheit<\/h3><div class=\"sc_courses_columns sc_item_columns trx_addons_columns_wrap columns_padding_bottom\"><div class=\"trx_addons_column-1_4\"><div class=\"sc_courses_item trx_addons_hover trx_addons_hover_style_links\">\n\t\t\t<div class=\"sc_courses_item_thumb\">\n\t\t\t<img loading=\"lazy\" decoding=\"async\" width=\"740\" height=\"530\" src=\"https:\/\/academie-immo.lu\/wp-content\/uploads\/2023\/05\/housebuilding-g5e92dfc74_1280-740x530.jpg\" class=\"attachment-studeon-thumb-big-blogger size-studeon-thumb-big-blogger wp-post-image\" alt=\"Les travaux dans la copropri\u00e9t\u00e9\" \/>\t\t\t<span class=\"sc_courses_item_categories\"><a href=\"https:\/\/academie-immo.lu\/de\/courses_group\/techniques-immobilieres\/\" title=\"View all posts in Techniques immobili\u00e8res\">Techniques immobili\u00e8res<\/a><\/span>\n\t\t<\/div>\n\t\t<div class=\"sc_courses_item_info\">\n\t\t<div class=\"sc_courses_item_header\">\n\t\t\t<h5 class=\"sc_courses_item_title\">Les travaux dans la copropri\u00e9t\u00e9<\/h5>\n\t\t\t<div class=\"sc_courses_item_meta\">\n\t\t\t\t<span class=\"sc_courses_item_meta_item sc_courses_item_meta_date\">Starting <span class=\"sc_courses_item_date\">30\/06\/2033<\/span><\/span>\n\t\t\t\t<span class=\"sc_courses_item_meta_item sc_courses_item_meta_duration\">4h<\/span>\n            <\/div>\n\t\t\t<div class=\"sc_courses_item_price\"><\/div>\n\t\t<\/div>\n\n\t<\/div>\n\t<div class=\"trx_addons_hover_mask\"><\/div>\n\t<div class=\"trx_addons_hover_content\">\n\t\t<h5 class=\"trx_addons_hover_title\">Les travaux dans la copropri\u00e9t\u00e9<\/h5>\n\t\t\t\t\t<div class=\"trx_addons_hover_text\">OBJECTIFS DU MODULE Parmi les sujets les plus complexes abord\u00e9s dans le texte coordonn\u00e9 sur le statut de la copropri\u00e9t\u00e9 des immeubles b\u00e2tis figure sans doute celui des travaux \u00e0 effectuer dans une copropri\u00e9t\u00e9. Le probl\u00e8me se pose r\u00e9guli\u00e8rement dans les assembl\u00e9es g\u00e9n\u00e9rales, en raison des dispositions l\u00e9gales souvent consid\u00e9r\u00e9s incompl\u00e8tes et ou confuses. Le module aborde tous les diff\u00e9rents&hellip;<\/div>\n\t\t\t\t<div class=\"trx_addons_hover_links\">\n\t\t\t<a href=\"https:\/\/academie-immo.lu\/de\/courses\/les-travaux-dans-la-copropriete\/\" class=\"trx_addons_hover_link\">More Info<\/a>\n\t\t\t\t\t<\/div>\n\t<\/div>\n<\/div>\n<\/div><div class=\"trx_addons_column-1_4\"><div class=\"sc_courses_item trx_addons_hover trx_addons_hover_style_links\">\n\t\t\t<div class=\"sc_courses_item_thumb\">\n\t\t\t<img loading=\"lazy\" decoding=\"async\" width=\"400\" height=\"400\" src=\"https:\/\/academie-immo.lu\/wp-content\/uploads\/2023\/05\/image-2.jpeg\" class=\"attachment-studeon-thumb-big-blogger size-studeon-thumb-big-blogger wp-post-image\" alt=\"Communiquer dans des situations difficiles\" srcset=\"https:\/\/academie-immo.lu\/wp-content\/uploads\/2023\/05\/image-2.jpeg 400w, https:\/\/academie-immo.lu\/wp-content\/uploads\/2023\/05\/image-2-300x300.jpeg 300w, https:\/\/academie-immo.lu\/wp-content\/uploads\/2023\/05\/image-2-150x150.jpeg 150w, https:\/\/academie-immo.lu\/wp-content\/uploads\/2023\/05\/image-2-370x370.jpeg 370w, https:\/\/academie-immo.lu\/wp-content\/uploads\/2023\/05\/image-2-90x90.jpeg 90w\" sizes=\"auto, (max-width: 400px) 100vw, 400px\" \/>\t\t\t<span class=\"sc_courses_item_categories\"><a href=\"https:\/\/academie-immo.lu\/de\/courses_group\/competences-tranversales\/\" title=\"View all posts in Comp\u00e9tences transversales\">Comp\u00e9tences transversales<\/a><\/span>\n\t\t<\/div>\n\t\t<div class=\"sc_courses_item_info\">\n\t\t<div class=\"sc_courses_item_header\">\n\t\t\t<h5 class=\"sc_courses_item_title\">Communiquer dans des situations difficiles<\/h5>\n\t\t\t<div class=\"sc_courses_item_meta\">\n\t\t\t\t<span class=\"sc_courses_item_meta_item sc_courses_item_meta_date\">Starting <span class=\"sc_courses_item_date\">30\/06\/2033<\/span><\/span>\n\t\t\t\t<span class=\"sc_courses_item_meta_item sc_courses_item_meta_duration\">8h<\/span>\n            <\/div>\n\t\t\t<div class=\"sc_courses_item_price\"><\/div>\n\t\t<\/div>\n\n\t<\/div>\n\t<div class=\"trx_addons_hover_mask\"><\/div>\n\t<div class=\"trx_addons_hover_content\">\n\t\t<h5 class=\"trx_addons_hover_title\">Communiquer dans des situations difficiles<\/h5>\n\t\t\t\t\t<div class=\"trx_addons_hover_text\">OBJECTIFS DU MODULE R\u00e9soudre des situations de communication difficile avec un client. CONTENUS P\u00c9DAGOGIQUES Communication\u00a0: verbale et non-verbale, rationnelle et \u00e9motionnelle, Importance de l&#8217;assertivit\u00e9 et de l&#8217;empathie, Le mod\u00e8le d\u2019escalade d&#8217;un conflit, Votre position dans la gestion des situations difficiles. M\u00c9THODES P\u00c9DAGOGIQUES Enseignements th\u00e9oriques, discussions de groupe, \u00e9change d\u2019exp\u00e9riences CERTIFICATION Attestation de pr\u00e9sence INFORMATIONS PRATIQUES\u00a0 Pr\u00e9sentiel en centre de formation&hellip;<\/div>\n\t\t\t\t<div class=\"trx_addons_hover_links\">\n\t\t\t<a href=\"https:\/\/academie-immo.lu\/de\/courses\/communiquer-dans-des-situations-difficiles\/\" class=\"trx_addons_hover_link\">More Info<\/a>\n\t\t\t\t\t<\/div>\n\t<\/div>\n<\/div>\n<\/div><div class=\"trx_addons_column-1_4\"><div class=\"sc_courses_item trx_addons_hover trx_addons_hover_style_links\">\n\t\t\t<div class=\"sc_courses_item_thumb\">\n\t\t\t<img loading=\"lazy\" decoding=\"async\" width=\"740\" height=\"530\" src=\"https:\/\/academie-immo.lu\/wp-content\/uploads\/2023\/05\/office-g143d04d23_1280-740x530.jpg\" class=\"attachment-studeon-thumb-big-blogger size-studeon-thumb-big-blogger wp-post-image\" alt=\"Introduction \u00e0 la gestion de projet\" \/>\t\t\t<span class=\"sc_courses_item_categories\"><a href=\"https:\/\/academie-immo.lu\/de\/courses_group\/competences-tranversales\/\" title=\"View all posts in Comp\u00e9tences transversales\">Comp\u00e9tences transversales<\/a><\/span>\n\t\t<\/div>\n\t\t<div class=\"sc_courses_item_info\">\n\t\t<div class=\"sc_courses_item_header\">\n\t\t\t<h5 class=\"sc_courses_item_title\">Introduction \u00e0 la gestion de projet<\/h5>\n\t\t\t<div class=\"sc_courses_item_meta\">\n\t\t\t\t<span class=\"sc_courses_item_meta_item sc_courses_item_meta_date\">Starting <span class=\"sc_courses_item_date\">30\/06\/2033<\/span><\/span>\n\t\t\t\t<span class=\"sc_courses_item_meta_item sc_courses_item_meta_duration\"><\/span>\n            <\/div>\n\t\t\t<div class=\"sc_courses_item_price\"><\/div>\n\t\t<\/div>\n\n\t<\/div>\n\t<div class=\"trx_addons_hover_mask\"><\/div>\n\t<div class=\"trx_addons_hover_content\">\n\t\t<h5 class=\"trx_addons_hover_title\">Introduction \u00e0 la gestion de projet<\/h5>\n\t\t\t\t\t<div class=\"trx_addons_hover_text\">OBJECTIFS DU MODULE D\u00e9marrer et g\u00e9rer des projets avec succ\u00e8s R\u00e9ussir des projets Acqu\u00e9rir les m\u00e9thodes et outils de base autour d&#8217;un projet Acqu\u00e9rir des outils pour mieux piloter un projet CONTENUS P\u00c9DAGOGIQUES L&#8217;\u00e9laboration du projet L&#8217;organisation du projet La planification, le contr\u00f4le et le suivi Connaissance des phases de pilotage de projet Compr\u00e9hension de base de la gestion de&hellip;<\/div>\n\t\t\t\t<div class=\"trx_addons_hover_links\">\n\t\t\t<a href=\"https:\/\/academie-immo.lu\/de\/courses\/introduction-a-la-gestion-de-projet\/\" class=\"trx_addons_hover_link\">More Info<\/a>\n\t\t\t\t\t<\/div>\n\t<\/div>\n<\/div>\n<\/div><div class=\"trx_addons_column-1_4\"><div class=\"sc_courses_item trx_addons_hover trx_addons_hover_style_links\">\n\t\t\t<div class=\"sc_courses_item_thumb\">\n\t\t\t<img loading=\"lazy\" decoding=\"async\" width=\"740\" height=\"530\" src=\"https:\/\/academie-immo.lu\/wp-content\/uploads\/2023\/05\/wheelie-bin-g275a9232d_1280-740x530.jpg\" class=\"attachment-studeon-thumb-big-blogger size-studeon-thumb-big-blogger wp-post-image\" alt=\"Gestion et pr\u00e9vention des d\u00e9chets en immeuble r\u00e9sidentiel\" \/>\t\t\t<span class=\"sc_courses_item_categories\"><a href=\"https:\/\/academie-immo.lu\/de\/courses_group\/techniques-immobilieres\/\" title=\"View all posts in Techniques immobili\u00e8res\">Techniques immobili\u00e8res<\/a><\/span>\n\t\t<\/div>\n\t\t<div class=\"sc_courses_item_info\">\n\t\t<div class=\"sc_courses_item_header\">\n\t\t\t<h5 class=\"sc_courses_item_title\">Gestion et pr\u00e9vention des d\u00e9chets en immeuble r\u00e9sidentiel<\/h5>\n\t\t\t<div class=\"sc_courses_item_meta\">\n\t\t\t\t<span class=\"sc_courses_item_meta_item sc_courses_item_meta_date\">Starting <span class=\"sc_courses_item_date\">31\/07\/2033<\/span><\/span>\n\t\t\t\t<span class=\"sc_courses_item_meta_item sc_courses_item_meta_duration\">8H<\/span>\n            <\/div>\n\t\t\t<div class=\"sc_courses_item_price\"><\/div>\n\t\t<\/div>\n\n\t<\/div>\n\t<div class=\"trx_addons_hover_mask\"><\/div>\n\t<div class=\"trx_addons_hover_content\">\n\t\t<h5 class=\"trx_addons_hover_title\">Gestion et pr\u00e9vention des d\u00e9chets en immeuble r\u00e9sidentiel<\/h5>\n\t\t\t\t\t<div class=\"trx_addons_hover_text\">OBJECTIFS DU MODULE Cette formation a comme objectif d\u2019informer les acteurs du secteur de l\u2019immobilier sur la gestion efficace et durable des d\u00e9chets dans les immeubles r\u00e9sidentiels conform\u00e9ment aux dispositions l\u00e9gales. Cette formation s\u2019inscrit dans l\u2019activit\u00e9 SDK Residenzen de la SuperDrecksK\u00ebscht\u00ae CONTENUS P\u00c9DAGOGIQUES\u00a0 D\u00e9couvrir et comprendre : les \u00e9l\u00e9ments de la gestion des d\u00e9chets dans le contexte d\u2019un immeuble r\u00e9sidentiel,&hellip;<\/div>\n\t\t\t\t<div class=\"trx_addons_hover_links\">\n\t\t\t<a href=\"https:\/\/academie-immo.lu\/de\/courses\/gestion-et-prevention-des-dechets-en-immeuble-residentiel\/\" class=\"trx_addons_hover_link\">More Info<\/a>\n\t\t\t\t\t<\/div>\n\t<\/div>\n<\/div>\n<\/div><div class=\"trx_addons_column-1_4\"><div class=\"sc_courses_item trx_addons_hover trx_addons_hover_style_links\">\n\t\t\t<div class=\"sc_courses_item_thumb\">\n\t\t\t<img loading=\"lazy\" decoding=\"async\" width=\"740\" height=\"530\" src=\"https:\/\/academie-immo.lu\/wp-content\/uploads\/2022\/06\/mediamodifier-I3HPUolh5hA-unsplash-740x530.jpg\" class=\"attachment-studeon-thumb-big-blogger size-studeon-thumb-big-blogger wp-post-image\" alt=\"\u00c9tude de rentabilit\u00e9\" \/>\t\t\t<span class=\"sc_courses_item_categories\"><a href=\"https:\/\/academie-immo.lu\/de\/courses_group\/economie\/\" title=\"View all posts in \u00c9conomie\">\u00c9conomie<\/a><\/span>\n\t\t<\/div>\n\t\t<div class=\"sc_courses_item_info\">\n\t\t<div class=\"sc_courses_item_header\">\n\t\t\t<h5 class=\"sc_courses_item_title\">\u00c9tude de rentabilit\u00e9<\/h5>\n\t\t\t<div class=\"sc_courses_item_meta\">\n\t\t\t\t<span class=\"sc_courses_item_meta_item sc_courses_item_meta_date\">Starting <span class=\"sc_courses_item_date\">25\/08\/2033<\/span><\/span>\n\t\t\t\t<span class=\"sc_courses_item_meta_item sc_courses_item_meta_duration\"><\/span>\n            <\/div>\n\t\t\t<div class=\"sc_courses_item_price\"><\/div>\n\t\t<\/div>\n\n\t<\/div>\n\t<div class=\"trx_addons_hover_mask\"><\/div>\n\t<div class=\"trx_addons_hover_content\">\n\t\t<h5 class=\"trx_addons_hover_title\">\u00c9tude de rentabilit\u00e9<\/h5>\n\t\t\t\t\t<div class=\"trx_addons_hover_text\">OBJECTIFS DU MODULE Cette initiation au m\u00e9tier de prospecteur foncier vise \u00e0 fournir aux participants les comp\u00e9tences essentielles pour \u00e9valuer la faisabilit\u00e9 d&#8217;un projet immobilier. Ils acquerront une compr\u00e9hension approfondie de sujets tels que la constructibilit\u00e9 du terrain, l&#8217;\u00e9tude de march\u00e9, la mod\u00e9lisation financi\u00e8re et l&#8217;analyse des risques. CONTENUS P\u00c9DAGOGIQUES Initiation au m\u00e9tier de prospecteur foncier chez un promoteur immobilier.&hellip;<\/div>\n\t\t\t\t<div class=\"trx_addons_hover_links\">\n\t\t\t<a href=\"https:\/\/academie-immo.lu\/de\/courses\/etudes-de-rentabilite\/\" class=\"trx_addons_hover_link\">More Info<\/a>\n\t\t\t\t\t<\/div>\n\t<\/div>\n<\/div>\n<\/div><div class=\"trx_addons_column-1_4\"><div class=\"sc_courses_item trx_addons_hover trx_addons_hover_style_links\">\n\t\t\t<div class=\"sc_courses_item_thumb\">\n\t\t\t<img loading=\"lazy\" decoding=\"async\" width=\"740\" height=\"530\" src=\"https:\/\/academie-immo.lu\/wp-content\/uploads\/2022\/03\/Untitled-design-4-2-740x530.png\" class=\"attachment-studeon-thumb-big-blogger size-studeon-thumb-big-blogger wp-post-image\" alt=\"\u00c9valuation immobili\u00e8re\" \/>\t\t\t<span class=\"sc_courses_item_categories\"><a href=\"https:\/\/academie-immo.lu\/de\/courses_group\/techniques-immobilieres\/\" title=\"View all posts in Techniques immobili\u00e8res\">Techniques immobili\u00e8res<\/a><\/span>\n\t\t<\/div>\n\t\t<div class=\"sc_courses_item_info\">\n\t\t<div class=\"sc_courses_item_header\">\n\t\t\t<h5 class=\"sc_courses_item_title\">\u00c9valuation immobili\u00e8re<\/h5>\n\t\t\t<div class=\"sc_courses_item_meta\">\n\t\t\t\t<span class=\"sc_courses_item_meta_item sc_courses_item_meta_date\">Starting <span class=\"sc_courses_item_date\">31\/08\/2033<\/span><\/span>\n\t\t\t\t<span class=\"sc_courses_item_meta_item sc_courses_item_meta_duration\"><\/span>\n            <\/div>\n\t\t\t<div class=\"sc_courses_item_price\"><\/div>\n\t\t<\/div>\n\n\t<\/div>\n\t<div class=\"trx_addons_hover_mask\"><\/div>\n\t<div class=\"trx_addons_hover_content\">\n\t\t<h5 class=\"trx_addons_hover_title\">\u00c9valuation immobili\u00e8re<\/h5>\n\t\t\t\t\t<div class=\"trx_addons_hover_text\">OBJECTIFS DU MODULE L\u2019objectif de ce module est de d\u00e9finir la valeur d\u2019un bien immobilier, de comprendre les standards d\u2019\u00e9valuation immobili\u00e8re et enfin d\u2019aborder cinq m\u00e9thodes d\u2019\u00e9valuation. CONTENUS P\u00c9DAGOGIQUES\u00a0 D\u00e9finir la valeur d&#8217;un bien et \u00e0 quel usage Comprendre les m\u00e9canismes d&#8217;\u00e9valuation suivant les approches par : le march\u00e9, le revenu, les co\u00fbts Appliquer les m\u00e9thodes d&#8217;\u00e9valuation : comparative, r\u00e9siduelle,&hellip;<\/div>\n\t\t\t\t<div class=\"trx_addons_hover_links\">\n\t\t\t<a href=\"https:\/\/academie-immo.lu\/de\/courses\/evaluation-immobiliere\/\" class=\"trx_addons_hover_link\">More Info<\/a>\n\t\t\t\t\t<\/div>\n\t<\/div>\n<\/div>\n<\/div><div class=\"trx_addons_column-1_4\"><div class=\"sc_courses_item trx_addons_hover trx_addons_hover_style_links\">\n\t\t\t<div class=\"sc_courses_item_thumb\">\n\t\t\t<img loading=\"lazy\" decoding=\"async\" width=\"740\" height=\"530\" src=\"https:\/\/academie-immo.lu\/wp-content\/uploads\/2023\/05\/feedback-g5ab0aca8c_1280-740x530.jpg\" class=\"attachment-studeon-thumb-big-blogger size-studeon-thumb-big-blogger wp-post-image\" alt=\"N\u00e9gociation commerciale\" \/>\t\t\t<span class=\"sc_courses_item_categories\"><a href=\"https:\/\/academie-immo.lu\/de\/courses_group\/competences-tranversales\/\" title=\"View all posts in Comp\u00e9tences transversales\">Comp\u00e9tences transversales<\/a><\/span>\n\t\t<\/div>\n\t\t<div class=\"sc_courses_item_info\">\n\t\t<div class=\"sc_courses_item_header\">\n\t\t\t<h5 class=\"sc_courses_item_title\">N\u00e9gociation commerciale<\/h5>\n\t\t\t<div class=\"sc_courses_item_meta\">\n\t\t\t\t<span class=\"sc_courses_item_meta_item sc_courses_item_meta_date\">Starting <span class=\"sc_courses_item_date\">31\/08\/2033<\/span><\/span>\n\t\t\t\t<span class=\"sc_courses_item_meta_item sc_courses_item_meta_duration\"><\/span>\n            <\/div>\n\t\t\t<div class=\"sc_courses_item_price\"><\/div>\n\t\t<\/div>\n\n\t<\/div>\n\t<div class=\"trx_addons_hover_mask\"><\/div>\n\t<div class=\"trx_addons_hover_content\">\n\t\t<h5 class=\"trx_addons_hover_title\">N\u00e9gociation commerciale<\/h5>\n\t\t\t\t\t<div class=\"trx_addons_hover_text\">OBJECTIFS DU MODULE L\u2019objectif de ce module est de d\u00e9cortiquer les m\u00e9canismes de persuasion et de n\u00e9gociation afin de pouvoir les appliquer de fa\u00e7on \u00e9thique dans les m\u00e9tiers de l\u2019immobilier. Le but est de comprendre comment utiliser les m\u00e9canismes de persuasion et de n\u00e9gociation suivant 6 principes (r\u00e9ciprocit\u00e9, engagement, preuve sociale, autorit\u00e9, raret\u00e9, sympathie). CONTENUS P\u00c9DAGOGIQUES\u00a0 Pourquoi sommes-nous amen\u00e9s \u00e0&hellip;<\/div>\n\t\t\t\t<div class=\"trx_addons_hover_links\">\n\t\t\t<a href=\"https:\/\/academie-immo.lu\/de\/courses\/negociation-commerciale\/\" class=\"trx_addons_hover_link\">More Info<\/a>\n\t\t\t\t\t<\/div>\n\t<\/div>\n<\/div>\n<\/div><div class=\"trx_addons_column-1_4\"><div class=\"sc_courses_item trx_addons_hover trx_addons_hover_style_links\">\n\t\t\t<div class=\"sc_courses_item_thumb\">\n\t\t\t<img loading=\"lazy\" decoding=\"async\" width=\"740\" height=\"530\" src=\"https:\/\/academie-immo.lu\/wp-content\/uploads\/2017\/02\/sungrow-emea-itv-MC5S6cU-unsplash-740x530.jpg\" class=\"attachment-studeon-thumb-big-blogger size-studeon-thumb-big-blogger wp-post-image\" alt=\"Maisons passives\" \/>\t\t\t<span class=\"sc_courses_item_categories\"><a href=\"https:\/\/academie-immo.lu\/de\/courses_group\/techniques-de-construction\/\" title=\"View all posts in Techniques de construction\">Techniques de construction<\/a><\/span>\n\t\t<\/div>\n\t\t<div class=\"sc_courses_item_info\">\n\t\t<div class=\"sc_courses_item_header\">\n\t\t\t<h5 class=\"sc_courses_item_title\">Maisons passives<\/h5>\n\t\t\t<div class=\"sc_courses_item_meta\">\n\t\t\t\t<span class=\"sc_courses_item_meta_item sc_courses_item_meta_date\">Starting <span class=\"sc_courses_item_date\">31\/08\/2033<\/span><\/span>\n\t\t\t\t<span class=\"sc_courses_item_meta_item sc_courses_item_meta_duration\"><\/span>\n            <\/div>\n\t\t\t<div class=\"sc_courses_item_price\"><\/div>\n\t\t<\/div>\n\n\t<\/div>\n\t<div class=\"trx_addons_hover_mask\"><\/div>\n\t<div class=\"trx_addons_hover_content\">\n\t\t<h5 class=\"trx_addons_hover_title\">Maisons passives<\/h5>\n\t\t\t\t\t<div class=\"trx_addons_hover_text\">OBJECTIFS DU MODULE Comprendre les principes de base de la maison passive. Conna\u00eetre les avantages et les enjeux de la maison passive en termes de performance \u00e9nerg\u00e9tique et environnementale. Savoir concevoir et construire une maison passive en respectant les normes et les crit\u00e8res de certification. Apprendre \u00e0 optimiser l&#8217;efficacit\u00e9 \u00e9nerg\u00e9tique d&#8217;une maison existante en la rendant plus proche des standards&hellip;<\/div>\n\t\t\t\t<div class=\"trx_addons_hover_links\">\n\t\t\t<a href=\"https:\/\/academie-immo.lu\/de\/courses\/maisons-passives\/\" class=\"trx_addons_hover_link\">More Info<\/a>\n\t\t\t\t\t<\/div>\n\t<\/div>\n<\/div>\n<\/div><div class=\"trx_addons_column-1_4\"><div class=\"sc_courses_item trx_addons_hover trx_addons_hover_style_links\">\n\t\t\t<div class=\"sc_courses_item_thumb\">\n\t\t\t<img loading=\"lazy\" decoding=\"async\" width=\"400\" height=\"300\" src=\"https:\/\/academie-immo.lu\/wp-content\/uploads\/2023\/08\/image.jpeg\" class=\"attachment-studeon-thumb-big-blogger size-studeon-thumb-big-blogger wp-post-image\" alt=\"Fiscalit\u00e9 de l\u2019Immobilier\" srcset=\"https:\/\/academie-immo.lu\/wp-content\/uploads\/2023\/08\/image.jpeg 400w, https:\/\/academie-immo.lu\/wp-content\/uploads\/2023\/08\/image-300x225.jpeg 300w, https:\/\/academie-immo.lu\/wp-content\/uploads\/2023\/08\/image-370x278.jpeg 370w\" sizes=\"auto, (max-width: 400px) 100vw, 400px\" \/>\t\t\t<span class=\"sc_courses_item_categories\"><a href=\"https:\/\/academie-immo.lu\/de\/courses_group\/economie\/\" title=\"View all posts in \u00c9conomie\">\u00c9conomie<\/a><\/span>\n\t\t<\/div>\n\t\t<div class=\"sc_courses_item_info\">\n\t\t<div class=\"sc_courses_item_header\">\n\t\t\t<h5 class=\"sc_courses_item_title\">Fiscalit\u00e9 de l\u2019Immobilier<\/h5>\n\t\t\t<div class=\"sc_courses_item_meta\">\n\t\t\t\t<span class=\"sc_courses_item_meta_item sc_courses_item_meta_date\">Starting <span class=\"sc_courses_item_date\">31\/08\/2033<\/span><\/span>\n\t\t\t\t<span class=\"sc_courses_item_meta_item sc_courses_item_meta_duration\"><\/span>\n            <\/div>\n\t\t\t<div class=\"sc_courses_item_price\"><\/div>\n\t\t<\/div>\n\n\t<\/div>\n\t<div class=\"trx_addons_hover_mask\"><\/div>\n\t<div class=\"trx_addons_hover_content\">\n\t\t<h5 class=\"trx_addons_hover_title\">Fiscalit\u00e9 de l\u2019Immobilier<\/h5>\n\t\t\t\t\t<div class=\"trx_addons_hover_text\">OBJECTIFS DU MODULE Comprendre les bases de la fiscalit\u00e9 Luxembourgeoise et les administrations ex\u00e9cutant la l\u00e9gislation fiscale au Luxembourg. Explorer les modes de d\u00e9tention immobili\u00e8re. Ma\u00eetriser les imp\u00f4ts li\u00e9s \u00e0 l&#8217;acquisition, la d\u00e9tention immobili\u00e8re et la vente immobili\u00e8re. Se familiariser avec l\u2019imposition des successions et donations. Conseiller efficacement sur la fiscalit\u00e9 immobili\u00e8re. CONTENUS P\u00c9DAGOGIQUES Initiation \u00e0 la fiscalit\u00e9 Luxembourgeoise. Modes&hellip;<\/div>\n\t\t\t\t<div class=\"trx_addons_hover_links\">\n\t\t\t<a href=\"https:\/\/academie-immo.lu\/de\/courses\/fiscalite-de-limmobilier\/\" class=\"trx_addons_hover_link\">More Info<\/a>\n\t\t\t\t\t<\/div>\n\t<\/div>\n<\/div>\n<\/div><div class=\"trx_addons_column-1_4\"><div class=\"sc_courses_item trx_addons_hover trx_addons_hover_style_links\">\n\t\t\t<div class=\"sc_courses_item_thumb\">\n\t\t\t<img loading=\"lazy\" decoding=\"async\" width=\"740\" height=\"530\" src=\"https:\/\/academie-immo.lu\/wp-content\/uploads\/2023\/05\/housebuilding-g5e92dfc74_1280-740x530.jpg\" class=\"attachment-studeon-thumb-big-blogger size-studeon-thumb-big-blogger wp-post-image\" alt=\"Techniques de construction\" \/>\t\t\t<span class=\"sc_courses_item_categories\"><a href=\"https:\/\/academie-immo.lu\/de\/courses_group\/techniques-de-construction\/\" title=\"View all posts in Techniques de construction\">Techniques de construction<\/a><\/span>\n\t\t<\/div>\n\t\t<div class=\"sc_courses_item_info\">\n\t\t<div class=\"sc_courses_item_header\">\n\t\t\t<h5 class=\"sc_courses_item_title\">Techniques de construction<\/h5>\n\t\t\t<div class=\"sc_courses_item_meta\">\n\t\t\t\t<span class=\"sc_courses_item_meta_item sc_courses_item_meta_date\">Starting <span class=\"sc_courses_item_date\">31\/08\/2033<\/span><\/span>\n\t\t\t\t<span class=\"sc_courses_item_meta_item sc_courses_item_meta_duration\"><\/span>\n            <\/div>\n\t\t\t<div class=\"sc_courses_item_price\"><\/div>\n\t\t<\/div>\n\n\t<\/div>\n\t<div class=\"trx_addons_hover_mask\"><\/div>\n\t<div class=\"trx_addons_hover_content\">\n\t\t<h5 class=\"trx_addons_hover_title\">Techniques de construction<\/h5>\n\t\t\t\t\t<div class=\"trx_addons_hover_text\">OBJECTIFS DU MODULE Connaitre les diff\u00e9rents types de sols et de fondations Connaitre les caract\u00e9ristiques du b\u00e9ton arm\u00e9 Connaitre les diff\u00e9rents types de ma\u00e7onnerie Connaitre les syst\u00e8mes de fonctionnement des halls et b\u00e2timents fonctionnels CONTENUS P\u00c9DAGOGIQUES Normes Luxembourgeoises Format de construction DNA EN 206 M\u00c9THODES P\u00c9DAGOGIQUES Enseignements th\u00e9oriques CERTIFICATION Document de validation\u00a0: Attestation de participation INFORMATIONS PRATIQUES\u00a0 Pr\u00e9sentiel en centre&hellip;<\/div>\n\t\t\t\t<div class=\"trx_addons_hover_links\">\n\t\t\t<a href=\"https:\/\/academie-immo.lu\/de\/courses\/techniques-de-construction\/\" class=\"trx_addons_hover_link\">More Info<\/a>\n\t\t\t\t\t<\/div>\n\t<\/div>\n<\/div>\n<\/div><div class=\"trx_addons_column-1_4\"><div class=\"sc_courses_item trx_addons_hover trx_addons_hover_style_links\">\n\t\t\t<div class=\"sc_courses_item_thumb\">\n\t\t\t<img loading=\"lazy\" decoding=\"async\" width=\"740\" height=\"530\" src=\"https:\/\/academie-immo.lu\/wp-content\/uploads\/2023\/10\/team-4386222_1280-740x530.png\" class=\"attachment-studeon-thumb-big-blogger size-studeon-thumb-big-blogger wp-post-image\" alt=\"Salari\u00e9 D\u00e9sign\u00e9 \u00e0 la s\u00e9curit\u00e9 et sant\u00e9 au travail &#8211; Groupe A\" \/>\t\t\t<span class=\"sc_courses_item_categories\"><a href=\"https:\/\/academie-immo.lu\/de\/courses_group\/securite\/\" title=\"View all posts in S\u00e9curit\u00e9\">S\u00e9curit\u00e9<\/a><\/span>\n\t\t<\/div>\n\t\t<div class=\"sc_courses_item_info\">\n\t\t<div class=\"sc_courses_item_header\">\n\t\t\t<h5 class=\"sc_courses_item_title\">Salari\u00e9 D\u00e9sign\u00e9 \u00e0 la s\u00e9curit\u00e9 et sant\u00e9 au travail &#8211; Groupe A<\/h5>\n\t\t\t<div class=\"sc_courses_item_meta\">\n\t\t\t\t<span class=\"sc_courses_item_meta_item sc_courses_item_meta_date\">Starting <span class=\"sc_courses_item_date\">29\/10\/2033<\/span><\/span>\n\t\t\t\t<span class=\"sc_courses_item_meta_item sc_courses_item_meta_duration\"><\/span>\n            <\/div>\n\t\t\t<div class=\"sc_courses_item_price\"><\/div>\n\t\t<\/div>\n\n\t<\/div>\n\t<div class=\"trx_addons_hover_mask\"><\/div>\n\t<div class=\"trx_addons_hover_content\">\n\t\t<h5 class=\"trx_addons_hover_title\">Salari\u00e9 D\u00e9sign\u00e9 \u00e0 la s\u00e9curit\u00e9 et sant\u00e9 au travail &#8211; Groupe A<\/h5>\n\t\t\t\t\t<div class=\"trx_addons_hover_text\">OBJECTIFS DU MODULE Devenir salari\u00e9 d\u00e9sign\u00e9 en entreprise artisanale comprenant entre 1 et 15 salari\u00e9s. CONTENUS P\u00c9DAGOGIQUES Le programme de la formation est bas\u00e9 sur l&#8216;Arr\u00eat\u00e9 minist\u00e9riel du 18 juillet 2007 d\u00e9terminant les programmes des diff\u00e9rents cycles de formation pour salari\u00e9s d\u00e9sign\u00e9s. Pr\u00e9sentation des missions et de la fonction du travailleur d\u00e9sign\u00e9, L\u00e9gislation concernant la s\u00e9curit\u00e9 et la sant\u00e9 sur&hellip;<\/div>\n\t\t\t\t<div class=\"trx_addons_hover_links\">\n\t\t\t<a href=\"https:\/\/academie-immo.lu\/de\/courses\/salarie-designe-a-la-securite-et-sante-au-travail-groupe-a\/\" class=\"trx_addons_hover_link\">More Info<\/a>\n\t\t\t\t\t<\/div>\n\t<\/div>\n<\/div>\n<\/div><div class=\"trx_addons_column-1_4\"><div class=\"sc_courses_item trx_addons_hover trx_addons_hover_style_links\">\n\t\t\t<div class=\"sc_courses_item_thumb\">\n\t\t\t<img loading=\"lazy\" decoding=\"async\" width=\"740\" height=\"530\" src=\"https:\/\/academie-immo.lu\/wp-content\/uploads\/2023\/10\/Capture-decran-2023-11-02-a-15.28.58-740x530.png\" class=\"attachment-studeon-thumb-big-blogger size-studeon-thumb-big-blogger wp-post-image\" alt=\"Ma\u00eetriser la Gestion de la paie au Luxembourg\" \/>\t\t\t<span class=\"sc_courses_item_categories\"><a href=\"https:\/\/academie-immo.lu\/de\/courses_group\/competences-tranversales\/\" title=\"View all posts in Comp\u00e9tences transversales\">Comp\u00e9tences transversales<\/a><\/span>\n\t\t<\/div>\n\t\t<div class=\"sc_courses_item_info\">\n\t\t<div class=\"sc_courses_item_header\">\n\t\t\t<h5 class=\"sc_courses_item_title\">Ma\u00eetriser la Gestion de la paie au Luxembourg<\/h5>\n\t\t\t<div class=\"sc_courses_item_meta\">\n\t\t\t\t<span class=\"sc_courses_item_meta_item sc_courses_item_meta_date\">Starting <span class=\"sc_courses_item_date\">30\/11\/2033<\/span><\/span>\n\t\t\t\t<span class=\"sc_courses_item_meta_item sc_courses_item_meta_duration\"><\/span>\n            <\/div>\n\t\t\t<div class=\"sc_courses_item_price\"><\/div>\n\t\t<\/div>\n\n\t<\/div>\n\t<div class=\"trx_addons_hover_mask\"><\/div>\n\t<div class=\"trx_addons_hover_content\">\n\t\t<h5 class=\"trx_addons_hover_title\">Ma\u00eetriser la Gestion de la paie au Luxembourg<\/h5>\n\t\t\t\t\t<div class=\"trx_addons_hover_text\">OBJECTIFS DU MODULE Comprendre les principales rubriques d&#8217;une fiche de salaire (brut ou net). Identifier les diff\u00e9rents pr\u00e9l\u00e8vements sociaux. D\u00e9crypter les bar\u00e8mes d&#8217;imposition. CONTENUS P\u00c9DAGOGIQUES Collecter les instructions salaires Les absences : cong\u00e9 maternit\u00e9, parental, maladie, &#8230; Le changement de temps de travail L\u2019arriv\u00e9e ou le d\u00e9part en cours de mois Le licenciement Comprendre la composition du salaire brut La&hellip;<\/div>\n\t\t\t\t<div class=\"trx_addons_hover_links\">\n\t\t\t<a href=\"https:\/\/academie-immo.lu\/de\/courses\/maitriser-la-gestion-de-la-paie-au-luxembourg\/\" class=\"trx_addons_hover_link\">More Info<\/a>\n\t\t\t\t\t<\/div>\n\t<\/div>\n<\/div>\n<\/div><div class=\"trx_addons_column-1_4\"><div class=\"sc_courses_item trx_addons_hover trx_addons_hover_style_links\">\n\t\t\t<div class=\"sc_courses_item_thumb\">\n\t\t\t<img loading=\"lazy\" decoding=\"async\" width=\"400\" height=\"400\" src=\"https:\/\/academie-immo.lu\/wp-content\/uploads\/2024\/03\/image.jpeg\" class=\"attachment-studeon-thumb-big-blogger size-studeon-thumb-big-blogger wp-post-image\" alt=\"Efficience \u00e9nerg\u00e9tique des b\u00e2timents\" srcset=\"https:\/\/academie-immo.lu\/wp-content\/uploads\/2024\/03\/image.jpeg 400w, https:\/\/academie-immo.lu\/wp-content\/uploads\/2024\/03\/image-300x300.jpeg 300w, https:\/\/academie-immo.lu\/wp-content\/uploads\/2024\/03\/image-150x150.jpeg 150w, https:\/\/academie-immo.lu\/wp-content\/uploads\/2024\/03\/image-370x370.jpeg 370w, https:\/\/academie-immo.lu\/wp-content\/uploads\/2024\/03\/image-90x90.jpeg 90w\" sizes=\"auto, (max-width: 400px) 100vw, 400px\" \/>\t\t\t<span class=\"sc_courses_item_categories\"><a href=\"https:\/\/academie-immo.lu\/de\/courses_group\/techniques-immobilieres\/\" title=\"View all posts in Techniques immobili\u00e8res\">Techniques immobili\u00e8res<\/a><\/span>\n\t\t<\/div>\n\t\t<div class=\"sc_courses_item_info\">\n\t\t<div class=\"sc_courses_item_header\">\n\t\t\t<h5 class=\"sc_courses_item_title\">Efficience \u00e9nerg\u00e9tique des b\u00e2timents<\/h5>\n\t\t\t<div class=\"sc_courses_item_meta\">\n\t\t\t\t<span class=\"sc_courses_item_meta_item sc_courses_item_meta_date\">Starting <span class=\"sc_courses_item_date\">30\/11\/2033<\/span><\/span>\n\t\t\t\t<span class=\"sc_courses_item_meta_item sc_courses_item_meta_duration\"><\/span>\n            <\/div>\n\t\t\t<div class=\"sc_courses_item_price\"><\/div>\n\t\t<\/div>\n\n\t<\/div>\n\t<div class=\"trx_addons_hover_mask\"><\/div>\n\t<div class=\"trx_addons_hover_content\">\n\t\t<h5 class=\"trx_addons_hover_title\">Efficience \u00e9nerg\u00e9tique des b\u00e2timents<\/h5>\n\t\t\t\t\t<div class=\"trx_addons_hover_text\">OBJECTIFS DU MODULE Fournir aux agents immobiliers les compe\u0301tences ne\u0301cessaires pour comprendre et promouvoir l&#8217;efficience e\u0301nerge\u0301tique dans les ba\u0302timents Permettre aux agents immobiliers d&#8217;appre\u0301hender l&#8217;importance de l&#8217;efficience e\u0301nerge\u0301tique dans le secteur immobilier, de reconnai\u0302tre les opportunite\u0301s d&#8217;ame\u0301lioration e\u0301nerge\u0301tique et de conseiller les clients sur les avantages e\u0301conomiques et environnementaux lie\u0301s a\u0300 ces mesures Informer les agents immobiliers sur les certifications&hellip;<\/div>\n\t\t\t\t<div class=\"trx_addons_hover_links\">\n\t\t\t<a href=\"https:\/\/academie-immo.lu\/de\/courses\/efficience-energetique-des-batiments\/\" class=\"trx_addons_hover_link\">More Info<\/a>\n\t\t\t\t\t<\/div>\n\t<\/div>\n<\/div>\n<\/div><div class=\"trx_addons_column-1_4\"><div class=\"sc_courses_item trx_addons_hover trx_addons_hover_style_links\">\n\t\t\t<div class=\"sc_courses_item_thumb\">\n\t\t\t<img loading=\"lazy\" decoding=\"async\" width=\"740\" height=\"530\" src=\"https:\/\/academie-immo.lu\/wp-content\/uploads\/2023\/11\/student-849825_1280-740x530.jpg\" class=\"attachment-studeon-thumb-big-blogger size-studeon-thumb-big-blogger wp-post-image\" alt=\"G\u00e9rer les absences et les maladies des salari\u00e9s\" \/>\t\t\t<span class=\"sc_courses_item_categories\"><a href=\"https:\/\/academie-immo.lu\/de\/courses_group\/competences-tranversales\/\" title=\"View all posts in Comp\u00e9tences transversales\">Comp\u00e9tences transversales<\/a><\/span>\n\t\t<\/div>\n\t\t<div class=\"sc_courses_item_info\">\n\t\t<div class=\"sc_courses_item_header\">\n\t\t\t<h5 class=\"sc_courses_item_title\">G\u00e9rer les absences et les maladies des salari\u00e9s<\/h5>\n\t\t\t<div class=\"sc_courses_item_meta\">\n\t\t\t\t<span class=\"sc_courses_item_meta_item sc_courses_item_meta_date\">Starting <span class=\"sc_courses_item_date\">30\/11\/2033<\/span><\/span>\n\t\t\t\t<span class=\"sc_courses_item_meta_item sc_courses_item_meta_duration\"><\/span>\n            <\/div>\n\t\t\t<div class=\"sc_courses_item_price\"><\/div>\n\t\t<\/div>\n\n\t<\/div>\n\t<div class=\"trx_addons_hover_mask\"><\/div>\n\t<div class=\"trx_addons_hover_content\">\n\t\t<h5 class=\"trx_addons_hover_title\">G\u00e9rer les absences et les maladies des salari\u00e9s<\/h5>\n\t\t\t\t\t<div class=\"trx_addons_hover_text\">OBJECTIFS DU MODULE Ma\u00eetriser les proc\u00e9dures en cas de maladie ou d&#8217;absence des salari\u00e9s. Traiter administrativement les cas de maladies du salari\u00e9. G\u00e9rer la reprise progressive du travail. G\u00e9rer le reclassement interne. CONTENUS P\u00c9DAGOGIQUES Les diff\u00e9rents types d\u2019absences et leurs cadres Les absences volontaires Les absences involontaires Le cadre r\u00e9glementaire Le respect de la vie priv\u00e9e et du secret m\u00e9dical&hellip;<\/div>\n\t\t\t\t<div class=\"trx_addons_hover_links\">\n\t\t\t<a href=\"https:\/\/academie-immo.lu\/de\/courses\/gerer-les-absences-et-les-maladies-des-salaries\/\" class=\"trx_addons_hover_link\">More Info<\/a>\n\t\t\t\t\t<\/div>\n\t<\/div>\n<\/div>\n<\/div><div class=\"trx_addons_column-1_4\"><div class=\"sc_courses_item trx_addons_hover trx_addons_hover_style_links\">\n\t\t\t<div class=\"sc_courses_item_thumb\">\n\t\t\t<img loading=\"lazy\" decoding=\"async\" width=\"740\" height=\"530\" src=\"https:\/\/academie-immo.lu\/wp-content\/uploads\/2024\/02\/9276433-740x530.jpg\" class=\"attachment-studeon-thumb-big-blogger size-studeon-thumb-big-blogger wp-post-image\" alt=\"Les erreurs \u00e0 ne pas faire en immobilier\" \/>\t\t\t<span class=\"sc_courses_item_categories\"><a href=\"https:\/\/academie-immo.lu\/de\/courses_group\/techniques-immobilieres\/\" title=\"View all posts in Techniques immobili\u00e8res\">Techniques immobili\u00e8res<\/a><\/span>\n\t\t<\/div>\n\t\t<div class=\"sc_courses_item_info\">\n\t\t<div class=\"sc_courses_item_header\">\n\t\t\t<h5 class=\"sc_courses_item_title\">Les erreurs \u00e0 ne pas faire en immobilier<\/h5>\n\t\t\t<div class=\"sc_courses_item_meta\">\n\t\t\t\t<span class=\"sc_courses_item_meta_item sc_courses_item_meta_date\">Starting <span class=\"sc_courses_item_date\">28\/02\/2034<\/span><\/span>\n\t\t\t\t<span class=\"sc_courses_item_meta_item sc_courses_item_meta_duration\"><\/span>\n            <\/div>\n\t\t\t<div class=\"sc_courses_item_price\"><\/div>\n\t\t<\/div>\n\n\t<\/div>\n\t<div class=\"trx_addons_hover_mask\"><\/div>\n\t<div class=\"trx_addons_hover_content\">\n\t\t<h5 class=\"trx_addons_hover_title\">Les erreurs \u00e0 ne pas faire en immobilier<\/h5>\n\t\t\t\t\t<div class=\"trx_addons_hover_text\">OBJECTIFS DU MODULE Identifier et \u00e9viter les erreurs courantes dans les transactions immobili\u00e8res. Comprendre les r\u00e9percussions juridiques et financi\u00e8res des erreurs fr\u00e9quentes pour mieux les pr\u00e9venir. CONTENUS P\u00c9DAGOGIQUES\u00a0 Analyse des erreurs fr\u00e9quentes dans la r\u00e9daction des contrats et leurs impacts. \u00c9valuation des risques li\u00e9s \u00e0 une mauvaise compr\u00e9hension des obligations l\u00e9gales. Strat\u00e9gies pour une gestion efficace des attentes clients et&hellip;<\/div>\n\t\t\t\t<div class=\"trx_addons_hover_links\">\n\t\t\t<a href=\"https:\/\/academie-immo.lu\/de\/courses\/les-erreurs-a-ne-pas-faire-en-immobilier\/\" class=\"trx_addons_hover_link\">More Info<\/a>\n\t\t\t\t\t<\/div>\n\t<\/div>\n<\/div>\n<\/div><\/div><\/div><!-- \/.sc_courses -->[\/vc_tta_section][vc_tta_section title=&#8220;Querschnittskompetenzen&#8220; tab_id=&#8220;1653642623658-d4e8898c-209b1657183789096&#8243;]<div class=\"sc_courses sc_courses_default\"><h3 class=\"sc_item_title sc_courses_title sc_align_left sc_item_title_style_default\">Querschnittskompetenzen<\/h3><div class=\"sc_courses_columns sc_item_columns trx_addons_columns_wrap columns_padding_bottom\"><div class=\"trx_addons_column-1_4\"><div class=\"sc_courses_item trx_addons_hover trx_addons_hover_style_links\">\n\t\t\t<div class=\"sc_courses_item_thumb\">\n\t\t\t<img loading=\"lazy\" decoding=\"async\" width=\"740\" height=\"530\" src=\"https:\/\/academie-immo.lu\/wp-content\/uploads\/2023\/05\/housebuilding-g5e92dfc74_1280-740x530.jpg\" class=\"attachment-studeon-thumb-big-blogger size-studeon-thumb-big-blogger wp-post-image\" alt=\"Les travaux dans la copropri\u00e9t\u00e9\" \/>\t\t\t<span class=\"sc_courses_item_categories\"><a href=\"https:\/\/academie-immo.lu\/de\/courses_group\/techniques-immobilieres\/\" title=\"View all posts in Techniques immobili\u00e8res\">Techniques immobili\u00e8res<\/a><\/span>\n\t\t<\/div>\n\t\t<div class=\"sc_courses_item_info\">\n\t\t<div class=\"sc_courses_item_header\">\n\t\t\t<h5 class=\"sc_courses_item_title\">Les travaux dans la copropri\u00e9t\u00e9<\/h5>\n\t\t\t<div class=\"sc_courses_item_meta\">\n\t\t\t\t<span class=\"sc_courses_item_meta_item sc_courses_item_meta_date\">Starting <span class=\"sc_courses_item_date\">30\/06\/2033<\/span><\/span>\n\t\t\t\t<span class=\"sc_courses_item_meta_item sc_courses_item_meta_duration\">4h<\/span>\n            <\/div>\n\t\t\t<div class=\"sc_courses_item_price\"><\/div>\n\t\t<\/div>\n\n\t<\/div>\n\t<div class=\"trx_addons_hover_mask\"><\/div>\n\t<div class=\"trx_addons_hover_content\">\n\t\t<h5 class=\"trx_addons_hover_title\">Les travaux dans la copropri\u00e9t\u00e9<\/h5>\n\t\t\t\t\t<div class=\"trx_addons_hover_text\">OBJECTIFS DU MODULE Parmi les sujets les plus complexes abord\u00e9s dans le texte coordonn\u00e9 sur le statut de la copropri\u00e9t\u00e9 des immeubles b\u00e2tis figure sans doute celui des travaux \u00e0 effectuer dans une copropri\u00e9t\u00e9. Le probl\u00e8me se pose r\u00e9guli\u00e8rement dans les assembl\u00e9es g\u00e9n\u00e9rales, en raison des dispositions l\u00e9gales souvent consid\u00e9r\u00e9s incompl\u00e8tes et ou confuses. Le module aborde tous les diff\u00e9rents&hellip;<\/div>\n\t\t\t\t<div class=\"trx_addons_hover_links\">\n\t\t\t<a href=\"https:\/\/academie-immo.lu\/de\/courses\/les-travaux-dans-la-copropriete\/\" class=\"trx_addons_hover_link\">More Info<\/a>\n\t\t\t\t\t<\/div>\n\t<\/div>\n<\/div>\n<\/div><div class=\"trx_addons_column-1_4\"><div class=\"sc_courses_item trx_addons_hover trx_addons_hover_style_links\">\n\t\t\t<div class=\"sc_courses_item_thumb\">\n\t\t\t<img loading=\"lazy\" decoding=\"async\" width=\"400\" height=\"400\" src=\"https:\/\/academie-immo.lu\/wp-content\/uploads\/2023\/05\/image-2.jpeg\" class=\"attachment-studeon-thumb-big-blogger size-studeon-thumb-big-blogger wp-post-image\" alt=\"Communiquer dans des situations difficiles\" srcset=\"https:\/\/academie-immo.lu\/wp-content\/uploads\/2023\/05\/image-2.jpeg 400w, https:\/\/academie-immo.lu\/wp-content\/uploads\/2023\/05\/image-2-300x300.jpeg 300w, https:\/\/academie-immo.lu\/wp-content\/uploads\/2023\/05\/image-2-150x150.jpeg 150w, https:\/\/academie-immo.lu\/wp-content\/uploads\/2023\/05\/image-2-370x370.jpeg 370w, https:\/\/academie-immo.lu\/wp-content\/uploads\/2023\/05\/image-2-90x90.jpeg 90w\" sizes=\"auto, (max-width: 400px) 100vw, 400px\" \/>\t\t\t<span class=\"sc_courses_item_categories\"><a href=\"https:\/\/academie-immo.lu\/de\/courses_group\/competences-tranversales\/\" title=\"View all posts in Comp\u00e9tences transversales\">Comp\u00e9tences transversales<\/a><\/span>\n\t\t<\/div>\n\t\t<div class=\"sc_courses_item_info\">\n\t\t<div class=\"sc_courses_item_header\">\n\t\t\t<h5 class=\"sc_courses_item_title\">Communiquer dans des situations difficiles<\/h5>\n\t\t\t<div class=\"sc_courses_item_meta\">\n\t\t\t\t<span class=\"sc_courses_item_meta_item sc_courses_item_meta_date\">Starting <span class=\"sc_courses_item_date\">30\/06\/2033<\/span><\/span>\n\t\t\t\t<span class=\"sc_courses_item_meta_item sc_courses_item_meta_duration\">8h<\/span>\n            <\/div>\n\t\t\t<div class=\"sc_courses_item_price\"><\/div>\n\t\t<\/div>\n\n\t<\/div>\n\t<div class=\"trx_addons_hover_mask\"><\/div>\n\t<div class=\"trx_addons_hover_content\">\n\t\t<h5 class=\"trx_addons_hover_title\">Communiquer dans des situations difficiles<\/h5>\n\t\t\t\t\t<div class=\"trx_addons_hover_text\">OBJECTIFS DU MODULE R\u00e9soudre des situations de communication difficile avec un client. CONTENUS P\u00c9DAGOGIQUES Communication\u00a0: verbale et non-verbale, rationnelle et \u00e9motionnelle, Importance de l&#8217;assertivit\u00e9 et de l&#8217;empathie, Le mod\u00e8le d\u2019escalade d&#8217;un conflit, Votre position dans la gestion des situations difficiles. M\u00c9THODES P\u00c9DAGOGIQUES Enseignements th\u00e9oriques, discussions de groupe, \u00e9change d\u2019exp\u00e9riences CERTIFICATION Attestation de pr\u00e9sence INFORMATIONS PRATIQUES\u00a0 Pr\u00e9sentiel en centre de formation&hellip;<\/div>\n\t\t\t\t<div class=\"trx_addons_hover_links\">\n\t\t\t<a href=\"https:\/\/academie-immo.lu\/de\/courses\/communiquer-dans-des-situations-difficiles\/\" class=\"trx_addons_hover_link\">More Info<\/a>\n\t\t\t\t\t<\/div>\n\t<\/div>\n<\/div>\n<\/div><div class=\"trx_addons_column-1_4\"><div class=\"sc_courses_item trx_addons_hover trx_addons_hover_style_links\">\n\t\t\t<div class=\"sc_courses_item_thumb\">\n\t\t\t<img loading=\"lazy\" decoding=\"async\" width=\"740\" height=\"530\" src=\"https:\/\/academie-immo.lu\/wp-content\/uploads\/2023\/05\/office-g143d04d23_1280-740x530.jpg\" class=\"attachment-studeon-thumb-big-blogger size-studeon-thumb-big-blogger wp-post-image\" alt=\"Introduction \u00e0 la gestion de projet\" \/>\t\t\t<span class=\"sc_courses_item_categories\"><a href=\"https:\/\/academie-immo.lu\/de\/courses_group\/competences-tranversales\/\" title=\"View all posts in Comp\u00e9tences transversales\">Comp\u00e9tences transversales<\/a><\/span>\n\t\t<\/div>\n\t\t<div class=\"sc_courses_item_info\">\n\t\t<div class=\"sc_courses_item_header\">\n\t\t\t<h5 class=\"sc_courses_item_title\">Introduction \u00e0 la gestion de projet<\/h5>\n\t\t\t<div class=\"sc_courses_item_meta\">\n\t\t\t\t<span class=\"sc_courses_item_meta_item sc_courses_item_meta_date\">Starting <span class=\"sc_courses_item_date\">30\/06\/2033<\/span><\/span>\n\t\t\t\t<span class=\"sc_courses_item_meta_item sc_courses_item_meta_duration\"><\/span>\n            <\/div>\n\t\t\t<div class=\"sc_courses_item_price\"><\/div>\n\t\t<\/div>\n\n\t<\/div>\n\t<div class=\"trx_addons_hover_mask\"><\/div>\n\t<div class=\"trx_addons_hover_content\">\n\t\t<h5 class=\"trx_addons_hover_title\">Introduction \u00e0 la gestion de projet<\/h5>\n\t\t\t\t\t<div class=\"trx_addons_hover_text\">OBJECTIFS DU MODULE D\u00e9marrer et g\u00e9rer des projets avec succ\u00e8s R\u00e9ussir des projets Acqu\u00e9rir les m\u00e9thodes et outils de base autour d&#8217;un projet Acqu\u00e9rir des outils pour mieux piloter un projet CONTENUS P\u00c9DAGOGIQUES L&#8217;\u00e9laboration du projet L&#8217;organisation du projet La planification, le contr\u00f4le et le suivi Connaissance des phases de pilotage de projet Compr\u00e9hension de base de la gestion de&hellip;<\/div>\n\t\t\t\t<div class=\"trx_addons_hover_links\">\n\t\t\t<a href=\"https:\/\/academie-immo.lu\/de\/courses\/introduction-a-la-gestion-de-projet\/\" class=\"trx_addons_hover_link\">More Info<\/a>\n\t\t\t\t\t<\/div>\n\t<\/div>\n<\/div>\n<\/div><div class=\"trx_addons_column-1_4\"><div class=\"sc_courses_item trx_addons_hover trx_addons_hover_style_links\">\n\t\t\t<div class=\"sc_courses_item_thumb\">\n\t\t\t<img loading=\"lazy\" decoding=\"async\" width=\"740\" height=\"530\" src=\"https:\/\/academie-immo.lu\/wp-content\/uploads\/2023\/05\/wheelie-bin-g275a9232d_1280-740x530.jpg\" class=\"attachment-studeon-thumb-big-blogger size-studeon-thumb-big-blogger wp-post-image\" alt=\"Gestion et pr\u00e9vention des d\u00e9chets en immeuble r\u00e9sidentiel\" \/>\t\t\t<span class=\"sc_courses_item_categories\"><a href=\"https:\/\/academie-immo.lu\/de\/courses_group\/techniques-immobilieres\/\" title=\"View all posts in Techniques immobili\u00e8res\">Techniques immobili\u00e8res<\/a><\/span>\n\t\t<\/div>\n\t\t<div class=\"sc_courses_item_info\">\n\t\t<div class=\"sc_courses_item_header\">\n\t\t\t<h5 class=\"sc_courses_item_title\">Gestion et pr\u00e9vention des d\u00e9chets en immeuble r\u00e9sidentiel<\/h5>\n\t\t\t<div class=\"sc_courses_item_meta\">\n\t\t\t\t<span class=\"sc_courses_item_meta_item sc_courses_item_meta_date\">Starting <span class=\"sc_courses_item_date\">31\/07\/2033<\/span><\/span>\n\t\t\t\t<span class=\"sc_courses_item_meta_item sc_courses_item_meta_duration\">8H<\/span>\n            <\/div>\n\t\t\t<div class=\"sc_courses_item_price\"><\/div>\n\t\t<\/div>\n\n\t<\/div>\n\t<div class=\"trx_addons_hover_mask\"><\/div>\n\t<div class=\"trx_addons_hover_content\">\n\t\t<h5 class=\"trx_addons_hover_title\">Gestion et pr\u00e9vention des d\u00e9chets en immeuble r\u00e9sidentiel<\/h5>\n\t\t\t\t\t<div class=\"trx_addons_hover_text\">OBJECTIFS DU MODULE Cette formation a comme objectif d\u2019informer les acteurs du secteur de l\u2019immobilier sur la gestion efficace et durable des d\u00e9chets dans les immeubles r\u00e9sidentiels conform\u00e9ment aux dispositions l\u00e9gales. Cette formation s\u2019inscrit dans l\u2019activit\u00e9 SDK Residenzen de la SuperDrecksK\u00ebscht\u00ae CONTENUS P\u00c9DAGOGIQUES\u00a0 D\u00e9couvrir et comprendre : les \u00e9l\u00e9ments de la gestion des d\u00e9chets dans le contexte d\u2019un immeuble r\u00e9sidentiel,&hellip;<\/div>\n\t\t\t\t<div class=\"trx_addons_hover_links\">\n\t\t\t<a href=\"https:\/\/academie-immo.lu\/de\/courses\/gestion-et-prevention-des-dechets-en-immeuble-residentiel\/\" class=\"trx_addons_hover_link\">More Info<\/a>\n\t\t\t\t\t<\/div>\n\t<\/div>\n<\/div>\n<\/div><div class=\"trx_addons_column-1_4\"><div class=\"sc_courses_item trx_addons_hover trx_addons_hover_style_links\">\n\t\t\t<div class=\"sc_courses_item_thumb\">\n\t\t\t<img loading=\"lazy\" decoding=\"async\" width=\"740\" height=\"530\" src=\"https:\/\/academie-immo.lu\/wp-content\/uploads\/2022\/06\/mediamodifier-I3HPUolh5hA-unsplash-740x530.jpg\" class=\"attachment-studeon-thumb-big-blogger size-studeon-thumb-big-blogger wp-post-image\" alt=\"\u00c9tude de rentabilit\u00e9\" \/>\t\t\t<span class=\"sc_courses_item_categories\"><a href=\"https:\/\/academie-immo.lu\/de\/courses_group\/economie\/\" title=\"View all posts in \u00c9conomie\">\u00c9conomie<\/a><\/span>\n\t\t<\/div>\n\t\t<div class=\"sc_courses_item_info\">\n\t\t<div class=\"sc_courses_item_header\">\n\t\t\t<h5 class=\"sc_courses_item_title\">\u00c9tude de rentabilit\u00e9<\/h5>\n\t\t\t<div class=\"sc_courses_item_meta\">\n\t\t\t\t<span class=\"sc_courses_item_meta_item sc_courses_item_meta_date\">Starting <span class=\"sc_courses_item_date\">25\/08\/2033<\/span><\/span>\n\t\t\t\t<span class=\"sc_courses_item_meta_item sc_courses_item_meta_duration\"><\/span>\n            <\/div>\n\t\t\t<div class=\"sc_courses_item_price\"><\/div>\n\t\t<\/div>\n\n\t<\/div>\n\t<div class=\"trx_addons_hover_mask\"><\/div>\n\t<div class=\"trx_addons_hover_content\">\n\t\t<h5 class=\"trx_addons_hover_title\">\u00c9tude de rentabilit\u00e9<\/h5>\n\t\t\t\t\t<div class=\"trx_addons_hover_text\">OBJECTIFS DU MODULE Cette initiation au m\u00e9tier de prospecteur foncier vise \u00e0 fournir aux participants les comp\u00e9tences essentielles pour \u00e9valuer la faisabilit\u00e9 d&#8217;un projet immobilier. Ils acquerront une compr\u00e9hension approfondie de sujets tels que la constructibilit\u00e9 du terrain, l&#8217;\u00e9tude de march\u00e9, la mod\u00e9lisation financi\u00e8re et l&#8217;analyse des risques. CONTENUS P\u00c9DAGOGIQUES Initiation au m\u00e9tier de prospecteur foncier chez un promoteur immobilier.&hellip;<\/div>\n\t\t\t\t<div class=\"trx_addons_hover_links\">\n\t\t\t<a href=\"https:\/\/academie-immo.lu\/de\/courses\/etudes-de-rentabilite\/\" class=\"trx_addons_hover_link\">More Info<\/a>\n\t\t\t\t\t<\/div>\n\t<\/div>\n<\/div>\n<\/div><div class=\"trx_addons_column-1_4\"><div class=\"sc_courses_item trx_addons_hover trx_addons_hover_style_links\">\n\t\t\t<div class=\"sc_courses_item_thumb\">\n\t\t\t<img loading=\"lazy\" decoding=\"async\" width=\"740\" height=\"530\" src=\"https:\/\/academie-immo.lu\/wp-content\/uploads\/2022\/03\/Untitled-design-4-2-740x530.png\" class=\"attachment-studeon-thumb-big-blogger size-studeon-thumb-big-blogger wp-post-image\" alt=\"\u00c9valuation immobili\u00e8re\" \/>\t\t\t<span class=\"sc_courses_item_categories\"><a href=\"https:\/\/academie-immo.lu\/de\/courses_group\/techniques-immobilieres\/\" title=\"View all posts in Techniques immobili\u00e8res\">Techniques immobili\u00e8res<\/a><\/span>\n\t\t<\/div>\n\t\t<div class=\"sc_courses_item_info\">\n\t\t<div class=\"sc_courses_item_header\">\n\t\t\t<h5 class=\"sc_courses_item_title\">\u00c9valuation immobili\u00e8re<\/h5>\n\t\t\t<div class=\"sc_courses_item_meta\">\n\t\t\t\t<span class=\"sc_courses_item_meta_item sc_courses_item_meta_date\">Starting <span class=\"sc_courses_item_date\">31\/08\/2033<\/span><\/span>\n\t\t\t\t<span class=\"sc_courses_item_meta_item sc_courses_item_meta_duration\"><\/span>\n            <\/div>\n\t\t\t<div class=\"sc_courses_item_price\"><\/div>\n\t\t<\/div>\n\n\t<\/div>\n\t<div class=\"trx_addons_hover_mask\"><\/div>\n\t<div class=\"trx_addons_hover_content\">\n\t\t<h5 class=\"trx_addons_hover_title\">\u00c9valuation immobili\u00e8re<\/h5>\n\t\t\t\t\t<div class=\"trx_addons_hover_text\">OBJECTIFS DU MODULE L\u2019objectif de ce module est de d\u00e9finir la valeur d\u2019un bien immobilier, de comprendre les standards d\u2019\u00e9valuation immobili\u00e8re et enfin d\u2019aborder cinq m\u00e9thodes d\u2019\u00e9valuation. CONTENUS P\u00c9DAGOGIQUES\u00a0 D\u00e9finir la valeur d&#8217;un bien et \u00e0 quel usage Comprendre les m\u00e9canismes d&#8217;\u00e9valuation suivant les approches par : le march\u00e9, le revenu, les co\u00fbts Appliquer les m\u00e9thodes d&#8217;\u00e9valuation : comparative, r\u00e9siduelle,&hellip;<\/div>\n\t\t\t\t<div class=\"trx_addons_hover_links\">\n\t\t\t<a href=\"https:\/\/academie-immo.lu\/de\/courses\/evaluation-immobiliere\/\" class=\"trx_addons_hover_link\">More Info<\/a>\n\t\t\t\t\t<\/div>\n\t<\/div>\n<\/div>\n<\/div><div class=\"trx_addons_column-1_4\"><div class=\"sc_courses_item trx_addons_hover trx_addons_hover_style_links\">\n\t\t\t<div class=\"sc_courses_item_thumb\">\n\t\t\t<img loading=\"lazy\" decoding=\"async\" width=\"740\" height=\"530\" src=\"https:\/\/academie-immo.lu\/wp-content\/uploads\/2023\/05\/feedback-g5ab0aca8c_1280-740x530.jpg\" class=\"attachment-studeon-thumb-big-blogger size-studeon-thumb-big-blogger wp-post-image\" alt=\"N\u00e9gociation commerciale\" \/>\t\t\t<span class=\"sc_courses_item_categories\"><a href=\"https:\/\/academie-immo.lu\/de\/courses_group\/competences-tranversales\/\" title=\"View all posts in Comp\u00e9tences transversales\">Comp\u00e9tences transversales<\/a><\/span>\n\t\t<\/div>\n\t\t<div class=\"sc_courses_item_info\">\n\t\t<div class=\"sc_courses_item_header\">\n\t\t\t<h5 class=\"sc_courses_item_title\">N\u00e9gociation commerciale<\/h5>\n\t\t\t<div class=\"sc_courses_item_meta\">\n\t\t\t\t<span class=\"sc_courses_item_meta_item sc_courses_item_meta_date\">Starting <span class=\"sc_courses_item_date\">31\/08\/2033<\/span><\/span>\n\t\t\t\t<span class=\"sc_courses_item_meta_item sc_courses_item_meta_duration\"><\/span>\n            <\/div>\n\t\t\t<div class=\"sc_courses_item_price\"><\/div>\n\t\t<\/div>\n\n\t<\/div>\n\t<div class=\"trx_addons_hover_mask\"><\/div>\n\t<div class=\"trx_addons_hover_content\">\n\t\t<h5 class=\"trx_addons_hover_title\">N\u00e9gociation commerciale<\/h5>\n\t\t\t\t\t<div class=\"trx_addons_hover_text\">OBJECTIFS DU MODULE L\u2019objectif de ce module est de d\u00e9cortiquer les m\u00e9canismes de persuasion et de n\u00e9gociation afin de pouvoir les appliquer de fa\u00e7on \u00e9thique dans les m\u00e9tiers de l\u2019immobilier. Le but est de comprendre comment utiliser les m\u00e9canismes de persuasion et de n\u00e9gociation suivant 6 principes (r\u00e9ciprocit\u00e9, engagement, preuve sociale, autorit\u00e9, raret\u00e9, sympathie). CONTENUS P\u00c9DAGOGIQUES\u00a0 Pourquoi sommes-nous amen\u00e9s \u00e0&hellip;<\/div>\n\t\t\t\t<div class=\"trx_addons_hover_links\">\n\t\t\t<a href=\"https:\/\/academie-immo.lu\/de\/courses\/negociation-commerciale\/\" class=\"trx_addons_hover_link\">More Info<\/a>\n\t\t\t\t\t<\/div>\n\t<\/div>\n<\/div>\n<\/div><div class=\"trx_addons_column-1_4\"><div class=\"sc_courses_item trx_addons_hover trx_addons_hover_style_links\">\n\t\t\t<div class=\"sc_courses_item_thumb\">\n\t\t\t<img loading=\"lazy\" decoding=\"async\" width=\"740\" height=\"530\" src=\"https:\/\/academie-immo.lu\/wp-content\/uploads\/2017\/02\/sungrow-emea-itv-MC5S6cU-unsplash-740x530.jpg\" class=\"attachment-studeon-thumb-big-blogger size-studeon-thumb-big-blogger wp-post-image\" alt=\"Maisons passives\" \/>\t\t\t<span class=\"sc_courses_item_categories\"><a href=\"https:\/\/academie-immo.lu\/de\/courses_group\/techniques-de-construction\/\" title=\"View all posts in Techniques de construction\">Techniques de construction<\/a><\/span>\n\t\t<\/div>\n\t\t<div class=\"sc_courses_item_info\">\n\t\t<div class=\"sc_courses_item_header\">\n\t\t\t<h5 class=\"sc_courses_item_title\">Maisons passives<\/h5>\n\t\t\t<div class=\"sc_courses_item_meta\">\n\t\t\t\t<span class=\"sc_courses_item_meta_item sc_courses_item_meta_date\">Starting <span class=\"sc_courses_item_date\">31\/08\/2033<\/span><\/span>\n\t\t\t\t<span class=\"sc_courses_item_meta_item sc_courses_item_meta_duration\"><\/span>\n            <\/div>\n\t\t\t<div class=\"sc_courses_item_price\"><\/div>\n\t\t<\/div>\n\n\t<\/div>\n\t<div class=\"trx_addons_hover_mask\"><\/div>\n\t<div class=\"trx_addons_hover_content\">\n\t\t<h5 class=\"trx_addons_hover_title\">Maisons passives<\/h5>\n\t\t\t\t\t<div class=\"trx_addons_hover_text\">OBJECTIFS DU MODULE Comprendre les principes de base de la maison passive. Conna\u00eetre les avantages et les enjeux de la maison passive en termes de performance \u00e9nerg\u00e9tique et environnementale. Savoir concevoir et construire une maison passive en respectant les normes et les crit\u00e8res de certification. Apprendre \u00e0 optimiser l&#8217;efficacit\u00e9 \u00e9nerg\u00e9tique d&#8217;une maison existante en la rendant plus proche des standards&hellip;<\/div>\n\t\t\t\t<div class=\"trx_addons_hover_links\">\n\t\t\t<a href=\"https:\/\/academie-immo.lu\/de\/courses\/maisons-passives\/\" class=\"trx_addons_hover_link\">More Info<\/a>\n\t\t\t\t\t<\/div>\n\t<\/div>\n<\/div>\n<\/div><div class=\"trx_addons_column-1_4\"><div class=\"sc_courses_item trx_addons_hover trx_addons_hover_style_links\">\n\t\t\t<div class=\"sc_courses_item_thumb\">\n\t\t\t<img loading=\"lazy\" decoding=\"async\" width=\"400\" height=\"300\" src=\"https:\/\/academie-immo.lu\/wp-content\/uploads\/2023\/08\/image.jpeg\" class=\"attachment-studeon-thumb-big-blogger size-studeon-thumb-big-blogger wp-post-image\" alt=\"Fiscalit\u00e9 de l\u2019Immobilier\" srcset=\"https:\/\/academie-immo.lu\/wp-content\/uploads\/2023\/08\/image.jpeg 400w, https:\/\/academie-immo.lu\/wp-content\/uploads\/2023\/08\/image-300x225.jpeg 300w, https:\/\/academie-immo.lu\/wp-content\/uploads\/2023\/08\/image-370x278.jpeg 370w\" sizes=\"auto, (max-width: 400px) 100vw, 400px\" \/>\t\t\t<span class=\"sc_courses_item_categories\"><a href=\"https:\/\/academie-immo.lu\/de\/courses_group\/economie\/\" title=\"View all posts in \u00c9conomie\">\u00c9conomie<\/a><\/span>\n\t\t<\/div>\n\t\t<div class=\"sc_courses_item_info\">\n\t\t<div class=\"sc_courses_item_header\">\n\t\t\t<h5 class=\"sc_courses_item_title\">Fiscalit\u00e9 de l\u2019Immobilier<\/h5>\n\t\t\t<div class=\"sc_courses_item_meta\">\n\t\t\t\t<span class=\"sc_courses_item_meta_item sc_courses_item_meta_date\">Starting <span class=\"sc_courses_item_date\">31\/08\/2033<\/span><\/span>\n\t\t\t\t<span class=\"sc_courses_item_meta_item sc_courses_item_meta_duration\"><\/span>\n            <\/div>\n\t\t\t<div class=\"sc_courses_item_price\"><\/div>\n\t\t<\/div>\n\n\t<\/div>\n\t<div class=\"trx_addons_hover_mask\"><\/div>\n\t<div class=\"trx_addons_hover_content\">\n\t\t<h5 class=\"trx_addons_hover_title\">Fiscalit\u00e9 de l\u2019Immobilier<\/h5>\n\t\t\t\t\t<div class=\"trx_addons_hover_text\">OBJECTIFS DU MODULE Comprendre les bases de la fiscalit\u00e9 Luxembourgeoise et les administrations ex\u00e9cutant la l\u00e9gislation fiscale au Luxembourg. Explorer les modes de d\u00e9tention immobili\u00e8re. Ma\u00eetriser les imp\u00f4ts li\u00e9s \u00e0 l&#8217;acquisition, la d\u00e9tention immobili\u00e8re et la vente immobili\u00e8re. Se familiariser avec l\u2019imposition des successions et donations. Conseiller efficacement sur la fiscalit\u00e9 immobili\u00e8re. CONTENUS P\u00c9DAGOGIQUES Initiation \u00e0 la fiscalit\u00e9 Luxembourgeoise. Modes&hellip;<\/div>\n\t\t\t\t<div class=\"trx_addons_hover_links\">\n\t\t\t<a href=\"https:\/\/academie-immo.lu\/de\/courses\/fiscalite-de-limmobilier\/\" class=\"trx_addons_hover_link\">More Info<\/a>\n\t\t\t\t\t<\/div>\n\t<\/div>\n<\/div>\n<\/div><div class=\"trx_addons_column-1_4\"><div class=\"sc_courses_item trx_addons_hover trx_addons_hover_style_links\">\n\t\t\t<div class=\"sc_courses_item_thumb\">\n\t\t\t<img loading=\"lazy\" decoding=\"async\" width=\"740\" height=\"530\" src=\"https:\/\/academie-immo.lu\/wp-content\/uploads\/2023\/05\/housebuilding-g5e92dfc74_1280-740x530.jpg\" class=\"attachment-studeon-thumb-big-blogger size-studeon-thumb-big-blogger wp-post-image\" alt=\"Techniques de construction\" \/>\t\t\t<span class=\"sc_courses_item_categories\"><a href=\"https:\/\/academie-immo.lu\/de\/courses_group\/techniques-de-construction\/\" title=\"View all posts in Techniques de construction\">Techniques de construction<\/a><\/span>\n\t\t<\/div>\n\t\t<div class=\"sc_courses_item_info\">\n\t\t<div class=\"sc_courses_item_header\">\n\t\t\t<h5 class=\"sc_courses_item_title\">Techniques de construction<\/h5>\n\t\t\t<div class=\"sc_courses_item_meta\">\n\t\t\t\t<span class=\"sc_courses_item_meta_item sc_courses_item_meta_date\">Starting <span class=\"sc_courses_item_date\">31\/08\/2033<\/span><\/span>\n\t\t\t\t<span class=\"sc_courses_item_meta_item sc_courses_item_meta_duration\"><\/span>\n            <\/div>\n\t\t\t<div class=\"sc_courses_item_price\"><\/div>\n\t\t<\/div>\n\n\t<\/div>\n\t<div class=\"trx_addons_hover_mask\"><\/div>\n\t<div class=\"trx_addons_hover_content\">\n\t\t<h5 class=\"trx_addons_hover_title\">Techniques de construction<\/h5>\n\t\t\t\t\t<div class=\"trx_addons_hover_text\">OBJECTIFS DU MODULE Connaitre les diff\u00e9rents types de sols et de fondations Connaitre les caract\u00e9ristiques du b\u00e9ton arm\u00e9 Connaitre les diff\u00e9rents types de ma\u00e7onnerie Connaitre les syst\u00e8mes de fonctionnement des halls et b\u00e2timents fonctionnels CONTENUS P\u00c9DAGOGIQUES Normes Luxembourgeoises Format de construction DNA EN 206 M\u00c9THODES P\u00c9DAGOGIQUES Enseignements th\u00e9oriques CERTIFICATION Document de validation\u00a0: Attestation de participation INFORMATIONS PRATIQUES\u00a0 Pr\u00e9sentiel en centre&hellip;<\/div>\n\t\t\t\t<div class=\"trx_addons_hover_links\">\n\t\t\t<a href=\"https:\/\/academie-immo.lu\/de\/courses\/techniques-de-construction\/\" class=\"trx_addons_hover_link\">More Info<\/a>\n\t\t\t\t\t<\/div>\n\t<\/div>\n<\/div>\n<\/div><div class=\"trx_addons_column-1_4\"><div class=\"sc_courses_item trx_addons_hover trx_addons_hover_style_links\">\n\t\t\t<div class=\"sc_courses_item_thumb\">\n\t\t\t<img loading=\"lazy\" decoding=\"async\" width=\"740\" height=\"530\" src=\"https:\/\/academie-immo.lu\/wp-content\/uploads\/2023\/10\/team-4386222_1280-740x530.png\" class=\"attachment-studeon-thumb-big-blogger size-studeon-thumb-big-blogger wp-post-image\" alt=\"Salari\u00e9 D\u00e9sign\u00e9 \u00e0 la s\u00e9curit\u00e9 et sant\u00e9 au travail &#8211; Groupe A\" \/>\t\t\t<span class=\"sc_courses_item_categories\"><a href=\"https:\/\/academie-immo.lu\/de\/courses_group\/securite\/\" title=\"View all posts in S\u00e9curit\u00e9\">S\u00e9curit\u00e9<\/a><\/span>\n\t\t<\/div>\n\t\t<div class=\"sc_courses_item_info\">\n\t\t<div class=\"sc_courses_item_header\">\n\t\t\t<h5 class=\"sc_courses_item_title\">Salari\u00e9 D\u00e9sign\u00e9 \u00e0 la s\u00e9curit\u00e9 et sant\u00e9 au travail &#8211; Groupe A<\/h5>\n\t\t\t<div class=\"sc_courses_item_meta\">\n\t\t\t\t<span class=\"sc_courses_item_meta_item sc_courses_item_meta_date\">Starting <span class=\"sc_courses_item_date\">29\/10\/2033<\/span><\/span>\n\t\t\t\t<span class=\"sc_courses_item_meta_item sc_courses_item_meta_duration\"><\/span>\n            <\/div>\n\t\t\t<div class=\"sc_courses_item_price\"><\/div>\n\t\t<\/div>\n\n\t<\/div>\n\t<div class=\"trx_addons_hover_mask\"><\/div>\n\t<div class=\"trx_addons_hover_content\">\n\t\t<h5 class=\"trx_addons_hover_title\">Salari\u00e9 D\u00e9sign\u00e9 \u00e0 la s\u00e9curit\u00e9 et sant\u00e9 au travail &#8211; Groupe A<\/h5>\n\t\t\t\t\t<div class=\"trx_addons_hover_text\">OBJECTIFS DU MODULE Devenir salari\u00e9 d\u00e9sign\u00e9 en entreprise artisanale comprenant entre 1 et 15 salari\u00e9s. CONTENUS P\u00c9DAGOGIQUES Le programme de la formation est bas\u00e9 sur l&#8216;Arr\u00eat\u00e9 minist\u00e9riel du 18 juillet 2007 d\u00e9terminant les programmes des diff\u00e9rents cycles de formation pour salari\u00e9s d\u00e9sign\u00e9s. Pr\u00e9sentation des missions et de la fonction du travailleur d\u00e9sign\u00e9, L\u00e9gislation concernant la s\u00e9curit\u00e9 et la sant\u00e9 sur&hellip;<\/div>\n\t\t\t\t<div class=\"trx_addons_hover_links\">\n\t\t\t<a href=\"https:\/\/academie-immo.lu\/de\/courses\/salarie-designe-a-la-securite-et-sante-au-travail-groupe-a\/\" class=\"trx_addons_hover_link\">More Info<\/a>\n\t\t\t\t\t<\/div>\n\t<\/div>\n<\/div>\n<\/div><div class=\"trx_addons_column-1_4\"><div class=\"sc_courses_item trx_addons_hover trx_addons_hover_style_links\">\n\t\t\t<div class=\"sc_courses_item_thumb\">\n\t\t\t<img loading=\"lazy\" decoding=\"async\" width=\"740\" height=\"530\" src=\"https:\/\/academie-immo.lu\/wp-content\/uploads\/2023\/10\/Capture-decran-2023-11-02-a-15.28.58-740x530.png\" class=\"attachment-studeon-thumb-big-blogger size-studeon-thumb-big-blogger wp-post-image\" alt=\"Ma\u00eetriser la Gestion de la paie au Luxembourg\" \/>\t\t\t<span class=\"sc_courses_item_categories\"><a href=\"https:\/\/academie-immo.lu\/de\/courses_group\/competences-tranversales\/\" title=\"View all posts in Comp\u00e9tences transversales\">Comp\u00e9tences transversales<\/a><\/span>\n\t\t<\/div>\n\t\t<div class=\"sc_courses_item_info\">\n\t\t<div class=\"sc_courses_item_header\">\n\t\t\t<h5 class=\"sc_courses_item_title\">Ma\u00eetriser la Gestion de la paie au Luxembourg<\/h5>\n\t\t\t<div class=\"sc_courses_item_meta\">\n\t\t\t\t<span class=\"sc_courses_item_meta_item sc_courses_item_meta_date\">Starting <span class=\"sc_courses_item_date\">30\/11\/2033<\/span><\/span>\n\t\t\t\t<span class=\"sc_courses_item_meta_item sc_courses_item_meta_duration\"><\/span>\n            <\/div>\n\t\t\t<div class=\"sc_courses_item_price\"><\/div>\n\t\t<\/div>\n\n\t<\/div>\n\t<div class=\"trx_addons_hover_mask\"><\/div>\n\t<div class=\"trx_addons_hover_content\">\n\t\t<h5 class=\"trx_addons_hover_title\">Ma\u00eetriser la Gestion de la paie au Luxembourg<\/h5>\n\t\t\t\t\t<div class=\"trx_addons_hover_text\">OBJECTIFS DU MODULE Comprendre les principales rubriques d&#8217;une fiche de salaire (brut ou net). Identifier les diff\u00e9rents pr\u00e9l\u00e8vements sociaux. D\u00e9crypter les bar\u00e8mes d&#8217;imposition. CONTENUS P\u00c9DAGOGIQUES Collecter les instructions salaires Les absences : cong\u00e9 maternit\u00e9, parental, maladie, &#8230; Le changement de temps de travail L\u2019arriv\u00e9e ou le d\u00e9part en cours de mois Le licenciement Comprendre la composition du salaire brut La&hellip;<\/div>\n\t\t\t\t<div class=\"trx_addons_hover_links\">\n\t\t\t<a href=\"https:\/\/academie-immo.lu\/de\/courses\/maitriser-la-gestion-de-la-paie-au-luxembourg\/\" class=\"trx_addons_hover_link\">More Info<\/a>\n\t\t\t\t\t<\/div>\n\t<\/div>\n<\/div>\n<\/div><div class=\"trx_addons_column-1_4\"><div class=\"sc_courses_item trx_addons_hover trx_addons_hover_style_links\">\n\t\t\t<div class=\"sc_courses_item_thumb\">\n\t\t\t<img loading=\"lazy\" decoding=\"async\" width=\"400\" height=\"400\" src=\"https:\/\/academie-immo.lu\/wp-content\/uploads\/2024\/03\/image.jpeg\" class=\"attachment-studeon-thumb-big-blogger size-studeon-thumb-big-blogger wp-post-image\" alt=\"Efficience \u00e9nerg\u00e9tique des b\u00e2timents\" srcset=\"https:\/\/academie-immo.lu\/wp-content\/uploads\/2024\/03\/image.jpeg 400w, https:\/\/academie-immo.lu\/wp-content\/uploads\/2024\/03\/image-300x300.jpeg 300w, https:\/\/academie-immo.lu\/wp-content\/uploads\/2024\/03\/image-150x150.jpeg 150w, https:\/\/academie-immo.lu\/wp-content\/uploads\/2024\/03\/image-370x370.jpeg 370w, https:\/\/academie-immo.lu\/wp-content\/uploads\/2024\/03\/image-90x90.jpeg 90w\" sizes=\"auto, (max-width: 400px) 100vw, 400px\" \/>\t\t\t<span class=\"sc_courses_item_categories\"><a href=\"https:\/\/academie-immo.lu\/de\/courses_group\/techniques-immobilieres\/\" title=\"View all posts in Techniques immobili\u00e8res\">Techniques immobili\u00e8res<\/a><\/span>\n\t\t<\/div>\n\t\t<div class=\"sc_courses_item_info\">\n\t\t<div class=\"sc_courses_item_header\">\n\t\t\t<h5 class=\"sc_courses_item_title\">Efficience \u00e9nerg\u00e9tique des b\u00e2timents<\/h5>\n\t\t\t<div class=\"sc_courses_item_meta\">\n\t\t\t\t<span class=\"sc_courses_item_meta_item sc_courses_item_meta_date\">Starting <span class=\"sc_courses_item_date\">30\/11\/2033<\/span><\/span>\n\t\t\t\t<span class=\"sc_courses_item_meta_item sc_courses_item_meta_duration\"><\/span>\n            <\/div>\n\t\t\t<div class=\"sc_courses_item_price\"><\/div>\n\t\t<\/div>\n\n\t<\/div>\n\t<div class=\"trx_addons_hover_mask\"><\/div>\n\t<div class=\"trx_addons_hover_content\">\n\t\t<h5 class=\"trx_addons_hover_title\">Efficience \u00e9nerg\u00e9tique des b\u00e2timents<\/h5>\n\t\t\t\t\t<div class=\"trx_addons_hover_text\">OBJECTIFS DU MODULE Fournir aux agents immobiliers les compe\u0301tences ne\u0301cessaires pour comprendre et promouvoir l&#8217;efficience e\u0301nerge\u0301tique dans les ba\u0302timents Permettre aux agents immobiliers d&#8217;appre\u0301hender l&#8217;importance de l&#8217;efficience e\u0301nerge\u0301tique dans le secteur immobilier, de reconnai\u0302tre les opportunite\u0301s d&#8217;ame\u0301lioration e\u0301nerge\u0301tique et de conseiller les clients sur les avantages e\u0301conomiques et environnementaux lie\u0301s a\u0300 ces mesures Informer les agents immobiliers sur les certifications&hellip;<\/div>\n\t\t\t\t<div class=\"trx_addons_hover_links\">\n\t\t\t<a href=\"https:\/\/academie-immo.lu\/de\/courses\/efficience-energetique-des-batiments\/\" class=\"trx_addons_hover_link\">More Info<\/a>\n\t\t\t\t\t<\/div>\n\t<\/div>\n<\/div>\n<\/div><div class=\"trx_addons_column-1_4\"><div class=\"sc_courses_item trx_addons_hover trx_addons_hover_style_links\">\n\t\t\t<div class=\"sc_courses_item_thumb\">\n\t\t\t<img loading=\"lazy\" decoding=\"async\" width=\"740\" height=\"530\" src=\"https:\/\/academie-immo.lu\/wp-content\/uploads\/2023\/11\/student-849825_1280-740x530.jpg\" class=\"attachment-studeon-thumb-big-blogger size-studeon-thumb-big-blogger wp-post-image\" alt=\"G\u00e9rer les absences et les maladies des salari\u00e9s\" \/>\t\t\t<span class=\"sc_courses_item_categories\"><a href=\"https:\/\/academie-immo.lu\/de\/courses_group\/competences-tranversales\/\" title=\"View all posts in Comp\u00e9tences transversales\">Comp\u00e9tences transversales<\/a><\/span>\n\t\t<\/div>\n\t\t<div class=\"sc_courses_item_info\">\n\t\t<div class=\"sc_courses_item_header\">\n\t\t\t<h5 class=\"sc_courses_item_title\">G\u00e9rer les absences et les maladies des salari\u00e9s<\/h5>\n\t\t\t<div class=\"sc_courses_item_meta\">\n\t\t\t\t<span class=\"sc_courses_item_meta_item sc_courses_item_meta_date\">Starting <span class=\"sc_courses_item_date\">30\/11\/2033<\/span><\/span>\n\t\t\t\t<span class=\"sc_courses_item_meta_item sc_courses_item_meta_duration\"><\/span>\n            <\/div>\n\t\t\t<div class=\"sc_courses_item_price\"><\/div>\n\t\t<\/div>\n\n\t<\/div>\n\t<div class=\"trx_addons_hover_mask\"><\/div>\n\t<div class=\"trx_addons_hover_content\">\n\t\t<h5 class=\"trx_addons_hover_title\">G\u00e9rer les absences et les maladies des salari\u00e9s<\/h5>\n\t\t\t\t\t<div class=\"trx_addons_hover_text\">OBJECTIFS DU MODULE Ma\u00eetriser les proc\u00e9dures en cas de maladie ou d&#8217;absence des salari\u00e9s. Traiter administrativement les cas de maladies du salari\u00e9. G\u00e9rer la reprise progressive du travail. G\u00e9rer le reclassement interne. CONTENUS P\u00c9DAGOGIQUES Les diff\u00e9rents types d\u2019absences et leurs cadres Les absences volontaires Les absences involontaires Le cadre r\u00e9glementaire Le respect de la vie priv\u00e9e et du secret m\u00e9dical&hellip;<\/div>\n\t\t\t\t<div class=\"trx_addons_hover_links\">\n\t\t\t<a href=\"https:\/\/academie-immo.lu\/de\/courses\/gerer-les-absences-et-les-maladies-des-salaries\/\" class=\"trx_addons_hover_link\">More Info<\/a>\n\t\t\t\t\t<\/div>\n\t<\/div>\n<\/div>\n<\/div><div class=\"trx_addons_column-1_4\"><div class=\"sc_courses_item trx_addons_hover trx_addons_hover_style_links\">\n\t\t\t<div class=\"sc_courses_item_thumb\">\n\t\t\t<img loading=\"lazy\" decoding=\"async\" width=\"740\" height=\"530\" src=\"https:\/\/academie-immo.lu\/wp-content\/uploads\/2024\/02\/9276433-740x530.jpg\" class=\"attachment-studeon-thumb-big-blogger size-studeon-thumb-big-blogger wp-post-image\" alt=\"Les erreurs \u00e0 ne pas faire en immobilier\" \/>\t\t\t<span class=\"sc_courses_item_categories\"><a href=\"https:\/\/academie-immo.lu\/de\/courses_group\/techniques-immobilieres\/\" title=\"View all posts in Techniques immobili\u00e8res\">Techniques immobili\u00e8res<\/a><\/span>\n\t\t<\/div>\n\t\t<div class=\"sc_courses_item_info\">\n\t\t<div class=\"sc_courses_item_header\">\n\t\t\t<h5 class=\"sc_courses_item_title\">Les erreurs \u00e0 ne pas faire en immobilier<\/h5>\n\t\t\t<div class=\"sc_courses_item_meta\">\n\t\t\t\t<span class=\"sc_courses_item_meta_item sc_courses_item_meta_date\">Starting <span class=\"sc_courses_item_date\">28\/02\/2034<\/span><\/span>\n\t\t\t\t<span class=\"sc_courses_item_meta_item sc_courses_item_meta_duration\"><\/span>\n            <\/div>\n\t\t\t<div class=\"sc_courses_item_price\"><\/div>\n\t\t<\/div>\n\n\t<\/div>\n\t<div class=\"trx_addons_hover_mask\"><\/div>\n\t<div class=\"trx_addons_hover_content\">\n\t\t<h5 class=\"trx_addons_hover_title\">Les erreurs \u00e0 ne pas faire en immobilier<\/h5>\n\t\t\t\t\t<div class=\"trx_addons_hover_text\">OBJECTIFS DU MODULE Identifier et \u00e9viter les erreurs courantes dans les transactions immobili\u00e8res. Comprendre les r\u00e9percussions juridiques et financi\u00e8res des erreurs fr\u00e9quentes pour mieux les pr\u00e9venir. CONTENUS P\u00c9DAGOGIQUES\u00a0 Analyse des erreurs fr\u00e9quentes dans la r\u00e9daction des contrats et leurs impacts. \u00c9valuation des risques li\u00e9s \u00e0 une mauvaise compr\u00e9hension des obligations l\u00e9gales. Strat\u00e9gies pour une gestion efficace des attentes clients et&hellip;<\/div>\n\t\t\t\t<div class=\"trx_addons_hover_links\">\n\t\t\t<a href=\"https:\/\/academie-immo.lu\/de\/courses\/les-erreurs-a-ne-pas-faire-en-immobilier\/\" class=\"trx_addons_hover_link\">More Info<\/a>\n\t\t\t\t\t<\/div>\n\t<\/div>\n<\/div>\n<\/div><div class=\"trx_addons_column-1_4\"><div class=\"sc_courses_item trx_addons_hover trx_addons_hover_style_links\">\n\t\t\t<div class=\"sc_courses_item_thumb\">\n\t\t\t<img loading=\"lazy\" decoding=\"async\" width=\"740\" height=\"530\" src=\"https:\/\/academie-immo.lu\/wp-content\/uploads\/2024\/03\/Capture-decran-2024-03-22-a-13.29.48-740x530.png\" class=\"attachment-studeon-thumb-big-blogger size-studeon-thumb-big-blogger wp-post-image\" alt=\"Cr\u00e9ation de contenu pour les r\u00e9seaux sociaux\" \/>\t\t\t<span class=\"sc_courses_item_categories\"><a href=\"https:\/\/academie-immo.lu\/de\/courses_group\/competences-tranversales\/\" title=\"View all posts in Comp\u00e9tences transversales\">Comp\u00e9tences transversales<\/a> <a href=\"https:\/\/academie-immo.lu\/de\/courses_group\/techniques-immobilieres\/\" title=\"View all posts in Techniques immobili\u00e8res\">Techniques immobili\u00e8res<\/a><\/span>\n\t\t<\/div>\n\t\t<div class=\"sc_courses_item_info\">\n\t\t<div class=\"sc_courses_item_header\">\n\t\t\t<h5 class=\"sc_courses_item_title\">Cr\u00e9ation de contenu pour les r\u00e9seaux sociaux<\/h5>\n\t\t\t<div class=\"sc_courses_item_meta\">\n\t\t\t\t<span class=\"sc_courses_item_meta_item sc_courses_item_meta_date\">Starting <span class=\"sc_courses_item_date\">31\/03\/2034<\/span><\/span>\n\t\t\t\t<span class=\"sc_courses_item_meta_item sc_courses_item_meta_duration\"><\/span>\n            <\/div>\n\t\t\t<div class=\"sc_courses_item_price\"><\/div>\n\t\t<\/div>\n\n\t<\/div>\n\t<div class=\"trx_addons_hover_mask\"><\/div>\n\t<div class=\"trx_addons_hover_content\">\n\t\t<h5 class=\"trx_addons_hover_title\">Cr\u00e9ation de contenu pour les r\u00e9seaux sociaux<\/h5>\n\t\t\t\t\t<div class=\"trx_addons_hover_text\">OBJECTIFS DU MODULE Acque\u0301rir une compre\u0301hension approfondie des principaux re\u0301seaux sociaux et de leur utilisation dans le contexte professionnel. De\u0301velopper des compe\u0301tences pratiques dans la cre\u0301ation de contenu attractif et pertinent pour les me\u0301dias sociaux. Introduction aux outils de cre\u0301ation de contenu mobile : applications de retouche photo, d&#8217;e\u0301dition vide\u0301o, et de conception graphique disponibles sur les smartphones. Optimisation du&hellip;<\/div>\n\t\t\t\t<div class=\"trx_addons_hover_links\">\n\t\t\t<a href=\"https:\/\/academie-immo.lu\/de\/courses\/creation-de-contenu-pour-les-reseaux-sociaux\/\" class=\"trx_addons_hover_link\">More Info<\/a>\n\t\t\t\t\t<\/div>\n\t<\/div>\n<\/div>\n<\/div><div class=\"trx_addons_column-1_4\"><div class=\"sc_courses_item trx_addons_hover trx_addons_hover_style_links\">\n\t\t\t<div class=\"sc_courses_item_thumb\">\n\t\t\t<img loading=\"lazy\" decoding=\"async\" width=\"740\" height=\"530\" src=\"https:\/\/academie-immo.lu\/wp-content\/uploads\/2024\/03\/25072174_2201_w039_n003_88b_p1_88-740x530.jpg\" class=\"attachment-studeon-thumb-big-blogger size-studeon-thumb-big-blogger wp-post-image\" alt=\"Dirigeant(e) et chef(fe) d&#8217;entreprise : les fondamentaux des ressources humaines\" \/>\t\t\t<span class=\"sc_courses_item_categories\"><a href=\"https:\/\/academie-immo.lu\/de\/courses_group\/competences-tranversales\/\" title=\"View all posts in Comp\u00e9tences transversales\">Comp\u00e9tences transversales<\/a><\/span>\n\t\t<\/div>\n\t\t<div class=\"sc_courses_item_info\">\n\t\t<div class=\"sc_courses_item_header\">\n\t\t\t<h5 class=\"sc_courses_item_title\">Dirigeant(e) et chef(fe) d&#8217;entreprise : les fondamentaux des ressources humaines<\/h5>\n\t\t\t<div class=\"sc_courses_item_meta\">\n\t\t\t\t<span class=\"sc_courses_item_meta_item sc_courses_item_meta_date\">Starting <span class=\"sc_courses_item_date\">31\/12\/2034<\/span><\/span>\n\t\t\t\t<span class=\"sc_courses_item_meta_item sc_courses_item_meta_duration\"><\/span>\n            <\/div>\n\t\t\t<div class=\"sc_courses_item_price\"><\/div>\n\t\t<\/div>\n\n\t<\/div>\n\t<div class=\"trx_addons_hover_mask\"><\/div>\n\t<div class=\"trx_addons_hover_content\">\n\t\t<h5 class=\"trx_addons_hover_title\">Dirigeant(e) et chef(fe) d&#8217;entreprise : les fondamentaux des ressources humaines<\/h5>\n\t\t\t\t\t<div class=\"trx_addons_hover_text\">Objectifs du module D\u00e9velopper ses connaissances en GRH pour une gestion plus efficace et \u00e9thique. Comprendre les \u00e9volutions des cadres l\u00e9gislatifs au Luxembourg. Contenus p\u00e9dagogiques JOUR 1 : Les sp\u00e9cificit\u00e9s de la GRH au Luxembourg Conformit\u00e9 juridique\u00a0; R\u00e9mun\u00e9ration et avantages sociaux\u00a0; Sant\u00e9 et s\u00e9curit\u00e9 au travail\u00a0; Relations professionnelles\u00a0; Proc\u00e9dures l\u00e9gales en cas de rupture ou suspension du contrat de travail.&hellip;<\/div>\n\t\t\t\t<div class=\"trx_addons_hover_links\">\n\t\t\t<a href=\"https:\/\/academie-immo.lu\/de\/courses\/dirigeante-et-cheffe-dentreprise-les-fondamentaux-des-ressources-humaines\/\" class=\"trx_addons_hover_link\">More Info<\/a>\n\t\t\t\t\t<\/div>\n\t<\/div>\n<\/div>\n<\/div><div class=\"trx_addons_column-1_4\"><div class=\"sc_courses_item trx_addons_hover trx_addons_hover_style_links\">\n\t\t\t<div class=\"sc_courses_item_thumb\">\n\t\t\t<img loading=\"lazy\" decoding=\"async\" width=\"740\" height=\"530\" src=\"https:\/\/academie-immo.lu\/wp-content\/uploads\/2024\/03\/folder-5000783_1280-740x530.png\" class=\"attachment-studeon-thumb-big-blogger size-studeon-thumb-big-blogger wp-post-image\" alt=\"G\u00e9rer le d\u00e9tachement des salari\u00e9s\" \/>\t\t\t<span class=\"sc_courses_item_categories\"><a href=\"https:\/\/academie-immo.lu\/de\/courses_group\/competences-tranversales\/\" title=\"View all posts in Comp\u00e9tences transversales\">Comp\u00e9tences transversales<\/a><\/span>\n\t\t<\/div>\n\t\t<div class=\"sc_courses_item_info\">\n\t\t<div class=\"sc_courses_item_header\">\n\t\t\t<h5 class=\"sc_courses_item_title\">G\u00e9rer le d\u00e9tachement des salari\u00e9s<\/h5>\n\t\t\t<div class=\"sc_courses_item_meta\">\n\t\t\t\t<span class=\"sc_courses_item_meta_item sc_courses_item_meta_date\">Starting <span class=\"sc_courses_item_date\">31\/12\/2034<\/span><\/span>\n\t\t\t\t<span class=\"sc_courses_item_meta_item sc_courses_item_meta_duration\"><\/span>\n            <\/div>\n\t\t\t<div class=\"sc_courses_item_price\"><\/div>\n\t\t<\/div>\n\n\t<\/div>\n\t<div class=\"trx_addons_hover_mask\"><\/div>\n\t<div class=\"trx_addons_hover_content\">\n\t\t<h5 class=\"trx_addons_hover_title\">G\u00e9rer le d\u00e9tachement des salari\u00e9s<\/h5>\n\t\t\t\t\t<div class=\"trx_addons_hover_text\">Objectifs du module Comprendre la notion de d\u00e9tachement. Identifier les formalit\u00e9s administratives \u00e0 r\u00e9aliser. Contenus p\u00e9dagogiques Le champ d\u2019application du d\u00e9tachement Sa d\u00e9finition L\u2019activit\u00e9 multi-pays Les possibilit\u00e9s de prestations transnationales Le cas du d\u00e9tachement vers le Luxembourg La dur\u00e9e du d\u00e9tachement La l\u00e9gislation applicable en mati\u00e8re de droit du travail en cas de d\u00e9tachement Principes g\u00e9n\u00e9raux Le cas de la&hellip;<\/div>\n\t\t\t\t<div class=\"trx_addons_hover_links\">\n\t\t\t<a href=\"https:\/\/academie-immo.lu\/de\/courses\/gerer-le-detachement-des-salaries-2\/\" class=\"trx_addons_hover_link\">More Info<\/a>\n\t\t\t\t\t<\/div>\n\t<\/div>\n<\/div>\n<\/div><div class=\"trx_addons_column-1_4\"><div class=\"sc_courses_item trx_addons_hover trx_addons_hover_style_links\">\n\t\t\t<div class=\"sc_courses_item_thumb\">\n\t\t\t<img loading=\"lazy\" decoding=\"async\" width=\"740\" height=\"530\" src=\"https:\/\/academie-immo.lu\/wp-content\/uploads\/2024\/04\/group-1962592_1280-740x530.png\" class=\"attachment-studeon-thumb-big-blogger size-studeon-thumb-big-blogger wp-post-image\" alt=\"La gestion de l&#8217;assembl\u00e9e g\u00e9n\u00e9rale des copropri\u00e9taires (module avanc\u00e9)\" \/>\t\t\t<span class=\"sc_courses_item_categories\"><a href=\"https:\/\/academie-immo.lu\/de\/courses_group\/copropriete\/\" title=\"View all posts in Copropri\u00e9t\u00e9\">Copropri\u00e9t\u00e9<\/a><\/span>\n\t\t<\/div>\n\t\t<div class=\"sc_courses_item_info\">\n\t\t<div class=\"sc_courses_item_header\">\n\t\t\t<h5 class=\"sc_courses_item_title\">La gestion de l&#8217;assembl\u00e9e g\u00e9n\u00e9rale des copropri\u00e9taires (module avanc\u00e9)<\/h5>\n\t\t\t<div class=\"sc_courses_item_meta\">\n\t\t\t\t<span class=\"sc_courses_item_meta_item sc_courses_item_meta_date\">Starting <span class=\"sc_courses_item_date\">31\/12\/2034<\/span><\/span>\n\t\t\t\t<span class=\"sc_courses_item_meta_item sc_courses_item_meta_duration\"><\/span>\n            <\/div>\n\t\t\t<div class=\"sc_courses_item_price\"><\/div>\n\t\t<\/div>\n\n\t<\/div>\n\t<div class=\"trx_addons_hover_mask\"><\/div>\n\t<div class=\"trx_addons_hover_content\">\n\t\t<h5 class=\"trx_addons_hover_title\">La gestion de l&#8217;assembl\u00e9e g\u00e9n\u00e9rale des copropri\u00e9taires (module avanc\u00e9)<\/h5>\n\t\t\t\t\t<div class=\"trx_addons_hover_text\">La gestion de l&#8217;assembl\u00e9e g\u00e9n\u00e9rale des copropri\u00e9taires : de l&#8217;\u00e9tablissement de l&#8217;ordre du jour \u00e0 la transmission du proc\u00e8s-verbal OBJECTIFS DU MODULE Ce module offre une analyse exhaustive et approfondie de la gestion de l&#8217;assembl\u00e9e g\u00e9n\u00e9rale des copropri\u00e9taires. L\u2019assembl\u00e9e annuelle repr\u00e9sente un moment crucial dans la dynamique d&#8217;une r\u00e9sidence, permettant de prendre des d\u00e9cisions capitales ayant un impact sur la&hellip;<\/div>\n\t\t\t\t<div class=\"trx_addons_hover_links\">\n\t\t\t<a href=\"https:\/\/academie-immo.lu\/de\/courses\/la-gestion-de-lassemblee-generale-des-coproprietaires-de-letablissement-de-lordre-du-jour-a-la-transmission-du-proces-verbal\/\" class=\"trx_addons_hover_link\">More Info<\/a>\n\t\t\t\t\t<\/div>\n\t<\/div>\n<\/div>\n<\/div><div class=\"trx_addons_column-1_4\"><div class=\"sc_courses_item trx_addons_hover trx_addons_hover_style_links\">\n\t\t\t<div class=\"sc_courses_item_thumb\">\n\t\t\t<img loading=\"lazy\" decoding=\"async\" width=\"740\" height=\"530\" src=\"https:\/\/academie-immo.lu\/wp-content\/uploads\/2024\/04\/education-5600987_1280-740x530.png\" class=\"attachment-studeon-thumb-big-blogger size-studeon-thumb-big-blogger wp-post-image\" alt=\"Les r\u00e8gles de majorit\u00e9 dans les assembl\u00e9es g\u00e9n\u00e9rales (module avanc\u00e9)\" \/>\t\t\t<span class=\"sc_courses_item_categories\"><a href=\"https:\/\/academie-immo.lu\/de\/courses_group\/copropriete\/\" title=\"View all posts in Copropri\u00e9t\u00e9\">Copropri\u00e9t\u00e9<\/a><\/span>\n\t\t<\/div>\n\t\t<div class=\"sc_courses_item_info\">\n\t\t<div class=\"sc_courses_item_header\">\n\t\t\t<h5 class=\"sc_courses_item_title\">Les r\u00e8gles de majorit\u00e9 dans les assembl\u00e9es g\u00e9n\u00e9rales (module avanc\u00e9)<\/h5>\n\t\t\t<div class=\"sc_courses_item_meta\">\n\t\t\t\t<span class=\"sc_courses_item_meta_item sc_courses_item_meta_date\">Starting <span class=\"sc_courses_item_date\">31\/12\/2034<\/span><\/span>\n\t\t\t\t<span class=\"sc_courses_item_meta_item sc_courses_item_meta_duration\"><\/span>\n            <\/div>\n\t\t\t<div class=\"sc_courses_item_price\"><\/div>\n\t\t<\/div>\n\n\t<\/div>\n\t<div class=\"trx_addons_hover_mask\"><\/div>\n\t<div class=\"trx_addons_hover_content\">\n\t\t<h5 class=\"trx_addons_hover_title\">Les r\u00e8gles de majorit\u00e9 dans les assembl\u00e9es g\u00e9n\u00e9rales (module avanc\u00e9)<\/h5>\n\t\t\t\t\t<div class=\"trx_addons_hover_text\">Les r\u00e8gles de majorit\u00e9 dans les assembl\u00e9es g\u00e9n\u00e9rales : comprendre les principes fondamentaux ainsi que les exceptions applicables aux d\u00e9cisions \u00e0 prendre lors des votes &nbsp; OBJECTIFS DU MODULE Ce module vise \u00e0 expliquer en d\u00e9tail les principes fondamentaux des r\u00e8gles de majorit\u00e9 applicables aux votes lors des assembl\u00e9es g\u00e9n\u00e9rales. La formation a pour objectif de d\u00e9tailler les diff\u00e9rents cas&hellip;<\/div>\n\t\t\t\t<div class=\"trx_addons_hover_links\">\n\t\t\t<a href=\"https:\/\/academie-immo.lu\/de\/courses\/les-regles-de-majorite-dans-les-assemblees-generales-comprendre-les-principes-fondamentaux-ainsi-que-les-exceptions-applicables-aux-decisions-a-prendre-lors-des-votes\/\" class=\"trx_addons_hover_link\">More Info<\/a>\n\t\t\t\t\t<\/div>\n\t<\/div>\n<\/div>\n<\/div><div class=\"trx_addons_column-1_4\"><div class=\"sc_courses_item trx_addons_hover trx_addons_hover_style_links\">\n\t\t\t<div class=\"sc_courses_item_thumb\">\n\t\t\t<img loading=\"lazy\" decoding=\"async\" width=\"530\" height=\"530\" src=\"https:\/\/academie-immo.lu\/wp-content\/uploads\/2024\/05\/Wavy_Cst-01_Single-05ok.jpeg\" class=\"attachment-studeon-thumb-big-blogger size-studeon-thumb-big-blogger wp-post-image\" alt=\"Risque \u00e9lectrique pour \u00ab personne ordinaire \u00bb\" srcset=\"https:\/\/academie-immo.lu\/wp-content\/uploads\/2024\/05\/Wavy_Cst-01_Single-05ok.jpeg 7730w, https:\/\/academie-immo.lu\/wp-content\/uploads\/2024\/05\/Wavy_Cst-01_Single-05ok-300x300.jpeg 300w, https:\/\/academie-immo.lu\/wp-content\/uploads\/2024\/05\/Wavy_Cst-01_Single-05ok-768x768.jpeg 768w, https:\/\/academie-immo.lu\/wp-content\/uploads\/2024\/05\/Wavy_Cst-01_Single-05ok-370x370.jpeg 370w, https:\/\/academie-immo.lu\/wp-content\/uploads\/2024\/05\/Wavy_Cst-01_Single-05ok-760x760.jpeg 760w\" sizes=\"auto, (max-width: 530px) 100vw, 530px\" \/>\t\t\t<span class=\"sc_courses_item_categories\"><a href=\"https:\/\/academie-immo.lu\/de\/courses_group\/genie-technique\/\" title=\"View all posts in G\u00e9nie technique\">G\u00e9nie technique<\/a><\/span>\n\t\t<\/div>\n\t\t<div class=\"sc_courses_item_info\">\n\t\t<div class=\"sc_courses_item_header\">\n\t\t\t<h5 class=\"sc_courses_item_title\">Risque \u00e9lectrique pour \u00ab personne ordinaire \u00bb<\/h5>\n\t\t\t<div class=\"sc_courses_item_meta\">\n\t\t\t\t<span class=\"sc_courses_item_meta_item sc_courses_item_meta_date\">Starting <span class=\"sc_courses_item_date\">31\/12\/2034<\/span><\/span>\n\t\t\t\t<span class=\"sc_courses_item_meta_item sc_courses_item_meta_duration\"><\/span>\n            <\/div>\n\t\t\t<div class=\"sc_courses_item_price\"><\/div>\n\t\t<\/div>\n\n\t<\/div>\n\t<div class=\"trx_addons_hover_mask\"><\/div>\n\t<div class=\"trx_addons_hover_content\">\n\t\t<h5 class=\"trx_addons_hover_title\">Risque \u00e9lectrique pour \u00ab personne ordinaire \u00bb<\/h5>\n\t\t\t\t\t<div class=\"trx_addons_hover_text\">&nbsp; OBJECTIFS DU MODULE Assurer une formation \u00e9lectrique ad\u00e9quate pour les personnes charg\u00e9es de travaux non \u00e9lectriques dans des zones pr\u00e9sentant un risque \u00e9lectrique sp\u00e9cifique. Les dangers \u00e9lectriques et autres, pr\u00e9sents sur les postes de travail et plus particuli\u00e8rement sur les distances de s\u00e9curit\u00e9. Acqu\u00e9rir les connaissances n\u00e9cessaires pour reconna\u00eetre, \u00e9valuer et r\u00e9agir face aux risques \u00e9lectriques, ainsi que pour&hellip;<\/div>\n\t\t\t\t<div class=\"trx_addons_hover_links\">\n\t\t\t<a href=\"https:\/\/academie-immo.lu\/de\/courses\/risque-electrique-pour-personne-ordinaire\/\" class=\"trx_addons_hover_link\">More Info<\/a>\n\t\t\t\t\t<\/div>\n\t<\/div>\n<\/div>\n<\/div><div class=\"trx_addons_column-1_4\"><div class=\"sc_courses_item trx_addons_hover trx_addons_hover_style_links\">\n\t\t\t<div class=\"sc_courses_item_thumb\">\n\t\t\t<img loading=\"lazy\" decoding=\"async\" width=\"400\" height=\"300\" src=\"https:\/\/academie-immo.lu\/wp-content\/uploads\/2022\/06\/image-3.jpeg\" class=\"attachment-studeon-thumb-big-blogger size-studeon-thumb-big-blogger wp-post-image\" alt=\"Introduction \u00e0 la certification WELL Building\" srcset=\"https:\/\/academie-immo.lu\/wp-content\/uploads\/2022\/06\/image-3.jpeg 400w, https:\/\/academie-immo.lu\/wp-content\/uploads\/2022\/06\/image-3-300x225.jpeg 300w, https:\/\/academie-immo.lu\/wp-content\/uploads\/2022\/06\/image-3-370x278.jpeg 370w\" sizes=\"auto, (max-width: 400px) 100vw, 400px\" \/>\t\t\t<span class=\"sc_courses_item_categories\"><a href=\"https:\/\/academie-immo.lu\/de\/courses_group\/techniques-de-construction\/\" title=\"View all posts in Techniques de construction\">Techniques de construction<\/a><\/span>\n\t\t<\/div>\n\t\t<div class=\"sc_courses_item_info\">\n\t\t<div class=\"sc_courses_item_header\">\n\t\t\t<h5 class=\"sc_courses_item_title\">Introduction \u00e0 la certification WELL Building<\/h5>\n\t\t\t<div class=\"sc_courses_item_meta\">\n\t\t\t\t<span class=\"sc_courses_item_meta_item sc_courses_item_meta_date\">Starting <span class=\"sc_courses_item_date\">31\/12\/2034<\/span><\/span>\n\t\t\t\t<span class=\"sc_courses_item_meta_item sc_courses_item_meta_duration\"><\/span>\n            <\/div>\n\t\t\t<div class=\"sc_courses_item_price\"><\/div>\n\t\t<\/div>\n\n\t<\/div>\n\t<div class=\"trx_addons_hover_mask\"><\/div>\n\t<div class=\"trx_addons_hover_content\">\n\t\t<h5 class=\"trx_addons_hover_title\">Introduction \u00e0 la certification WELL Building<\/h5>\n\t\t\t\t\t<div class=\"trx_addons_hover_text\">OBJECTIFS DU MODULE Comprendre et e\u0302tre capable d&#8217;appliquer les bases de la certification WELL Building Connai\u0302tre les cate\u0301gories d&#8217;e\u0301valuation avec leurs diffe\u0301rents crite\u0300res et savoir quels aspects de la construction et autres sont pris en compte pour la certification Connai\u0302tre et savoir utiliser la plateforme en ligne de l&#8217;IWBI et les documents qui s&#8217;y rapportent. Comprendre les avantages d\u2019une certification&hellip;<\/div>\n\t\t\t\t<div class=\"trx_addons_hover_links\">\n\t\t\t<a href=\"https:\/\/academie-immo.lu\/de\/courses\/introduction-a-la-certification-well\/\" class=\"trx_addons_hover_link\">More Info<\/a>\n\t\t\t\t\t<\/div>\n\t<\/div>\n<\/div>\n<\/div><div class=\"trx_addons_column-1_4\"><div class=\"sc_courses_item trx_addons_hover trx_addons_hover_style_links\">\n\t\t\t<div class=\"sc_courses_item_thumb\">\n\t\t\t<img loading=\"lazy\" decoding=\"async\" width=\"400\" height=\"400\" src=\"https:\/\/academie-immo.lu\/wp-content\/uploads\/2024\/07\/image-1.jpeg\" class=\"attachment-studeon-thumb-big-blogger size-studeon-thumb-big-blogger wp-post-image\" alt=\"Vices et vices cach\u00e9s dans l&#8217;immobilier\" srcset=\"https:\/\/academie-immo.lu\/wp-content\/uploads\/2024\/07\/image-1.jpeg 400w, https:\/\/academie-immo.lu\/wp-content\/uploads\/2024\/07\/image-1-300x300.jpeg 300w, https:\/\/academie-immo.lu\/wp-content\/uploads\/2024\/07\/image-1-150x150.jpeg 150w, https:\/\/academie-immo.lu\/wp-content\/uploads\/2024\/07\/image-1-370x370.jpeg 370w, https:\/\/academie-immo.lu\/wp-content\/uploads\/2024\/07\/image-1-90x90.jpeg 90w\" sizes=\"auto, (max-width: 400px) 100vw, 400px\" \/>\t\t\t<span class=\"sc_courses_item_categories\"><a href=\"https:\/\/academie-immo.lu\/de\/courses_group\/techniques-immobilieres\/\" title=\"View all posts in Techniques immobili\u00e8res\">Techniques immobili\u00e8res<\/a><\/span>\n\t\t<\/div>\n\t\t<div class=\"sc_courses_item_info\">\n\t\t<div class=\"sc_courses_item_header\">\n\t\t\t<h5 class=\"sc_courses_item_title\">Vices et vices cach\u00e9s dans l&#8217;immobilier<\/h5>\n\t\t\t<div class=\"sc_courses_item_meta\">\n\t\t\t\t<span class=\"sc_courses_item_meta_item sc_courses_item_meta_date\">Starting <span class=\"sc_courses_item_date\">31\/12\/2034<\/span><\/span>\n\t\t\t\t<span class=\"sc_courses_item_meta_item sc_courses_item_meta_duration\"><\/span>\n            <\/div>\n\t\t\t<div class=\"sc_courses_item_price\"><\/div>\n\t\t<\/div>\n\n\t<\/div>\n\t<div class=\"trx_addons_hover_mask\"><\/div>\n\t<div class=\"trx_addons_hover_content\">\n\t\t<h5 class=\"trx_addons_hover_title\">Vices et vices cach\u00e9s dans l&#8217;immobilier<\/h5>\n\t\t\t\t\t<div class=\"trx_addons_hover_text\">OBJECTIFS DU MODULE Apprendre \u00e0 faire la diff\u00e9rence entre un vice et un vice cach\u00e9. Mesure \u00e0 prendre en cas de vices et vices cach\u00e9s. \u2026\u2026\u2026\u2026\u2026\u2026\u2026\u2026\u2026\u2026\u2026\u2026\u2026\u2026\u2026\u2026\u2026\u2026\u2026\u2026\u2026\u2026\u2026\u2026\u2026\u2026\u2026\u2026\u2026\u2026\u2026\u2026\u2026\u2026\u2026\u2026\u2026\u2026\u2026\u2026\u2026 CONTENUS P\u00c9DAGOGIQUES D\u00e9finition d&#8217;un vice apparent. D\u00e9finition d&#8217;un vice cach\u00e9. Quelles sont les diff\u00e9rences de vices dans des nouvelles constructions existantes. Vices et vices cach\u00e9s d&#8217;un point de vue l\u00e9gislatif. Exemples pour faire la&hellip;<\/div>\n\t\t\t\t<div class=\"trx_addons_hover_links\">\n\t\t\t<a href=\"https:\/\/academie-immo.lu\/de\/courses\/vices-et-vices-caches-dans-limmobilier\/\" class=\"trx_addons_hover_link\">More Info<\/a>\n\t\t\t\t\t<\/div>\n\t<\/div>\n<\/div>\n<\/div><\/div><\/div><!-- \/.sc_courses -->[\/vc_tta_section][\/vc_tta_tabs][vc_empty_space height=&#8220;100px&#8220; alter_height=&#8220;medium&#8220; hide_on_mobile=&#8220;&#8220;][vc_column_text]<\/p>\n<h3 style=\"text-align: center;\">Anmeldeformular f\u00fcr eine Ausbildung<\/h3>\n<p style=\"text-align: center;\">Bitte klicken Sie auf den untenstehenden Link, um eine Anmeldung vorzunehmen.<br \/>\n<strong>Bitte f\u00fcllen Sie pro Teilnehmer\/in ein Formular aus.<\/strong><\/p>\n<p>[\/vc_column_text][vc_btn title=&#8220;Anmeldeformular&#8220; link=&#8220;url:https%3A%2F%2Facademie-immo.lu%2Fwp-content%2Fuploads%2F2022%2F09%2FFiche-inscription-Academie-immo-2022.pdf&#8220;][\/vc_column][\/vc_row][vc_row el_class=&#8220;display_mobile_courses&#8220;][vc_column][vc_empty_space height=&#8220;150px&#8220; alter_height=&#8220;medium&#8220; hide_on_mobile=&#8220;&#8220;][vc_text_separator title=&#8220;Finden Sie unsere verschiedenen Module&#8220;][vc_tta_tabs alignment=&#8220;center&#8220; active_section=&#8220;1&#8243; title=&#8220;Unsere Schulungen&#8220;][vc_tta_section title=&#8220;Finden Sie unsere verschiedenen Module&#8220; tab_id=&#8220;1657088951185-0f2800ca-3b081657183789221&#8243;]<div class=\"sc_courses sc_courses_default\"><div class=\"sc_courses_columns sc_item_columns trx_addons_columns_wrap columns_padding_bottom\"><div class=\"trx_addons_column-1_4\"><div class=\"sc_courses_item trx_addons_hover trx_addons_hover_style_links\">\n\t\t\t<div class=\"sc_courses_item_thumb\">\n\t\t\t<img loading=\"lazy\" decoding=\"async\" width=\"740\" height=\"530\" src=\"https:\/\/academie-immo.lu\/wp-content\/uploads\/2023\/05\/housebuilding-g5e92dfc74_1280-740x530.jpg\" class=\"attachment-studeon-thumb-big-blogger size-studeon-thumb-big-blogger wp-post-image\" alt=\"Les travaux dans la copropri\u00e9t\u00e9\" \/>\t\t\t<span class=\"sc_courses_item_categories\"><a href=\"https:\/\/academie-immo.lu\/de\/courses_group\/techniques-immobilieres\/\" title=\"View all posts in Techniques immobili\u00e8res\">Techniques immobili\u00e8res<\/a><\/span>\n\t\t<\/div>\n\t\t<div class=\"sc_courses_item_info\">\n\t\t<div class=\"sc_courses_item_header\">\n\t\t\t<h5 class=\"sc_courses_item_title\">Les travaux dans la copropri\u00e9t\u00e9<\/h5>\n\t\t\t<div class=\"sc_courses_item_meta\">\n\t\t\t\t<span class=\"sc_courses_item_meta_item sc_courses_item_meta_date\">Starting <span class=\"sc_courses_item_date\">30\/06\/2033<\/span><\/span>\n\t\t\t\t<span class=\"sc_courses_item_meta_item sc_courses_item_meta_duration\">4h<\/span>\n            <\/div>\n\t\t\t<div class=\"sc_courses_item_price\"><\/div>\n\t\t<\/div>\n\n\t<\/div>\n\t<div class=\"trx_addons_hover_mask\"><\/div>\n\t<div class=\"trx_addons_hover_content\">\n\t\t<h5 class=\"trx_addons_hover_title\">Les travaux dans la copropri\u00e9t\u00e9<\/h5>\n\t\t\t\t\t<div class=\"trx_addons_hover_text\">OBJECTIFS DU MODULE Parmi les sujets les plus complexes abord\u00e9s dans le texte coordonn\u00e9 sur le statut de la copropri\u00e9t\u00e9 des immeubles b\u00e2tis figure sans doute celui des travaux \u00e0 effectuer dans une copropri\u00e9t\u00e9. Le probl\u00e8me se pose r\u00e9guli\u00e8rement dans les assembl\u00e9es g\u00e9n\u00e9rales, en raison des dispositions l\u00e9gales souvent consid\u00e9r\u00e9s incompl\u00e8tes et ou confuses. Le module aborde tous les diff\u00e9rents&hellip;<\/div>\n\t\t\t\t<div class=\"trx_addons_hover_links\">\n\t\t\t<a href=\"https:\/\/academie-immo.lu\/de\/courses\/les-travaux-dans-la-copropriete\/\" class=\"trx_addons_hover_link\">More Info<\/a>\n\t\t\t\t\t<\/div>\n\t<\/div>\n<\/div>\n<\/div><div class=\"trx_addons_column-1_4\"><div class=\"sc_courses_item trx_addons_hover trx_addons_hover_style_links\">\n\t\t\t<div class=\"sc_courses_item_thumb\">\n\t\t\t<img loading=\"lazy\" decoding=\"async\" width=\"400\" height=\"400\" src=\"https:\/\/academie-immo.lu\/wp-content\/uploads\/2023\/05\/image-2.jpeg\" class=\"attachment-studeon-thumb-big-blogger size-studeon-thumb-big-blogger wp-post-image\" alt=\"Communiquer dans des situations difficiles\" srcset=\"https:\/\/academie-immo.lu\/wp-content\/uploads\/2023\/05\/image-2.jpeg 400w, https:\/\/academie-immo.lu\/wp-content\/uploads\/2023\/05\/image-2-300x300.jpeg 300w, https:\/\/academie-immo.lu\/wp-content\/uploads\/2023\/05\/image-2-150x150.jpeg 150w, https:\/\/academie-immo.lu\/wp-content\/uploads\/2023\/05\/image-2-370x370.jpeg 370w, https:\/\/academie-immo.lu\/wp-content\/uploads\/2023\/05\/image-2-90x90.jpeg 90w\" sizes=\"auto, (max-width: 400px) 100vw, 400px\" \/>\t\t\t<span class=\"sc_courses_item_categories\"><a href=\"https:\/\/academie-immo.lu\/de\/courses_group\/competences-tranversales\/\" title=\"View all posts in Comp\u00e9tences transversales\">Comp\u00e9tences transversales<\/a><\/span>\n\t\t<\/div>\n\t\t<div class=\"sc_courses_item_info\">\n\t\t<div class=\"sc_courses_item_header\">\n\t\t\t<h5 class=\"sc_courses_item_title\">Communiquer dans des situations difficiles<\/h5>\n\t\t\t<div class=\"sc_courses_item_meta\">\n\t\t\t\t<span class=\"sc_courses_item_meta_item sc_courses_item_meta_date\">Starting <span class=\"sc_courses_item_date\">30\/06\/2033<\/span><\/span>\n\t\t\t\t<span class=\"sc_courses_item_meta_item sc_courses_item_meta_duration\">8h<\/span>\n            <\/div>\n\t\t\t<div class=\"sc_courses_item_price\"><\/div>\n\t\t<\/div>\n\n\t<\/div>\n\t<div class=\"trx_addons_hover_mask\"><\/div>\n\t<div class=\"trx_addons_hover_content\">\n\t\t<h5 class=\"trx_addons_hover_title\">Communiquer dans des situations difficiles<\/h5>\n\t\t\t\t\t<div class=\"trx_addons_hover_text\">OBJECTIFS DU MODULE R\u00e9soudre des situations de communication difficile avec un client. CONTENUS P\u00c9DAGOGIQUES Communication\u00a0: verbale et non-verbale, rationnelle et \u00e9motionnelle, Importance de l&#8217;assertivit\u00e9 et de l&#8217;empathie, Le mod\u00e8le d\u2019escalade d&#8217;un conflit, Votre position dans la gestion des situations difficiles. M\u00c9THODES P\u00c9DAGOGIQUES Enseignements th\u00e9oriques, discussions de groupe, \u00e9change d\u2019exp\u00e9riences CERTIFICATION Attestation de pr\u00e9sence INFORMATIONS PRATIQUES\u00a0 Pr\u00e9sentiel en centre de formation&hellip;<\/div>\n\t\t\t\t<div class=\"trx_addons_hover_links\">\n\t\t\t<a href=\"https:\/\/academie-immo.lu\/de\/courses\/communiquer-dans-des-situations-difficiles\/\" class=\"trx_addons_hover_link\">More Info<\/a>\n\t\t\t\t\t<\/div>\n\t<\/div>\n<\/div>\n<\/div><div class=\"trx_addons_column-1_4\"><div class=\"sc_courses_item trx_addons_hover trx_addons_hover_style_links\">\n\t\t\t<div class=\"sc_courses_item_thumb\">\n\t\t\t<img loading=\"lazy\" decoding=\"async\" width=\"740\" height=\"530\" src=\"https:\/\/academie-immo.lu\/wp-content\/uploads\/2023\/05\/office-g143d04d23_1280-740x530.jpg\" class=\"attachment-studeon-thumb-big-blogger size-studeon-thumb-big-blogger wp-post-image\" alt=\"Introduction \u00e0 la gestion de projet\" \/>\t\t\t<span class=\"sc_courses_item_categories\"><a href=\"https:\/\/academie-immo.lu\/de\/courses_group\/competences-tranversales\/\" title=\"View all posts in Comp\u00e9tences transversales\">Comp\u00e9tences transversales<\/a><\/span>\n\t\t<\/div>\n\t\t<div class=\"sc_courses_item_info\">\n\t\t<div class=\"sc_courses_item_header\">\n\t\t\t<h5 class=\"sc_courses_item_title\">Introduction \u00e0 la gestion de projet<\/h5>\n\t\t\t<div class=\"sc_courses_item_meta\">\n\t\t\t\t<span class=\"sc_courses_item_meta_item sc_courses_item_meta_date\">Starting <span class=\"sc_courses_item_date\">30\/06\/2033<\/span><\/span>\n\t\t\t\t<span class=\"sc_courses_item_meta_item sc_courses_item_meta_duration\"><\/span>\n            <\/div>\n\t\t\t<div class=\"sc_courses_item_price\"><\/div>\n\t\t<\/div>\n\n\t<\/div>\n\t<div class=\"trx_addons_hover_mask\"><\/div>\n\t<div class=\"trx_addons_hover_content\">\n\t\t<h5 class=\"trx_addons_hover_title\">Introduction \u00e0 la gestion de projet<\/h5>\n\t\t\t\t\t<div class=\"trx_addons_hover_text\">OBJECTIFS DU MODULE D\u00e9marrer et g\u00e9rer des projets avec succ\u00e8s R\u00e9ussir des projets Acqu\u00e9rir les m\u00e9thodes et outils de base autour d&#8217;un projet Acqu\u00e9rir des outils pour mieux piloter un projet CONTENUS P\u00c9DAGOGIQUES L&#8217;\u00e9laboration du projet L&#8217;organisation du projet La planification, le contr\u00f4le et le suivi Connaissance des phases de pilotage de projet Compr\u00e9hension de base de la gestion de&hellip;<\/div>\n\t\t\t\t<div class=\"trx_addons_hover_links\">\n\t\t\t<a href=\"https:\/\/academie-immo.lu\/de\/courses\/introduction-a-la-gestion-de-projet\/\" class=\"trx_addons_hover_link\">More Info<\/a>\n\t\t\t\t\t<\/div>\n\t<\/div>\n<\/div>\n<\/div><div class=\"trx_addons_column-1_4\"><div class=\"sc_courses_item trx_addons_hover trx_addons_hover_style_links\">\n\t\t\t<div class=\"sc_courses_item_thumb\">\n\t\t\t<img loading=\"lazy\" decoding=\"async\" width=\"740\" height=\"530\" src=\"https:\/\/academie-immo.lu\/wp-content\/uploads\/2023\/05\/wheelie-bin-g275a9232d_1280-740x530.jpg\" class=\"attachment-studeon-thumb-big-blogger size-studeon-thumb-big-blogger wp-post-image\" alt=\"Gestion et pr\u00e9vention des d\u00e9chets en immeuble r\u00e9sidentiel\" \/>\t\t\t<span class=\"sc_courses_item_categories\"><a href=\"https:\/\/academie-immo.lu\/de\/courses_group\/techniques-immobilieres\/\" title=\"View all posts in Techniques immobili\u00e8res\">Techniques immobili\u00e8res<\/a><\/span>\n\t\t<\/div>\n\t\t<div class=\"sc_courses_item_info\">\n\t\t<div class=\"sc_courses_item_header\">\n\t\t\t<h5 class=\"sc_courses_item_title\">Gestion et pr\u00e9vention des d\u00e9chets en immeuble r\u00e9sidentiel<\/h5>\n\t\t\t<div class=\"sc_courses_item_meta\">\n\t\t\t\t<span class=\"sc_courses_item_meta_item sc_courses_item_meta_date\">Starting <span class=\"sc_courses_item_date\">31\/07\/2033<\/span><\/span>\n\t\t\t\t<span class=\"sc_courses_item_meta_item sc_courses_item_meta_duration\">8H<\/span>\n            <\/div>\n\t\t\t<div class=\"sc_courses_item_price\"><\/div>\n\t\t<\/div>\n\n\t<\/div>\n\t<div class=\"trx_addons_hover_mask\"><\/div>\n\t<div class=\"trx_addons_hover_content\">\n\t\t<h5 class=\"trx_addons_hover_title\">Gestion et pr\u00e9vention des d\u00e9chets en immeuble r\u00e9sidentiel<\/h5>\n\t\t\t\t\t<div class=\"trx_addons_hover_text\">OBJECTIFS DU MODULE Cette formation a comme objectif d\u2019informer les acteurs du secteur de l\u2019immobilier sur la gestion efficace et durable des d\u00e9chets dans les immeubles r\u00e9sidentiels conform\u00e9ment aux dispositions l\u00e9gales. Cette formation s\u2019inscrit dans l\u2019activit\u00e9 SDK Residenzen de la SuperDrecksK\u00ebscht\u00ae CONTENUS P\u00c9DAGOGIQUES\u00a0 D\u00e9couvrir et comprendre : les \u00e9l\u00e9ments de la gestion des d\u00e9chets dans le contexte d\u2019un immeuble r\u00e9sidentiel,&hellip;<\/div>\n\t\t\t\t<div class=\"trx_addons_hover_links\">\n\t\t\t<a href=\"https:\/\/academie-immo.lu\/de\/courses\/gestion-et-prevention-des-dechets-en-immeuble-residentiel\/\" class=\"trx_addons_hover_link\">More Info<\/a>\n\t\t\t\t\t<\/div>\n\t<\/div>\n<\/div>\n<\/div><div class=\"trx_addons_column-1_4\"><div class=\"sc_courses_item trx_addons_hover trx_addons_hover_style_links\">\n\t\t\t<div class=\"sc_courses_item_thumb\">\n\t\t\t<img loading=\"lazy\" decoding=\"async\" width=\"740\" height=\"530\" src=\"https:\/\/academie-immo.lu\/wp-content\/uploads\/2022\/06\/mediamodifier-I3HPUolh5hA-unsplash-740x530.jpg\" class=\"attachment-studeon-thumb-big-blogger size-studeon-thumb-big-blogger wp-post-image\" alt=\"\u00c9tude de rentabilit\u00e9\" \/>\t\t\t<span class=\"sc_courses_item_categories\"><a href=\"https:\/\/academie-immo.lu\/de\/courses_group\/economie\/\" title=\"View all posts in \u00c9conomie\">\u00c9conomie<\/a><\/span>\n\t\t<\/div>\n\t\t<div class=\"sc_courses_item_info\">\n\t\t<div class=\"sc_courses_item_header\">\n\t\t\t<h5 class=\"sc_courses_item_title\">\u00c9tude de rentabilit\u00e9<\/h5>\n\t\t\t<div class=\"sc_courses_item_meta\">\n\t\t\t\t<span class=\"sc_courses_item_meta_item sc_courses_item_meta_date\">Starting <span class=\"sc_courses_item_date\">25\/08\/2033<\/span><\/span>\n\t\t\t\t<span class=\"sc_courses_item_meta_item sc_courses_item_meta_duration\"><\/span>\n            <\/div>\n\t\t\t<div class=\"sc_courses_item_price\"><\/div>\n\t\t<\/div>\n\n\t<\/div>\n\t<div class=\"trx_addons_hover_mask\"><\/div>\n\t<div class=\"trx_addons_hover_content\">\n\t\t<h5 class=\"trx_addons_hover_title\">\u00c9tude de rentabilit\u00e9<\/h5>\n\t\t\t\t\t<div class=\"trx_addons_hover_text\">OBJECTIFS DU MODULE Cette initiation au m\u00e9tier de prospecteur foncier vise \u00e0 fournir aux participants les comp\u00e9tences essentielles pour \u00e9valuer la faisabilit\u00e9 d&#8217;un projet immobilier. Ils acquerront une compr\u00e9hension approfondie de sujets tels que la constructibilit\u00e9 du terrain, l&#8217;\u00e9tude de march\u00e9, la mod\u00e9lisation financi\u00e8re et l&#8217;analyse des risques. CONTENUS P\u00c9DAGOGIQUES Initiation au m\u00e9tier de prospecteur foncier chez un promoteur immobilier.&hellip;<\/div>\n\t\t\t\t<div class=\"trx_addons_hover_links\">\n\t\t\t<a href=\"https:\/\/academie-immo.lu\/de\/courses\/etudes-de-rentabilite\/\" class=\"trx_addons_hover_link\">More Info<\/a>\n\t\t\t\t\t<\/div>\n\t<\/div>\n<\/div>\n<\/div><div class=\"trx_addons_column-1_4\"><div class=\"sc_courses_item trx_addons_hover trx_addons_hover_style_links\">\n\t\t\t<div class=\"sc_courses_item_thumb\">\n\t\t\t<img loading=\"lazy\" decoding=\"async\" width=\"740\" height=\"530\" src=\"https:\/\/academie-immo.lu\/wp-content\/uploads\/2022\/03\/Untitled-design-4-2-740x530.png\" class=\"attachment-studeon-thumb-big-blogger size-studeon-thumb-big-blogger wp-post-image\" alt=\"\u00c9valuation immobili\u00e8re\" \/>\t\t\t<span class=\"sc_courses_item_categories\"><a href=\"https:\/\/academie-immo.lu\/de\/courses_group\/techniques-immobilieres\/\" title=\"View all posts in Techniques immobili\u00e8res\">Techniques immobili\u00e8res<\/a><\/span>\n\t\t<\/div>\n\t\t<div class=\"sc_courses_item_info\">\n\t\t<div class=\"sc_courses_item_header\">\n\t\t\t<h5 class=\"sc_courses_item_title\">\u00c9valuation immobili\u00e8re<\/h5>\n\t\t\t<div class=\"sc_courses_item_meta\">\n\t\t\t\t<span class=\"sc_courses_item_meta_item sc_courses_item_meta_date\">Starting <span class=\"sc_courses_item_date\">31\/08\/2033<\/span><\/span>\n\t\t\t\t<span class=\"sc_courses_item_meta_item sc_courses_item_meta_duration\"><\/span>\n            <\/div>\n\t\t\t<div class=\"sc_courses_item_price\"><\/div>\n\t\t<\/div>\n\n\t<\/div>\n\t<div class=\"trx_addons_hover_mask\"><\/div>\n\t<div class=\"trx_addons_hover_content\">\n\t\t<h5 class=\"trx_addons_hover_title\">\u00c9valuation immobili\u00e8re<\/h5>\n\t\t\t\t\t<div class=\"trx_addons_hover_text\">OBJECTIFS DU MODULE L\u2019objectif de ce module est de d\u00e9finir la valeur d\u2019un bien immobilier, de comprendre les standards d\u2019\u00e9valuation immobili\u00e8re et enfin d\u2019aborder cinq m\u00e9thodes d\u2019\u00e9valuation. CONTENUS P\u00c9DAGOGIQUES\u00a0 D\u00e9finir la valeur d&#8217;un bien et \u00e0 quel usage Comprendre les m\u00e9canismes d&#8217;\u00e9valuation suivant les approches par : le march\u00e9, le revenu, les co\u00fbts Appliquer les m\u00e9thodes d&#8217;\u00e9valuation : comparative, r\u00e9siduelle,&hellip;<\/div>\n\t\t\t\t<div class=\"trx_addons_hover_links\">\n\t\t\t<a href=\"https:\/\/academie-immo.lu\/de\/courses\/evaluation-immobiliere\/\" class=\"trx_addons_hover_link\">More Info<\/a>\n\t\t\t\t\t<\/div>\n\t<\/div>\n<\/div>\n<\/div><div class=\"trx_addons_column-1_4\"><div class=\"sc_courses_item trx_addons_hover trx_addons_hover_style_links\">\n\t\t\t<div class=\"sc_courses_item_thumb\">\n\t\t\t<img loading=\"lazy\" decoding=\"async\" width=\"740\" height=\"530\" src=\"https:\/\/academie-immo.lu\/wp-content\/uploads\/2023\/05\/feedback-g5ab0aca8c_1280-740x530.jpg\" class=\"attachment-studeon-thumb-big-blogger size-studeon-thumb-big-blogger wp-post-image\" alt=\"N\u00e9gociation commerciale\" \/>\t\t\t<span class=\"sc_courses_item_categories\"><a href=\"https:\/\/academie-immo.lu\/de\/courses_group\/competences-tranversales\/\" title=\"View all posts in Comp\u00e9tences transversales\">Comp\u00e9tences transversales<\/a><\/span>\n\t\t<\/div>\n\t\t<div class=\"sc_courses_item_info\">\n\t\t<div class=\"sc_courses_item_header\">\n\t\t\t<h5 class=\"sc_courses_item_title\">N\u00e9gociation commerciale<\/h5>\n\t\t\t<div class=\"sc_courses_item_meta\">\n\t\t\t\t<span class=\"sc_courses_item_meta_item sc_courses_item_meta_date\">Starting <span class=\"sc_courses_item_date\">31\/08\/2033<\/span><\/span>\n\t\t\t\t<span class=\"sc_courses_item_meta_item sc_courses_item_meta_duration\"><\/span>\n            <\/div>\n\t\t\t<div class=\"sc_courses_item_price\"><\/div>\n\t\t<\/div>\n\n\t<\/div>\n\t<div class=\"trx_addons_hover_mask\"><\/div>\n\t<div class=\"trx_addons_hover_content\">\n\t\t<h5 class=\"trx_addons_hover_title\">N\u00e9gociation commerciale<\/h5>\n\t\t\t\t\t<div class=\"trx_addons_hover_text\">OBJECTIFS DU MODULE L\u2019objectif de ce module est de d\u00e9cortiquer les m\u00e9canismes de persuasion et de n\u00e9gociation afin de pouvoir les appliquer de fa\u00e7on \u00e9thique dans les m\u00e9tiers de l\u2019immobilier. Le but est de comprendre comment utiliser les m\u00e9canismes de persuasion et de n\u00e9gociation suivant 6 principes (r\u00e9ciprocit\u00e9, engagement, preuve sociale, autorit\u00e9, raret\u00e9, sympathie). CONTENUS P\u00c9DAGOGIQUES\u00a0 Pourquoi sommes-nous amen\u00e9s \u00e0&hellip;<\/div>\n\t\t\t\t<div class=\"trx_addons_hover_links\">\n\t\t\t<a href=\"https:\/\/academie-immo.lu\/de\/courses\/negociation-commerciale\/\" class=\"trx_addons_hover_link\">More Info<\/a>\n\t\t\t\t\t<\/div>\n\t<\/div>\n<\/div>\n<\/div><div class=\"trx_addons_column-1_4\"><div class=\"sc_courses_item trx_addons_hover trx_addons_hover_style_links\">\n\t\t\t<div class=\"sc_courses_item_thumb\">\n\t\t\t<img loading=\"lazy\" decoding=\"async\" width=\"740\" height=\"530\" src=\"https:\/\/academie-immo.lu\/wp-content\/uploads\/2017\/02\/sungrow-emea-itv-MC5S6cU-unsplash-740x530.jpg\" class=\"attachment-studeon-thumb-big-blogger size-studeon-thumb-big-blogger wp-post-image\" alt=\"Maisons passives\" \/>\t\t\t<span class=\"sc_courses_item_categories\"><a href=\"https:\/\/academie-immo.lu\/de\/courses_group\/techniques-de-construction\/\" title=\"View all posts in Techniques de construction\">Techniques de construction<\/a><\/span>\n\t\t<\/div>\n\t\t<div class=\"sc_courses_item_info\">\n\t\t<div class=\"sc_courses_item_header\">\n\t\t\t<h5 class=\"sc_courses_item_title\">Maisons passives<\/h5>\n\t\t\t<div class=\"sc_courses_item_meta\">\n\t\t\t\t<span class=\"sc_courses_item_meta_item sc_courses_item_meta_date\">Starting <span class=\"sc_courses_item_date\">31\/08\/2033<\/span><\/span>\n\t\t\t\t<span class=\"sc_courses_item_meta_item sc_courses_item_meta_duration\"><\/span>\n            <\/div>\n\t\t\t<div class=\"sc_courses_item_price\"><\/div>\n\t\t<\/div>\n\n\t<\/div>\n\t<div class=\"trx_addons_hover_mask\"><\/div>\n\t<div class=\"trx_addons_hover_content\">\n\t\t<h5 class=\"trx_addons_hover_title\">Maisons passives<\/h5>\n\t\t\t\t\t<div class=\"trx_addons_hover_text\">OBJECTIFS DU MODULE Comprendre les principes de base de la maison passive. Conna\u00eetre les avantages et les enjeux de la maison passive en termes de performance \u00e9nerg\u00e9tique et environnementale. Savoir concevoir et construire une maison passive en respectant les normes et les crit\u00e8res de certification. Apprendre \u00e0 optimiser l&#8217;efficacit\u00e9 \u00e9nerg\u00e9tique d&#8217;une maison existante en la rendant plus proche des standards&hellip;<\/div>\n\t\t\t\t<div class=\"trx_addons_hover_links\">\n\t\t\t<a href=\"https:\/\/academie-immo.lu\/de\/courses\/maisons-passives\/\" class=\"trx_addons_hover_link\">More Info<\/a>\n\t\t\t\t\t<\/div>\n\t<\/div>\n<\/div>\n<\/div><div class=\"trx_addons_column-1_4\"><div class=\"sc_courses_item trx_addons_hover trx_addons_hover_style_links\">\n\t\t\t<div class=\"sc_courses_item_thumb\">\n\t\t\t<img loading=\"lazy\" decoding=\"async\" width=\"400\" height=\"300\" src=\"https:\/\/academie-immo.lu\/wp-content\/uploads\/2023\/08\/image.jpeg\" class=\"attachment-studeon-thumb-big-blogger size-studeon-thumb-big-blogger wp-post-image\" alt=\"Fiscalit\u00e9 de l\u2019Immobilier\" srcset=\"https:\/\/academie-immo.lu\/wp-content\/uploads\/2023\/08\/image.jpeg 400w, https:\/\/academie-immo.lu\/wp-content\/uploads\/2023\/08\/image-300x225.jpeg 300w, https:\/\/academie-immo.lu\/wp-content\/uploads\/2023\/08\/image-370x278.jpeg 370w\" sizes=\"auto, (max-width: 400px) 100vw, 400px\" \/>\t\t\t<span class=\"sc_courses_item_categories\"><a href=\"https:\/\/academie-immo.lu\/de\/courses_group\/economie\/\" title=\"View all posts in \u00c9conomie\">\u00c9conomie<\/a><\/span>\n\t\t<\/div>\n\t\t<div class=\"sc_courses_item_info\">\n\t\t<div class=\"sc_courses_item_header\">\n\t\t\t<h5 class=\"sc_courses_item_title\">Fiscalit\u00e9 de l\u2019Immobilier<\/h5>\n\t\t\t<div class=\"sc_courses_item_meta\">\n\t\t\t\t<span class=\"sc_courses_item_meta_item sc_courses_item_meta_date\">Starting <span class=\"sc_courses_item_date\">31\/08\/2033<\/span><\/span>\n\t\t\t\t<span class=\"sc_courses_item_meta_item sc_courses_item_meta_duration\"><\/span>\n            <\/div>\n\t\t\t<div class=\"sc_courses_item_price\"><\/div>\n\t\t<\/div>\n\n\t<\/div>\n\t<div class=\"trx_addons_hover_mask\"><\/div>\n\t<div class=\"trx_addons_hover_content\">\n\t\t<h5 class=\"trx_addons_hover_title\">Fiscalit\u00e9 de l\u2019Immobilier<\/h5>\n\t\t\t\t\t<div class=\"trx_addons_hover_text\">OBJECTIFS DU MODULE Comprendre les bases de la fiscalit\u00e9 Luxembourgeoise et les administrations ex\u00e9cutant la l\u00e9gislation fiscale au Luxembourg. Explorer les modes de d\u00e9tention immobili\u00e8re. Ma\u00eetriser les imp\u00f4ts li\u00e9s \u00e0 l&#8217;acquisition, la d\u00e9tention immobili\u00e8re et la vente immobili\u00e8re. Se familiariser avec l\u2019imposition des successions et donations. Conseiller efficacement sur la fiscalit\u00e9 immobili\u00e8re. CONTENUS P\u00c9DAGOGIQUES Initiation \u00e0 la fiscalit\u00e9 Luxembourgeoise. Modes&hellip;<\/div>\n\t\t\t\t<div class=\"trx_addons_hover_links\">\n\t\t\t<a href=\"https:\/\/academie-immo.lu\/de\/courses\/fiscalite-de-limmobilier\/\" class=\"trx_addons_hover_link\">More Info<\/a>\n\t\t\t\t\t<\/div>\n\t<\/div>\n<\/div>\n<\/div><div class=\"trx_addons_column-1_4\"><div class=\"sc_courses_item trx_addons_hover trx_addons_hover_style_links\">\n\t\t\t<div class=\"sc_courses_item_thumb\">\n\t\t\t<img loading=\"lazy\" decoding=\"async\" width=\"740\" height=\"530\" src=\"https:\/\/academie-immo.lu\/wp-content\/uploads\/2023\/05\/housebuilding-g5e92dfc74_1280-740x530.jpg\" class=\"attachment-studeon-thumb-big-blogger size-studeon-thumb-big-blogger wp-post-image\" alt=\"Techniques de construction\" \/>\t\t\t<span class=\"sc_courses_item_categories\"><a href=\"https:\/\/academie-immo.lu\/de\/courses_group\/techniques-de-construction\/\" title=\"View all posts in Techniques de construction\">Techniques de construction<\/a><\/span>\n\t\t<\/div>\n\t\t<div class=\"sc_courses_item_info\">\n\t\t<div class=\"sc_courses_item_header\">\n\t\t\t<h5 class=\"sc_courses_item_title\">Techniques de construction<\/h5>\n\t\t\t<div class=\"sc_courses_item_meta\">\n\t\t\t\t<span class=\"sc_courses_item_meta_item sc_courses_item_meta_date\">Starting <span class=\"sc_courses_item_date\">31\/08\/2033<\/span><\/span>\n\t\t\t\t<span class=\"sc_courses_item_meta_item sc_courses_item_meta_duration\"><\/span>\n            <\/div>\n\t\t\t<div class=\"sc_courses_item_price\"><\/div>\n\t\t<\/div>\n\n\t<\/div>\n\t<div class=\"trx_addons_hover_mask\"><\/div>\n\t<div class=\"trx_addons_hover_content\">\n\t\t<h5 class=\"trx_addons_hover_title\">Techniques de construction<\/h5>\n\t\t\t\t\t<div class=\"trx_addons_hover_text\">OBJECTIFS DU MODULE Connaitre les diff\u00e9rents types de sols et de fondations Connaitre les caract\u00e9ristiques du b\u00e9ton arm\u00e9 Connaitre les diff\u00e9rents types de ma\u00e7onnerie Connaitre les syst\u00e8mes de fonctionnement des halls et b\u00e2timents fonctionnels CONTENUS P\u00c9DAGOGIQUES Normes Luxembourgeoises Format de construction DNA EN 206 M\u00c9THODES P\u00c9DAGOGIQUES Enseignements th\u00e9oriques CERTIFICATION Document de validation\u00a0: Attestation de participation INFORMATIONS PRATIQUES\u00a0 Pr\u00e9sentiel en centre&hellip;<\/div>\n\t\t\t\t<div class=\"trx_addons_hover_links\">\n\t\t\t<a href=\"https:\/\/academie-immo.lu\/de\/courses\/techniques-de-construction\/\" class=\"trx_addons_hover_link\">More Info<\/a>\n\t\t\t\t\t<\/div>\n\t<\/div>\n<\/div>\n<\/div><div class=\"trx_addons_column-1_4\"><div class=\"sc_courses_item trx_addons_hover trx_addons_hover_style_links\">\n\t\t\t<div class=\"sc_courses_item_thumb\">\n\t\t\t<img loading=\"lazy\" decoding=\"async\" width=\"740\" height=\"530\" src=\"https:\/\/academie-immo.lu\/wp-content\/uploads\/2023\/10\/team-4386222_1280-740x530.png\" class=\"attachment-studeon-thumb-big-blogger size-studeon-thumb-big-blogger wp-post-image\" alt=\"Salari\u00e9 D\u00e9sign\u00e9 \u00e0 la s\u00e9curit\u00e9 et sant\u00e9 au travail &#8211; Groupe A\" \/>\t\t\t<span class=\"sc_courses_item_categories\"><a href=\"https:\/\/academie-immo.lu\/de\/courses_group\/securite\/\" title=\"View all posts in S\u00e9curit\u00e9\">S\u00e9curit\u00e9<\/a><\/span>\n\t\t<\/div>\n\t\t<div class=\"sc_courses_item_info\">\n\t\t<div class=\"sc_courses_item_header\">\n\t\t\t<h5 class=\"sc_courses_item_title\">Salari\u00e9 D\u00e9sign\u00e9 \u00e0 la s\u00e9curit\u00e9 et sant\u00e9 au travail &#8211; Groupe A<\/h5>\n\t\t\t<div class=\"sc_courses_item_meta\">\n\t\t\t\t<span class=\"sc_courses_item_meta_item sc_courses_item_meta_date\">Starting <span class=\"sc_courses_item_date\">29\/10\/2033<\/span><\/span>\n\t\t\t\t<span class=\"sc_courses_item_meta_item sc_courses_item_meta_duration\"><\/span>\n            <\/div>\n\t\t\t<div class=\"sc_courses_item_price\"><\/div>\n\t\t<\/div>\n\n\t<\/div>\n\t<div class=\"trx_addons_hover_mask\"><\/div>\n\t<div class=\"trx_addons_hover_content\">\n\t\t<h5 class=\"trx_addons_hover_title\">Salari\u00e9 D\u00e9sign\u00e9 \u00e0 la s\u00e9curit\u00e9 et sant\u00e9 au travail &#8211; Groupe A<\/h5>\n\t\t\t\t\t<div class=\"trx_addons_hover_text\">OBJECTIFS DU MODULE Devenir salari\u00e9 d\u00e9sign\u00e9 en entreprise artisanale comprenant entre 1 et 15 salari\u00e9s. CONTENUS P\u00c9DAGOGIQUES Le programme de la formation est bas\u00e9 sur l&#8216;Arr\u00eat\u00e9 minist\u00e9riel du 18 juillet 2007 d\u00e9terminant les programmes des diff\u00e9rents cycles de formation pour salari\u00e9s d\u00e9sign\u00e9s. Pr\u00e9sentation des missions et de la fonction du travailleur d\u00e9sign\u00e9, L\u00e9gislation concernant la s\u00e9curit\u00e9 et la sant\u00e9 sur&hellip;<\/div>\n\t\t\t\t<div class=\"trx_addons_hover_links\">\n\t\t\t<a href=\"https:\/\/academie-immo.lu\/de\/courses\/salarie-designe-a-la-securite-et-sante-au-travail-groupe-a\/\" class=\"trx_addons_hover_link\">More Info<\/a>\n\t\t\t\t\t<\/div>\n\t<\/div>\n<\/div>\n<\/div><div class=\"trx_addons_column-1_4\"><div class=\"sc_courses_item trx_addons_hover trx_addons_hover_style_links\">\n\t\t\t<div class=\"sc_courses_item_thumb\">\n\t\t\t<img loading=\"lazy\" decoding=\"async\" width=\"740\" height=\"530\" src=\"https:\/\/academie-immo.lu\/wp-content\/uploads\/2023\/10\/Capture-decran-2023-11-02-a-15.28.58-740x530.png\" class=\"attachment-studeon-thumb-big-blogger size-studeon-thumb-big-blogger wp-post-image\" alt=\"Ma\u00eetriser la Gestion de la paie au Luxembourg\" \/>\t\t\t<span class=\"sc_courses_item_categories\"><a href=\"https:\/\/academie-immo.lu\/de\/courses_group\/competences-tranversales\/\" title=\"View all posts in Comp\u00e9tences transversales\">Comp\u00e9tences transversales<\/a><\/span>\n\t\t<\/div>\n\t\t<div class=\"sc_courses_item_info\">\n\t\t<div class=\"sc_courses_item_header\">\n\t\t\t<h5 class=\"sc_courses_item_title\">Ma\u00eetriser la Gestion de la paie au Luxembourg<\/h5>\n\t\t\t<div class=\"sc_courses_item_meta\">\n\t\t\t\t<span class=\"sc_courses_item_meta_item sc_courses_item_meta_date\">Starting <span class=\"sc_courses_item_date\">30\/11\/2033<\/span><\/span>\n\t\t\t\t<span class=\"sc_courses_item_meta_item sc_courses_item_meta_duration\"><\/span>\n            <\/div>\n\t\t\t<div class=\"sc_courses_item_price\"><\/div>\n\t\t<\/div>\n\n\t<\/div>\n\t<div class=\"trx_addons_hover_mask\"><\/div>\n\t<div class=\"trx_addons_hover_content\">\n\t\t<h5 class=\"trx_addons_hover_title\">Ma\u00eetriser la Gestion de la paie au Luxembourg<\/h5>\n\t\t\t\t\t<div class=\"trx_addons_hover_text\">OBJECTIFS DU MODULE Comprendre les principales rubriques d&#8217;une fiche de salaire (brut ou net). Identifier les diff\u00e9rents pr\u00e9l\u00e8vements sociaux. D\u00e9crypter les bar\u00e8mes d&#8217;imposition. CONTENUS P\u00c9DAGOGIQUES Collecter les instructions salaires Les absences : cong\u00e9 maternit\u00e9, parental, maladie, &#8230; Le changement de temps de travail L\u2019arriv\u00e9e ou le d\u00e9part en cours de mois Le licenciement Comprendre la composition du salaire brut La&hellip;<\/div>\n\t\t\t\t<div class=\"trx_addons_hover_links\">\n\t\t\t<a href=\"https:\/\/academie-immo.lu\/de\/courses\/maitriser-la-gestion-de-la-paie-au-luxembourg\/\" class=\"trx_addons_hover_link\">More Info<\/a>\n\t\t\t\t\t<\/div>\n\t<\/div>\n<\/div>\n<\/div><div class=\"trx_addons_column-1_4\"><div class=\"sc_courses_item trx_addons_hover trx_addons_hover_style_links\">\n\t\t\t<div class=\"sc_courses_item_thumb\">\n\t\t\t<img loading=\"lazy\" decoding=\"async\" width=\"400\" height=\"400\" src=\"https:\/\/academie-immo.lu\/wp-content\/uploads\/2024\/03\/image.jpeg\" class=\"attachment-studeon-thumb-big-blogger size-studeon-thumb-big-blogger wp-post-image\" alt=\"Efficience \u00e9nerg\u00e9tique des b\u00e2timents\" srcset=\"https:\/\/academie-immo.lu\/wp-content\/uploads\/2024\/03\/image.jpeg 400w, https:\/\/academie-immo.lu\/wp-content\/uploads\/2024\/03\/image-300x300.jpeg 300w, https:\/\/academie-immo.lu\/wp-content\/uploads\/2024\/03\/image-150x150.jpeg 150w, https:\/\/academie-immo.lu\/wp-content\/uploads\/2024\/03\/image-370x370.jpeg 370w, https:\/\/academie-immo.lu\/wp-content\/uploads\/2024\/03\/image-90x90.jpeg 90w\" sizes=\"auto, (max-width: 400px) 100vw, 400px\" \/>\t\t\t<span class=\"sc_courses_item_categories\"><a href=\"https:\/\/academie-immo.lu\/de\/courses_group\/techniques-immobilieres\/\" title=\"View all posts in Techniques immobili\u00e8res\">Techniques immobili\u00e8res<\/a><\/span>\n\t\t<\/div>\n\t\t<div class=\"sc_courses_item_info\">\n\t\t<div class=\"sc_courses_item_header\">\n\t\t\t<h5 class=\"sc_courses_item_title\">Efficience \u00e9nerg\u00e9tique des b\u00e2timents<\/h5>\n\t\t\t<div class=\"sc_courses_item_meta\">\n\t\t\t\t<span class=\"sc_courses_item_meta_item sc_courses_item_meta_date\">Starting <span class=\"sc_courses_item_date\">30\/11\/2033<\/span><\/span>\n\t\t\t\t<span class=\"sc_courses_item_meta_item sc_courses_item_meta_duration\"><\/span>\n            <\/div>\n\t\t\t<div class=\"sc_courses_item_price\"><\/div>\n\t\t<\/div>\n\n\t<\/div>\n\t<div class=\"trx_addons_hover_mask\"><\/div>\n\t<div class=\"trx_addons_hover_content\">\n\t\t<h5 class=\"trx_addons_hover_title\">Efficience \u00e9nerg\u00e9tique des b\u00e2timents<\/h5>\n\t\t\t\t\t<div class=\"trx_addons_hover_text\">OBJECTIFS DU MODULE Fournir aux agents immobiliers les compe\u0301tences ne\u0301cessaires pour comprendre et promouvoir l&#8217;efficience e\u0301nerge\u0301tique dans les ba\u0302timents Permettre aux agents immobiliers d&#8217;appre\u0301hender l&#8217;importance de l&#8217;efficience e\u0301nerge\u0301tique dans le secteur immobilier, de reconnai\u0302tre les opportunite\u0301s d&#8217;ame\u0301lioration e\u0301nerge\u0301tique et de conseiller les clients sur les avantages e\u0301conomiques et environnementaux lie\u0301s a\u0300 ces mesures Informer les agents immobiliers sur les certifications&hellip;<\/div>\n\t\t\t\t<div class=\"trx_addons_hover_links\">\n\t\t\t<a href=\"https:\/\/academie-immo.lu\/de\/courses\/efficience-energetique-des-batiments\/\" class=\"trx_addons_hover_link\">More Info<\/a>\n\t\t\t\t\t<\/div>\n\t<\/div>\n<\/div>\n<\/div><div class=\"trx_addons_column-1_4\"><div class=\"sc_courses_item trx_addons_hover trx_addons_hover_style_links\">\n\t\t\t<div class=\"sc_courses_item_thumb\">\n\t\t\t<img loading=\"lazy\" decoding=\"async\" width=\"740\" height=\"530\" src=\"https:\/\/academie-immo.lu\/wp-content\/uploads\/2023\/11\/student-849825_1280-740x530.jpg\" class=\"attachment-studeon-thumb-big-blogger size-studeon-thumb-big-blogger wp-post-image\" alt=\"G\u00e9rer les absences et les maladies des salari\u00e9s\" \/>\t\t\t<span class=\"sc_courses_item_categories\"><a href=\"https:\/\/academie-immo.lu\/de\/courses_group\/competences-tranversales\/\" title=\"View all posts in Comp\u00e9tences transversales\">Comp\u00e9tences transversales<\/a><\/span>\n\t\t<\/div>\n\t\t<div class=\"sc_courses_item_info\">\n\t\t<div class=\"sc_courses_item_header\">\n\t\t\t<h5 class=\"sc_courses_item_title\">G\u00e9rer les absences et les maladies des salari\u00e9s<\/h5>\n\t\t\t<div class=\"sc_courses_item_meta\">\n\t\t\t\t<span class=\"sc_courses_item_meta_item sc_courses_item_meta_date\">Starting <span class=\"sc_courses_item_date\">30\/11\/2033<\/span><\/span>\n\t\t\t\t<span class=\"sc_courses_item_meta_item sc_courses_item_meta_duration\"><\/span>\n            <\/div>\n\t\t\t<div class=\"sc_courses_item_price\"><\/div>\n\t\t<\/div>\n\n\t<\/div>\n\t<div class=\"trx_addons_hover_mask\"><\/div>\n\t<div class=\"trx_addons_hover_content\">\n\t\t<h5 class=\"trx_addons_hover_title\">G\u00e9rer les absences et les maladies des salari\u00e9s<\/h5>\n\t\t\t\t\t<div class=\"trx_addons_hover_text\">OBJECTIFS DU MODULE Ma\u00eetriser les proc\u00e9dures en cas de maladie ou d&#8217;absence des salari\u00e9s. Traiter administrativement les cas de maladies du salari\u00e9. G\u00e9rer la reprise progressive du travail. G\u00e9rer le reclassement interne. CONTENUS P\u00c9DAGOGIQUES Les diff\u00e9rents types d\u2019absences et leurs cadres Les absences volontaires Les absences involontaires Le cadre r\u00e9glementaire Le respect de la vie priv\u00e9e et du secret m\u00e9dical&hellip;<\/div>\n\t\t\t\t<div class=\"trx_addons_hover_links\">\n\t\t\t<a href=\"https:\/\/academie-immo.lu\/de\/courses\/gerer-les-absences-et-les-maladies-des-salaries\/\" class=\"trx_addons_hover_link\">More Info<\/a>\n\t\t\t\t\t<\/div>\n\t<\/div>\n<\/div>\n<\/div><div class=\"trx_addons_column-1_4\"><div class=\"sc_courses_item trx_addons_hover trx_addons_hover_style_links\">\n\t\t\t<div class=\"sc_courses_item_thumb\">\n\t\t\t<img loading=\"lazy\" decoding=\"async\" width=\"740\" height=\"530\" src=\"https:\/\/academie-immo.lu\/wp-content\/uploads\/2024\/02\/9276433-740x530.jpg\" class=\"attachment-studeon-thumb-big-blogger size-studeon-thumb-big-blogger wp-post-image\" alt=\"Les erreurs \u00e0 ne pas faire en immobilier\" \/>\t\t\t<span class=\"sc_courses_item_categories\"><a href=\"https:\/\/academie-immo.lu\/de\/courses_group\/techniques-immobilieres\/\" title=\"View all posts in Techniques immobili\u00e8res\">Techniques immobili\u00e8res<\/a><\/span>\n\t\t<\/div>\n\t\t<div class=\"sc_courses_item_info\">\n\t\t<div class=\"sc_courses_item_header\">\n\t\t\t<h5 class=\"sc_courses_item_title\">Les erreurs \u00e0 ne pas faire en immobilier<\/h5>\n\t\t\t<div class=\"sc_courses_item_meta\">\n\t\t\t\t<span class=\"sc_courses_item_meta_item sc_courses_item_meta_date\">Starting <span class=\"sc_courses_item_date\">28\/02\/2034<\/span><\/span>\n\t\t\t\t<span class=\"sc_courses_item_meta_item sc_courses_item_meta_duration\"><\/span>\n            <\/div>\n\t\t\t<div class=\"sc_courses_item_price\"><\/div>\n\t\t<\/div>\n\n\t<\/div>\n\t<div class=\"trx_addons_hover_mask\"><\/div>\n\t<div class=\"trx_addons_hover_content\">\n\t\t<h5 class=\"trx_addons_hover_title\">Les erreurs \u00e0 ne pas faire en immobilier<\/h5>\n\t\t\t\t\t<div class=\"trx_addons_hover_text\">OBJECTIFS DU MODULE Identifier et \u00e9viter les erreurs courantes dans les transactions immobili\u00e8res. Comprendre les r\u00e9percussions juridiques et financi\u00e8res des erreurs fr\u00e9quentes pour mieux les pr\u00e9venir. CONTENUS P\u00c9DAGOGIQUES\u00a0 Analyse des erreurs fr\u00e9quentes dans la r\u00e9daction des contrats et leurs impacts. \u00c9valuation des risques li\u00e9s \u00e0 une mauvaise compr\u00e9hension des obligations l\u00e9gales. Strat\u00e9gies pour une gestion efficace des attentes clients et&hellip;<\/div>\n\t\t\t\t<div class=\"trx_addons_hover_links\">\n\t\t\t<a href=\"https:\/\/academie-immo.lu\/de\/courses\/les-erreurs-a-ne-pas-faire-en-immobilier\/\" class=\"trx_addons_hover_link\">More Info<\/a>\n\t\t\t\t\t<\/div>\n\t<\/div>\n<\/div>\n<\/div><div class=\"trx_addons_column-1_4\"><div class=\"sc_courses_item trx_addons_hover trx_addons_hover_style_links\">\n\t\t\t<div class=\"sc_courses_item_thumb\">\n\t\t\t<img loading=\"lazy\" decoding=\"async\" width=\"740\" height=\"530\" src=\"https:\/\/academie-immo.lu\/wp-content\/uploads\/2024\/03\/Capture-decran-2024-03-22-a-13.29.48-740x530.png\" class=\"attachment-studeon-thumb-big-blogger size-studeon-thumb-big-blogger wp-post-image\" alt=\"Cr\u00e9ation de contenu pour les r\u00e9seaux sociaux\" \/>\t\t\t<span class=\"sc_courses_item_categories\"><a href=\"https:\/\/academie-immo.lu\/de\/courses_group\/competences-tranversales\/\" title=\"View all posts in Comp\u00e9tences transversales\">Comp\u00e9tences transversales<\/a> <a href=\"https:\/\/academie-immo.lu\/de\/courses_group\/techniques-immobilieres\/\" title=\"View all posts in Techniques immobili\u00e8res\">Techniques immobili\u00e8res<\/a><\/span>\n\t\t<\/div>\n\t\t<div class=\"sc_courses_item_info\">\n\t\t<div class=\"sc_courses_item_header\">\n\t\t\t<h5 class=\"sc_courses_item_title\">Cr\u00e9ation de contenu pour les r\u00e9seaux sociaux<\/h5>\n\t\t\t<div class=\"sc_courses_item_meta\">\n\t\t\t\t<span class=\"sc_courses_item_meta_item sc_courses_item_meta_date\">Starting <span class=\"sc_courses_item_date\">31\/03\/2034<\/span><\/span>\n\t\t\t\t<span class=\"sc_courses_item_meta_item sc_courses_item_meta_duration\"><\/span>\n            <\/div>\n\t\t\t<div class=\"sc_courses_item_price\"><\/div>\n\t\t<\/div>\n\n\t<\/div>\n\t<div class=\"trx_addons_hover_mask\"><\/div>\n\t<div class=\"trx_addons_hover_content\">\n\t\t<h5 class=\"trx_addons_hover_title\">Cr\u00e9ation de contenu pour les r\u00e9seaux sociaux<\/h5>\n\t\t\t\t\t<div class=\"trx_addons_hover_text\">OBJECTIFS DU MODULE Acque\u0301rir une compre\u0301hension approfondie des principaux re\u0301seaux sociaux et de leur utilisation dans le contexte professionnel. De\u0301velopper des compe\u0301tences pratiques dans la cre\u0301ation de contenu attractif et pertinent pour les me\u0301dias sociaux. Introduction aux outils de cre\u0301ation de contenu mobile : applications de retouche photo, d&#8217;e\u0301dition vide\u0301o, et de conception graphique disponibles sur les smartphones. Optimisation du&hellip;<\/div>\n\t\t\t\t<div class=\"trx_addons_hover_links\">\n\t\t\t<a href=\"https:\/\/academie-immo.lu\/de\/courses\/creation-de-contenu-pour-les-reseaux-sociaux\/\" class=\"trx_addons_hover_link\">More Info<\/a>\n\t\t\t\t\t<\/div>\n\t<\/div>\n<\/div>\n<\/div><div class=\"trx_addons_column-1_4\"><div class=\"sc_courses_item trx_addons_hover trx_addons_hover_style_links\">\n\t\t\t<div class=\"sc_courses_item_thumb\">\n\t\t\t<img loading=\"lazy\" decoding=\"async\" width=\"740\" height=\"530\" src=\"https:\/\/academie-immo.lu\/wp-content\/uploads\/2024\/03\/25072174_2201_w039_n003_88b_p1_88-740x530.jpg\" class=\"attachment-studeon-thumb-big-blogger size-studeon-thumb-big-blogger wp-post-image\" alt=\"Dirigeant(e) et chef(fe) d&#8217;entreprise : les fondamentaux des ressources humaines\" \/>\t\t\t<span class=\"sc_courses_item_categories\"><a href=\"https:\/\/academie-immo.lu\/de\/courses_group\/competences-tranversales\/\" title=\"View all posts in Comp\u00e9tences transversales\">Comp\u00e9tences transversales<\/a><\/span>\n\t\t<\/div>\n\t\t<div class=\"sc_courses_item_info\">\n\t\t<div class=\"sc_courses_item_header\">\n\t\t\t<h5 class=\"sc_courses_item_title\">Dirigeant(e) et chef(fe) d&#8217;entreprise : les fondamentaux des ressources humaines<\/h5>\n\t\t\t<div class=\"sc_courses_item_meta\">\n\t\t\t\t<span class=\"sc_courses_item_meta_item sc_courses_item_meta_date\">Starting <span class=\"sc_courses_item_date\">31\/12\/2034<\/span><\/span>\n\t\t\t\t<span class=\"sc_courses_item_meta_item sc_courses_item_meta_duration\"><\/span>\n            <\/div>\n\t\t\t<div class=\"sc_courses_item_price\"><\/div>\n\t\t<\/div>\n\n\t<\/div>\n\t<div class=\"trx_addons_hover_mask\"><\/div>\n\t<div class=\"trx_addons_hover_content\">\n\t\t<h5 class=\"trx_addons_hover_title\">Dirigeant(e) et chef(fe) d&#8217;entreprise : les fondamentaux des ressources humaines<\/h5>\n\t\t\t\t\t<div class=\"trx_addons_hover_text\">Objectifs du module D\u00e9velopper ses connaissances en GRH pour une gestion plus efficace et \u00e9thique. Comprendre les \u00e9volutions des cadres l\u00e9gislatifs au Luxembourg. Contenus p\u00e9dagogiques JOUR 1 : Les sp\u00e9cificit\u00e9s de la GRH au Luxembourg Conformit\u00e9 juridique\u00a0; R\u00e9mun\u00e9ration et avantages sociaux\u00a0; Sant\u00e9 et s\u00e9curit\u00e9 au travail\u00a0; Relations professionnelles\u00a0; Proc\u00e9dures l\u00e9gales en cas de rupture ou suspension du contrat de travail.&hellip;<\/div>\n\t\t\t\t<div class=\"trx_addons_hover_links\">\n\t\t\t<a href=\"https:\/\/academie-immo.lu\/de\/courses\/dirigeante-et-cheffe-dentreprise-les-fondamentaux-des-ressources-humaines\/\" class=\"trx_addons_hover_link\">More Info<\/a>\n\t\t\t\t\t<\/div>\n\t<\/div>\n<\/div>\n<\/div><div class=\"trx_addons_column-1_4\"><div class=\"sc_courses_item trx_addons_hover trx_addons_hover_style_links\">\n\t\t\t<div class=\"sc_courses_item_thumb\">\n\t\t\t<img loading=\"lazy\" decoding=\"async\" width=\"740\" height=\"530\" src=\"https:\/\/academie-immo.lu\/wp-content\/uploads\/2024\/03\/folder-5000783_1280-740x530.png\" class=\"attachment-studeon-thumb-big-blogger size-studeon-thumb-big-blogger wp-post-image\" alt=\"G\u00e9rer le d\u00e9tachement des salari\u00e9s\" \/>\t\t\t<span class=\"sc_courses_item_categories\"><a href=\"https:\/\/academie-immo.lu\/de\/courses_group\/competences-tranversales\/\" title=\"View all posts in Comp\u00e9tences transversales\">Comp\u00e9tences transversales<\/a><\/span>\n\t\t<\/div>\n\t\t<div class=\"sc_courses_item_info\">\n\t\t<div class=\"sc_courses_item_header\">\n\t\t\t<h5 class=\"sc_courses_item_title\">G\u00e9rer le d\u00e9tachement des salari\u00e9s<\/h5>\n\t\t\t<div class=\"sc_courses_item_meta\">\n\t\t\t\t<span class=\"sc_courses_item_meta_item sc_courses_item_meta_date\">Starting <span class=\"sc_courses_item_date\">31\/12\/2034<\/span><\/span>\n\t\t\t\t<span class=\"sc_courses_item_meta_item sc_courses_item_meta_duration\"><\/span>\n            <\/div>\n\t\t\t<div class=\"sc_courses_item_price\"><\/div>\n\t\t<\/div>\n\n\t<\/div>\n\t<div class=\"trx_addons_hover_mask\"><\/div>\n\t<div class=\"trx_addons_hover_content\">\n\t\t<h5 class=\"trx_addons_hover_title\">G\u00e9rer le d\u00e9tachement des salari\u00e9s<\/h5>\n\t\t\t\t\t<div class=\"trx_addons_hover_text\">Objectifs du module Comprendre la notion de d\u00e9tachement. Identifier les formalit\u00e9s administratives \u00e0 r\u00e9aliser. Contenus p\u00e9dagogiques Le champ d\u2019application du d\u00e9tachement Sa d\u00e9finition L\u2019activit\u00e9 multi-pays Les possibilit\u00e9s de prestations transnationales Le cas du d\u00e9tachement vers le Luxembourg La dur\u00e9e du d\u00e9tachement La l\u00e9gislation applicable en mati\u00e8re de droit du travail en cas de d\u00e9tachement Principes g\u00e9n\u00e9raux Le cas de la&hellip;<\/div>\n\t\t\t\t<div class=\"trx_addons_hover_links\">\n\t\t\t<a href=\"https:\/\/academie-immo.lu\/de\/courses\/gerer-le-detachement-des-salaries-2\/\" class=\"trx_addons_hover_link\">More Info<\/a>\n\t\t\t\t\t<\/div>\n\t<\/div>\n<\/div>\n<\/div><div class=\"trx_addons_column-1_4\"><div class=\"sc_courses_item trx_addons_hover trx_addons_hover_style_links\">\n\t\t\t<div class=\"sc_courses_item_thumb\">\n\t\t\t<img loading=\"lazy\" decoding=\"async\" width=\"740\" height=\"530\" src=\"https:\/\/academie-immo.lu\/wp-content\/uploads\/2024\/04\/group-1962592_1280-740x530.png\" class=\"attachment-studeon-thumb-big-blogger size-studeon-thumb-big-blogger wp-post-image\" alt=\"La gestion de l&#8217;assembl\u00e9e g\u00e9n\u00e9rale des copropri\u00e9taires (module avanc\u00e9)\" \/>\t\t\t<span class=\"sc_courses_item_categories\"><a href=\"https:\/\/academie-immo.lu\/de\/courses_group\/copropriete\/\" title=\"View all posts in Copropri\u00e9t\u00e9\">Copropri\u00e9t\u00e9<\/a><\/span>\n\t\t<\/div>\n\t\t<div class=\"sc_courses_item_info\">\n\t\t<div class=\"sc_courses_item_header\">\n\t\t\t<h5 class=\"sc_courses_item_title\">La gestion de l&#8217;assembl\u00e9e g\u00e9n\u00e9rale des copropri\u00e9taires (module avanc\u00e9)<\/h5>\n\t\t\t<div class=\"sc_courses_item_meta\">\n\t\t\t\t<span class=\"sc_courses_item_meta_item sc_courses_item_meta_date\">Starting <span class=\"sc_courses_item_date\">31\/12\/2034<\/span><\/span>\n\t\t\t\t<span class=\"sc_courses_item_meta_item sc_courses_item_meta_duration\"><\/span>\n            <\/div>\n\t\t\t<div class=\"sc_courses_item_price\"><\/div>\n\t\t<\/div>\n\n\t<\/div>\n\t<div class=\"trx_addons_hover_mask\"><\/div>\n\t<div class=\"trx_addons_hover_content\">\n\t\t<h5 class=\"trx_addons_hover_title\">La gestion de l&#8217;assembl\u00e9e g\u00e9n\u00e9rale des copropri\u00e9taires (module avanc\u00e9)<\/h5>\n\t\t\t\t\t<div class=\"trx_addons_hover_text\">La gestion de l&#8217;assembl\u00e9e g\u00e9n\u00e9rale des copropri\u00e9taires : de l&#8217;\u00e9tablissement de l&#8217;ordre du jour \u00e0 la transmission du proc\u00e8s-verbal OBJECTIFS DU MODULE Ce module offre une analyse exhaustive et approfondie de la gestion de l&#8217;assembl\u00e9e g\u00e9n\u00e9rale des copropri\u00e9taires. L\u2019assembl\u00e9e annuelle repr\u00e9sente un moment crucial dans la dynamique d&#8217;une r\u00e9sidence, permettant de prendre des d\u00e9cisions capitales ayant un impact sur la&hellip;<\/div>\n\t\t\t\t<div class=\"trx_addons_hover_links\">\n\t\t\t<a href=\"https:\/\/academie-immo.lu\/de\/courses\/la-gestion-de-lassemblee-generale-des-coproprietaires-de-letablissement-de-lordre-du-jour-a-la-transmission-du-proces-verbal\/\" class=\"trx_addons_hover_link\">More Info<\/a>\n\t\t\t\t\t<\/div>\n\t<\/div>\n<\/div>\n<\/div><div class=\"trx_addons_column-1_4\"><div class=\"sc_courses_item trx_addons_hover trx_addons_hover_style_links\">\n\t\t\t<div class=\"sc_courses_item_thumb\">\n\t\t\t<img loading=\"lazy\" decoding=\"async\" width=\"740\" height=\"530\" src=\"https:\/\/academie-immo.lu\/wp-content\/uploads\/2024\/04\/education-5600987_1280-740x530.png\" class=\"attachment-studeon-thumb-big-blogger size-studeon-thumb-big-blogger wp-post-image\" alt=\"Les r\u00e8gles de majorit\u00e9 dans les assembl\u00e9es g\u00e9n\u00e9rales (module avanc\u00e9)\" \/>\t\t\t<span class=\"sc_courses_item_categories\"><a href=\"https:\/\/academie-immo.lu\/de\/courses_group\/copropriete\/\" title=\"View all posts in Copropri\u00e9t\u00e9\">Copropri\u00e9t\u00e9<\/a><\/span>\n\t\t<\/div>\n\t\t<div class=\"sc_courses_item_info\">\n\t\t<div class=\"sc_courses_item_header\">\n\t\t\t<h5 class=\"sc_courses_item_title\">Les r\u00e8gles de majorit\u00e9 dans les assembl\u00e9es g\u00e9n\u00e9rales (module avanc\u00e9)<\/h5>\n\t\t\t<div class=\"sc_courses_item_meta\">\n\t\t\t\t<span class=\"sc_courses_item_meta_item sc_courses_item_meta_date\">Starting <span class=\"sc_courses_item_date\">31\/12\/2034<\/span><\/span>\n\t\t\t\t<span class=\"sc_courses_item_meta_item sc_courses_item_meta_duration\"><\/span>\n            <\/div>\n\t\t\t<div class=\"sc_courses_item_price\"><\/div>\n\t\t<\/div>\n\n\t<\/div>\n\t<div class=\"trx_addons_hover_mask\"><\/div>\n\t<div class=\"trx_addons_hover_content\">\n\t\t<h5 class=\"trx_addons_hover_title\">Les r\u00e8gles de majorit\u00e9 dans les assembl\u00e9es g\u00e9n\u00e9rales (module avanc\u00e9)<\/h5>\n\t\t\t\t\t<div class=\"trx_addons_hover_text\">Les r\u00e8gles de majorit\u00e9 dans les assembl\u00e9es g\u00e9n\u00e9rales : comprendre les principes fondamentaux ainsi que les exceptions applicables aux d\u00e9cisions \u00e0 prendre lors des votes &nbsp; OBJECTIFS DU MODULE Ce module vise \u00e0 expliquer en d\u00e9tail les principes fondamentaux des r\u00e8gles de majorit\u00e9 applicables aux votes lors des assembl\u00e9es g\u00e9n\u00e9rales. La formation a pour objectif de d\u00e9tailler les diff\u00e9rents cas&hellip;<\/div>\n\t\t\t\t<div class=\"trx_addons_hover_links\">\n\t\t\t<a href=\"https:\/\/academie-immo.lu\/de\/courses\/les-regles-de-majorite-dans-les-assemblees-generales-comprendre-les-principes-fondamentaux-ainsi-que-les-exceptions-applicables-aux-decisions-a-prendre-lors-des-votes\/\" class=\"trx_addons_hover_link\">More Info<\/a>\n\t\t\t\t\t<\/div>\n\t<\/div>\n<\/div>\n<\/div><div class=\"trx_addons_column-1_4\"><div class=\"sc_courses_item trx_addons_hover trx_addons_hover_style_links\">\n\t\t\t<div class=\"sc_courses_item_thumb\">\n\t\t\t<img loading=\"lazy\" decoding=\"async\" width=\"530\" height=\"530\" src=\"https:\/\/academie-immo.lu\/wp-content\/uploads\/2024\/05\/Wavy_Cst-01_Single-05ok.jpeg\" class=\"attachment-studeon-thumb-big-blogger size-studeon-thumb-big-blogger wp-post-image\" alt=\"Risque \u00e9lectrique pour \u00ab personne ordinaire \u00bb\" srcset=\"https:\/\/academie-immo.lu\/wp-content\/uploads\/2024\/05\/Wavy_Cst-01_Single-05ok.jpeg 7730w, https:\/\/academie-immo.lu\/wp-content\/uploads\/2024\/05\/Wavy_Cst-01_Single-05ok-300x300.jpeg 300w, https:\/\/academie-immo.lu\/wp-content\/uploads\/2024\/05\/Wavy_Cst-01_Single-05ok-768x768.jpeg 768w, https:\/\/academie-immo.lu\/wp-content\/uploads\/2024\/05\/Wavy_Cst-01_Single-05ok-370x370.jpeg 370w, https:\/\/academie-immo.lu\/wp-content\/uploads\/2024\/05\/Wavy_Cst-01_Single-05ok-760x760.jpeg 760w\" sizes=\"auto, (max-width: 530px) 100vw, 530px\" \/>\t\t\t<span class=\"sc_courses_item_categories\"><a href=\"https:\/\/academie-immo.lu\/de\/courses_group\/genie-technique\/\" title=\"View all posts in G\u00e9nie technique\">G\u00e9nie technique<\/a><\/span>\n\t\t<\/div>\n\t\t<div class=\"sc_courses_item_info\">\n\t\t<div class=\"sc_courses_item_header\">\n\t\t\t<h5 class=\"sc_courses_item_title\">Risque \u00e9lectrique pour \u00ab personne ordinaire \u00bb<\/h5>\n\t\t\t<div class=\"sc_courses_item_meta\">\n\t\t\t\t<span class=\"sc_courses_item_meta_item sc_courses_item_meta_date\">Starting <span class=\"sc_courses_item_date\">31\/12\/2034<\/span><\/span>\n\t\t\t\t<span class=\"sc_courses_item_meta_item sc_courses_item_meta_duration\"><\/span>\n            <\/div>\n\t\t\t<div class=\"sc_courses_item_price\"><\/div>\n\t\t<\/div>\n\n\t<\/div>\n\t<div class=\"trx_addons_hover_mask\"><\/div>\n\t<div class=\"trx_addons_hover_content\">\n\t\t<h5 class=\"trx_addons_hover_title\">Risque \u00e9lectrique pour \u00ab personne ordinaire \u00bb<\/h5>\n\t\t\t\t\t<div class=\"trx_addons_hover_text\">&nbsp; OBJECTIFS DU MODULE Assurer une formation \u00e9lectrique ad\u00e9quate pour les personnes charg\u00e9es de travaux non \u00e9lectriques dans des zones pr\u00e9sentant un risque \u00e9lectrique sp\u00e9cifique. Les dangers \u00e9lectriques et autres, pr\u00e9sents sur les postes de travail et plus particuli\u00e8rement sur les distances de s\u00e9curit\u00e9. Acqu\u00e9rir les connaissances n\u00e9cessaires pour reconna\u00eetre, \u00e9valuer et r\u00e9agir face aux risques \u00e9lectriques, ainsi que pour&hellip;<\/div>\n\t\t\t\t<div class=\"trx_addons_hover_links\">\n\t\t\t<a href=\"https:\/\/academie-immo.lu\/de\/courses\/risque-electrique-pour-personne-ordinaire\/\" class=\"trx_addons_hover_link\">More Info<\/a>\n\t\t\t\t\t<\/div>\n\t<\/div>\n<\/div>\n<\/div><div class=\"trx_addons_column-1_4\"><div class=\"sc_courses_item trx_addons_hover trx_addons_hover_style_links\">\n\t\t\t<div class=\"sc_courses_item_thumb\">\n\t\t\t<img loading=\"lazy\" decoding=\"async\" width=\"400\" height=\"300\" src=\"https:\/\/academie-immo.lu\/wp-content\/uploads\/2022\/06\/image-3.jpeg\" class=\"attachment-studeon-thumb-big-blogger size-studeon-thumb-big-blogger wp-post-image\" alt=\"Introduction \u00e0 la certification WELL Building\" srcset=\"https:\/\/academie-immo.lu\/wp-content\/uploads\/2022\/06\/image-3.jpeg 400w, https:\/\/academie-immo.lu\/wp-content\/uploads\/2022\/06\/image-3-300x225.jpeg 300w, https:\/\/academie-immo.lu\/wp-content\/uploads\/2022\/06\/image-3-370x278.jpeg 370w\" sizes=\"auto, (max-width: 400px) 100vw, 400px\" \/>\t\t\t<span class=\"sc_courses_item_categories\"><a href=\"https:\/\/academie-immo.lu\/de\/courses_group\/techniques-de-construction\/\" title=\"View all posts in Techniques de construction\">Techniques de construction<\/a><\/span>\n\t\t<\/div>\n\t\t<div class=\"sc_courses_item_info\">\n\t\t<div class=\"sc_courses_item_header\">\n\t\t\t<h5 class=\"sc_courses_item_title\">Introduction \u00e0 la certification WELL Building<\/h5>\n\t\t\t<div class=\"sc_courses_item_meta\">\n\t\t\t\t<span class=\"sc_courses_item_meta_item sc_courses_item_meta_date\">Starting <span class=\"sc_courses_item_date\">31\/12\/2034<\/span><\/span>\n\t\t\t\t<span class=\"sc_courses_item_meta_item sc_courses_item_meta_duration\"><\/span>\n            <\/div>\n\t\t\t<div class=\"sc_courses_item_price\"><\/div>\n\t\t<\/div>\n\n\t<\/div>\n\t<div class=\"trx_addons_hover_mask\"><\/div>\n\t<div class=\"trx_addons_hover_content\">\n\t\t<h5 class=\"trx_addons_hover_title\">Introduction \u00e0 la certification WELL Building<\/h5>\n\t\t\t\t\t<div class=\"trx_addons_hover_text\">OBJECTIFS DU MODULE Comprendre et e\u0302tre capable d&#8217;appliquer les bases de la certification WELL Building Connai\u0302tre les cate\u0301gories d&#8217;e\u0301valuation avec leurs diffe\u0301rents crite\u0300res et savoir quels aspects de la construction et autres sont pris en compte pour la certification Connai\u0302tre et savoir utiliser la plateforme en ligne de l&#8217;IWBI et les documents qui s&#8217;y rapportent. Comprendre les avantages d\u2019une certification&hellip;<\/div>\n\t\t\t\t<div class=\"trx_addons_hover_links\">\n\t\t\t<a href=\"https:\/\/academie-immo.lu\/de\/courses\/introduction-a-la-certification-well\/\" class=\"trx_addons_hover_link\">More Info<\/a>\n\t\t\t\t\t<\/div>\n\t<\/div>\n<\/div>\n<\/div><div class=\"trx_addons_column-1_4\"><div class=\"sc_courses_item trx_addons_hover trx_addons_hover_style_links\">\n\t\t\t<div class=\"sc_courses_item_thumb\">\n\t\t\t<img loading=\"lazy\" decoding=\"async\" width=\"400\" height=\"400\" src=\"https:\/\/academie-immo.lu\/wp-content\/uploads\/2024\/07\/image-1.jpeg\" class=\"attachment-studeon-thumb-big-blogger size-studeon-thumb-big-blogger wp-post-image\" alt=\"Vices et vices cach\u00e9s dans l&#8217;immobilier\" srcset=\"https:\/\/academie-immo.lu\/wp-content\/uploads\/2024\/07\/image-1.jpeg 400w, https:\/\/academie-immo.lu\/wp-content\/uploads\/2024\/07\/image-1-300x300.jpeg 300w, https:\/\/academie-immo.lu\/wp-content\/uploads\/2024\/07\/image-1-150x150.jpeg 150w, https:\/\/academie-immo.lu\/wp-content\/uploads\/2024\/07\/image-1-370x370.jpeg 370w, https:\/\/academie-immo.lu\/wp-content\/uploads\/2024\/07\/image-1-90x90.jpeg 90w\" sizes=\"auto, (max-width: 400px) 100vw, 400px\" \/>\t\t\t<span class=\"sc_courses_item_categories\"><a href=\"https:\/\/academie-immo.lu\/de\/courses_group\/techniques-immobilieres\/\" title=\"View all posts in Techniques immobili\u00e8res\">Techniques immobili\u00e8res<\/a><\/span>\n\t\t<\/div>\n\t\t<div class=\"sc_courses_item_info\">\n\t\t<div class=\"sc_courses_item_header\">\n\t\t\t<h5 class=\"sc_courses_item_title\">Vices et vices cach\u00e9s dans l&#8217;immobilier<\/h5>\n\t\t\t<div class=\"sc_courses_item_meta\">\n\t\t\t\t<span class=\"sc_courses_item_meta_item sc_courses_item_meta_date\">Starting <span class=\"sc_courses_item_date\">31\/12\/2034<\/span><\/span>\n\t\t\t\t<span class=\"sc_courses_item_meta_item sc_courses_item_meta_duration\"><\/span>\n            <\/div>\n\t\t\t<div class=\"sc_courses_item_price\"><\/div>\n\t\t<\/div>\n\n\t<\/div>\n\t<div class=\"trx_addons_hover_mask\"><\/div>\n\t<div class=\"trx_addons_hover_content\">\n\t\t<h5 class=\"trx_addons_hover_title\">Vices et vices cach\u00e9s dans l&#8217;immobilier<\/h5>\n\t\t\t\t\t<div class=\"trx_addons_hover_text\">OBJECTIFS DU MODULE Apprendre \u00e0 faire la diff\u00e9rence entre un vice et un vice cach\u00e9. Mesure \u00e0 prendre en cas de vices et vices cach\u00e9s. \u2026\u2026\u2026\u2026\u2026\u2026\u2026\u2026\u2026\u2026\u2026\u2026\u2026\u2026\u2026\u2026\u2026\u2026\u2026\u2026\u2026\u2026\u2026\u2026\u2026\u2026\u2026\u2026\u2026\u2026\u2026\u2026\u2026\u2026\u2026\u2026\u2026\u2026\u2026\u2026\u2026 CONTENUS P\u00c9DAGOGIQUES D\u00e9finition d&#8217;un vice apparent. D\u00e9finition d&#8217;un vice cach\u00e9. Quelles sont les diff\u00e9rences de vices dans des nouvelles constructions existantes. Vices et vices cach\u00e9s d&#8217;un point de vue l\u00e9gislatif. Exemples pour faire la&hellip;<\/div>\n\t\t\t\t<div class=\"trx_addons_hover_links\">\n\t\t\t<a href=\"https:\/\/academie-immo.lu\/de\/courses\/vices-et-vices-caches-dans-limmobilier\/\" class=\"trx_addons_hover_link\">More Info<\/a>\n\t\t\t\t\t<\/div>\n\t<\/div>\n<\/div>\n<\/div><\/div><\/div><!-- \/.sc_courses -->[\/vc_tta_section][\/vc_tta_tabs][vc_empty_space height=&#8220;100px&#8220; alter_height=&#8220;medium&#8220; hide_on_mobile=&#8220;&#8220;][\/vc_column][\/vc_row][vc_row disable_element=&#8220;yes&#8220;][vc_column][vc_empty_space height=&#8220;145px&#8220; hide_on_mobile=&#8220;&#8220;]<div class=\"sc_courses sc_courses_default\"><h3 class=\"sc_item_title sc_courses_title sc_align_left sc_item_title_style_default\">Techniques immobili\u00e8res<\/h3><div class=\"sc_courses_columns sc_item_columns trx_addons_columns_wrap columns_padding_bottom\"><div class=\"trx_addons_column-1_4\"><div class=\"sc_courses_item trx_addons_hover trx_addons_hover_style_links\">\n\t\t\t<div class=\"sc_courses_item_thumb\">\n\t\t\t<img loading=\"lazy\" decoding=\"async\" width=\"740\" height=\"530\" src=\"https:\/\/academie-immo.lu\/wp-content\/uploads\/2023\/05\/housebuilding-g5e92dfc74_1280-740x530.jpg\" class=\"attachment-studeon-thumb-big-blogger size-studeon-thumb-big-blogger wp-post-image\" alt=\"Les travaux dans la copropri\u00e9t\u00e9\" \/>\t\t\t<span class=\"sc_courses_item_categories\"><a href=\"https:\/\/academie-immo.lu\/de\/courses_group\/techniques-immobilieres\/\" title=\"View all posts in Techniques immobili\u00e8res\">Techniques immobili\u00e8res<\/a><\/span>\n\t\t<\/div>\n\t\t<div class=\"sc_courses_item_info\">\n\t\t<div class=\"sc_courses_item_header\">\n\t\t\t<h5 class=\"sc_courses_item_title\">Les travaux dans la copropri\u00e9t\u00e9<\/h5>\n\t\t\t<div class=\"sc_courses_item_meta\">\n\t\t\t\t<span class=\"sc_courses_item_meta_item sc_courses_item_meta_date\">Starting <span class=\"sc_courses_item_date\">30\/06\/2033<\/span><\/span>\n\t\t\t\t<span class=\"sc_courses_item_meta_item sc_courses_item_meta_duration\">4h<\/span>\n            <\/div>\n\t\t\t<div class=\"sc_courses_item_price\"><\/div>\n\t\t<\/div>\n\n\t<\/div>\n\t<div class=\"trx_addons_hover_mask\"><\/div>\n\t<div class=\"trx_addons_hover_content\">\n\t\t<h5 class=\"trx_addons_hover_title\">Les travaux dans la copropri\u00e9t\u00e9<\/h5>\n\t\t\t\t\t<div class=\"trx_addons_hover_text\">OBJECTIFS DU MODULE Parmi les sujets les plus complexes abord\u00e9s dans le texte coordonn\u00e9 sur le statut de la copropri\u00e9t\u00e9 des immeubles b\u00e2tis figure sans doute celui des travaux \u00e0 effectuer dans une copropri\u00e9t\u00e9. Le probl\u00e8me se pose r\u00e9guli\u00e8rement dans les assembl\u00e9es g\u00e9n\u00e9rales, en raison des dispositions l\u00e9gales souvent consid\u00e9r\u00e9s incompl\u00e8tes et ou confuses. Le module aborde tous les diff\u00e9rents&hellip;<\/div>\n\t\t\t\t<div class=\"trx_addons_hover_links\">\n\t\t\t<a href=\"https:\/\/academie-immo.lu\/de\/courses\/les-travaux-dans-la-copropriete\/\" class=\"trx_addons_hover_link\">More Info<\/a>\n\t\t\t\t\t<\/div>\n\t<\/div>\n<\/div>\n<\/div><div class=\"trx_addons_column-1_4\"><div class=\"sc_courses_item trx_addons_hover trx_addons_hover_style_links\">\n\t\t\t<div class=\"sc_courses_item_thumb\">\n\t\t\t<img loading=\"lazy\" decoding=\"async\" width=\"740\" height=\"530\" src=\"https:\/\/academie-immo.lu\/wp-content\/uploads\/2023\/05\/wheelie-bin-g275a9232d_1280-740x530.jpg\" class=\"attachment-studeon-thumb-big-blogger size-studeon-thumb-big-blogger wp-post-image\" alt=\"Gestion et pr\u00e9vention des d\u00e9chets en immeuble r\u00e9sidentiel\" \/>\t\t\t<span class=\"sc_courses_item_categories\"><a href=\"https:\/\/academie-immo.lu\/de\/courses_group\/techniques-immobilieres\/\" title=\"View all posts in Techniques immobili\u00e8res\">Techniques immobili\u00e8res<\/a><\/span>\n\t\t<\/div>\n\t\t<div class=\"sc_courses_item_info\">\n\t\t<div class=\"sc_courses_item_header\">\n\t\t\t<h5 class=\"sc_courses_item_title\">Gestion et pr\u00e9vention des d\u00e9chets en immeuble r\u00e9sidentiel<\/h5>\n\t\t\t<div class=\"sc_courses_item_meta\">\n\t\t\t\t<span class=\"sc_courses_item_meta_item sc_courses_item_meta_date\">Starting <span class=\"sc_courses_item_date\">31\/07\/2033<\/span><\/span>\n\t\t\t\t<span class=\"sc_courses_item_meta_item sc_courses_item_meta_duration\">8H<\/span>\n            <\/div>\n\t\t\t<div class=\"sc_courses_item_price\"><\/div>\n\t\t<\/div>\n\n\t<\/div>\n\t<div class=\"trx_addons_hover_mask\"><\/div>\n\t<div class=\"trx_addons_hover_content\">\n\t\t<h5 class=\"trx_addons_hover_title\">Gestion et pr\u00e9vention des d\u00e9chets en immeuble r\u00e9sidentiel<\/h5>\n\t\t\t\t\t<div class=\"trx_addons_hover_text\">OBJECTIFS DU MODULE Cette formation a comme objectif d\u2019informer les acteurs du secteur de l\u2019immobilier sur la gestion efficace et durable des d\u00e9chets dans les immeubles r\u00e9sidentiels conform\u00e9ment aux dispositions l\u00e9gales. Cette formation s\u2019inscrit dans l\u2019activit\u00e9 SDK Residenzen de la SuperDrecksK\u00ebscht\u00ae CONTENUS P\u00c9DAGOGIQUES\u00a0 D\u00e9couvrir et comprendre : les \u00e9l\u00e9ments de la gestion des d\u00e9chets dans le contexte d\u2019un immeuble r\u00e9sidentiel,&hellip;<\/div>\n\t\t\t\t<div class=\"trx_addons_hover_links\">\n\t\t\t<a href=\"https:\/\/academie-immo.lu\/de\/courses\/gestion-et-prevention-des-dechets-en-immeuble-residentiel\/\" class=\"trx_addons_hover_link\">More Info<\/a>\n\t\t\t\t\t<\/div>\n\t<\/div>\n<\/div>\n<\/div><div class=\"trx_addons_column-1_4\"><div class=\"sc_courses_item trx_addons_hover trx_addons_hover_style_links\">\n\t\t\t<div class=\"sc_courses_item_thumb\">\n\t\t\t<img loading=\"lazy\" decoding=\"async\" width=\"740\" height=\"530\" src=\"https:\/\/academie-immo.lu\/wp-content\/uploads\/2022\/03\/Untitled-design-4-2-740x530.png\" class=\"attachment-studeon-thumb-big-blogger size-studeon-thumb-big-blogger wp-post-image\" alt=\"\u00c9valuation immobili\u00e8re\" \/>\t\t\t<span class=\"sc_courses_item_categories\"><a href=\"https:\/\/academie-immo.lu\/de\/courses_group\/techniques-immobilieres\/\" title=\"View all posts in Techniques immobili\u00e8res\">Techniques immobili\u00e8res<\/a><\/span>\n\t\t<\/div>\n\t\t<div class=\"sc_courses_item_info\">\n\t\t<div class=\"sc_courses_item_header\">\n\t\t\t<h5 class=\"sc_courses_item_title\">\u00c9valuation immobili\u00e8re<\/h5>\n\t\t\t<div class=\"sc_courses_item_meta\">\n\t\t\t\t<span class=\"sc_courses_item_meta_item sc_courses_item_meta_date\">Starting <span class=\"sc_courses_item_date\">31\/08\/2033<\/span><\/span>\n\t\t\t\t<span class=\"sc_courses_item_meta_item sc_courses_item_meta_duration\"><\/span>\n            <\/div>\n\t\t\t<div class=\"sc_courses_item_price\"><\/div>\n\t\t<\/div>\n\n\t<\/div>\n\t<div class=\"trx_addons_hover_mask\"><\/div>\n\t<div class=\"trx_addons_hover_content\">\n\t\t<h5 class=\"trx_addons_hover_title\">\u00c9valuation immobili\u00e8re<\/h5>\n\t\t\t\t\t<div class=\"trx_addons_hover_text\">OBJECTIFS DU MODULE L\u2019objectif de ce module est de d\u00e9finir la valeur d\u2019un bien immobilier, de comprendre les standards d\u2019\u00e9valuation immobili\u00e8re et enfin d\u2019aborder cinq m\u00e9thodes d\u2019\u00e9valuation. CONTENUS P\u00c9DAGOGIQUES\u00a0 D\u00e9finir la valeur d&#8217;un bien et \u00e0 quel usage Comprendre les m\u00e9canismes d&#8217;\u00e9valuation suivant les approches par : le march\u00e9, le revenu, les co\u00fbts Appliquer les m\u00e9thodes d&#8217;\u00e9valuation : comparative, r\u00e9siduelle,&hellip;<\/div>\n\t\t\t\t<div class=\"trx_addons_hover_links\">\n\t\t\t<a href=\"https:\/\/academie-immo.lu\/de\/courses\/evaluation-immobiliere\/\" class=\"trx_addons_hover_link\">More Info<\/a>\n\t\t\t\t\t<\/div>\n\t<\/div>\n<\/div>\n<\/div><div class=\"trx_addons_column-1_4\"><div class=\"sc_courses_item trx_addons_hover trx_addons_hover_style_links\">\n\t\t\t<div class=\"sc_courses_item_thumb\">\n\t\t\t<img loading=\"lazy\" decoding=\"async\" width=\"400\" height=\"400\" src=\"https:\/\/academie-immo.lu\/wp-content\/uploads\/2024\/03\/image.jpeg\" class=\"attachment-studeon-thumb-big-blogger size-studeon-thumb-big-blogger wp-post-image\" alt=\"Efficience \u00e9nerg\u00e9tique des b\u00e2timents\" srcset=\"https:\/\/academie-immo.lu\/wp-content\/uploads\/2024\/03\/image.jpeg 400w, https:\/\/academie-immo.lu\/wp-content\/uploads\/2024\/03\/image-300x300.jpeg 300w, https:\/\/academie-immo.lu\/wp-content\/uploads\/2024\/03\/image-150x150.jpeg 150w, https:\/\/academie-immo.lu\/wp-content\/uploads\/2024\/03\/image-370x370.jpeg 370w, https:\/\/academie-immo.lu\/wp-content\/uploads\/2024\/03\/image-90x90.jpeg 90w\" sizes=\"auto, (max-width: 400px) 100vw, 400px\" \/>\t\t\t<span class=\"sc_courses_item_categories\"><a href=\"https:\/\/academie-immo.lu\/de\/courses_group\/techniques-immobilieres\/\" title=\"View all posts in Techniques immobili\u00e8res\">Techniques immobili\u00e8res<\/a><\/span>\n\t\t<\/div>\n\t\t<div class=\"sc_courses_item_info\">\n\t\t<div class=\"sc_courses_item_header\">\n\t\t\t<h5 class=\"sc_courses_item_title\">Efficience \u00e9nerg\u00e9tique des b\u00e2timents<\/h5>\n\t\t\t<div class=\"sc_courses_item_meta\">\n\t\t\t\t<span class=\"sc_courses_item_meta_item sc_courses_item_meta_date\">Starting <span class=\"sc_courses_item_date\">30\/11\/2033<\/span><\/span>\n\t\t\t\t<span class=\"sc_courses_item_meta_item sc_courses_item_meta_duration\"><\/span>\n            <\/div>\n\t\t\t<div class=\"sc_courses_item_price\"><\/div>\n\t\t<\/div>\n\n\t<\/div>\n\t<div class=\"trx_addons_hover_mask\"><\/div>\n\t<div class=\"trx_addons_hover_content\">\n\t\t<h5 class=\"trx_addons_hover_title\">Efficience \u00e9nerg\u00e9tique des b\u00e2timents<\/h5>\n\t\t\t\t\t<div class=\"trx_addons_hover_text\">OBJECTIFS DU MODULE Fournir aux agents immobiliers les compe\u0301tences ne\u0301cessaires pour comprendre et promouvoir l&#8217;efficience e\u0301nerge\u0301tique dans les ba\u0302timents Permettre aux agents immobiliers d&#8217;appre\u0301hender l&#8217;importance de l&#8217;efficience e\u0301nerge\u0301tique dans le secteur immobilier, de reconnai\u0302tre les opportunite\u0301s d&#8217;ame\u0301lioration e\u0301nerge\u0301tique et de conseiller les clients sur les avantages e\u0301conomiques et environnementaux lie\u0301s a\u0300 ces mesures Informer les agents immobiliers sur les certifications&hellip;<\/div>\n\t\t\t\t<div class=\"trx_addons_hover_links\">\n\t\t\t<a href=\"https:\/\/academie-immo.lu\/de\/courses\/efficience-energetique-des-batiments\/\" class=\"trx_addons_hover_link\">More Info<\/a>\n\t\t\t\t\t<\/div>\n\t<\/div>\n<\/div>\n<\/div><div class=\"trx_addons_column-1_4\"><div class=\"sc_courses_item trx_addons_hover trx_addons_hover_style_links\">\n\t\t\t<div class=\"sc_courses_item_thumb\">\n\t\t\t<img loading=\"lazy\" decoding=\"async\" width=\"740\" height=\"530\" src=\"https:\/\/academie-immo.lu\/wp-content\/uploads\/2024\/02\/9276433-740x530.jpg\" class=\"attachment-studeon-thumb-big-blogger size-studeon-thumb-big-blogger wp-post-image\" alt=\"Les erreurs \u00e0 ne pas faire en immobilier\" \/>\t\t\t<span class=\"sc_courses_item_categories\"><a href=\"https:\/\/academie-immo.lu\/de\/courses_group\/techniques-immobilieres\/\" title=\"View all posts in Techniques immobili\u00e8res\">Techniques immobili\u00e8res<\/a><\/span>\n\t\t<\/div>\n\t\t<div class=\"sc_courses_item_info\">\n\t\t<div class=\"sc_courses_item_header\">\n\t\t\t<h5 class=\"sc_courses_item_title\">Les erreurs \u00e0 ne pas faire en immobilier<\/h5>\n\t\t\t<div class=\"sc_courses_item_meta\">\n\t\t\t\t<span class=\"sc_courses_item_meta_item sc_courses_item_meta_date\">Starting <span class=\"sc_courses_item_date\">28\/02\/2034<\/span><\/span>\n\t\t\t\t<span class=\"sc_courses_item_meta_item sc_courses_item_meta_duration\"><\/span>\n            <\/div>\n\t\t\t<div class=\"sc_courses_item_price\"><\/div>\n\t\t<\/div>\n\n\t<\/div>\n\t<div class=\"trx_addons_hover_mask\"><\/div>\n\t<div class=\"trx_addons_hover_content\">\n\t\t<h5 class=\"trx_addons_hover_title\">Les erreurs \u00e0 ne pas faire en immobilier<\/h5>\n\t\t\t\t\t<div class=\"trx_addons_hover_text\">OBJECTIFS DU MODULE Identifier et \u00e9viter les erreurs courantes dans les transactions immobili\u00e8res. Comprendre les r\u00e9percussions juridiques et financi\u00e8res des erreurs fr\u00e9quentes pour mieux les pr\u00e9venir. CONTENUS P\u00c9DAGOGIQUES\u00a0 Analyse des erreurs fr\u00e9quentes dans la r\u00e9daction des contrats et leurs impacts. \u00c9valuation des risques li\u00e9s \u00e0 une mauvaise compr\u00e9hension des obligations l\u00e9gales. Strat\u00e9gies pour une gestion efficace des attentes clients et&hellip;<\/div>\n\t\t\t\t<div class=\"trx_addons_hover_links\">\n\t\t\t<a href=\"https:\/\/academie-immo.lu\/de\/courses\/les-erreurs-a-ne-pas-faire-en-immobilier\/\" class=\"trx_addons_hover_link\">More Info<\/a>\n\t\t\t\t\t<\/div>\n\t<\/div>\n<\/div>\n<\/div><div class=\"trx_addons_column-1_4\"><div class=\"sc_courses_item trx_addons_hover trx_addons_hover_style_links\">\n\t\t\t<div class=\"sc_courses_item_thumb\">\n\t\t\t<img loading=\"lazy\" decoding=\"async\" width=\"740\" height=\"530\" src=\"https:\/\/academie-immo.lu\/wp-content\/uploads\/2024\/03\/Capture-decran-2024-03-22-a-13.29.48-740x530.png\" class=\"attachment-studeon-thumb-big-blogger size-studeon-thumb-big-blogger wp-post-image\" alt=\"Cr\u00e9ation de contenu pour les r\u00e9seaux sociaux\" \/>\t\t\t<span class=\"sc_courses_item_categories\"><a href=\"https:\/\/academie-immo.lu\/de\/courses_group\/competences-tranversales\/\" title=\"View all posts in Comp\u00e9tences transversales\">Comp\u00e9tences transversales<\/a> <a href=\"https:\/\/academie-immo.lu\/de\/courses_group\/techniques-immobilieres\/\" title=\"View all posts in Techniques immobili\u00e8res\">Techniques immobili\u00e8res<\/a><\/span>\n\t\t<\/div>\n\t\t<div class=\"sc_courses_item_info\">\n\t\t<div class=\"sc_courses_item_header\">\n\t\t\t<h5 class=\"sc_courses_item_title\">Cr\u00e9ation de contenu pour les r\u00e9seaux sociaux<\/h5>\n\t\t\t<div class=\"sc_courses_item_meta\">\n\t\t\t\t<span class=\"sc_courses_item_meta_item sc_courses_item_meta_date\">Starting <span class=\"sc_courses_item_date\">31\/03\/2034<\/span><\/span>\n\t\t\t\t<span class=\"sc_courses_item_meta_item sc_courses_item_meta_duration\"><\/span>\n            <\/div>\n\t\t\t<div class=\"sc_courses_item_price\"><\/div>\n\t\t<\/div>\n\n\t<\/div>\n\t<div class=\"trx_addons_hover_mask\"><\/div>\n\t<div class=\"trx_addons_hover_content\">\n\t\t<h5 class=\"trx_addons_hover_title\">Cr\u00e9ation de contenu pour les r\u00e9seaux sociaux<\/h5>\n\t\t\t\t\t<div class=\"trx_addons_hover_text\">OBJECTIFS DU MODULE Acque\u0301rir une compre\u0301hension approfondie des principaux re\u0301seaux sociaux et de leur utilisation dans le contexte professionnel. De\u0301velopper des compe\u0301tences pratiques dans la cre\u0301ation de contenu attractif et pertinent pour les me\u0301dias sociaux. Introduction aux outils de cre\u0301ation de contenu mobile : applications de retouche photo, d&#8217;e\u0301dition vide\u0301o, et de conception graphique disponibles sur les smartphones. Optimisation du&hellip;<\/div>\n\t\t\t\t<div class=\"trx_addons_hover_links\">\n\t\t\t<a href=\"https:\/\/academie-immo.lu\/de\/courses\/creation-de-contenu-pour-les-reseaux-sociaux\/\" class=\"trx_addons_hover_link\">More Info<\/a>\n\t\t\t\t\t<\/div>\n\t<\/div>\n<\/div>\n<\/div><div class=\"trx_addons_column-1_4\"><div class=\"sc_courses_item trx_addons_hover trx_addons_hover_style_links\">\n\t\t\t<div class=\"sc_courses_item_thumb\">\n\t\t\t<img loading=\"lazy\" decoding=\"async\" width=\"400\" height=\"400\" src=\"https:\/\/academie-immo.lu\/wp-content\/uploads\/2024\/07\/image-1.jpeg\" class=\"attachment-studeon-thumb-big-blogger size-studeon-thumb-big-blogger wp-post-image\" alt=\"Vices et vices cach\u00e9s dans l&#8217;immobilier\" srcset=\"https:\/\/academie-immo.lu\/wp-content\/uploads\/2024\/07\/image-1.jpeg 400w, https:\/\/academie-immo.lu\/wp-content\/uploads\/2024\/07\/image-1-300x300.jpeg 300w, https:\/\/academie-immo.lu\/wp-content\/uploads\/2024\/07\/image-1-150x150.jpeg 150w, https:\/\/academie-immo.lu\/wp-content\/uploads\/2024\/07\/image-1-370x370.jpeg 370w, https:\/\/academie-immo.lu\/wp-content\/uploads\/2024\/07\/image-1-90x90.jpeg 90w\" sizes=\"auto, (max-width: 400px) 100vw, 400px\" \/>\t\t\t<span class=\"sc_courses_item_categories\"><a href=\"https:\/\/academie-immo.lu\/de\/courses_group\/techniques-immobilieres\/\" title=\"View all posts in Techniques immobili\u00e8res\">Techniques immobili\u00e8res<\/a><\/span>\n\t\t<\/div>\n\t\t<div class=\"sc_courses_item_info\">\n\t\t<div class=\"sc_courses_item_header\">\n\t\t\t<h5 class=\"sc_courses_item_title\">Vices et vices cach\u00e9s dans l&#8217;immobilier<\/h5>\n\t\t\t<div class=\"sc_courses_item_meta\">\n\t\t\t\t<span class=\"sc_courses_item_meta_item sc_courses_item_meta_date\">Starting <span class=\"sc_courses_item_date\">31\/12\/2034<\/span><\/span>\n\t\t\t\t<span class=\"sc_courses_item_meta_item sc_courses_item_meta_duration\"><\/span>\n            <\/div>\n\t\t\t<div class=\"sc_courses_item_price\"><\/div>\n\t\t<\/div>\n\n\t<\/div>\n\t<div class=\"trx_addons_hover_mask\"><\/div>\n\t<div class=\"trx_addons_hover_content\">\n\t\t<h5 class=\"trx_addons_hover_title\">Vices et vices cach\u00e9s dans l&#8217;immobilier<\/h5>\n\t\t\t\t\t<div class=\"trx_addons_hover_text\">OBJECTIFS DU MODULE Apprendre \u00e0 faire la diff\u00e9rence entre un vice et un vice cach\u00e9. Mesure \u00e0 prendre en cas de vices et vices cach\u00e9s. \u2026\u2026\u2026\u2026\u2026\u2026\u2026\u2026\u2026\u2026\u2026\u2026\u2026\u2026\u2026\u2026\u2026\u2026\u2026\u2026\u2026\u2026\u2026\u2026\u2026\u2026\u2026\u2026\u2026\u2026\u2026\u2026\u2026\u2026\u2026\u2026\u2026\u2026\u2026\u2026\u2026 CONTENUS P\u00c9DAGOGIQUES D\u00e9finition d&#8217;un vice apparent. D\u00e9finition d&#8217;un vice cach\u00e9. Quelles sont les diff\u00e9rences de vices dans des nouvelles constructions existantes. Vices et vices cach\u00e9s d&#8217;un point de vue l\u00e9gislatif. Exemples pour faire la&hellip;<\/div>\n\t\t\t\t<div class=\"trx_addons_hover_links\">\n\t\t\t<a href=\"https:\/\/academie-immo.lu\/de\/courses\/vices-et-vices-caches-dans-limmobilier\/\" class=\"trx_addons_hover_link\">More Info<\/a>\n\t\t\t\t\t<\/div>\n\t<\/div>\n<\/div>\n<\/div><\/div><\/div><!-- \/.sc_courses -->[vc_empty_space height=&#8220;145px&#8220; hide_on_mobile=&#8220;&#8220;][\/vc_column][\/vc_row][vc_row disable_element=&#8220;yes&#8220;][vc_column][vc_empty_space height=&#8220;145px&#8220; hide_on_mobile=&#8220;&#8220;]<div class=\"sc_courses sc_courses_default\"><h3 class=\"sc_item_title sc_courses_title sc_align_left sc_item_title_style_default\">Comp\u00e9tences tranversales<\/h3><div class=\"sc_courses_columns sc_item_columns trx_addons_columns_wrap columns_padding_bottom\"><div class=\"trx_addons_column-1_4\"><div class=\"sc_courses_item trx_addons_hover trx_addons_hover_style_links\">\n\t\t\t<div class=\"sc_courses_item_thumb\">\n\t\t\t<img loading=\"lazy\" decoding=\"async\" width=\"400\" height=\"400\" src=\"https:\/\/academie-immo.lu\/wp-content\/uploads\/2023\/05\/image-2.jpeg\" class=\"attachment-studeon-thumb-big-blogger size-studeon-thumb-big-blogger wp-post-image\" alt=\"Communiquer dans des situations difficiles\" srcset=\"https:\/\/academie-immo.lu\/wp-content\/uploads\/2023\/05\/image-2.jpeg 400w, https:\/\/academie-immo.lu\/wp-content\/uploads\/2023\/05\/image-2-300x300.jpeg 300w, https:\/\/academie-immo.lu\/wp-content\/uploads\/2023\/05\/image-2-150x150.jpeg 150w, https:\/\/academie-immo.lu\/wp-content\/uploads\/2023\/05\/image-2-370x370.jpeg 370w, https:\/\/academie-immo.lu\/wp-content\/uploads\/2023\/05\/image-2-90x90.jpeg 90w\" sizes=\"auto, (max-width: 400px) 100vw, 400px\" \/>\t\t\t<span class=\"sc_courses_item_categories\"><a href=\"https:\/\/academie-immo.lu\/de\/courses_group\/competences-tranversales\/\" title=\"View all posts in Comp\u00e9tences transversales\">Comp\u00e9tences transversales<\/a><\/span>\n\t\t<\/div>\n\t\t<div class=\"sc_courses_item_info\">\n\t\t<div class=\"sc_courses_item_header\">\n\t\t\t<h5 class=\"sc_courses_item_title\">Communiquer dans des situations difficiles<\/h5>\n\t\t\t<div class=\"sc_courses_item_meta\">\n\t\t\t\t<span class=\"sc_courses_item_meta_item sc_courses_item_meta_date\">Starting <span class=\"sc_courses_item_date\">30\/06\/2033<\/span><\/span>\n\t\t\t\t<span class=\"sc_courses_item_meta_item sc_courses_item_meta_duration\">8h<\/span>\n            <\/div>\n\t\t\t<div class=\"sc_courses_item_price\"><\/div>\n\t\t<\/div>\n\n\t<\/div>\n\t<div class=\"trx_addons_hover_mask\"><\/div>\n\t<div class=\"trx_addons_hover_content\">\n\t\t<h5 class=\"trx_addons_hover_title\">Communiquer dans des situations difficiles<\/h5>\n\t\t\t\t\t<div class=\"trx_addons_hover_text\">OBJECTIFS DU MODULE R\u00e9soudre des situations de communication difficile avec un client. CONTENUS P\u00c9DAGOGIQUES Communication\u00a0: verbale et non-verbale, rationnelle et \u00e9motionnelle, Importance de l&#8217;assertivit\u00e9 et de l&#8217;empathie, Le mod\u00e8le d\u2019escalade d&#8217;un conflit, Votre position dans la gestion des situations difficiles. M\u00c9THODES P\u00c9DAGOGIQUES Enseignements th\u00e9oriques, discussions de groupe, \u00e9change d\u2019exp\u00e9riences CERTIFICATION Attestation de pr\u00e9sence INFORMATIONS PRATIQUES\u00a0 Pr\u00e9sentiel en centre de formation&hellip;<\/div>\n\t\t\t\t<div class=\"trx_addons_hover_links\">\n\t\t\t<a href=\"https:\/\/academie-immo.lu\/de\/courses\/communiquer-dans-des-situations-difficiles\/\" class=\"trx_addons_hover_link\">More Info<\/a>\n\t\t\t\t\t<\/div>\n\t<\/div>\n<\/div>\n<\/div><div class=\"trx_addons_column-1_4\"><div class=\"sc_courses_item trx_addons_hover trx_addons_hover_style_links\">\n\t\t\t<div class=\"sc_courses_item_thumb\">\n\t\t\t<img loading=\"lazy\" decoding=\"async\" width=\"740\" height=\"530\" src=\"https:\/\/academie-immo.lu\/wp-content\/uploads\/2023\/05\/office-g143d04d23_1280-740x530.jpg\" class=\"attachment-studeon-thumb-big-blogger size-studeon-thumb-big-blogger wp-post-image\" alt=\"Introduction \u00e0 la gestion de projet\" \/>\t\t\t<span class=\"sc_courses_item_categories\"><a href=\"https:\/\/academie-immo.lu\/de\/courses_group\/competences-tranversales\/\" title=\"View all posts in Comp\u00e9tences transversales\">Comp\u00e9tences transversales<\/a><\/span>\n\t\t<\/div>\n\t\t<div class=\"sc_courses_item_info\">\n\t\t<div class=\"sc_courses_item_header\">\n\t\t\t<h5 class=\"sc_courses_item_title\">Introduction \u00e0 la gestion de projet<\/h5>\n\t\t\t<div class=\"sc_courses_item_meta\">\n\t\t\t\t<span class=\"sc_courses_item_meta_item sc_courses_item_meta_date\">Starting <span class=\"sc_courses_item_date\">30\/06\/2033<\/span><\/span>\n\t\t\t\t<span class=\"sc_courses_item_meta_item sc_courses_item_meta_duration\"><\/span>\n            <\/div>\n\t\t\t<div class=\"sc_courses_item_price\"><\/div>\n\t\t<\/div>\n\n\t<\/div>\n\t<div class=\"trx_addons_hover_mask\"><\/div>\n\t<div class=\"trx_addons_hover_content\">\n\t\t<h5 class=\"trx_addons_hover_title\">Introduction \u00e0 la gestion de projet<\/h5>\n\t\t\t\t\t<div class=\"trx_addons_hover_text\">OBJECTIFS DU MODULE D\u00e9marrer et g\u00e9rer des projets avec succ\u00e8s R\u00e9ussir des projets Acqu\u00e9rir les m\u00e9thodes et outils de base autour d&#8217;un projet Acqu\u00e9rir des outils pour mieux piloter un projet CONTENUS P\u00c9DAGOGIQUES L&#8217;\u00e9laboration du projet L&#8217;organisation du projet La planification, le contr\u00f4le et le suivi Connaissance des phases de pilotage de projet Compr\u00e9hension de base de la gestion de&hellip;<\/div>\n\t\t\t\t<div class=\"trx_addons_hover_links\">\n\t\t\t<a href=\"https:\/\/academie-immo.lu\/de\/courses\/introduction-a-la-gestion-de-projet\/\" class=\"trx_addons_hover_link\">More Info<\/a>\n\t\t\t\t\t<\/div>\n\t<\/div>\n<\/div>\n<\/div><div class=\"trx_addons_column-1_4\"><div class=\"sc_courses_item trx_addons_hover trx_addons_hover_style_links\">\n\t\t\t<div class=\"sc_courses_item_thumb\">\n\t\t\t<img loading=\"lazy\" decoding=\"async\" width=\"740\" height=\"530\" src=\"https:\/\/academie-immo.lu\/wp-content\/uploads\/2023\/05\/feedback-g5ab0aca8c_1280-740x530.jpg\" class=\"attachment-studeon-thumb-big-blogger size-studeon-thumb-big-blogger wp-post-image\" alt=\"N\u00e9gociation commerciale\" \/>\t\t\t<span class=\"sc_courses_item_categories\"><a href=\"https:\/\/academie-immo.lu\/de\/courses_group\/competences-tranversales\/\" title=\"View all posts in Comp\u00e9tences transversales\">Comp\u00e9tences transversales<\/a><\/span>\n\t\t<\/div>\n\t\t<div class=\"sc_courses_item_info\">\n\t\t<div class=\"sc_courses_item_header\">\n\t\t\t<h5 class=\"sc_courses_item_title\">N\u00e9gociation commerciale<\/h5>\n\t\t\t<div class=\"sc_courses_item_meta\">\n\t\t\t\t<span class=\"sc_courses_item_meta_item sc_courses_item_meta_date\">Starting <span class=\"sc_courses_item_date\">31\/08\/2033<\/span><\/span>\n\t\t\t\t<span class=\"sc_courses_item_meta_item sc_courses_item_meta_duration\"><\/span>\n            <\/div>\n\t\t\t<div class=\"sc_courses_item_price\"><\/div>\n\t\t<\/div>\n\n\t<\/div>\n\t<div class=\"trx_addons_hover_mask\"><\/div>\n\t<div class=\"trx_addons_hover_content\">\n\t\t<h5 class=\"trx_addons_hover_title\">N\u00e9gociation commerciale<\/h5>\n\t\t\t\t\t<div class=\"trx_addons_hover_text\">OBJECTIFS DU MODULE L\u2019objectif de ce module est de d\u00e9cortiquer les m\u00e9canismes de persuasion et de n\u00e9gociation afin de pouvoir les appliquer de fa\u00e7on \u00e9thique dans les m\u00e9tiers de l\u2019immobilier. Le but est de comprendre comment utiliser les m\u00e9canismes de persuasion et de n\u00e9gociation suivant 6 principes (r\u00e9ciprocit\u00e9, engagement, preuve sociale, autorit\u00e9, raret\u00e9, sympathie). CONTENUS P\u00c9DAGOGIQUES\u00a0 Pourquoi sommes-nous amen\u00e9s \u00e0&hellip;<\/div>\n\t\t\t\t<div class=\"trx_addons_hover_links\">\n\t\t\t<a href=\"https:\/\/academie-immo.lu\/de\/courses\/negociation-commerciale\/\" class=\"trx_addons_hover_link\">More Info<\/a>\n\t\t\t\t\t<\/div>\n\t<\/div>\n<\/div>\n<\/div><div class=\"trx_addons_column-1_4\"><div class=\"sc_courses_item trx_addons_hover trx_addons_hover_style_links\">\n\t\t\t<div class=\"sc_courses_item_thumb\">\n\t\t\t<img loading=\"lazy\" decoding=\"async\" width=\"740\" height=\"530\" src=\"https:\/\/academie-immo.lu\/wp-content\/uploads\/2023\/10\/Capture-decran-2023-11-02-a-15.28.58-740x530.png\" class=\"attachment-studeon-thumb-big-blogger size-studeon-thumb-big-blogger wp-post-image\" alt=\"Ma\u00eetriser la Gestion de la paie au Luxembourg\" \/>\t\t\t<span class=\"sc_courses_item_categories\"><a href=\"https:\/\/academie-immo.lu\/de\/courses_group\/competences-tranversales\/\" title=\"View all posts in Comp\u00e9tences transversales\">Comp\u00e9tences transversales<\/a><\/span>\n\t\t<\/div>\n\t\t<div class=\"sc_courses_item_info\">\n\t\t<div class=\"sc_courses_item_header\">\n\t\t\t<h5 class=\"sc_courses_item_title\">Ma\u00eetriser la Gestion de la paie au Luxembourg<\/h5>\n\t\t\t<div class=\"sc_courses_item_meta\">\n\t\t\t\t<span class=\"sc_courses_item_meta_item sc_courses_item_meta_date\">Starting <span class=\"sc_courses_item_date\">30\/11\/2033<\/span><\/span>\n\t\t\t\t<span class=\"sc_courses_item_meta_item sc_courses_item_meta_duration\"><\/span>\n            <\/div>\n\t\t\t<div class=\"sc_courses_item_price\"><\/div>\n\t\t<\/div>\n\n\t<\/div>\n\t<div class=\"trx_addons_hover_mask\"><\/div>\n\t<div class=\"trx_addons_hover_content\">\n\t\t<h5 class=\"trx_addons_hover_title\">Ma\u00eetriser la Gestion de la paie au Luxembourg<\/h5>\n\t\t\t\t\t<div class=\"trx_addons_hover_text\">OBJECTIFS DU MODULE Comprendre les principales rubriques d&#8217;une fiche de salaire (brut ou net). Identifier les diff\u00e9rents pr\u00e9l\u00e8vements sociaux. D\u00e9crypter les bar\u00e8mes d&#8217;imposition. CONTENUS P\u00c9DAGOGIQUES Collecter les instructions salaires Les absences : cong\u00e9 maternit\u00e9, parental, maladie, &#8230; Le changement de temps de travail L\u2019arriv\u00e9e ou le d\u00e9part en cours de mois Le licenciement Comprendre la composition du salaire brut La&hellip;<\/div>\n\t\t\t\t<div class=\"trx_addons_hover_links\">\n\t\t\t<a href=\"https:\/\/academie-immo.lu\/de\/courses\/maitriser-la-gestion-de-la-paie-au-luxembourg\/\" class=\"trx_addons_hover_link\">More Info<\/a>\n\t\t\t\t\t<\/div>\n\t<\/div>\n<\/div>\n<\/div><div class=\"trx_addons_column-1_4\"><div class=\"sc_courses_item trx_addons_hover trx_addons_hover_style_links\">\n\t\t\t<div class=\"sc_courses_item_thumb\">\n\t\t\t<img loading=\"lazy\" decoding=\"async\" width=\"740\" height=\"530\" src=\"https:\/\/academie-immo.lu\/wp-content\/uploads\/2023\/11\/student-849825_1280-740x530.jpg\" class=\"attachment-studeon-thumb-big-blogger size-studeon-thumb-big-blogger wp-post-image\" alt=\"G\u00e9rer les absences et les maladies des salari\u00e9s\" \/>\t\t\t<span class=\"sc_courses_item_categories\"><a href=\"https:\/\/academie-immo.lu\/de\/courses_group\/competences-tranversales\/\" title=\"View all posts in Comp\u00e9tences transversales\">Comp\u00e9tences transversales<\/a><\/span>\n\t\t<\/div>\n\t\t<div class=\"sc_courses_item_info\">\n\t\t<div class=\"sc_courses_item_header\">\n\t\t\t<h5 class=\"sc_courses_item_title\">G\u00e9rer les absences et les maladies des salari\u00e9s<\/h5>\n\t\t\t<div class=\"sc_courses_item_meta\">\n\t\t\t\t<span class=\"sc_courses_item_meta_item sc_courses_item_meta_date\">Starting <span class=\"sc_courses_item_date\">30\/11\/2033<\/span><\/span>\n\t\t\t\t<span class=\"sc_courses_item_meta_item sc_courses_item_meta_duration\"><\/span>\n            <\/div>\n\t\t\t<div class=\"sc_courses_item_price\"><\/div>\n\t\t<\/div>\n\n\t<\/div>\n\t<div class=\"trx_addons_hover_mask\"><\/div>\n\t<div class=\"trx_addons_hover_content\">\n\t\t<h5 class=\"trx_addons_hover_title\">G\u00e9rer les absences et les maladies des salari\u00e9s<\/h5>\n\t\t\t\t\t<div class=\"trx_addons_hover_text\">OBJECTIFS DU MODULE Ma\u00eetriser les proc\u00e9dures en cas de maladie ou d&#8217;absence des salari\u00e9s. Traiter administrativement les cas de maladies du salari\u00e9. G\u00e9rer la reprise progressive du travail. G\u00e9rer le reclassement interne. CONTENUS P\u00c9DAGOGIQUES Les diff\u00e9rents types d\u2019absences et leurs cadres Les absences volontaires Les absences involontaires Le cadre r\u00e9glementaire Le respect de la vie priv\u00e9e et du secret m\u00e9dical&hellip;<\/div>\n\t\t\t\t<div class=\"trx_addons_hover_links\">\n\t\t\t<a href=\"https:\/\/academie-immo.lu\/de\/courses\/gerer-les-absences-et-les-maladies-des-salaries\/\" class=\"trx_addons_hover_link\">More Info<\/a>\n\t\t\t\t\t<\/div>\n\t<\/div>\n<\/div>\n<\/div><div class=\"trx_addons_column-1_4\"><div class=\"sc_courses_item trx_addons_hover trx_addons_hover_style_links\">\n\t\t\t<div class=\"sc_courses_item_thumb\">\n\t\t\t<img loading=\"lazy\" decoding=\"async\" width=\"740\" height=\"530\" src=\"https:\/\/academie-immo.lu\/wp-content\/uploads\/2024\/03\/Capture-decran-2024-03-22-a-13.29.48-740x530.png\" class=\"attachment-studeon-thumb-big-blogger size-studeon-thumb-big-blogger wp-post-image\" alt=\"Cr\u00e9ation de contenu pour les r\u00e9seaux sociaux\" \/>\t\t\t<span class=\"sc_courses_item_categories\"><a href=\"https:\/\/academie-immo.lu\/de\/courses_group\/competences-tranversales\/\" title=\"View all posts in Comp\u00e9tences transversales\">Comp\u00e9tences transversales<\/a> <a href=\"https:\/\/academie-immo.lu\/de\/courses_group\/techniques-immobilieres\/\" title=\"View all posts in Techniques immobili\u00e8res\">Techniques immobili\u00e8res<\/a><\/span>\n\t\t<\/div>\n\t\t<div class=\"sc_courses_item_info\">\n\t\t<div class=\"sc_courses_item_header\">\n\t\t\t<h5 class=\"sc_courses_item_title\">Cr\u00e9ation de contenu pour les r\u00e9seaux sociaux<\/h5>\n\t\t\t<div class=\"sc_courses_item_meta\">\n\t\t\t\t<span class=\"sc_courses_item_meta_item sc_courses_item_meta_date\">Starting <span class=\"sc_courses_item_date\">31\/03\/2034<\/span><\/span>\n\t\t\t\t<span class=\"sc_courses_item_meta_item sc_courses_item_meta_duration\"><\/span>\n            <\/div>\n\t\t\t<div class=\"sc_courses_item_price\"><\/div>\n\t\t<\/div>\n\n\t<\/div>\n\t<div class=\"trx_addons_hover_mask\"><\/div>\n\t<div class=\"trx_addons_hover_content\">\n\t\t<h5 class=\"trx_addons_hover_title\">Cr\u00e9ation de contenu pour les r\u00e9seaux sociaux<\/h5>\n\t\t\t\t\t<div class=\"trx_addons_hover_text\">OBJECTIFS DU MODULE Acque\u0301rir une compre\u0301hension approfondie des principaux re\u0301seaux sociaux et de leur utilisation dans le contexte professionnel. De\u0301velopper des compe\u0301tences pratiques dans la cre\u0301ation de contenu attractif et pertinent pour les me\u0301dias sociaux. Introduction aux outils de cre\u0301ation de contenu mobile : applications de retouche photo, d&#8217;e\u0301dition vide\u0301o, et de conception graphique disponibles sur les smartphones. Optimisation du&hellip;<\/div>\n\t\t\t\t<div class=\"trx_addons_hover_links\">\n\t\t\t<a href=\"https:\/\/academie-immo.lu\/de\/courses\/creation-de-contenu-pour-les-reseaux-sociaux\/\" class=\"trx_addons_hover_link\">More Info<\/a>\n\t\t\t\t\t<\/div>\n\t<\/div>\n<\/div>\n<\/div><div class=\"trx_addons_column-1_4\"><div class=\"sc_courses_item trx_addons_hover trx_addons_hover_style_links\">\n\t\t\t<div class=\"sc_courses_item_thumb\">\n\t\t\t<img loading=\"lazy\" decoding=\"async\" width=\"740\" height=\"530\" src=\"https:\/\/academie-immo.lu\/wp-content\/uploads\/2024\/03\/25072174_2201_w039_n003_88b_p1_88-740x530.jpg\" class=\"attachment-studeon-thumb-big-blogger size-studeon-thumb-big-blogger wp-post-image\" alt=\"Dirigeant(e) et chef(fe) d&#8217;entreprise : les fondamentaux des ressources humaines\" \/>\t\t\t<span class=\"sc_courses_item_categories\"><a href=\"https:\/\/academie-immo.lu\/de\/courses_group\/competences-tranversales\/\" title=\"View all posts in Comp\u00e9tences transversales\">Comp\u00e9tences transversales<\/a><\/span>\n\t\t<\/div>\n\t\t<div class=\"sc_courses_item_info\">\n\t\t<div class=\"sc_courses_item_header\">\n\t\t\t<h5 class=\"sc_courses_item_title\">Dirigeant(e) et chef(fe) d&#8217;entreprise : les fondamentaux des ressources humaines<\/h5>\n\t\t\t<div class=\"sc_courses_item_meta\">\n\t\t\t\t<span class=\"sc_courses_item_meta_item sc_courses_item_meta_date\">Starting <span class=\"sc_courses_item_date\">31\/12\/2034<\/span><\/span>\n\t\t\t\t<span class=\"sc_courses_item_meta_item sc_courses_item_meta_duration\"><\/span>\n            <\/div>\n\t\t\t<div class=\"sc_courses_item_price\"><\/div>\n\t\t<\/div>\n\n\t<\/div>\n\t<div class=\"trx_addons_hover_mask\"><\/div>\n\t<div class=\"trx_addons_hover_content\">\n\t\t<h5 class=\"trx_addons_hover_title\">Dirigeant(e) et chef(fe) d&#8217;entreprise : les fondamentaux des ressources humaines<\/h5>\n\t\t\t\t\t<div class=\"trx_addons_hover_text\">Objectifs du module D\u00e9velopper ses connaissances en GRH pour une gestion plus efficace et \u00e9thique. Comprendre les \u00e9volutions des cadres l\u00e9gislatifs au Luxembourg. Contenus p\u00e9dagogiques JOUR 1 : Les sp\u00e9cificit\u00e9s de la GRH au Luxembourg Conformit\u00e9 juridique\u00a0; R\u00e9mun\u00e9ration et avantages sociaux\u00a0; Sant\u00e9 et s\u00e9curit\u00e9 au travail\u00a0; Relations professionnelles\u00a0; Proc\u00e9dures l\u00e9gales en cas de rupture ou suspension du contrat de travail.&hellip;<\/div>\n\t\t\t\t<div class=\"trx_addons_hover_links\">\n\t\t\t<a href=\"https:\/\/academie-immo.lu\/de\/courses\/dirigeante-et-cheffe-dentreprise-les-fondamentaux-des-ressources-humaines\/\" class=\"trx_addons_hover_link\">More Info<\/a>\n\t\t\t\t\t<\/div>\n\t<\/div>\n<\/div>\n<\/div><div class=\"trx_addons_column-1_4\"><div class=\"sc_courses_item trx_addons_hover trx_addons_hover_style_links\">\n\t\t\t<div class=\"sc_courses_item_thumb\">\n\t\t\t<img loading=\"lazy\" decoding=\"async\" width=\"740\" height=\"530\" src=\"https:\/\/academie-immo.lu\/wp-content\/uploads\/2024\/03\/folder-5000783_1280-740x530.png\" class=\"attachment-studeon-thumb-big-blogger size-studeon-thumb-big-blogger wp-post-image\" alt=\"G\u00e9rer le d\u00e9tachement des salari\u00e9s\" \/>\t\t\t<span class=\"sc_courses_item_categories\"><a href=\"https:\/\/academie-immo.lu\/de\/courses_group\/competences-tranversales\/\" title=\"View all posts in Comp\u00e9tences transversales\">Comp\u00e9tences transversales<\/a><\/span>\n\t\t<\/div>\n\t\t<div class=\"sc_courses_item_info\">\n\t\t<div class=\"sc_courses_item_header\">\n\t\t\t<h5 class=\"sc_courses_item_title\">G\u00e9rer le d\u00e9tachement des salari\u00e9s<\/h5>\n\t\t\t<div class=\"sc_courses_item_meta\">\n\t\t\t\t<span class=\"sc_courses_item_meta_item sc_courses_item_meta_date\">Starting <span class=\"sc_courses_item_date\">31\/12\/2034<\/span><\/span>\n\t\t\t\t<span class=\"sc_courses_item_meta_item sc_courses_item_meta_duration\"><\/span>\n            <\/div>\n\t\t\t<div class=\"sc_courses_item_price\"><\/div>\n\t\t<\/div>\n\n\t<\/div>\n\t<div class=\"trx_addons_hover_mask\"><\/div>\n\t<div class=\"trx_addons_hover_content\">\n\t\t<h5 class=\"trx_addons_hover_title\">G\u00e9rer le d\u00e9tachement des salari\u00e9s<\/h5>\n\t\t\t\t\t<div class=\"trx_addons_hover_text\">Objectifs du module Comprendre la notion de d\u00e9tachement. Identifier les formalit\u00e9s administratives \u00e0 r\u00e9aliser. Contenus p\u00e9dagogiques Le champ d\u2019application du d\u00e9tachement Sa d\u00e9finition L\u2019activit\u00e9 multi-pays Les possibilit\u00e9s de prestations transnationales Le cas du d\u00e9tachement vers le Luxembourg La dur\u00e9e du d\u00e9tachement La l\u00e9gislation applicable en mati\u00e8re de droit du travail en cas de d\u00e9tachement Principes g\u00e9n\u00e9raux Le cas de la&hellip;<\/div>\n\t\t\t\t<div class=\"trx_addons_hover_links\">\n\t\t\t<a href=\"https:\/\/academie-immo.lu\/de\/courses\/gerer-le-detachement-des-salaries-2\/\" class=\"trx_addons_hover_link\">More Info<\/a>\n\t\t\t\t\t<\/div>\n\t<\/div>\n<\/div>\n<\/div><\/div><\/div><!-- \/.sc_courses -->[vc_empty_space height=&#8220;145px&#8220; hide_on_mobile=&#8220;&#8220;][\/vc_column][\/vc_row][vc_row disable_element=&#8220;yes&#8220;][vc_column][vc_empty_space height=&#8220;145px&#8220; hide_on_mobile=&#8220;&#8220;][vc_empty_space height=&#8220;145px&#8220; hide_on_mobile=&#8220;&#8220;][\/vc_column][\/vc_row][vc_row disable_element=&#8220;yes&#8220;][vc_column][vc_empty_space height=&#8220;145px&#8220; hide_on_mobile=&#8220;&#8220;]<div class=\"sc_courses sc_courses_default\"><h3 class=\"sc_item_title sc_courses_title sc_align_left sc_item_title_style_default\">S\u00e9curit\u00e9<\/h3><div class=\"sc_courses_columns sc_item_columns trx_addons_columns_wrap columns_padding_bottom\"><div class=\"trx_addons_column-1_4\"><div class=\"sc_courses_item trx_addons_hover trx_addons_hover_style_links\">\n\t\t\t<div class=\"sc_courses_item_thumb\">\n\t\t\t<img loading=\"lazy\" decoding=\"async\" width=\"740\" height=\"530\" src=\"https:\/\/academie-immo.lu\/wp-content\/uploads\/2023\/10\/team-4386222_1280-740x530.png\" class=\"attachment-studeon-thumb-big-blogger size-studeon-thumb-big-blogger wp-post-image\" alt=\"Salari\u00e9 D\u00e9sign\u00e9 \u00e0 la s\u00e9curit\u00e9 et sant\u00e9 au travail &#8211; Groupe A\" \/>\t\t\t<span class=\"sc_courses_item_categories\"><a href=\"https:\/\/academie-immo.lu\/de\/courses_group\/securite\/\" title=\"View all posts in S\u00e9curit\u00e9\">S\u00e9curit\u00e9<\/a><\/span>\n\t\t<\/div>\n\t\t<div class=\"sc_courses_item_info\">\n\t\t<div class=\"sc_courses_item_header\">\n\t\t\t<h5 class=\"sc_courses_item_title\">Salari\u00e9 D\u00e9sign\u00e9 \u00e0 la s\u00e9curit\u00e9 et sant\u00e9 au travail &#8211; Groupe A<\/h5>\n\t\t\t<div class=\"sc_courses_item_meta\">\n\t\t\t\t<span class=\"sc_courses_item_meta_item sc_courses_item_meta_date\">Starting <span class=\"sc_courses_item_date\">29\/10\/2033<\/span><\/span>\n\t\t\t\t<span class=\"sc_courses_item_meta_item sc_courses_item_meta_duration\"><\/span>\n            <\/div>\n\t\t\t<div class=\"sc_courses_item_price\"><\/div>\n\t\t<\/div>\n\n\t<\/div>\n\t<div class=\"trx_addons_hover_mask\"><\/div>\n\t<div class=\"trx_addons_hover_content\">\n\t\t<h5 class=\"trx_addons_hover_title\">Salari\u00e9 D\u00e9sign\u00e9 \u00e0 la s\u00e9curit\u00e9 et sant\u00e9 au travail &#8211; Groupe A<\/h5>\n\t\t\t\t\t<div class=\"trx_addons_hover_text\">OBJECTIFS DU MODULE Devenir salari\u00e9 d\u00e9sign\u00e9 en entreprise artisanale comprenant entre 1 et 15 salari\u00e9s. CONTENUS P\u00c9DAGOGIQUES Le programme de la formation est bas\u00e9 sur l&#8216;Arr\u00eat\u00e9 minist\u00e9riel du 18 juillet 2007 d\u00e9terminant les programmes des diff\u00e9rents cycles de formation pour salari\u00e9s d\u00e9sign\u00e9s. Pr\u00e9sentation des missions et de la fonction du travailleur d\u00e9sign\u00e9, L\u00e9gislation concernant la s\u00e9curit\u00e9 et la sant\u00e9 sur&hellip;<\/div>\n\t\t\t\t<div class=\"trx_addons_hover_links\">\n\t\t\t<a href=\"https:\/\/academie-immo.lu\/de\/courses\/salarie-designe-a-la-securite-et-sante-au-travail-groupe-a\/\" class=\"trx_addons_hover_link\">More Info<\/a>\n\t\t\t\t\t<\/div>\n\t<\/div>\n<\/div>\n<\/div><\/div><\/div><!-- \/.sc_courses -->[vc_empty_space height=&#8220;145px&#8220; hide_on_mobile=&#8220;&#8220;][\/vc_column][\/vc_row][vc_row disable_element=&#8220;yes&#8220;][vc_column][vc_empty_space height=&#8220;145px&#8220; hide_on_mobile=&#8220;&#8220;]<div class=\"sc_courses sc_courses_default\"><h3 class=\"sc_item_title sc_courses_title sc_align_left sc_item_title_style_default\">\u00c9conomie<\/h3><div class=\"sc_courses_columns sc_item_columns trx_addons_columns_wrap columns_padding_bottom\"><div class=\"trx_addons_column-1_4\"><div class=\"sc_courses_item trx_addons_hover trx_addons_hover_style_links\">\n\t\t\t<div class=\"sc_courses_item_thumb\">\n\t\t\t<img loading=\"lazy\" decoding=\"async\" width=\"740\" height=\"530\" src=\"https:\/\/academie-immo.lu\/wp-content\/uploads\/2022\/06\/mediamodifier-I3HPUolh5hA-unsplash-740x530.jpg\" class=\"attachment-studeon-thumb-big-blogger size-studeon-thumb-big-blogger wp-post-image\" alt=\"\u00c9tude de rentabilit\u00e9\" \/>\t\t\t<span class=\"sc_courses_item_categories\"><a href=\"https:\/\/academie-immo.lu\/de\/courses_group\/economie\/\" title=\"View all posts in \u00c9conomie\">\u00c9conomie<\/a><\/span>\n\t\t<\/div>\n\t\t<div class=\"sc_courses_item_info\">\n\t\t<div class=\"sc_courses_item_header\">\n\t\t\t<h5 class=\"sc_courses_item_title\">\u00c9tude de rentabilit\u00e9<\/h5>\n\t\t\t<div class=\"sc_courses_item_meta\">\n\t\t\t\t<span class=\"sc_courses_item_meta_item sc_courses_item_meta_date\">Starting <span class=\"sc_courses_item_date\">25\/08\/2033<\/span><\/span>\n\t\t\t\t<span class=\"sc_courses_item_meta_item sc_courses_item_meta_duration\"><\/span>\n            <\/div>\n\t\t\t<div class=\"sc_courses_item_price\"><\/div>\n\t\t<\/div>\n\n\t<\/div>\n\t<div class=\"trx_addons_hover_mask\"><\/div>\n\t<div class=\"trx_addons_hover_content\">\n\t\t<h5 class=\"trx_addons_hover_title\">\u00c9tude de rentabilit\u00e9<\/h5>\n\t\t\t\t\t<div class=\"trx_addons_hover_text\">OBJECTIFS DU MODULE Cette initiation au m\u00e9tier de prospecteur foncier vise \u00e0 fournir aux participants les comp\u00e9tences essentielles pour \u00e9valuer la faisabilit\u00e9 d&#8217;un projet immobilier. Ils acquerront une compr\u00e9hension approfondie de sujets tels que la constructibilit\u00e9 du terrain, l&#8217;\u00e9tude de march\u00e9, la mod\u00e9lisation financi\u00e8re et l&#8217;analyse des risques. CONTENUS P\u00c9DAGOGIQUES Initiation au m\u00e9tier de prospecteur foncier chez un promoteur immobilier.&hellip;<\/div>\n\t\t\t\t<div class=\"trx_addons_hover_links\">\n\t\t\t<a href=\"https:\/\/academie-immo.lu\/de\/courses\/etudes-de-rentabilite\/\" class=\"trx_addons_hover_link\">More Info<\/a>\n\t\t\t\t\t<\/div>\n\t<\/div>\n<\/div>\n<\/div><div class=\"trx_addons_column-1_4\"><div class=\"sc_courses_item trx_addons_hover trx_addons_hover_style_links\">\n\t\t\t<div class=\"sc_courses_item_thumb\">\n\t\t\t<img loading=\"lazy\" decoding=\"async\" width=\"400\" height=\"300\" src=\"https:\/\/academie-immo.lu\/wp-content\/uploads\/2023\/08\/image.jpeg\" class=\"attachment-studeon-thumb-big-blogger size-studeon-thumb-big-blogger wp-post-image\" alt=\"Fiscalit\u00e9 de l\u2019Immobilier\" srcset=\"https:\/\/academie-immo.lu\/wp-content\/uploads\/2023\/08\/image.jpeg 400w, https:\/\/academie-immo.lu\/wp-content\/uploads\/2023\/08\/image-300x225.jpeg 300w, https:\/\/academie-immo.lu\/wp-content\/uploads\/2023\/08\/image-370x278.jpeg 370w\" sizes=\"auto, (max-width: 400px) 100vw, 400px\" \/>\t\t\t<span class=\"sc_courses_item_categories\"><a href=\"https:\/\/academie-immo.lu\/de\/courses_group\/economie\/\" title=\"View all posts in \u00c9conomie\">\u00c9conomie<\/a><\/span>\n\t\t<\/div>\n\t\t<div class=\"sc_courses_item_info\">\n\t\t<div class=\"sc_courses_item_header\">\n\t\t\t<h5 class=\"sc_courses_item_title\">Fiscalit\u00e9 de l\u2019Immobilier<\/h5>\n\t\t\t<div class=\"sc_courses_item_meta\">\n\t\t\t\t<span class=\"sc_courses_item_meta_item sc_courses_item_meta_date\">Starting <span class=\"sc_courses_item_date\">31\/08\/2033<\/span><\/span>\n\t\t\t\t<span class=\"sc_courses_item_meta_item sc_courses_item_meta_duration\"><\/span>\n            <\/div>\n\t\t\t<div class=\"sc_courses_item_price\"><\/div>\n\t\t<\/div>\n\n\t<\/div>\n\t<div class=\"trx_addons_hover_mask\"><\/div>\n\t<div class=\"trx_addons_hover_content\">\n\t\t<h5 class=\"trx_addons_hover_title\">Fiscalit\u00e9 de l\u2019Immobilier<\/h5>\n\t\t\t\t\t<div class=\"trx_addons_hover_text\">OBJECTIFS DU MODULE Comprendre les bases de la fiscalit\u00e9 Luxembourgeoise et les administrations ex\u00e9cutant la l\u00e9gislation fiscale au Luxembourg. Explorer les modes de d\u00e9tention immobili\u00e8re. Ma\u00eetriser les imp\u00f4ts li\u00e9s \u00e0 l&#8217;acquisition, la d\u00e9tention immobili\u00e8re et la vente immobili\u00e8re. Se familiariser avec l\u2019imposition des successions et donations. Conseiller efficacement sur la fiscalit\u00e9 immobili\u00e8re. CONTENUS P\u00c9DAGOGIQUES Initiation \u00e0 la fiscalit\u00e9 Luxembourgeoise. Modes&hellip;<\/div>\n\t\t\t\t<div class=\"trx_addons_hover_links\">\n\t\t\t<a href=\"https:\/\/academie-immo.lu\/de\/courses\/fiscalite-de-limmobilier\/\" class=\"trx_addons_hover_link\">More Info<\/a>\n\t\t\t\t\t<\/div>\n\t<\/div>\n<\/div>\n<\/div><\/div><\/div><!-- \/.sc_courses -->[vc_empty_space height=&#8220;145px&#8220; hide_on_mobile=&#8220;&#8220;][\/vc_column][\/vc_row][vc_row disable_element=&#8220;yes&#8220;][vc_column][vc_empty_space height=&#8220;145px&#8220; hide_on_mobile=&#8220;&#8220;]<div class=\"sc_courses sc_courses_default\"><h3 class=\"sc_item_title sc_courses_title sc_align_left sc_item_title_style_default\">Techniques de construction<\/h3><div class=\"sc_courses_columns sc_item_columns trx_addons_columns_wrap columns_padding_bottom\"><div class=\"trx_addons_column-1_4\"><div class=\"sc_courses_item trx_addons_hover trx_addons_hover_style_links\">\n\t\t\t<div class=\"sc_courses_item_thumb\">\n\t\t\t<img loading=\"lazy\" decoding=\"async\" width=\"740\" height=\"530\" src=\"https:\/\/academie-immo.lu\/wp-content\/uploads\/2017\/02\/sungrow-emea-itv-MC5S6cU-unsplash-740x530.jpg\" class=\"attachment-studeon-thumb-big-blogger size-studeon-thumb-big-blogger wp-post-image\" alt=\"Maisons passives\" \/>\t\t\t<span class=\"sc_courses_item_categories\"><a href=\"https:\/\/academie-immo.lu\/de\/courses_group\/techniques-de-construction\/\" title=\"View all posts in Techniques de construction\">Techniques de construction<\/a><\/span>\n\t\t<\/div>\n\t\t<div class=\"sc_courses_item_info\">\n\t\t<div class=\"sc_courses_item_header\">\n\t\t\t<h5 class=\"sc_courses_item_title\">Maisons passives<\/h5>\n\t\t\t<div class=\"sc_courses_item_meta\">\n\t\t\t\t<span class=\"sc_courses_item_meta_item sc_courses_item_meta_date\">Starting <span class=\"sc_courses_item_date\">31\/08\/2033<\/span><\/span>\n\t\t\t\t<span class=\"sc_courses_item_meta_item sc_courses_item_meta_duration\"><\/span>\n            <\/div>\n\t\t\t<div class=\"sc_courses_item_price\"><\/div>\n\t\t<\/div>\n\n\t<\/div>\n\t<div class=\"trx_addons_hover_mask\"><\/div>\n\t<div class=\"trx_addons_hover_content\">\n\t\t<h5 class=\"trx_addons_hover_title\">Maisons passives<\/h5>\n\t\t\t\t\t<div class=\"trx_addons_hover_text\">OBJECTIFS DU MODULE Comprendre les principes de base de la maison passive. Conna\u00eetre les avantages et les enjeux de la maison passive en termes de performance \u00e9nerg\u00e9tique et environnementale. Savoir concevoir et construire une maison passive en respectant les normes et les crit\u00e8res de certification. Apprendre \u00e0 optimiser l&#8217;efficacit\u00e9 \u00e9nerg\u00e9tique d&#8217;une maison existante en la rendant plus proche des standards&hellip;<\/div>\n\t\t\t\t<div class=\"trx_addons_hover_links\">\n\t\t\t<a href=\"https:\/\/academie-immo.lu\/de\/courses\/maisons-passives\/\" class=\"trx_addons_hover_link\">More Info<\/a>\n\t\t\t\t\t<\/div>\n\t<\/div>\n<\/div>\n<\/div><div class=\"trx_addons_column-1_4\"><div class=\"sc_courses_item trx_addons_hover trx_addons_hover_style_links\">\n\t\t\t<div class=\"sc_courses_item_thumb\">\n\t\t\t<img loading=\"lazy\" decoding=\"async\" width=\"740\" height=\"530\" src=\"https:\/\/academie-immo.lu\/wp-content\/uploads\/2023\/05\/housebuilding-g5e92dfc74_1280-740x530.jpg\" class=\"attachment-studeon-thumb-big-blogger size-studeon-thumb-big-blogger wp-post-image\" alt=\"Techniques de construction\" \/>\t\t\t<span class=\"sc_courses_item_categories\"><a href=\"https:\/\/academie-immo.lu\/de\/courses_group\/techniques-de-construction\/\" title=\"View all posts in Techniques de construction\">Techniques de construction<\/a><\/span>\n\t\t<\/div>\n\t\t<div class=\"sc_courses_item_info\">\n\t\t<div class=\"sc_courses_item_header\">\n\t\t\t<h5 class=\"sc_courses_item_title\">Techniques de construction<\/h5>\n\t\t\t<div class=\"sc_courses_item_meta\">\n\t\t\t\t<span class=\"sc_courses_item_meta_item sc_courses_item_meta_date\">Starting <span class=\"sc_courses_item_date\">31\/08\/2033<\/span><\/span>\n\t\t\t\t<span class=\"sc_courses_item_meta_item sc_courses_item_meta_duration\"><\/span>\n            <\/div>\n\t\t\t<div class=\"sc_courses_item_price\"><\/div>\n\t\t<\/div>\n\n\t<\/div>\n\t<div class=\"trx_addons_hover_mask\"><\/div>\n\t<div class=\"trx_addons_hover_content\">\n\t\t<h5 class=\"trx_addons_hover_title\">Techniques de construction<\/h5>\n\t\t\t\t\t<div class=\"trx_addons_hover_text\">OBJECTIFS DU MODULE Connaitre les diff\u00e9rents types de sols et de fondations Connaitre les caract\u00e9ristiques du b\u00e9ton arm\u00e9 Connaitre les diff\u00e9rents types de ma\u00e7onnerie Connaitre les syst\u00e8mes de fonctionnement des halls et b\u00e2timents fonctionnels CONTENUS P\u00c9DAGOGIQUES Normes Luxembourgeoises Format de construction DNA EN 206 M\u00c9THODES P\u00c9DAGOGIQUES Enseignements th\u00e9oriques CERTIFICATION Document de validation\u00a0: Attestation de participation INFORMATIONS PRATIQUES\u00a0 Pr\u00e9sentiel en centre&hellip;<\/div>\n\t\t\t\t<div class=\"trx_addons_hover_links\">\n\t\t\t<a href=\"https:\/\/academie-immo.lu\/de\/courses\/techniques-de-construction\/\" class=\"trx_addons_hover_link\">More Info<\/a>\n\t\t\t\t\t<\/div>\n\t<\/div>\n<\/div>\n<\/div><div class=\"trx_addons_column-1_4\"><div class=\"sc_courses_item trx_addons_hover trx_addons_hover_style_links\">\n\t\t\t<div class=\"sc_courses_item_thumb\">\n\t\t\t<img loading=\"lazy\" decoding=\"async\" width=\"400\" height=\"300\" src=\"https:\/\/academie-immo.lu\/wp-content\/uploads\/2022\/06\/image-3.jpeg\" class=\"attachment-studeon-thumb-big-blogger size-studeon-thumb-big-blogger wp-post-image\" alt=\"Introduction \u00e0 la certification WELL Building\" srcset=\"https:\/\/academie-immo.lu\/wp-content\/uploads\/2022\/06\/image-3.jpeg 400w, https:\/\/academie-immo.lu\/wp-content\/uploads\/2022\/06\/image-3-300x225.jpeg 300w, https:\/\/academie-immo.lu\/wp-content\/uploads\/2022\/06\/image-3-370x278.jpeg 370w\" sizes=\"auto, (max-width: 400px) 100vw, 400px\" \/>\t\t\t<span class=\"sc_courses_item_categories\"><a href=\"https:\/\/academie-immo.lu\/de\/courses_group\/techniques-de-construction\/\" title=\"View all posts in Techniques de construction\">Techniques de construction<\/a><\/span>\n\t\t<\/div>\n\t\t<div class=\"sc_courses_item_info\">\n\t\t<div class=\"sc_courses_item_header\">\n\t\t\t<h5 class=\"sc_courses_item_title\">Introduction \u00e0 la certification WELL Building<\/h5>\n\t\t\t<div class=\"sc_courses_item_meta\">\n\t\t\t\t<span class=\"sc_courses_item_meta_item sc_courses_item_meta_date\">Starting <span class=\"sc_courses_item_date\">31\/12\/2034<\/span><\/span>\n\t\t\t\t<span class=\"sc_courses_item_meta_item sc_courses_item_meta_duration\"><\/span>\n            <\/div>\n\t\t\t<div class=\"sc_courses_item_price\"><\/div>\n\t\t<\/div>\n\n\t<\/div>\n\t<div class=\"trx_addons_hover_mask\"><\/div>\n\t<div class=\"trx_addons_hover_content\">\n\t\t<h5 class=\"trx_addons_hover_title\">Introduction \u00e0 la certification WELL Building<\/h5>\n\t\t\t\t\t<div class=\"trx_addons_hover_text\">OBJECTIFS DU MODULE Comprendre et e\u0302tre capable d&#8217;appliquer les bases de la certification WELL Building Connai\u0302tre les cate\u0301gories d&#8217;e\u0301valuation avec leurs diffe\u0301rents crite\u0300res et savoir quels aspects de la construction et autres sont pris en compte pour la certification Connai\u0302tre et savoir utiliser la plateforme en ligne de l&#8217;IWBI et les documents qui s&#8217;y rapportent. Comprendre les avantages d\u2019une certification&hellip;<\/div>\n\t\t\t\t<div class=\"trx_addons_hover_links\">\n\t\t\t<a href=\"https:\/\/academie-immo.lu\/de\/courses\/introduction-a-la-certification-well\/\" class=\"trx_addons_hover_link\">More Info<\/a>\n\t\t\t\t\t<\/div>\n\t<\/div>\n<\/div>\n<\/div><\/div><\/div><!-- \/.sc_courses -->[vc_empty_space height=&#8220;145px&#8220; hide_on_mobile=&#8220;&#8220;][\/vc_column][\/vc_row][vc_row disable_element=&#8220;yes&#8220; css=&#8220;.vc_custom_1653380868344{background-color: #ffffff !important;}&#8220;][vc_column]<div id=\"widget_slider_811788742\" class=\"widget_area sc_widget_slider vc_widget_slider wpb_content_element\"><aside id=\"widget_slider_811788742_widget\" class=\"widget widget_slider\">\t\t\t<div class=\"slider_wrap slider_engine_revo slider_alias_home-1\">\r\n\t\t\t\t<!-- START Home Page Acad\u00e9mie de l&#039;immobilier REVOLUTION SLIDER 6.5.14 --><p class=\"rs-p-wp-fix\"><\/p>\n\t\t\t<rs-module-wrap id=\"rev_slider_1_1_wrapper\" data-source=\"gallery\" style=\"visibility:hidden;background:transparent;padding:0;\">\n\t\t\t\t<rs-module id=\"rev_slider_1_1\" style=\"\" data-version=\"6.5.14\">\n\t\t\t\t\t<rs-slides>\n\t\t\t\t\t\t<rs-slide style=\"position: absolute;\" data-key=\"rs-1\" data-title=\"01\" data-description=\"01\" data-anim=\"ms:600;\" data-in=\"o:0;\" data-out=\"a:false;\" data-p1=\"01\">\n\t\t\t\t\t\t\t<img decoding=\"async\" src=\"\/\/academie-immo.lu\/wp-content\/plugins\/revslider\/public\/assets\/assets\/dummy.png\" alt=\"\" class=\"rev-slidebg tp-rs-img rs-lazyload\" data-lazyload=\"\/\/academie-immo.lu\/wp-content\/uploads\/2022\/03\/j3hxlllA-1-scaled-1.jpeg\" data-no-retina>\n<!--\n\t\t\t\t\t\t\t--><rs-layer\n\t\t\t\t\t\t\t\tid=\"slider-1-slide-1-layer-1\" \n\t\t\t\t\t\t\t\tclass=\"home_2_subtitle\"\n\t\t\t\t\t\t\t\tdata-type=\"text\"\n\t\t\t\t\t\t\t\tdata-color=\"rgba(255, 255, 255, 1)\"\n\t\t\t\t\t\t\t\tdata-rsp_ch=\"on\"\n\t\t\t\t\t\t\t\tdata-xy=\"x:c;xo:0,0,0,1px;y:m;yo:-144px,-144px,-144px,-91px;\"\n\t\t\t\t\t\t\t\tdata-text=\"s:22,22,22,12;l:30;a:inherit;\"\n\t\t\t\t\t\t\t\tdata-frame_0=\"y:top;o:1;\"\n\t\t\t\t\t\t\t\tdata-frame_1=\"st:750;sp:2000;sR:750;\"\n\t\t\t\t\t\t\t\tdata-frame_999=\"o:0;st:w;sR:6250;\"\n\t\t\t\t\t\t\t\tstyle=\"z-index:9;font-family:'Lora';\"\n\t\t\t\t\t\t\t>Chambre immobili\u00e8re du Grand-Duch\u00e9 de Luxembourg \n\t\t\t\t\t\t\t<\/rs-layer><!--\n\n\t\t\t\t\t\t\t--><h1\n\t\t\t\t\t\t\t\tid=\"slider-1-slide-1-layer-2\" \n\t\t\t\t\t\t\t\tclass=\"rs-layer home_1_title\"\n\t\t\t\t\t\t\t\tdata-type=\"text\"\n\t\t\t\t\t\t\t\tdata-color=\"rgba(255, 255, 255, 1)\"\n\t\t\t\t\t\t\t\tdata-rsp_ch=\"on\"\n\t\t\t\t\t\t\t\tdata-xy=\"x:c;y:m;yo:-23px;\"\n\t\t\t\t\t\t\t\tdata-text=\"s:80,80,80,40;l:90,90,90,40;fw:600;a:inherit;\"\n\t\t\t\t\t\t\t\tdata-frame_0=\"sX:2;sY:2;\"\n\t\t\t\t\t\t\t\tdata-frame_0_mask=\"u:t;\"\n\t\t\t\t\t\t\t\tdata-frame_1=\"e:power2.out;st:750;sp:1500;sR:750;\"\n\t\t\t\t\t\t\t\tdata-frame_1_mask=\"u:t;\"\n\t\t\t\t\t\t\t\tdata-frame_999=\"o:0;st:w;sR:6750;\"\n\t\t\t\t\t\t\t\tstyle=\"z-index:10;font-family:'Montserrat';text-transform:uppercase;\"\n\t\t\t\t\t\t\t>Acad\u00e9mie\nde <br> l'immobilier \n\t\t\t\t\t\t\t<\/h1><!--\n\n\t\t\t\t\t\t\t--><rs-layer\n\t\t\t\t\t\t\t\tid=\"slider-1-slide-1-layer-7\" \n\t\t\t\t\t\t\t\tclass=\"tp-shape tp-shapewrapper\"\n\t\t\t\t\t\t\t\tdata-type=\"shape\"\n\t\t\t\t\t\t\t\tdata-xy=\"x:c;xo:180px;\"\n\t\t\t\t\t\t\t\tdata-text=\"a:inherit;\"\n\t\t\t\t\t\t\t\tdata-dim=\"w:4000px;h:1012px;\"\n\t\t\t\t\t\t\t\tdata-basealign=\"slide\"\n\t\t\t\t\t\t\t\tdata-rsp_o=\"off\"\n\t\t\t\t\t\t\t\tdata-rsp_bd=\"off\"\n\t\t\t\t\t\t\t\tdata-frame_1=\"sR:10;\"\n\t\t\t\t\t\t\t\tdata-frame_999=\"o:0;st:w;sR:8690;\"\n\t\t\t\t\t\t\t\tstyle=\"z-index:8;background-color:rgba(0,0,0,0.64);\"\n\t\t\t\t\t\t\t> \n\t\t\t\t\t\t\t<\/rs-layer><!--\n\n\t\t\t\t\t\t\t--><rs-layer\n\t\t\t\t\t\t\t\tid=\"slider-1-slide-1-layer-9\" \n\t\t\t\t\t\t\t\tclass=\"tp-shape tp-shapewrapper\"\n\t\t\t\t\t\t\t\tdata-type=\"shape\"\n\t\t\t\t\t\t\t\tdata-xy=\"x:c;y:b;\"\n\t\t\t\t\t\t\t\tdata-text=\"a:inherit;\"\n\t\t\t\t\t\t\t\tdata-dim=\"w:4000px;h:13px;\"\n\t\t\t\t\t\t\t\tdata-vbility=\"t,t,f,f\"\n\t\t\t\t\t\t\t\tdata-basealign=\"slide\"\n\t\t\t\t\t\t\t\tdata-rsp_o=\"off\"\n\t\t\t\t\t\t\t\tdata-rsp_bd=\"off\"\n\t\t\t\t\t\t\t\tdata-frame_1=\"sR:10;\"\n\t\t\t\t\t\t\t\tdata-frame_999=\"o:0;st:w;sR:8690;\"\n\t\t\t\t\t\t\t\tstyle=\"z-index:14;background-color:rgba(255,255,255,1);\"\n\t\t\t\t\t\t\t> \n\t\t\t\t\t\t\t<\/rs-layer><!--\n-->\t\t\t\t\t\t<\/rs-slide>\n\t\t\t\t\t<\/rs-slides>\n\t\t\t\t<\/rs-module>\n\t\t\t\t<script>\n\t\t\t\t\tsetREVStartSize({c: 'rev_slider_1_1',rl:[1240,1240,1240,480],el:[1050,1050,1050,720],gw:[1170,1170,1170,480],gh:[1050,1050,1050,720],type:'standard',justify:'',layout:'fullscreen',offsetContainer:'',offset:'',mh:\"0\"});if (window.RS_MODULES!==undefined && window.RS_MODULES.modules!==undefined && window.RS_MODULES.modules[\"revslider11\"]!==undefined) {window.RS_MODULES.modules[\"revslider11\"].once = false;window.revapi1 = undefined;if (window.RS_MODULES.checkMinimal!==undefined) window.RS_MODULES.checkMinimal()}\n\t\t\t\t<\/script>\n\t\t\t<\/rs-module-wrap>\n\t\t\t<!-- END REVOLUTION SLIDER -->\t\t\t<\/div>\r\n\t\t\t<\/aside><\/div>[\/vc_column][\/vc_row]<\/p>\n","protected":false},"excerpt":{"rendered":"<p>[vc_row el_class=&#8220;display_everythingelse_courses&#8220;][vc_column][vc_empty_space height=&#8220;150px&#8220; alter_height=&#8220;medium&#8220; hide_on_mobile=&#8220;&#8220;][vc_text_separator title=&#8220;Finden Sie unsere verschiedenen Module&#8220;][vc_tta_tabs alignment=&#8220;center&#8220; active_section=&#8220;1&#8243; title=&#8220;Unsere Schulungen&#8220;][vc_tta_section title=&#8220;Finden Sie unsere verschiedenen Module&#8220; tab_id=&#8220;1656686816033-cc8c8c66-d3d71657183789096&#8243;][\/vc_tta_section][vc_tta_section i_icon_fontawesome=&#8220;fas fa-home&#8220; add_icon=&#8220;true&#8220; title=&#8220;Immobilientechnik&#8220; tab_id=&#8220;1653638619052-f4019675-3cec1657183789096&#8243;][\/vc_tta_section][vc_tta_section i_icon_fontawesome=&#8220;fas fa-building&#8220; add_icon=&#8220;true&#8220; title=&#8220;Bautechniken&#8220; tab_id=&#8220;1653638434857-53261fe5-d8c81657183789096&#8243;][\/vc_tta_section][vc_tta_section i_icon_fontawesome=&#8220;fas fa-clipboard&#8220; add_icon=&#8220;true&#8220; title=&#8220;Wirtschaft&#8220; tab_id=&#8220;1653638616903-4bff063a-88dc1657183789096&#8243;][\/vc_tta_section][vc_tta_section title=&#8220;Gesetzgebung&#8220; tab_id=&#8220;1653642590321-c82571c9-7d2e1657183789096&#8243;][\/vc_tta_section][vc_tta_section title=&#8220;Sicherheit&#8220; tab_id=&#8220;1653642614227-5759d1ae-2f351657183789096&#8243;][\/vc_tta_section][vc_tta_section title=&#8220;Querschnittskompetenzen&#8220; tab_id=&#8220;1653642623658-d4e8898c-209b1657183789096&#8243;][\/vc_tta_section][\/vc_tta_tabs][vc_empty_space height=&#8220;100px&#8220; alter_height=&#8220;medium&#8220; hide_on_mobile=&#8220;&#8220;][vc_column_text] Anmeldeformular f\u00fcr eine Ausbildung Bitte klicken Sie auf den untenstehenden Link, um eine Anmeldung vorzunehmen. Bitte&hellip;<\/p>\n","protected":false},"author":1,"featured_media":1353,"parent":0,"menu_order":0,"comment_status":"closed","ping_status":"closed","template":"","meta":{"footnotes":""},"class_list":["post-1692","page","type-page","status-publish","has-post-thumbnail","hentry"],"yoast_head":"<!-- This site is optimized with the Yoast SEO plugin v20.6 - https:\/\/yoast.com\/wordpress\/plugins\/seo\/ -->\n<title>Schulungen - Acad\u00e9mie de l&#039;immobilier<\/title>\n<meta name=\"robots\" content=\"index, follow, max-snippet:-1, max-image-preview:large, max-video-preview:-1\" \/>\n<link rel=\"canonical\" href=\"https:\/\/academie-immo.lu\/de\/schulungen\/\" \/>\n<meta property=\"og:locale\" content=\"de_DE\" \/>\n<meta property=\"og:type\" content=\"article\" \/>\n<meta property=\"og:title\" content=\"Schulungen - Acad\u00e9mie de l&#039;immobilier\" \/>\n<meta property=\"og:description\" content=\"[vc_row el_class=&#8220;display_everythingelse_courses&#8220;][vc_column][vc_empty_space height=&#8220;150px&#8220; alter_height=&#8220;medium&#8220; hide_on_mobile=&#8220;&#8220;][vc_text_separator title=&#8220;Finden Sie unsere verschiedenen Module&#8220;][vc_tta_tabs alignment=&#8220;center&#8220; active_section=&#8220;1&#8243; title=&#8220;Unsere Schulungen&#8220;][vc_tta_section title=&#8220;Finden Sie unsere verschiedenen Module&#8220; tab_id=&#8220;1656686816033-cc8c8c66-d3d71657183789096&#8243;][\/vc_tta_section][vc_tta_section i_icon_fontawesome=&#8220;fas fa-home&#8220; add_icon=&#8220;true&#8220; title=&#8220;Immobilientechnik&#8220; tab_id=&#8220;1653638619052-f4019675-3cec1657183789096&#8243;][\/vc_tta_section][vc_tta_section i_icon_fontawesome=&#8220;fas fa-building&#8220; add_icon=&#8220;true&#8220; title=&#8220;Bautechniken&#8220; tab_id=&#8220;1653638434857-53261fe5-d8c81657183789096&#8243;][\/vc_tta_section][vc_tta_section i_icon_fontawesome=&#8220;fas fa-clipboard&#8220; add_icon=&#8220;true&#8220; title=&#8220;Wirtschaft&#8220; tab_id=&#8220;1653638616903-4bff063a-88dc1657183789096&#8243;][\/vc_tta_section][vc_tta_section title=&#8220;Gesetzgebung&#8220; tab_id=&#8220;1653642590321-c82571c9-7d2e1657183789096&#8243;][\/vc_tta_section][vc_tta_section title=&#8220;Sicherheit&#8220; tab_id=&#8220;1653642614227-5759d1ae-2f351657183789096&#8243;][\/vc_tta_section][vc_tta_section title=&#8220;Querschnittskompetenzen&#8220; tab_id=&#8220;1653642623658-d4e8898c-209b1657183789096&#8243;][\/vc_tta_section][\/vc_tta_tabs][vc_empty_space height=&#8220;100px&#8220; alter_height=&#8220;medium&#8220; hide_on_mobile=&#8220;&#8220;][vc_column_text] Anmeldeformular f\u00fcr eine Ausbildung Bitte klicken Sie auf den untenstehenden Link, um eine Anmeldung vorzunehmen. Bitte&hellip;\" \/>\n<meta property=\"og:url\" content=\"https:\/\/academie-immo.lu\/de\/schulungen\/\" \/>\n<meta property=\"og:site_name\" content=\"Acad\u00e9mie de l&#039;immobilier\" \/>\n<meta property=\"article:modified_time\" content=\"2022-09-22T13:58:13+00:00\" \/>\n<meta property=\"og:image\" content=\"https:\/\/academie-immo.lu\/wp-content\/uploads\/2017\/03\/home_2_sl_2.jpg\" \/>\n\t<meta property=\"og:image:width\" content=\"1920\" \/>\n\t<meta property=\"og:image:height\" content=\"900\" \/>\n\t<meta property=\"og:image:type\" content=\"image\/jpeg\" \/>\n<meta name=\"twitter:card\" content=\"summary_large_image\" \/>\n<meta name=\"twitter:label1\" content=\"Gesch\u00e4tzte Lesezeit\" \/>\n\t<meta name=\"twitter:data1\" content=\"4\u00a0Minuten\" \/>\n<script type=\"application\/ld+json\" class=\"yoast-schema-graph\">{\"@context\":\"https:\/\/schema.org\",\"@graph\":[{\"@type\":\"WebPage\",\"@id\":\"https:\/\/academie-immo.lu\/de\/schulungen\/\",\"url\":\"https:\/\/academie-immo.lu\/de\/schulungen\/\",\"name\":\"Schulungen - Acad\u00e9mie de l&#039;immobilier\",\"isPartOf\":{\"@id\":\"https:\/\/academie-immo.lu\/#website\"},\"datePublished\":\"2022-05-27T14:14:27+00:00\",\"dateModified\":\"2022-09-22T13:58:13+00:00\",\"breadcrumb\":{\"@id\":\"https:\/\/academie-immo.lu\/de\/schulungen\/#breadcrumb\"},\"inLanguage\":\"de\",\"potentialAction\":[{\"@type\":\"ReadAction\",\"target\":[\"https:\/\/academie-immo.lu\/de\/schulungen\/\"]}]},{\"@type\":\"BreadcrumbList\",\"@id\":\"https:\/\/academie-immo.lu\/de\/schulungen\/#breadcrumb\",\"itemListElement\":[{\"@type\":\"ListItem\",\"position\":1,\"name\":\"Accueil\",\"item\":\"https:\/\/academie-immo.lu\/de\/\"},{\"@type\":\"ListItem\",\"position\":2,\"name\":\"Schulungen\"}]},{\"@type\":\"WebSite\",\"@id\":\"https:\/\/academie-immo.lu\/#website\",\"url\":\"https:\/\/academie-immo.lu\/\",\"name\":\"Acad\u00e9mie de l&#039;immobilier\",\"description\":\"\",\"potentialAction\":[{\"@type\":\"SearchAction\",\"target\":{\"@type\":\"EntryPoint\",\"urlTemplate\":\"https:\/\/academie-immo.lu\/?s={search_term_string}\"},\"query-input\":\"required name=search_term_string\"}],\"inLanguage\":\"de\"}]}<\/script>\n<!-- \/ Yoast SEO plugin. -->","yoast_head_json":{"title":"Schulungen - Acad\u00e9mie de l&#039;immobilier","robots":{"index":"index","follow":"follow","max-snippet":"max-snippet:-1","max-image-preview":"max-image-preview:large","max-video-preview":"max-video-preview:-1"},"canonical":"https:\/\/academie-immo.lu\/de\/schulungen\/","og_locale":"de_DE","og_type":"article","og_title":"Schulungen - Acad\u00e9mie de l&#039;immobilier","og_description":"[vc_row el_class=&#8220;display_everythingelse_courses&#8220;][vc_column][vc_empty_space height=&#8220;150px&#8220; alter_height=&#8220;medium&#8220; hide_on_mobile=&#8220;&#8220;][vc_text_separator title=&#8220;Finden Sie unsere verschiedenen Module&#8220;][vc_tta_tabs alignment=&#8220;center&#8220; active_section=&#8220;1&#8243; title=&#8220;Unsere Schulungen&#8220;][vc_tta_section title=&#8220;Finden Sie unsere verschiedenen Module&#8220; tab_id=&#8220;1656686816033-cc8c8c66-d3d71657183789096&#8243;][\/vc_tta_section][vc_tta_section i_icon_fontawesome=&#8220;fas fa-home&#8220; add_icon=&#8220;true&#8220; title=&#8220;Immobilientechnik&#8220; tab_id=&#8220;1653638619052-f4019675-3cec1657183789096&#8243;][\/vc_tta_section][vc_tta_section i_icon_fontawesome=&#8220;fas fa-building&#8220; add_icon=&#8220;true&#8220; title=&#8220;Bautechniken&#8220; tab_id=&#8220;1653638434857-53261fe5-d8c81657183789096&#8243;][\/vc_tta_section][vc_tta_section i_icon_fontawesome=&#8220;fas fa-clipboard&#8220; add_icon=&#8220;true&#8220; title=&#8220;Wirtschaft&#8220; tab_id=&#8220;1653638616903-4bff063a-88dc1657183789096&#8243;][\/vc_tta_section][vc_tta_section title=&#8220;Gesetzgebung&#8220; tab_id=&#8220;1653642590321-c82571c9-7d2e1657183789096&#8243;][\/vc_tta_section][vc_tta_section title=&#8220;Sicherheit&#8220; tab_id=&#8220;1653642614227-5759d1ae-2f351657183789096&#8243;][\/vc_tta_section][vc_tta_section title=&#8220;Querschnittskompetenzen&#8220; tab_id=&#8220;1653642623658-d4e8898c-209b1657183789096&#8243;][\/vc_tta_section][\/vc_tta_tabs][vc_empty_space height=&#8220;100px&#8220; alter_height=&#8220;medium&#8220; hide_on_mobile=&#8220;&#8220;][vc_column_text] Anmeldeformular f\u00fcr eine Ausbildung Bitte klicken Sie auf den untenstehenden Link, um eine Anmeldung vorzunehmen. Bitte&hellip;","og_url":"https:\/\/academie-immo.lu\/de\/schulungen\/","og_site_name":"Acad\u00e9mie de l&#039;immobilier","article_modified_time":"2022-09-22T13:58:13+00:00","og_image":[{"width":1920,"height":900,"url":"https:\/\/academie-immo.lu\/wp-content\/uploads\/2017\/03\/home_2_sl_2.jpg","type":"image\/jpeg"}],"twitter_card":"summary_large_image","twitter_misc":{"Gesch\u00e4tzte Lesezeit":"4\u00a0Minuten"},"schema":{"@context":"https:\/\/schema.org","@graph":[{"@type":"WebPage","@id":"https:\/\/academie-immo.lu\/de\/schulungen\/","url":"https:\/\/academie-immo.lu\/de\/schulungen\/","name":"Schulungen - Acad\u00e9mie de l&#039;immobilier","isPartOf":{"@id":"https:\/\/academie-immo.lu\/#website"},"datePublished":"2022-05-27T14:14:27+00:00","dateModified":"2022-09-22T13:58:13+00:00","breadcrumb":{"@id":"https:\/\/academie-immo.lu\/de\/schulungen\/#breadcrumb"},"inLanguage":"de","potentialAction":[{"@type":"ReadAction","target":["https:\/\/academie-immo.lu\/de\/schulungen\/"]}]},{"@type":"BreadcrumbList","@id":"https:\/\/academie-immo.lu\/de\/schulungen\/#breadcrumb","itemListElement":[{"@type":"ListItem","position":1,"name":"Accueil","item":"https:\/\/academie-immo.lu\/de\/"},{"@type":"ListItem","position":2,"name":"Schulungen"}]},{"@type":"WebSite","@id":"https:\/\/academie-immo.lu\/#website","url":"https:\/\/academie-immo.lu\/","name":"Acad\u00e9mie de l&#039;immobilier","description":"","potentialAction":[{"@type":"SearchAction","target":{"@type":"EntryPoint","urlTemplate":"https:\/\/academie-immo.lu\/?s={search_term_string}"},"query-input":"required name=search_term_string"}],"inLanguage":"de"}]}},"_links":{"self":[{"href":"https:\/\/academie-immo.lu\/de\/wp-json\/wp\/v2\/pages\/1692","targetHints":{"allow":["GET"]}}],"collection":[{"href":"https:\/\/academie-immo.lu\/de\/wp-json\/wp\/v2\/pages"}],"about":[{"href":"https:\/\/academie-immo.lu\/de\/wp-json\/wp\/v2\/types\/page"}],"author":[{"embeddable":true,"href":"https:\/\/academie-immo.lu\/de\/wp-json\/wp\/v2\/users\/1"}],"replies":[{"embeddable":true,"href":"https:\/\/academie-immo.lu\/de\/wp-json\/wp\/v2\/comments?post=1692"}],"version-history":[{"count":12,"href":"https:\/\/academie-immo.lu\/de\/wp-json\/wp\/v2\/pages\/1692\/revisions"}],"predecessor-version":[{"id":2571,"href":"https:\/\/academie-immo.lu\/de\/wp-json\/wp\/v2\/pages\/1692\/revisions\/2571"}],"wp:featuredmedia":[{"embeddable":true,"href":"https:\/\/academie-immo.lu\/de\/wp-json\/wp\/v2\/media\/1353"}],"wp:attachment":[{"href":"https:\/\/academie-immo.lu\/de\/wp-json\/wp\/v2\/media?parent=1692"}],"curies":[{"name":"wp","href":"https:\/\/api.w.org\/{rel}","templated":true}]}}