{"id":2464,"date":"2022-06-03T11:40:50","date_gmt":"2022-06-03T09:40:50","guid":{"rendered":"https:\/\/academie-immo.lu\/datenschutzrichtlinie\/"},"modified":"2022-07-07T16:26:55","modified_gmt":"2022-07-07T14:26:55","slug":"datenschutzrichtlinie","status":"publish","type":"page","link":"https:\/\/academie-immo.lu\/de\/datenschutzrichtlinie\/","title":{"rendered":"Datenschutzrichtlinie"},"content":{"rendered":"<p>[vc_row][vc_column][vc_column_text]<\/p>\n<div class=\"elementor-element elementor-element-5eacfb23 elementor-widget elementor-widget-text-editor\" data-id=\"5eacfb23\" data-element_type=\"widget\" data-widget_type=\"text-editor.default\">\n<div class=\"elementor-widget-container\">In diesem Dokument erfahren Sie, welche personenbezogenen Daten wir sammeln und die Sie uns zur Verf\u00fcgung stellen, warum wir dies tun, wann wir sie an Dritte weitergeben, wie wir sie aufbewahren, sichern und wie Sie die Rechte aus\u00fcben k\u00f6nnen, die Personen in Bezug auf ihre Daten zugestanden werden. Wenn Sie Fragen zu dieser Richtlinie haben, wenden Sie sich bitte an unser Team, E-Mail <a href=\"mailto:formations@academie-immo.lu\" target=\"_blank\" rel=\"noopener\">formations@academie-immo.lu<\/a><\/div>\n<div><\/div>\n<h5 class=\"elementor-widget-container\"><span style=\"color: #1d1d1d; font-family: Montserrat, sans-serif; font-size: 1.4286em; letter-spacing: 0px;\">Einf\u00fchrung<\/span><\/h5>\n<div><\/div>\n<\/div>\n<div class=\"elementor-element elementor-element-4ae98b79 elementor-widget elementor-widget-text-editor\" data-id=\"4ae98b79\" data-element_type=\"widget\" data-widget_type=\"text-editor.default\">\n<div class=\"elementor-widget-container\">\n<div>\n<p><span lang=\"FR\">Unsere Datenschutzrichtlinie informiert Sie \u00fcber die Daten, die wir sammeln, wenn Sie mit uns in Interaktion treten.<\/span><\/p>\n<\/div>\n<div>\n<p><span lang=\"FR\">Indem wir diese Informationen sammeln, handeln wir als Verantwortlicher f\u00fcr die Datenverarbeitung und sind nach dem Gesetz (Allgemeine Verordnung zum Schutz personenbezogener Daten EU 2016\/679) verpflichtet, Ihnen Informationen \u00fcber unser Unternehmen, dar\u00fcber, warum und wie wir Ihre Daten verwenden, und \u00fcber die Rechte, die Sie in Bezug auf Ihre personenbezogenen Daten haben, zur Verf\u00fcgung zu stellen.<\/span><\/p>\n<\/div>\n<div><span lang=\"FR\">Wir nehmen die Sicherheit Ihrer Daten ernst. Wir haben interne Richtlinien und Kontrollen eingef\u00fchrt, um sicherzustellen, dass Ihre Daten nicht verloren gehen, versehentlich zerst\u00f6rt, missbraucht oder offengelegt werden. Intern werden Ihre Daten nur unseren Mitarbeitern zug\u00e4nglich sein, und zwar ausschlie\u00dflich im Rahmen ihrer Aufgaben.<\/span><\/div>\n<div><\/div>\n<h5><span style=\"color: #1d1d1d; font-family: Montserrat, sans-serif; font-size: 1.4286em; letter-spacing: 0px;\">Pers\u00f6nliche Daten, die auf der Website gesammelt werden<\/span><\/h5>\n<div><\/div>\n<\/div>\n<\/div>\n<div class=\"elementor-element elementor-element-1577c1e4 elementor-widget elementor-widget-text-editor\" data-id=\"1577c1e4\" data-element_type=\"widget\" data-widget_type=\"text-editor.default\">\n<div class=\"elementor-widget-container\">\n<p>Der Begriff &#8222;personenbezogene Daten&#8220; umfasst alle Informationen, die sich auf eine identifizierte oder identifizierbare nat\u00fcrliche Person beziehen, wie z. B. Ihren Namen, Ihre Nationalregisternummer, Standortdaten, IP-Adresse, Kontaktdaten, pers\u00f6nliche Merkmale sowie alle Dokumente, mit denen Sie identifiziert werden k\u00f6nnen. Unter &#8222;Verarbeitung&#8220; sollten Sie jeden Vorgang verstehen, der auf Ihre personenbezogenen Daten angewandt wird, von der Erhebung bis zur Vernichtung.<\/p>\n<h5><span style=\"color: #1d1d1d; font-family: Montserrat, sans-serif; font-size: 1.4286em; letter-spacing: 0px;\">Antrag auf Ausbildung<\/span><\/h5>\n<\/div>\n<\/div>\n<div class=\"elementor-element elementor-element-53edc354 elementor-widget elementor-widget-text-editor\" data-id=\"53edc354\" data-element_type=\"widget\" data-widget_type=\"text-editor.default\">\n<div class=\"elementor-widget-container\">Diese Daten sind f\u00fcr die ordnungsgem\u00e4\u00dfe Organisation von Schulungen und die Ausstellung von Zertifikaten und Bescheinigungen unerl\u00e4sslich. Da Kompetenzzentren Schulungen untervergeben k\u00f6nnen, sind sie auch gezwungen, diese Daten an ihre Lieferanten und Unterauftragnehmer weiterzugeben. Um Ihren Anfragen so schnell wie m\u00f6glich nachzukommen, m\u00fcssen die Kompetenzzentren die betreffenden Daten zwangsl\u00e4ufig verarbeiten. Wir verarbeiten Ihre Daten f\u00fcr die nachfolgend aufgelisteten Zwecke: Erhalt von Schulungsanfragen per E-Mail, Vorschlag von Terminen, Erhalt von Anmeldeformularen, Einschreibung der Teilnehmer in die verschiedenen Sitzungen, Einf\u00fcgen der Anmeldeformulare in die Sitzungen, Versand von Einladungen und Teilnahmebest\u00e4tigungen am Ende der Schulungen, Ausstellung von Zertifikaten oder Diplomen, Zugang zu unserer E-Learning-Plattform, Er\u00f6ffnung eines Kundenbereichs. Zu diesem Zweck haben die Kompetenzzentren die notwendigen und gesetzlich vorgeschriebenen vertraglichen Ma\u00dfnahmen eingef\u00fchrt. Au\u00dferdem machen die Kompetenzzentren ihre Kunden w\u00e4hrend des Anmeldeverfahrens f\u00fcr Praktikanten auf diese Tatsache aufmerksam. Wir erheben die folgenden Daten: Vorname, Nachname, Firmenadresse, Telefonnummer, E-Mail-Adresse, Praktikantenadresse, Personalnummer. Wir verpflichten uns, transparent zu machen, wie wir diese Daten sammeln und verwenden, und unsere diesbez\u00fcglichen Verpflichtungen einzuhalten (EU-Verordnung 2016\/679 (PIBR)). Wir speichern Ihre personenbezogenen Daten so lange, wie sie f\u00fcr die Erf\u00fcllung des Zwecks erforderlich sind.<\/div>\n<div><\/div>\n<h5 class=\"elementor-widget-container\"><span style=\"color: #1d1d1d; font-family: Montserrat, sans-serif; font-size: 1.4286em; letter-spacing: 0px;\">Antwort auf ein Stellenangebot<\/span><\/h5>\n<div><\/div>\n<\/div>\n<div class=\"elementor-element elementor-element-1804d242 elementor-widget elementor-widget-text-editor\" data-id=\"1804d242\" data-element_type=\"widget\" data-widget_type=\"text-editor.default\">\n<div class=\"elementor-widget-container\">\n<p>Wenn Sie sich bewerben, bitten wir Sie um ein Motivationsschreiben und Ihren Lebenslauf. Wir verwenden diese Informationen, um Ihre Bewerbung zu bearbeiten.<br \/>\nDie angegebenen Informationen werden von unserer Personalabteilung vertraulich behandelt. Falls Ihre Bewerbung nicht ber\u00fccksichtigt wird, erhalten Sie eine entsprechende Antwort. Wenn Ihre Bewerbung unseren Erwartungen entspricht, werden wir uns mit Ihnen in Verbindung setzen, um ein Vorstellungsgespr\u00e4ch zu vereinbaren. Bei nicht erfolgreichen Bewerbungen werden die Unterlagen der Bewerber sofort nach Abschluss des betreffenden Einstellungsverfahrens gel\u00f6scht.<br \/>\nBei erfolgreichen Bewerbungen werden die Unterlagen der Bewerber so lange aufbewahrt, wie die Person bei den Kompetenzzentren angestellt ist, und nach einer Frist von 12 Monaten im Falle einer K\u00fcndigung oder Entlassung endg\u00fcltig gel\u00f6scht.<\/p>\n<h5><span style=\"color: #1d1d1d; font-family: Montserrat, sans-serif; font-size: 1.4286em; letter-spacing: 0px;\">Teilen und \u00dcbertragen von Daten<\/span><\/h5>\n<\/div>\n<\/div>\n<div class=\"elementor-element elementor-element-6554d663 elementor-widget elementor-widget-text-editor\" data-id=\"6554d663\" data-element_type=\"widget\" data-widget_type=\"text-editor.default\">\n<div class=\"elementor-widget-container\">\n<p>Ihre Informationen werden in unseren Datenbanken gespeichert, die in der Europ\u00e4ischen Union angesiedelt sind. Ihre Informationen werden nicht au\u00dferhalb der Europ\u00e4ischen Union gesendet. Wir werden Ihre Informationen nicht verwenden, um automatisierte Entscheidungen zu treffen, die sich auf Sie auswirken k\u00f6nnten.<br \/>\nBei der Nutzung unserer Website k\u00f6nnen jedoch einige Verbindungsinformationen zu statistischen oder Marketingzwecken weitergegeben werden.<br \/>\nDar\u00fcber hinaus k\u00f6nnen einige Ihrer Daten mit den zust\u00e4ndigen nationalen Beh\u00f6rden geteilt werden, wenn eine solche Teilung den Kompetenzzentren obliegt.<\/p>\n<h5><span style=\"color: #1d1d1d; font-family: Montserrat, sans-serif; font-size: 1.4286em; letter-spacing: 0px;\">Richtlinie zu den Cookies auf der Website<\/span><\/h5>\n<\/div>\n<\/div>\n<div class=\"elementor-element elementor-element-33d96513 elementor-widget elementor-widget-text-editor\" data-id=\"33d96513\" data-element_type=\"widget\" data-widget_type=\"text-editor.default\">\n<div class=\"elementor-widget-container\">\n<p>Unsere Website verfolgt die Besucher (wie lange sie auf der Website surfen, welche Seiten sie besuchen, wie lange sie bleiben, woher sie geografisch kommen usw.). Diese Daten finden sich in google analytics und Jetpack wieder. Diese Daten werden anonymisiert und nicht f\u00fcr Marketingzwecke verwendet.<br \/>\nWir k\u00f6nnen auch Standard-Internettechnologien wie Skripte, Pixel und Weiterleitungen verwenden, deren Zweck es ist, Ihre Erfahrung auf unseren Websites und Anwendungen zu verbessern. Diese Technologien verschaffen uns unter anderem Zugang zu den folgenden Informationen:<\/p>\n<ol>\n<li>Informationen \u00fcber Ihre Nutzung unserer Websites und Anwendungen ;<\/li>\n<li>Informationen \u00fcber das Vorhandensein von Cookies auf Ihrem Endger\u00e4t, \u00fcber die Uhrzeit und das Datum, an dem eine Seite aufgerufen wurde, und eine Beschreibung der Seite, auf der das Web Beacon gesetzt wird ;<\/li>\n<li>Informationen dar\u00fcber, ob Sie E-Mails von uns lesen oder nicht, ob Sie auf Links in diesen E-Mails klicken.<\/li>\n<\/ol>\n<p>Diese Technologien erm\u00f6glichen es Drittanbietern, bestimmte Informationen zu sammeln, z. B. Ihren Browsertyp und die Webseite, die Sie auf unsere Websites weitergeleitet hat. Diese Drittanbieter verarbeiten die von ihnen gesammelten Informationen zu Pr\u00fcfungs- und Forschungszwecken sowie zur Meldung von Informationen \u00fcber unsere Websites und Anwendungen und die auf ihnen betrachteten Werbungen. Wir teilen Ihre Identifikationsdaten nicht mit diesen Dritten im Zusammenhang mit deren Nutzung dieser Technologien.<\/p>\n<\/div>\n<\/div>\n<div class=\"elementor-element elementor-element-5d26f28a elementor-widget elementor-widget-heading\" data-id=\"5d26f28a\" data-element_type=\"widget\" data-widget_type=\"heading.default\">\n<h5 class=\"elementor-widget-container\">Rechte der Nutzer<\/h5>\n<\/div>\n<div class=\"elementor-element elementor-element-26c88b2a elementor-widget elementor-widget-text-editor\" data-id=\"26c88b2a\" data-element_type=\"widget\" data-widget_type=\"text-editor.default\">\n<div class=\"elementor-widget-container\">\n<p>Unbeschadet der Einschr\u00e4nkungen durch die GDPR haben Sie nach dem Datenschutzgesetz eine Reihe von Rechten:<\/p>\n<p><strong>Recht<\/strong> auf Zugang: Auf Antrag sowohl Zugang als auch eine Kopie der verarbeiteten personenbezogenen Daten erhalten.<\/p>\n<p><strong>Recht auf Berichtigung<\/strong>: Erhalten Sie eine Berichtigung Ihrer personenbezogenen Daten, wenn sich diese als unrichtig oder unvollst\u00e4ndig erweisen.<\/p>\n<p><strong>Recht auf L\u00f6schung<\/strong>: Erhalten Sie eine L\u00f6schung Ihrer Daten, wenn es keinen begr\u00fcndeten Grund mehr f\u00fcr ihre Verarbeitung gibt.<\/p>\n<p><strong>Recht auf<\/strong> Einschr\u00e4nkung der <strong>Verarbeitung<\/strong>: Erhalt einer Einschr\u00e4nkung der Verarbeitung Ihrer unrichtigen oder unn\u00f6tig gewordenen Daten<\/p>\n<p><strong>Recht auf Widerspruch<\/strong>: Erreichen einer Einstellung der Verarbeitung Ihrer Daten, wenn es keine rechtm\u00e4\u00dfigen und zwingenden Gr\u00fcnde f\u00fcr die Verarbeitung gibt.<\/p>\n<p><strong>Recht auf \u00dcbertragbarkeit<\/strong>: Erhalt der \u00dcbertragung Ihrer Daten an einen Dritten in einem zug\u00e4nglichen Format<\/p>\n<p><strong>Recht auf Verweigerung der automatischen Verarbeitung<\/strong>: Erreichen, dass die Daten nicht ohne menschliches Zutun vollst\u00e4ndig automatisiert verarbeitet werden.<br \/>\nSollten wir einige Ihrer personenbezogenen Daten auf eine andere als die zuvor identifizierte Art und Weise verarbeiten, werden wir Sie kontaktieren, um Ihnen Informationen dar\u00fcber zu geben und Sie gegebenenfalls um Ihre Zustimmung zu bitten.<br \/>\nWenn Sie eine Beschwerde \u00fcber unsere Nutzung Ihrer Daten haben, k\u00f6nnen Sie sich direkt an uns wenden oder sich an die CNPD :<\/p>\n<p><strong><span lang=\"FR\">Nationale Kommission f\u00fcr den Datenschutz<\/span><\/strong><\/p>\n<div>\n<p><span lang=\"FR\">1, avenue du Rock&#8217;n&#8217;Roll<br \/>\nL-4361<\/span>Esch-sur-Alzette<br \/>\nTel. : (+352) 26 10 60 -1<\/p>\n<p>&nbsp;<\/p>\n<\/div>\n<\/div>\n<\/div>\n<div class=\"elementor-element elementor-element-44dae878 elementor-widget elementor-widget-heading\" data-id=\"44dae878\" data-element_type=\"widget\" data-widget_type=\"heading.default\">\n<div class=\"elementor-widget-container\">\n<h5 class=\"elementor-heading-title elementor-size-default\">Aktualisierungen unserer Datenschutzrichtlinie<\/h5>\n<p>&nbsp;<\/p>\n<\/div>\n<\/div>\n<div class=\"elementor-element elementor-element-1ca384ff elementor-widget elementor-widget-text-editor\" data-id=\"1ca384ff\" data-element_type=\"widget\" data-widget_type=\"text-editor.default\">\n<div class=\"elementor-widget-container\">\n<div>Wir behalten uns das Recht vor, diese Datenschutzrichtlinie jederzeit zu \u00e4ndern, insbesondere aufgrund von \u00c4nderungen der geltenden Gesetze und Vorschriften. Wir empfehlen Ihnen, diese Regeln von Zeit zu Zeit zu \u00fcberpr\u00fcfen, um \u00fcber unsere Verfahren und Regeln bez\u00fcglich Ihrer pers\u00f6nlichen Informationen auf dem Laufenden zu bleiben.<\/div>\n<div>\n<p>Alle Aktualisierungen dieser Richtlinie werden auf dieser Seite ver\u00f6ffentlicht. Datum der letzten Aktualisierung: 23.02.2022.<\/p>\n<p>&nbsp;<\/p>\n<\/div>\n<\/div>\n<\/div>\n<div class=\"elementor-element elementor-element-13ab8254 elementor-widget elementor-widget-heading\" data-id=\"13ab8254\" data-element_type=\"widget\" data-widget_type=\"heading.default\">\n<h5 class=\"elementor-widget-container\">Allgemeine Informationen<\/h5>\n<p>&nbsp;<\/p>\n<\/div>\n<div class=\"elementor-element elementor-element-151a2a2f elementor-widget elementor-widget-text-editor\" data-id=\"151a2a2f\" data-element_type=\"widget\" data-widget_type=\"text-editor.default\">\n<div class=\"elementor-widget-container\">\n<p>Gem\u00e4\u00df der VERORDNUNG (EU) 2016\/679 DES EUROP\u00c4ISCHEN PARLAMENTS UND DES RATES vom 27. April 2016 zum Schutz nat\u00fcrlicher Personen bei der Verarbeitung personenbezogener Daten und zum freien Datenverkehr und zur Aufhebung der Richtlinie 95\/46\/EG (Allgemeine Datenschutzverordnung &#8211; DSGVO). Die pers\u00f6nlichen Informationen, die auf der Website www.<a href=\"https:\/\/www.cdc-gtb.lu\/\" target=\"_blank\" rel=\"noopener\">cdc-gtb.lu<\/a> werden in \u00dcbereinstimmung mit dem luxemburgischen Gesetz vom 2. August 2002 zum Schutz von Personen bei der Verarbeitung personenbezogener Daten in seiner ge\u00e4nderten Fassung und in \u00dcbereinstimmung mit der Reform der EU-Datenschutzbestimmungen 2018 (RGDP) verarbeitet. Der Kunde hat jederzeit das Recht, auf die ihn betreffenden Daten zuzugreifen, sie zu \u00e4ndern, zu berichtigen und zu l\u00f6schen. Diese Rechte k\u00f6nnen auf elektronischem Wege ausge\u00fcbt werden. <a href=\"mailto:info@cdc-gtb.lu\" target=\"_blank\" rel=\"noopener\"><br \/>\n<strong>info@cdc-gtb.lu<\/strong><br \/>\n<\/a><\/p>\n<\/div>\n<\/div>\n<p>[\/vc_column_text][\/vc_column][\/vc_row]<\/p>\n","protected":false},"excerpt":{"rendered":"<p>[vc_row][vc_column][vc_column_text] In diesem Dokument erfahren Sie, welche personenbezogenen Daten wir sammeln und die Sie uns zur Verf\u00fcgung stellen, warum wir dies tun, wann wir sie an Dritte weitergeben, wie wir sie aufbewahren, sichern und wie Sie die Rechte aus\u00fcben k\u00f6nnen, die Personen in Bezug auf ihre Daten zugestanden werden. Wenn Sie Fragen zu dieser Richtlinie haben, wenden Sie sich bitte&hellip;<\/p>\n","protected":false},"author":1,"featured_media":0,"parent":0,"menu_order":0,"comment_status":"closed","ping_status":"closed","template":"","meta":{"footnotes":""},"class_list":["post-2464","page","type-page","status-publish","hentry"],"yoast_head":"<!-- This site is optimized with the Yoast SEO plugin v20.6 - https:\/\/yoast.com\/wordpress\/plugins\/seo\/ -->\n<title>Datenschutzrichtlinie - Acad\u00e9mie de l&#039;immobilier<\/title>\n<meta name=\"robots\" content=\"index, follow, max-snippet:-1, max-image-preview:large, max-video-preview:-1\" \/>\n<link rel=\"canonical\" href=\"https:\/\/academie-immo.lu\/de\/datenschutzrichtlinie\/\" \/>\n<meta property=\"og:locale\" content=\"de_DE\" \/>\n<meta property=\"og:type\" content=\"article\" \/>\n<meta property=\"og:title\" content=\"Datenschutzrichtlinie - Acad\u00e9mie de l&#039;immobilier\" \/>\n<meta property=\"og:description\" content=\"[vc_row][vc_column][vc_column_text] In diesem Dokument erfahren Sie, welche personenbezogenen Daten wir sammeln und die Sie uns zur Verf\u00fcgung stellen, warum wir dies tun, wann wir sie an Dritte weitergeben, wie wir sie aufbewahren, sichern und wie Sie die Rechte aus\u00fcben k\u00f6nnen, die Personen in Bezug auf ihre Daten zugestanden werden. Wenn Sie Fragen zu dieser Richtlinie haben, wenden Sie sich bitte&hellip;\" \/>\n<meta property=\"og:url\" content=\"https:\/\/academie-immo.lu\/de\/datenschutzrichtlinie\/\" \/>\n<meta property=\"og:site_name\" content=\"Acad\u00e9mie de l&#039;immobilier\" \/>\n<meta property=\"article:modified_time\" content=\"2022-07-07T14:26:55+00:00\" \/>\n<meta name=\"twitter:card\" content=\"summary_large_image\" \/>\n<meta name=\"twitter:label1\" content=\"Gesch\u00e4tzte Lesezeit\" \/>\n\t<meta name=\"twitter:data1\" content=\"7\u00a0Minuten\" \/>\n<script type=\"application\/ld+json\" class=\"yoast-schema-graph\">{\"@context\":\"https:\/\/schema.org\",\"@graph\":[{\"@type\":\"WebPage\",\"@id\":\"https:\/\/academie-immo.lu\/de\/datenschutzrichtlinie\/\",\"url\":\"https:\/\/academie-immo.lu\/de\/datenschutzrichtlinie\/\",\"name\":\"Datenschutzrichtlinie - Acad\u00e9mie de l&#039;immobilier\",\"isPartOf\":{\"@id\":\"https:\/\/academie-immo.lu\/#website\"},\"datePublished\":\"2022-06-03T09:40:50+00:00\",\"dateModified\":\"2022-07-07T14:26:55+00:00\",\"breadcrumb\":{\"@id\":\"https:\/\/academie-immo.lu\/de\/datenschutzrichtlinie\/#breadcrumb\"},\"inLanguage\":\"de\",\"potentialAction\":[{\"@type\":\"ReadAction\",\"target\":[\"https:\/\/academie-immo.lu\/de\/datenschutzrichtlinie\/\"]}]},{\"@type\":\"BreadcrumbList\",\"@id\":\"https:\/\/academie-immo.lu\/de\/datenschutzrichtlinie\/#breadcrumb\",\"itemListElement\":[{\"@type\":\"ListItem\",\"position\":1,\"name\":\"Accueil\",\"item\":\"https:\/\/academie-immo.lu\/de\/\"},{\"@type\":\"ListItem\",\"position\":2,\"name\":\"Datenschutzrichtlinie\"}]},{\"@type\":\"WebSite\",\"@id\":\"https:\/\/academie-immo.lu\/#website\",\"url\":\"https:\/\/academie-immo.lu\/\",\"name\":\"Acad\u00e9mie de l&#039;immobilier\",\"description\":\"\",\"potentialAction\":[{\"@type\":\"SearchAction\",\"target\":{\"@type\":\"EntryPoint\",\"urlTemplate\":\"https:\/\/academie-immo.lu\/?s={search_term_string}\"},\"query-input\":\"required name=search_term_string\"}],\"inLanguage\":\"de\"}]}<\/script>\n<!-- \/ Yoast SEO plugin. -->","yoast_head_json":{"title":"Datenschutzrichtlinie - Acad\u00e9mie de l&#039;immobilier","robots":{"index":"index","follow":"follow","max-snippet":"max-snippet:-1","max-image-preview":"max-image-preview:large","max-video-preview":"max-video-preview:-1"},"canonical":"https:\/\/academie-immo.lu\/de\/datenschutzrichtlinie\/","og_locale":"de_DE","og_type":"article","og_title":"Datenschutzrichtlinie - Acad\u00e9mie de l&#039;immobilier","og_description":"[vc_row][vc_column][vc_column_text] In diesem Dokument erfahren Sie, welche personenbezogenen Daten wir sammeln und die Sie uns zur Verf\u00fcgung stellen, warum wir dies tun, wann wir sie an Dritte weitergeben, wie wir sie aufbewahren, sichern und wie Sie die Rechte aus\u00fcben k\u00f6nnen, die Personen in Bezug auf ihre Daten zugestanden werden. Wenn Sie Fragen zu dieser Richtlinie haben, wenden Sie sich bitte&hellip;","og_url":"https:\/\/academie-immo.lu\/de\/datenschutzrichtlinie\/","og_site_name":"Acad\u00e9mie de l&#039;immobilier","article_modified_time":"2022-07-07T14:26:55+00:00","twitter_card":"summary_large_image","twitter_misc":{"Gesch\u00e4tzte Lesezeit":"7\u00a0Minuten"},"schema":{"@context":"https:\/\/schema.org","@graph":[{"@type":"WebPage","@id":"https:\/\/academie-immo.lu\/de\/datenschutzrichtlinie\/","url":"https:\/\/academie-immo.lu\/de\/datenschutzrichtlinie\/","name":"Datenschutzrichtlinie - Acad\u00e9mie de l&#039;immobilier","isPartOf":{"@id":"https:\/\/academie-immo.lu\/#website"},"datePublished":"2022-06-03T09:40:50+00:00","dateModified":"2022-07-07T14:26:55+00:00","breadcrumb":{"@id":"https:\/\/academie-immo.lu\/de\/datenschutzrichtlinie\/#breadcrumb"},"inLanguage":"de","potentialAction":[{"@type":"ReadAction","target":["https:\/\/academie-immo.lu\/de\/datenschutzrichtlinie\/"]}]},{"@type":"BreadcrumbList","@id":"https:\/\/academie-immo.lu\/de\/datenschutzrichtlinie\/#breadcrumb","itemListElement":[{"@type":"ListItem","position":1,"name":"Accueil","item":"https:\/\/academie-immo.lu\/de\/"},{"@type":"ListItem","position":2,"name":"Datenschutzrichtlinie"}]},{"@type":"WebSite","@id":"https:\/\/academie-immo.lu\/#website","url":"https:\/\/academie-immo.lu\/","name":"Acad\u00e9mie de l&#039;immobilier","description":"","potentialAction":[{"@type":"SearchAction","target":{"@type":"EntryPoint","urlTemplate":"https:\/\/academie-immo.lu\/?s={search_term_string}"},"query-input":"required name=search_term_string"}],"inLanguage":"de"}]}},"_links":{"self":[{"href":"https:\/\/academie-immo.lu\/de\/wp-json\/wp\/v2\/pages\/2464","targetHints":{"allow":["GET"]}}],"collection":[{"href":"https:\/\/academie-immo.lu\/de\/wp-json\/wp\/v2\/pages"}],"about":[{"href":"https:\/\/academie-immo.lu\/de\/wp-json\/wp\/v2\/types\/page"}],"author":[{"embeddable":true,"href":"https:\/\/academie-immo.lu\/de\/wp-json\/wp\/v2\/users\/1"}],"replies":[{"embeddable":true,"href":"https:\/\/academie-immo.lu\/de\/wp-json\/wp\/v2\/comments?post=2464"}],"version-history":[{"count":7,"href":"https:\/\/academie-immo.lu\/de\/wp-json\/wp\/v2\/pages\/2464\/revisions"}],"predecessor-version":[{"id":2515,"href":"https:\/\/academie-immo.lu\/de\/wp-json\/wp\/v2\/pages\/2464\/revisions\/2515"}],"wp:attachment":[{"href":"https:\/\/academie-immo.lu\/de\/wp-json\/wp\/v2\/media?parent=2464"}],"curies":[{"name":"wp","href":"https:\/\/api.w.org\/{rel}","templated":true}]}}