{"id":2520,"date":"2017-02-06T08:50:11","date_gmt":"2017-02-06T07:50:11","guid":{"rendered":"https:\/\/academie-immo.lu\/startseite\/"},"modified":"2022-07-07T16:38:41","modified_gmt":"2022-07-07T14:38:41","slug":"startseite","status":"publish","type":"page","link":"https:\/\/academie-immo.lu\/de\/","title":{"rendered":"Startseite"},"content":{"rendered":"<p>[vc_row css=&#8220;.vc_custom_1642589913907{background-color: #ffffff !important;}&#8220;][vc_column]<div id=\"widget_slider_1361970826\" class=\"widget_area sc_widget_slider vc_widget_slider wpb_content_element\"><aside id=\"widget_slider_1361970826_widget\" class=\"widget widget_slider\">\t\t\t<div class=\"slider_wrap slider_engine_revo slider_alias_home-page-academie-de-limmobilier-1\">\r\n\t\t\t\t<!-- START DE  Home Page Acad\u00e9mie de l&#039;immobilier REVOLUTION SLIDER 6.5.14 --><p class=\"rs-p-wp-fix\"><\/p>\n\t\t\t<rs-module-wrap id=\"rev_slider_6_1_wrapper\" data-source=\"gallery\" style=\"visibility:hidden;background:transparent;padding:0;\">\n\t\t\t\t<rs-module id=\"rev_slider_6_1\" style=\"\" data-version=\"6.5.14\">\n\t\t\t\t\t<rs-slides>\n\t\t\t\t\t\t<rs-slide style=\"position: absolute;\" data-key=\"rs-12\" data-title=\"01\" data-description=\"01\" data-anim=\"ms:600;\" data-in=\"o:0;\" data-out=\"a:false;\" data-p1=\"01\">\n\t\t\t\t\t\t\t<img decoding=\"async\" src=\"\/\/academie-immo.lu\/wp-content\/plugins\/revslider\/public\/assets\/assets\/dummy.png\" alt=\"\" class=\"rev-slidebg tp-rs-img rs-lazyload\" data-lazyload=\"\/\/academie-immo.lu\/wp-content\/uploads\/2022\/03\/j3hxlllA-1-scaled-1.jpeg\" data-no-retina>\n<!--\n\t\t\t\t\t\t\t--><rs-layer\n\t\t\t\t\t\t\t\tid=\"slider-6-slide-12-layer-1\" \n\t\t\t\t\t\t\t\tclass=\"home_2_subtitle\"\n\t\t\t\t\t\t\t\tdata-type=\"text\"\n\t\t\t\t\t\t\t\tdata-color=\"rgba(255, 255, 255, 1)\"\n\t\t\t\t\t\t\t\tdata-rsp_ch=\"on\"\n\t\t\t\t\t\t\t\tdata-xy=\"x:c;xo:0,0,0,1px;y:m;yo:-144px,-144px,-144px,-91px;\"\n\t\t\t\t\t\t\t\tdata-text=\"s:22,22,22,12;l:30;a:center;\"\n\t\t\t\t\t\t\t\tdata-frame_0=\"y:top;o:1;\"\n\t\t\t\t\t\t\t\tdata-frame_1=\"st:750;sp:2000;sR:750;\"\n\t\t\t\t\t\t\t\tdata-frame_999=\"o:0;st:w;sR:6250;\"\n\t\t\t\t\t\t\t\tstyle=\"z-index:9;font-family:'Lora';\"\n\t\t\t\t\t\t\t>Immobilienkammer des Gro\u00dfherzogtums Luxemburg \n\t\t\t\t\t\t\t<\/rs-layer><!--\n\n\t\t\t\t\t\t\t--><h1\n\t\t\t\t\t\t\t\tid=\"slider-6-slide-12-layer-2\" \n\t\t\t\t\t\t\t\tclass=\"rs-layer home_1_title\"\n\t\t\t\t\t\t\t\tdata-type=\"text\"\n\t\t\t\t\t\t\t\tdata-color=\"rgba(255, 255, 255, 1)\"\n\t\t\t\t\t\t\t\tdata-rsp_ch=\"on\"\n\t\t\t\t\t\t\t\tdata-xy=\"x:c;y:m;yo:-23px;\"\n\t\t\t\t\t\t\t\tdata-text=\"s:80,80,80,40;l:90,90,90,40;fw:600;a:center;\"\n\t\t\t\t\t\t\t\tdata-frame_0=\"sX:2;sY:2;\"\n\t\t\t\t\t\t\t\tdata-frame_0_mask=\"u:t;\"\n\t\t\t\t\t\t\t\tdata-frame_1=\"e:power2.out;st:750;sp:1500;sR:750;\"\n\t\t\t\t\t\t\t\tdata-frame_1_mask=\"u:t;\"\n\t\t\t\t\t\t\t\tdata-frame_999=\"o:0;st:w;sR:6750;\"\n\t\t\t\t\t\t\t\tstyle=\"z-index:10;font-family:'Montserrat';text-transform:uppercase;\"\n\t\t\t\t\t\t\t>Die Immobilien <br> Akademie \n\t\t\t\t\t\t\t<\/h1><!--\n\n\t\t\t\t\t\t\t--><rs-layer\n\t\t\t\t\t\t\t\tid=\"slider-6-slide-12-layer-7\" \n\t\t\t\t\t\t\t\tclass=\"tp-shape tp-shapewrapper\"\n\t\t\t\t\t\t\t\tdata-type=\"shape\"\n\t\t\t\t\t\t\t\tdata-xy=\"x:c;xo:180px;\"\n\t\t\t\t\t\t\t\tdata-text=\"a:inherit;\"\n\t\t\t\t\t\t\t\tdata-dim=\"w:4000px;h:1012px;\"\n\t\t\t\t\t\t\t\tdata-basealign=\"slide\"\n\t\t\t\t\t\t\t\tdata-rsp_o=\"off\"\n\t\t\t\t\t\t\t\tdata-rsp_bd=\"off\"\n\t\t\t\t\t\t\t\tdata-frame_1=\"sR:10;\"\n\t\t\t\t\t\t\t\tdata-frame_999=\"o:0;st:w;sR:8690;\"\n\t\t\t\t\t\t\t\tstyle=\"z-index:8;background-color:rgba(0,0,0,0.64);\"\n\t\t\t\t\t\t\t> \n\t\t\t\t\t\t\t<\/rs-layer><!--\n\n\t\t\t\t\t\t\t--><rs-layer\n\t\t\t\t\t\t\t\tid=\"slider-6-slide-12-layer-9\" \n\t\t\t\t\t\t\t\tclass=\"tp-shape tp-shapewrapper\"\n\t\t\t\t\t\t\t\tdata-type=\"shape\"\n\t\t\t\t\t\t\t\tdata-xy=\"x:c;y:b;\"\n\t\t\t\t\t\t\t\tdata-text=\"a:inherit;\"\n\t\t\t\t\t\t\t\tdata-dim=\"w:4000px;h:13px;\"\n\t\t\t\t\t\t\t\tdata-vbility=\"t,t,f,f\"\n\t\t\t\t\t\t\t\tdata-basealign=\"slide\"\n\t\t\t\t\t\t\t\tdata-rsp_o=\"off\"\n\t\t\t\t\t\t\t\tdata-rsp_bd=\"off\"\n\t\t\t\t\t\t\t\tdata-frame_1=\"sR:10;\"\n\t\t\t\t\t\t\t\tdata-frame_999=\"o:0;st:w;sR:8690;\"\n\t\t\t\t\t\t\t\tstyle=\"z-index:14;background-color:rgba(255,255,255,1);\"\n\t\t\t\t\t\t\t> \n\t\t\t\t\t\t\t<\/rs-layer><!--\n-->\t\t\t\t\t\t<\/rs-slide>\n\t\t\t\t\t<\/rs-slides>\n\t\t\t\t<\/rs-module>\n\t\t\t\t<script>\n\t\t\t\t\tsetREVStartSize({c: 'rev_slider_6_1',rl:[1240,1240,1240,480],el:[1050,1050,1050,720],gw:[1170,1170,1170,480],gh:[1050,1050,1050,720],type:'standard',justify:'',layout:'fullscreen',offsetContainer:'',offset:'',mh:\"0\"});if (window.RS_MODULES!==undefined && window.RS_MODULES.modules!==undefined && window.RS_MODULES.modules[\"revslider61\"]!==undefined) {window.RS_MODULES.modules[\"revslider61\"].once = false;window.revapi6 = undefined;if (window.RS_MODULES.checkMinimal!==undefined) window.RS_MODULES.checkMinimal()}\n\t\t\t\t<\/script>\n\t\t\t<\/rs-module-wrap>\n\t\t\t<!-- END REVOLUTION SLIDER -->\t\t\t<\/div>\r\n\t\t\t<\/aside><\/div>[\/vc_column][\/vc_row][vc_row full_width=&#8220;stretch_row&#8220; css=&#8220;.vc_custom_1646226073794{margin-left: 2px !important;background-color: #ffffff !important;}&#8220; el_class=&#8220;gauche-mobile&#8220;][vc_column][vc_empty_space alter_height=&#8220;huge&#8220; hide_on_mobile=&#8220;&#8220;][vc_empty_space alter_height=&#8220;huge&#8220; hide_on_mobile=&#8220;&#8220;]<div id=\"sc_title_836770281\"\r\n\t\tclass=\"sc_title sc_title_default\"><h6 class=\"sc_item_subtitle sc_title_subtitle sc_align_center sc_item_title_style_default\">Immobilienkammer des Gro\u00dfherzogtums Luxemburg<\/h6><h3 class=\"sc_item_title sc_title_title sc_align_center sc_item_title_style_default\">DIE AKADEMIE DER IMMOBILIENWIRTSCHAFT<\/h3><\/div><!-- \/.sc_title -->[vc_row_inner el_class=&#8220;gauche-mobile&#8220;][vc_column_inner css=&#8220;.vc_custom_1646225814474{padding-bottom: 40px !important;}&#8220;][vc_column_text]<\/p>\n<p style=\"text-align: center;\">Die Acad\u00e9mie de l&#8217;Immobilier bietet eine Reihe von Schulungen in den Bereichen Technik, Technologie, Wirtschaft, Recht und Management f\u00fcr Fachleute aus der Immobilienbranche an. Sie wurde speziell f\u00fcr die 800 Unternehmen der Branche und ihre 2.000 Angestellten entwickelt. Die Schulungen werden von erfahrenen Trainern durchgef\u00fchrt, die mit den neuesten technischen Entwicklungen vertraut sind.<\/p>\n<p>[\/vc_column_text][\/vc_column_inner][\/vc_row_inner][vc_row_inner css=&#8220;.vc_custom_1646925790407{padding-bottom: 40px !important;}&#8220;][vc_column_inner width=&#8220;1\/2&#8243;][vc_btn title=&#8220;Pressemitteilung&#8220; align=&#8220;center&#8220; i_icon_fontawesome=&#8220;far fa-newspaper&#8220; add_icon=&#8220;true&#8220; link=&#8220;url:https%3A%2F%2Facademie-immo.lu%2Fwp-content%2Fuploads%2F2022%2F05%2F01.-Acad_Immo-Lettre-de-lancement-FR.pdf|target:_blank&#8220;][\/vc_column_inner][vc_column_inner width=&#8220;1\/2&#8243;][vc_btn title=&#8220;Vorstellung der Akademie&#8220; align=&#8220;center&#8220; i_icon_fontawesome=&#8220;far fa-file-powerpoint&#8220; add_icon=&#8220;true&#8220; link=&#8220;url:https%3A%2F%2Facademie-immo.lu%2Fwp-content%2Fuploads%2F2022%2F05%2F01.-Acade%CC%81mie-de-lImmobilier_MBP-de-Wendy.fritz_.box_Feb-23-141954-2022_Conflict1.pdf&#8220;][\/vc_column_inner][\/vc_row_inner][\/vc_column][\/vc_row][vc_row full_width=&#8220;stretch_row&#8220; disable_element=&#8220;yes&#8220; scheme=&#8220;dark&#8220; css=&#8220;.vc_custom_1646132927689{background-image: url(http:\/\/academie-immo.lu\/wp-content\/uploads\/2017\/02\/bg_skills.jpg?id=306) !important;background-position: center !important;background-repeat: no-repeat !important;background-size: cover !important;}&#8220;][vc_column icons_position=&#8220;left&#8220;][vc_empty_space height=&#8220;7px&#8220; alter_height=&#8220;none&#8220; hide_on_mobile=&#8220;1,3,2&#8243;][vc_empty_space alter_height=&#8220;medium&#8220; hide_on_mobile=&#8220;1,3&#8243;][vc_empty_space alter_height=&#8220;medium&#8220; hide_on_mobile=&#8220;1&#8243;][vc_empty_space alter_height=&#8220;huge&#8220; hide_on_mobile=&#8220;&#8220;]<div id=\"sc_title_287794188\"\r\n\t\tclass=\"sc_title sc_title_default\"><h6 class=\"sc_item_subtitle sc_title_subtitle sc_align_center sc_item_title_style_default\">The Best Choice<\/h6><h3 class=\"sc_item_title sc_title_title sc_align_center sc_item_title_style_default\">Useful & Popular Courses<\/h3><\/div><!-- \/.sc_title --><div id=\"sc_skills_1203882223\"\r\n\t\tclass=\"sc_skills sc_skills_counter  vc_custom_1645803244811\"\r\n\t\t\t\tdata-type=\"counter\"\r\n\t\t><div class=\"sc_skills_columns sc_item_columns trx_addons_columns_wrap columns_padding_bottom\"><div class=\"sc_skills_column trx_addons_column-1_4\"><div class=\"sc_skills_item_wrap\"><div class=\"sc_skills_item\"><div class=\"sc_skills_icon icon-manager\"><\/div><div class=\"sc_skills_total\" data-start=\"0\" data-stop=\"2563\" data-step=\"530\" data-max=\"53000\" data-speed=\"35\" data-duration=\"169\" data-ed=\"\">0<\/div><\/div><div class=\"sc_skills_item_title\">learners educated<\/div><\/div><\/div><div class=\"sc_skills_column trx_addons_column-1_4\"><div class=\"sc_skills_item_wrap\"><div class=\"sc_skills_item\"><div class=\"sc_skills_icon icon-mortarboard\"><\/div><div class=\"sc_skills_total\" data-start=\"0\" data-stop=\"52356\" data-step=\"530\" data-max=\"53000\" data-speed=\"11\" data-duration=\"1087\" data-ed=\"\">0<\/div><\/div><div class=\"sc_skills_item_title\">graduates<\/div><\/div><\/div><div class=\"sc_skills_column trx_addons_column-1_4\"><div class=\"sc_skills_item_wrap\"><div class=\"sc_skills_item\"><div class=\"sc_skills_icon icon-books-1\"><\/div><div class=\"sc_skills_total\" data-start=\"0\" data-stop=\"684\" data-step=\"530\" data-max=\"53000\" data-speed=\"14\" data-duration=\"18\" data-ed=\"\">0<\/div><\/div><div class=\"sc_skills_item_title\">cources published<\/div><\/div><\/div><div class=\"sc_skills_column trx_addons_column-1_4\"><div class=\"sc_skills_item_wrap\"><div class=\"sc_skills_item\"><div class=\"sc_skills_icon icon-earth-globe\"><\/div><div class=\"sc_skills_total\" data-start=\"0\" data-stop=\"9584\" data-step=\"530\" data-max=\"53000\" data-speed=\"18\" data-duration=\"325\" data-ed=\"\">0<\/div><\/div><div class=\"sc_skills_item_title\">global learners<\/div><\/div><\/div><\/div><\/div>[vc_empty_space height=&#8220;5px&#8220; alter_height=&#8220;none&#8220; hide_on_mobile=&#8220;&#8220;][vc_empty_space alter_height=&#8220;huge&#8220; hide_on_mobile=&#8220;&#8220;][\/vc_column][\/vc_row][vc_row full_width=&#8220;stretch_row&#8220; equal_height=&#8220;yes&#8220; content_placement=&#8220;middle&#8220; disable_element=&#8220;yes&#8220; row_delimiter=&#8220;&#8220; row_fixed=&#8220;&#8220; hide_on_tablet=&#8220;&#8220; hide_on_mobile=&#8220;&#8220; hide_on_frontpage=&#8220;&#8220; css=&#8220;.vc_custom_1645805334138{padding-top: 1.5em !important;padding-bottom: 1.5em !important;background-position: center !important;background-repeat: no-repeat !important;background-size: cover !important;}&#8220;][vc_column width=&#8220;1\/3&#8243; icons_position=&#8220;left&#8220;][vc_empty_space alter_height=&#8220;small&#8220; hide_on_mobile=&#8220;1&#8243;][vc_empty_space height=&#8220;7px&#8220; alter_height=&#8220;none&#8220; hide_on_mobile=&#8220;1&#8243;][vc_empty_space hide_on_mobile=&#8220;&#8220;][vc_empty_space hide_on_mobile=&#8220;1&#8243;][vc_column_text]<\/p>\n<h3>Want to Receive Fresh News?<\/h3>\n<p>[\/vc_column_text][vc_empty_space alter_height=&#8220;small&#8220; hide_on_mobile=&#8220;1&#8243;][vc_empty_space height=&#8220;7px&#8220; alter_height=&#8220;none&#8220; hide_on_mobile=&#8220;&#8220;][vc_empty_space alter_height=&#8220;small&#8220; hide_on_mobile=&#8220;&#8220;][\/vc_column][vc_column width=&#8220;1\/3&#8243; icons_position=&#8220;left&#8220;][vc_empty_space alter_height=&#8220;small&#8220; hide_on_mobile=&#8220;&#8220;][vc_custom_heading text=&#8220;Subscribe to our daily newsletter to stay ahead of the trending cources and updates&#8220; font_container=&#8220;tag:div|font_size:1.214em|text_align:center|color:%237d7d7d|line_height:1.529em&#8220; google_fonts=&#8220;font_family:Lora%3Aregular%2Citalic%2C700%2C700italic|font_style:400%20regular%3A400%3Anormal&#8220;][vc_empty_space alter_height=&#8220;small&#8220; hide_on_mobile=&#8220;&#8220;][\/vc_column][vc_column width=&#8220;1\/3&#8243; column_align=&#8220;right&#8220; icons_position=&#8220;left&#8220;][vc_empty_space height=&#8220;22px&#8220; alter_height=&#8220;none&#8220; hide_on_mobile=&#8220;&#8220;]<div class=\"sc_item_button sc_button_wrap sc_align_center\"><a href=\"\/contacts\/\" id=\"sc_button_1591334667\" class=\"sc_button sc_button_default sc_button_accent  vc_custom_1488817829408 sc_button_size_normal sc_button_icon_left\"><span class=\"sc_button_icon\"><span class=\"icon-paper-plane\"><\/span><\/span><span class=\"sc_button_text\"><span class=\"sc_button_title\">subscribe<\/span><\/span><!-- \/.sc_button_text --><\/a><!-- \/.sc_button --><\/div><!-- \/.sc_item_button -->[vc_empty_space hide_on_mobile=&#8220;&#8220;][\/vc_column][\/vc_row][vc_row full_width=&#8220;stretch_row_content_no_spaces&#8220; equal_height=&#8220;yes&#8220; content_placement=&#8220;middle&#8220; css=&#8220;.vc_custom_1488897950376{background-color: #f5f5f7 !important;}&#8220;][vc_column width=&#8220;1\/2&#8243; icons_position=&#8220;left&#8220; css=&#8220;.vc_custom_1655126992390{background-image: url(https:\/\/academie-immo.lu\/wp-content\/uploads\/2022\/06\/IMG_5492.jpg?id=2199) !important;background-position: center !important;background-repeat: no-repeat !important;background-size: cover !important;}&#8220;][vc_empty_space alter_height=&#8220;huge&#8220; hide_on_mobile=&#8220;&#8220;][vc_empty_space alter_height=&#8220;huge&#8220; hide_on_mobile=&#8220;&#8220;][vc_empty_space alter_height=&#8220;huge&#8220; hide_on_mobile=&#8220;&#8220;][vc_empty_space alter_height=&#8220;huge&#8220; hide_on_mobile=&#8220;&#8220;][\/vc_column][vc_column width=&#8220;1\/2&#8243; icons_position=&#8220;left&#8220;][vc_empty_space alter_height=&#8220;medium&#8220; hide_on_mobile=&#8220;1,3&#8243;][vc_empty_space alter_height=&#8220;huge&#8220; hide_on_mobile=&#8220;1&#8243;][vc_empty_space alter_height=&#8220;huge&#8220; hide_on_mobile=&#8220;&#8220;]<div id=\"sc_title_1461759513\"\r\n\t\tclass=\"sc_title sc_title_default  vc_custom_1657202743863\"><h6 class=\"sc_item_subtitle sc_title_subtitle sc_align_left sc_item_title_style_default\">Die Immobilienakademie<\/h6><h3 class=\"sc_item_title sc_title_title sc_align_left sc_item_title_style_default\">EIN NEUES KOMPETENZZENTRUM<\/h3><div class=\"sc_item_descr sc_title_descr sc_align_left\">Die Immobilienakademie erweitert die bereits gro\u00dfe Familie der Kompetenzzentren, da sie auf dem Modell der vor f\u00fcnf Jahren gegr\u00fcndeten Kompetenzzentren f\u00fcr Geb\u00e4udetechnik und Fertigstellung aufbaut.<\/p>\n<p>Die Immobilienakademie baut auf der erfolgreichen Erfahrung ihrer Vorg\u00e4nger auf und will ein koh\u00e4rentes und strukturiertes System der sektoralen beruflichen Weiterbildung anbieten, das dem Europ\u00e4ischen Qualifikationsrahmen (EQR) entspricht und die gesetzlichen Bestimmungen f\u00fcr die berufliche Weiterbildung erf\u00fcllt.<\/div><\/div><!-- \/.sc_title -->[vc_empty_space alter_height=&#8220;huge&#8220; hide_on_mobile=&#8220;&#8220;][vc_empty_space alter_height=&#8220;huge&#8220; hide_on_mobile=&#8220;1&#8243;][vc_empty_space height=&#8220;7px&#8220; alter_height=&#8220;none&#8220; hide_on_mobile=&#8220;1,3,2&#8243;][\/vc_column][\/vc_row][vc_row full_width=&#8220;stretch_row&#8220; css=&#8220;.vc_custom_1646925994454{padding-bottom: 40px !important;background-color: #ffffff !important;}&#8220;][vc_column width=&#8220;1\/2&#8243; icons_position=&#8220;left&#8220;][vc_empty_space height=&#8220;4px&#8220; alter_height=&#8220;none&#8220; hide_on_mobile=&#8220;1,3,2&#8243;][vc_empty_space alter_height=&#8220;small&#8220; hide_on_mobile=&#8220;1,3&#8243;][vc_empty_space alter_height=&#8220;huge&#8220; hide_on_mobile=&#8220;1,3&#8243;][vc_empty_space alter_height=&#8220;huge&#8220; hide_on_mobile=&#8220;1,3&#8243;][vc_empty_space alter_height=&#8220;huge&#8220; hide_on_mobile=&#8220;&#8220;]<div id=\"sc_title_1140363171\"\r\n\t\tclass=\"sc_title sc_title_default\"><h6 class=\"sc_item_subtitle sc_title_subtitle sc_align_left sc_item_title_style_default\">Interprofessionelle Vereinbarung<\/h6><h3 class=\"sc_item_title sc_title_title sc_align_left sc_item_title_style_default\">Gro\u00dfherzogliche Verordnung<\/h3><div class=\"sc_item_descr sc_title_descr sc_align_left\">Die Immobilienakademie unterliegt der gro\u00dfherzoglichen Verordnung vom 25. Februar 2022, die die Allgemeinverbindlichkeitserkl\u00e4rung der am 28. Oktober 2021 zwischen der Immobilienkammer des Gro\u00dfherzogtums Luxemburg einerseits und den Gewerkschaften OGBL und LCGB andererseits geschlossenen branchen\u00fcbergreifenden Vereinbarung \u00fcber die berufliche Weiterbildung f\u00fcr den Immobiliensektor enth\u00e4lt.<\/div><div class=\"sc_item_button sc_item_button_default sc_title_button sc_align_left sc_button_wrap\"><a href=\"http:\/\/academie-immo.lu\/wp-content\/uploads\/2022\/05\/02.-Re\u0300glement-grand-ducal-du-7032022.pdf\" id=\"sc_button_1123902054\" class=\"sc_button sc_button_default sc_button_size_normal sc_button_icon_left\"><span class=\"sc_button_text\"><span class=\"sc_button_title\">Verordnung lesen<\/span><\/span><!-- \/.sc_button_text --><\/a><!-- \/.sc_button --><\/div><!-- \/.sc_item_button sc_item_button_default sc_title_button sc_align_left --><\/div><!-- \/.sc_title -->[vc_empty_space alter_height=&#8220;medium&#8220; hide_on_mobile=&#8220;&#8220;][vc_empty_space alter_height=&#8220;large&#8220; hide_on_mobile=&#8220;1,3&#8243;][\/vc_column][vc_column width=&#8220;1\/2&#8243; icons_position=&#8220;left&#8220;][vc_empty_space alter_height=&#8220;huge&#8220; hide_on_mobile=&#8220;1&#8243;][vc_empty_space alter_height=&#8220;huge&#8220; hide_on_mobile=&#8220;&#8220;][vc_single_image image=&#8220;1498&#8243; img_size=&#8220;full&#8220; alignment=&#8220;center&#8220; onclick=&#8220;custom_link&#8220; link=&#8220;http:\/\/academie-immo.lu\/wp-content\/uploads\/2022\/03\/02.-Re\u0300glement-grand-ducal-du-7032022.pdf&#8220;][\/vc_column][\/vc_row][vc_row full_width=&#8220;stretch_row_content_no_spaces&#8220; equal_height=&#8220;yes&#8220; content_placement=&#8220;middle&#8220; css=&#8220;.vc_custom_1488897950376{background-color: #f5f5f7 !important;}&#8220;][vc_column width=&#8220;1\/2&#8243; icons_position=&#8220;left&#8220; css=&#8220;.vc_custom_1655128360224{background-image: url(https:\/\/academie-immo.lu\/wp-content\/uploads\/2022\/05\/DSF1445-scaled-1.jpeg?id=1712) !important;background-position: center !important;background-repeat: no-repeat !important;background-size: cover !important;}&#8220;][vc_empty_space alter_height=&#8220;huge&#8220; hide_on_mobile=&#8220;&#8220;][vc_empty_space alter_height=&#8220;huge&#8220; hide_on_mobile=&#8220;&#8220;][vc_empty_space alter_height=&#8220;huge&#8220; hide_on_mobile=&#8220;&#8220;][vc_empty_space alter_height=&#8220;huge&#8220; hide_on_mobile=&#8220;&#8220;][\/vc_column][vc_column width=&#8220;1\/2&#8243; icons_position=&#8220;left&#8220;][vc_empty_space alter_height=&#8220;medium&#8220; hide_on_mobile=&#8220;1,3&#8243;][vc_empty_space alter_height=&#8220;huge&#8220; hide_on_mobile=&#8220;1&#8243;][vc_empty_space alter_height=&#8220;huge&#8220; hide_on_mobile=&#8220;&#8220;]<div id=\"sc_title_22731469\"\r\n\t\tclass=\"sc_title sc_title_default  vc_custom_1657203138814\"><h6 class=\"sc_item_subtitle sc_title_subtitle sc_align_left sc_item_title_style_default\">Interprofessionelle Vereinbarung<\/h6><h3 class=\"sc_item_title sc_title_title sc_align_left sc_item_title_style_default\">DAS BEITRAGSSYSTEM<\/h3><div class=\"sc_item_descr sc_title_descr sc_align_left\">F\u00fcr Sie als Immobilienmakler, Bautr\u00e4ger und Hausverwalter betr\u00e4gt der j\u00e4hrliche Beitrag 0,5 % Ihrer Lohnsumme. Es handelt sich dabei um eine j\u00e4hrliche Investition in Berufsbildungsma\u00dfnahmen zugunsten Ihrer Arbeitnehmerinnen und Arbeitnehmer. Diese k\u00f6nnen dann kostenlos an Schulungen in zahlreichen Bereichen teilnehmen.<\/p>\n<p>Die Finanzierung der Immobilienakademie erfolgt \u00fcber die Beitr\u00e4ge der Immobilienmakler, Bautr\u00e4ger und Syndikate.<\/div><div class=\"sc_item_button sc_item_button_default sc_title_button sc_align_left sc_button_wrap\"><a href=\"https:\/\/academie-immo.lu\/de\/beitraege\/\" id=\"sc_button_631284355\" class=\"sc_button sc_button_default sc_button_size_normal sc_button_icon_left\"><span class=\"sc_button_text\"><span class=\"sc_button_title\">Mehr erfahren<\/span><\/span><!-- \/.sc_button_text --><\/a><!-- \/.sc_button --><\/div><!-- \/.sc_item_button sc_item_button_default sc_title_button sc_align_left --><\/div><!-- \/.sc_title -->[vc_empty_space alter_height=&#8220;huge&#8220; hide_on_mobile=&#8220;&#8220;][vc_empty_space alter_height=&#8220;huge&#8220; hide_on_mobile=&#8220;1&#8243;][vc_empty_space height=&#8220;7px&#8220; alter_height=&#8220;none&#8220; hide_on_mobile=&#8220;1,3,2&#8243;][\/vc_column][\/vc_row][vc_row][vc_column css=&#8220;.vc_custom_1656691871951{margin-top: 30px !important;}&#8220;][vc_empty_space height=&#8220;60px&#8220; alter_height=&#8220;small&#8220; hide_on_mobile=&#8220;1,3&#8243;][vc_empty_space height=&#8220;60px&#8220; alter_height=&#8220;none&#8220; hide_on_mobile=&#8220;1,3,2&#8243;]<div class=\"sc_courses sc_courses_default\"><h6 class=\"sc_item_subtitle sc_courses_subtitle sc_align_center sc_item_title_style_default\">Die beliebtesten<\/h6><h3 class=\"sc_item_title sc_courses_title sc_align_center sc_item_title_style_default\">Unsere Schulungen<\/h3><div class=\"sc_courses_columns sc_item_columns trx_addons_columns_wrap columns_padding_bottom\"><div class=\"trx_addons_column-1_4\"><div class=\"sc_courses_item trx_addons_hover trx_addons_hover_style_links\">\n\t\t\t<div class=\"sc_courses_item_thumb\">\n\t\t\t<img loading=\"lazy\" decoding=\"async\" width=\"740\" height=\"530\" src=\"https:\/\/academie-immo.lu\/wp-content\/uploads\/2022\/07\/nordwood-themes-yyMJNPgQ-X8-unsplash-740x530.jpg\" class=\"attachment-studeon-thumb-big-blogger size-studeon-thumb-big-blogger wp-post-image\" alt=\"Dynamisierung der internen Kommunikation durch Online-Zusammenarbeit\" \/>\t\t\t<span class=\"sc_courses_item_categories\"><a href=\"https:\/\/academie-immo.lu\/de\/courses_group\/querschnittskompetenzen\/\" title=\"View all posts in Querschnittskompetenzen\">Querschnittskompetenzen<\/a><\/span>\n\t\t<\/div>\n\t\t<div class=\"sc_courses_item_info\">\n\t\t<div class=\"sc_courses_item_header\">\n\t\t\t<h5 class=\"sc_courses_item_title\">Dynamisierung der internen Kommunikation durch Online-Zusammenarbeit<\/h5>\n\t\t\t<div class=\"sc_courses_item_meta\">\n\t\t\t\t<span class=\"sc_courses_item_meta_item sc_courses_item_meta_date\">Started on <span class=\"sc_courses_item_date\">31\/12\/2024<\/span><\/span>\n\t\t\t\t<span class=\"sc_courses_item_meta_item sc_courses_item_meta_duration\"><\/span>\n            <\/div>\n\t\t\t<div class=\"sc_courses_item_price\"><\/div>\n\t\t<\/div>\n\n\t<\/div>\n\t<div class=\"trx_addons_hover_mask\"><\/div>\n\t<div class=\"trx_addons_hover_content\">\n\t\t<h5 class=\"trx_addons_hover_title\">Dynamisierung der internen Kommunikation durch Online-Zusammenarbeit<\/h5>\n\t\t\t\t\t<div class=\"trx_addons_hover_text\">die Auswirkungen und Herausforderungen der internen Kommunikation sowie das Konzept der Online-Zusammenarbeit zu verstehen\r\nErstellen Sie einen Plan f\u00fcr die interne Kommunikation, der auf die Bed\u00fcrfnisse Ihres Unternehmens abgestimmt ist.<\/div>\n\t\t\t\t<div class=\"trx_addons_hover_links\">\n\t\t\t<a href=\"https:\/\/academie-immo.lu\/de\/courses\/dynamisierung-der-internen-kommunikation-durch-online-zusammenarbeit\/\" class=\"trx_addons_hover_link\">More Info<\/a>\n\t\t\t\t\t<\/div>\n\t<\/div>\n<\/div>\n<\/div><div class=\"trx_addons_column-1_4\"><div class=\"sc_courses_item trx_addons_hover trx_addons_hover_style_links\">\n\t\t\t<div class=\"sc_courses_item_thumb\">\n\t\t\t<img loading=\"lazy\" decoding=\"async\" width=\"740\" height=\"530\" src=\"https:\/\/academie-immo.lu\/wp-content\/uploads\/2022\/06\/van-tay-media-TFFn3BYLc5s-unsplash-740x530.jpg\" class=\"attachment-studeon-thumb-big-blogger size-studeon-thumb-big-blogger wp-post-image\" alt=\"Der Mietvertrag f\u00fcr B\u00fcros\" \/>\t\t\t<span class=\"sc_courses_item_categories\"><a href=\"https:\/\/academie-immo.lu\/de\/courses_group\/gesetzgebung\/\" title=\"View all posts in Gesetzgebung\">Gesetzgebung<\/a><\/span>\n\t\t<\/div>\n\t\t<div class=\"sc_courses_item_info\">\n\t\t<div class=\"sc_courses_item_header\">\n\t\t\t<h5 class=\"sc_courses_item_title\">Der Mietvertrag f\u00fcr B\u00fcros<\/h5>\n\t\t\t<div class=\"sc_courses_item_meta\">\n\t\t\t\t<span class=\"sc_courses_item_meta_item sc_courses_item_meta_date\">Started on <span class=\"sc_courses_item_date\">31\/12\/2023<\/span><\/span>\n\t\t\t\t<span class=\"sc_courses_item_meta_item sc_courses_item_meta_duration\"><\/span>\n            <\/div>\n\t\t\t<div class=\"sc_courses_item_price\"><\/div>\n\t\t<\/div>\n\n\t<\/div>\n\t<div class=\"trx_addons_hover_mask\"><\/div>\n\t<div class=\"trx_addons_hover_content\">\n\t\t<h5 class=\"trx_addons_hover_title\">Der Mietvertrag f\u00fcr B\u00fcros<\/h5>\n\t\t\t\t\t<div class=\"trx_addons_hover_text\">Den rechtlichen Rahmen verstehen\r\nWissen, wie man einen Mietvertrag f\u00fcr B\u00fcros aufsetzt<\/div>\n\t\t\t\t<div class=\"trx_addons_hover_links\">\n\t\t\t<a href=\"https:\/\/academie-immo.lu\/de\/courses\/der-mietvertrag-fuer-bueros\/\" class=\"trx_addons_hover_link\">More Info<\/a>\n\t\t\t\t\t<\/div>\n\t<\/div>\n<\/div>\n<\/div><div class=\"trx_addons_column-1_4\"><div class=\"sc_courses_item trx_addons_hover trx_addons_hover_style_links\">\n\t\t\t<div class=\"sc_courses_item_thumb\">\n\t\t\t<img loading=\"lazy\" decoding=\"async\" width=\"740\" height=\"530\" src=\"https:\/\/academie-immo.lu\/wp-content\/uploads\/2022\/07\/elena-mozhvilo-j06gLuKK0GM-unsplash-740x530.jpg\" class=\"attachment-studeon-thumb-big-blogger size-studeon-thumb-big-blogger wp-post-image\" alt=\"Berufsethik\" \/>\t\t\t<span class=\"sc_courses_item_categories\"><a href=\"https:\/\/academie-immo.lu\/de\/courses_group\/gesetzgebung\/\" title=\"View all posts in Gesetzgebung\">Gesetzgebung<\/a><\/span>\n\t\t<\/div>\n\t\t<div class=\"sc_courses_item_info\">\n\t\t<div class=\"sc_courses_item_header\">\n\t\t\t<h5 class=\"sc_courses_item_title\">Berufsethik<\/h5>\n\t\t\t<div class=\"sc_courses_item_meta\">\n\t\t\t\t<span class=\"sc_courses_item_meta_item sc_courses_item_meta_date\">Started on <span class=\"sc_courses_item_date\">31\/12\/2023<\/span><\/span>\n\t\t\t\t<span class=\"sc_courses_item_meta_item sc_courses_item_meta_duration\"><\/span>\n            <\/div>\n\t\t\t<div class=\"sc_courses_item_price\"><\/div>\n\t\t<\/div>\n\n\t<\/div>\n\t<div class=\"trx_addons_hover_mask\"><\/div>\n\t<div class=\"trx_addons_hover_content\">\n\t\t<h5 class=\"trx_addons_hover_title\">Berufsethik<\/h5>\n\t\t\t\t\t<div class=\"trx_addons_hover_text\">Kenntnis der Berufsethik und Ethik im Zusammenhang mit Immobilienberufen<\/div>\n\t\t\t\t<div class=\"trx_addons_hover_links\">\n\t\t\t<a href=\"https:\/\/academie-immo.lu\/de\/courses\/berufsethik\/\" class=\"trx_addons_hover_link\">More Info<\/a>\n\t\t\t\t\t<\/div>\n\t<\/div>\n<\/div>\n<\/div><div class=\"trx_addons_column-1_4\"><div class=\"sc_courses_item trx_addons_hover trx_addons_hover_style_links\">\n\t\t\t<div class=\"sc_courses_item_thumb\">\n\t\t\t<img loading=\"lazy\" decoding=\"async\" width=\"740\" height=\"530\" src=\"https:\/\/academie-immo.lu\/wp-content\/uploads\/2022\/06\/pedro-miranda-3QzMBrvCeyQ-unsplash-740x530.jpg\" class=\"attachment-studeon-thumb-big-blogger size-studeon-thumb-big-blogger wp-post-image\" alt=\"Vertikales Kataster \/ Pl\u00e4ne lesen\" \/>\t\t\t<span class=\"sc_courses_item_categories\"><a href=\"https:\/\/academie-immo.lu\/de\/courses_group\/bautechniken\/\" title=\"View all posts in Bautechniken\">Bautechniken<\/a><\/span>\n\t\t<\/div>\n\t\t<div class=\"sc_courses_item_info\">\n\t\t<div class=\"sc_courses_item_header\">\n\t\t\t<h5 class=\"sc_courses_item_title\">Vertikales Kataster \/ Pl\u00e4ne lesen<\/h5>\n\t\t\t<div class=\"sc_courses_item_meta\">\n\t\t\t\t<span class=\"sc_courses_item_meta_item sc_courses_item_meta_date\">Started on <span class=\"sc_courses_item_date\">31\/12\/2023<\/span><\/span>\n\t\t\t\t<span class=\"sc_courses_item_meta_item sc_courses_item_meta_duration\"><\/span>\n            <\/div>\n\t\t\t<div class=\"sc_courses_item_price\"><\/div>\n\t\t<\/div>\n\n\t<\/div>\n\t<div class=\"trx_addons_hover_mask\"><\/div>\n\t<div class=\"trx_addons_hover_content\">\n\t\t<h5 class=\"trx_addons_hover_title\">Vertikales Kataster \/ Pl\u00e4ne lesen<\/h5>\n\t\t\t\t\t<div class=\"trx_addons_hover_text\">Immobilientechnik, vertikales Kataster, Pl\u00e4ne lesen<\/div>\n\t\t\t\t<div class=\"trx_addons_hover_links\">\n\t\t\t<a href=\"https:\/\/academie-immo.lu\/de\/courses\/vertikales-kataster-plaene-lesen\/\" class=\"trx_addons_hover_link\">More Info<\/a>\n\t\t\t\t\t<\/div>\n\t<\/div>\n<\/div>\n<\/div><\/div><div class=\"sc_item_button sc_item_button_default sc_courses_button sc_align_center sc_button_wrap\"><a href=\"https:\/\/academie-immo.lu\/de\/schulungen\/\" id=\"sc_button_1736267150\" class=\"sc_button sc_button_default sc_button_size_normal sc_button_icon_left\"><span class=\"sc_button_text\"><span class=\"sc_button_title\">Alle Ausbildungen ansehen<\/span><\/span><!-- \/.sc_button_text --><\/a><!-- \/.sc_button --><\/div><!-- \/.sc_item_button sc_item_button_default sc_courses_button sc_align_center --><\/div><!-- \/.sc_courses -->[\/vc_column][\/vc_row][vc_row full_width=&#8220;stretch_row&#8220; css=&#8220;.vc_custom_1646926016469{background-color: #f5f5f7 !important;}&#8220;][vc_column width=&#8220;1\/2&#8243; icons_position=&#8220;left&#8220;][vc_empty_space height=&#8220;4px&#8220; alter_height=&#8220;none&#8220; hide_on_mobile=&#8220;1,3,2&#8243;][vc_empty_space alter_height=&#8220;huge&#8220; hide_on_mobile=&#8220;1,3&#8243;][vc_empty_space alter_height=&#8220;huge&#8220; hide_on_mobile=&#8220;&#8220;]<div id=\"sc_title_278397038\"\r\n\t\tclass=\"sc_title sc_title_default\"><h6 class=\"sc_item_subtitle sc_title_subtitle sc_align_left sc_item_title_style_default\">Interprofessionelle Vereinbarung<\/h6><h3 class=\"sc_item_title sc_title_title sc_align_left sc_item_title_style_default\">Zugang zu Schulungen<\/h3><div class=\"sc_item_descr sc_title_descr sc_align_left\">Wie bei den Kompetenzzentren des Handwerks sieht das neue Abkommen vor, dass jedes Unternehmen, das \u00fcber eine Gewerbeerlaubnis als Insolvenzverwalter, Bautr\u00e4ger oder Agentur verf\u00fcgt, verpflichtend 0,5 % seiner Lohnsumme an die Immobilienakademie abf\u00fchren muss. Im Gegenzug k\u00f6nnen die Unternehmen des Immobiliensektors dann, wenn sie dies w\u00fcnschen, ihre Arbeitnehmer\/innen zu kostenlosen Schulungen dorthin schicken.<\/div><\/div><!-- \/.sc_title -->[vc_empty_space alter_height=&#8220;medium&#8220; hide_on_mobile=&#8220;&#8220;][vc_empty_space alter_height=&#8220;large&#8220; hide_on_mobile=&#8220;1,3&#8243;][\/vc_column][vc_column width=&#8220;1\/2&#8243; icons_position=&#8220;left&#8220;][vc_single_image image=&#8220;1421&#8243; img_size=&#8220;full&#8220; alignment=&#8220;right&#8220;][vc_empty_space alter_height=&#8220;huge&#8220; hide_on_mobile=&#8220;&#8220;][\/vc_column][\/vc_row][vc_row full_width=&#8220;stretch_row_content_no_spaces&#8220; equal_height=&#8220;yes&#8220; css=&#8220;.vc_custom_1646141853259{background-color: #f5f5f7 !important;}&#8220;][vc_column width=&#8220;1\/2&#8243; icons_position=&#8220;left&#8220; css=&#8220;.vc_custom_1652966683300{background-image: url(http:\/\/academie-immo.lu\/wp-content\/uploads\/2022\/05\/Untitled-design.jpg?id=1548) !important;background-position: center !important;background-repeat: no-repeat !important;background-size: cover !important;}&#8220;][vc_empty_space alter_height=&#8220;huge&#8220; hide_on_mobile=&#8220;&#8220;][vc_empty_space alter_height=&#8220;huge&#8220; hide_on_mobile=&#8220;&#8220;][vc_empty_space alter_height=&#8220;huge&#8220; hide_on_mobile=&#8220;&#8220;][\/vc_column][vc_column width=&#8220;1\/2&#8243; icons_position=&#8220;left&#8220; el_class=&#8220;column_form&#8220;][vc_empty_space height=&#8220;6px&#8220; alter_height=&#8220;none&#8220; hide_on_mobile=&#8220;1,3,2&#8243;][vc_empty_space alter_height=&#8220;medium&#8220; hide_on_mobile=&#8220;1&#8243;][vc_empty_space alter_height=&#8220;medium&#8220; hide_on_mobile=&#8220;1,3&#8243;][vc_empty_space alter_height=&#8220;huge&#8220; hide_on_mobile=&#8220;&#8220;]<div id=\"sc_title_1105687800\"\r\n\t\tclass=\"sc_title sc_title_default\"><h2 class=\"sc_item_title sc_title_title sc_align_left sc_item_title_style_default sc_item_title_tag\">KONTAKTIEREN SIE UNS<\/h2><\/div><!-- \/.sc_title -->\n<div class=\"wpcf7 no-js\" id=\"wpcf7-f1529-o1\" lang=\"en-US\" dir=\"ltr\">\n<div class=\"screen-reader-response\"><p role=\"status\" aria-live=\"polite\" aria-atomic=\"true\"><\/p> <ul><\/ul><\/div>\n<form action=\"\/de\/wp-json\/wp\/v2\/pages\/2520#wpcf7-f1529-o1\" method=\"post\" class=\"wpcf7-form init\" aria-label=\"Contact form\" novalidate=\"novalidate\" data-status=\"init\">\n<div style=\"display: none;\">\n<input type=\"hidden\" name=\"_wpcf7\" value=\"1529\" \/>\n<input type=\"hidden\" name=\"_wpcf7_version\" value=\"5.7.6\" \/>\n<input type=\"hidden\" name=\"_wpcf7_locale\" value=\"en_US\" \/>\n<input type=\"hidden\" name=\"_wpcf7_unit_tag\" value=\"wpcf7-f1529-o1\" \/>\n<input type=\"hidden\" name=\"_wpcf7_container_post\" value=\"0\" \/>\n<input type=\"hidden\" name=\"_wpcf7_posted_data_hash\" value=\"\" \/>\n<input type=\"hidden\" name=\"_wpcf7_recaptcha_response\" value=\"\" \/>\n<\/div>\n<div class='row'>\n\t<div class=\"col-lg-6\">\n\t\t<div class=\"form-group text_box\">\n\t\t\t<p><span class=\"wpcf7-form-control-wrap\" data-name=\"your-firstname\"><input size=\"40\" class=\"wpcf7-form-control wpcf7-text wpcf7-validates-as-required\" aria-required=\"true\" aria-invalid=\"false\" placeholder=\"Votre Pr\u00e9nom*\" value=\"\" type=\"text\" name=\"your-firstname\" \/><\/span>\n\t\t\t<\/p>\n\t\t<\/div>\n\t<\/div>\n\t<div class=\"col-lg-6\">\n\t\t<div class=\"form-group text_box\">\n\t\t\t<p><span class=\"wpcf7-form-control-wrap\" data-name=\"your-lastname\"><input size=\"40\" class=\"wpcf7-form-control wpcf7-text wpcf7-validates-as-required\" aria-required=\"true\" aria-invalid=\"false\" placeholder=\"Ihr Name*\" value=\"\" type=\"text\" name=\"your-lastname\" \/><\/span>\n\t\t\t<\/p>\n\t\t<\/div>\n\t<\/div>\n<\/div>\n<div class =\"row\">\n\t<div class=\"col\">\n\t\t<p><span class=\"wpcf7-form-control-wrap\" data-name=\"your-email\"><input size=\"40\" class=\"wpcf7-form-control wpcf7-text wpcf7-email wpcf7-validates-as-required wpcf7-validates-as-email\" aria-required=\"true\" aria-invalid=\"false\" placeholder=\"Ihre E-Mail-Adresse*\" value=\"\" type=\"email\" name=\"your-email\" \/><\/span>\n\t\t<\/p>\n\t<\/div>\n\t<div class=\"col\">\n\t\t<p><span class=\"wpcf7-form-control-wrap\" data-name=\"telephone\"><input size=\"40\" class=\"wpcf7-form-control wpcf7-text wpcf7-tel wpcf7-validates-as-tel\" aria-invalid=\"false\" placeholder=\"Telefonnummer\" value=\"\" type=\"tel\" name=\"telephone\" \/><\/span>\n\t\t<\/p>\n\t<\/div>\n<\/div>\n<div class=\"row\">\n\t<div class=\"col\">\n\t\t<p><span class=\"wpcf7-form-control-wrap\" data-name=\"text-869\"><input size=\"40\" class=\"wpcf7-form-control wpcf7-text\" aria-invalid=\"false\" placeholder=\"Objekt*\" value=\"\" type=\"text\" name=\"text-869\" \/><\/span>\n\t\t<\/p>\n\t<\/div>\n<\/div>\n<div class='row'>\n\t<div class=\"col\">\n\t\t<p><span class=\"wpcf7-form-control-wrap\" data-name=\"your-message\"><textarea cols=\"40\" rows=\"10\" class=\"wpcf7-form-control wpcf7-textarea wpcf7-validates-as-required\" aria-required=\"true\" aria-invalid=\"false\" placeholder=\"Ihre Nachricht*\" name=\"your-message\"><\/textarea><\/span>\n\t\t<\/p>\n\t<\/div>\n<\/div>\n<div id=\"cf7sr-69f14eea39904\" class=\"cf7sr-g-recaptcha\" data-sitekey=\"6LebRTskAAAAAEeV8hPBDsY3oVL2xxkscu12tHMj\"><\/div><span class=\"wpcf7-form-control-wrap cf7sr-recaptcha\" data-name=\"cf7sr-recaptcha\"><input type=\"hidden\" name=\"cf7sr-recaptcha\" value=\"\" class=\"wpcf7-form-control\"><\/span>\n<\/p>\n<div class=\"row\">\n\t<div class=\"bt\">\n\t\t<p><input class=\"wpcf7-form-control has-spinner wpcf7-submit\" type=\"submit\" value=\"Senden\" \/>\n\t\t<\/p>\n\t<\/div>\n<\/div><p style=\"display: none !important;\"><label>&#916;<textarea name=\"_wpcf7_ak_hp_textarea\" cols=\"45\" rows=\"8\" maxlength=\"100\"><\/textarea><\/label><input type=\"hidden\" id=\"ak_js_1\" name=\"_wpcf7_ak_js\" value=\"152\"\/><script>document.getElementById( \"ak_js_1\" ).setAttribute( \"value\", ( new Date() ).getTime() );<\/script><\/p><div class=\"wpcf7-response-output\" aria-hidden=\"true\"><\/div>\n<\/form>\n<\/div>\n[vc_empty_space alter_height=&#8220;medium&#8220; hide_on_mobile=&#8220;1&#8243;][vc_empty_space alter_height=&#8220;small&#8220; hide_on_mobile=&#8220;1,3&#8243;][vc_empty_space alter_height=&#8220;huge&#8220; hide_on_mobile=&#8220;&#8220;][\/vc_column][\/vc_row][vc_row full_width=&#8220;stretch_row&#8220; disable_element=&#8220;yes&#8220; css=&#8220;.vc_custom_1645805386997{background-color: #ffffff !important;}&#8220;][vc_column][vc_empty_space height=&#8220;9px&#8220; alter_height=&#8220;none&#8220; hide_on_mobile=&#8220;1,3,2&#8243;][vc_empty_space alter_height=&#8220;large&#8220; hide_on_mobile=&#8220;1&#8243;][vc_empty_space alter_height=&#8220;huge&#8220; hide_on_mobile=&#8220;&#8220;][vc_empty_space height=&#8220;10px&#8220; alter_height=&#8220;none&#8220; hide_on_mobile=&#8220;1,3,2&#8243;][vc_empty_space alter_height=&#8220;medium&#8220; hide_on_mobile=&#8220;1&#8243;][vc_empty_space alter_height=&#8220;huge&#8220; hide_on_mobile=&#8220;&#8220;][\/vc_column][\/vc_row][vc_row full_width=&#8220;stretch_row_content_no_spaces&#8220;][vc_column icons_position=&#8220;left&#8220;]<div  id=\"sc_action_1316652390\" \n\tclass=\"sc_action sc_action_simple\"><div class=\"sc_action_content sc_item_content\"><div class=\"sc_action_item sc_action_item_simple with_image sc_action_fixed_height sc_action_item_mc\" style=\"background-image:url(https:\/\/academie-immo.lu\/wp-content\/uploads\/2022\/03\/Untitled-design-4-2.png);height:45.215rem;overflow:hidden;\">\n\t\t\t\t\t\t\t<div class=\"sc_action_item_mask\"><\/div>\n\t\t\t\t<div class=\"sc_action_item_inner\">\n\t\t\t\t<h5 class=\"sc_action_item_subtitle\" style=\"color: #ffffff\"><span>Umfrage<\/span><\/h5><h2 class=\"sc_action_item_title\"><span>Formular zur Analyse<span> der Lernbed\u00fcrfnisse<\/span><\/span><\/h2><a href=\"https:\/\/fr.surveymonkey.com\/r\/98BLXNC\" class=\"sc_action_item_link\"><i class=\"icon fas fa-hourglass-start\"><\/i>Mitmachen <\/a><\/div><!-- \/.sc_action_item_inner --><\/div><\/div><\/div><!-- \/.sc_action -->[\/vc_column][\/vc_row][vc_row][vc_column icons_position=&#8220;left&#8220;][vc_empty_space alter_height=&#8220;huge&#8220; hide_on_mobile=&#8220;&#8220;]<div id=\"widget_slider_1476448332\" class=\"widget_area sc_widget_slider vc_widget_slider wpb_content_element\"><aside id=\"widget_slider_1476448332_widget\" class=\"widget widget_slider\">\t\t\t<div class=\"slider_wrap slider_engine_swiper\">\r\n\t\t\t\t<div id=\"widget_slider_1476448332_outer\" class=\"slider_swiper_outer slider_style_default slider_outer_direction_horizontal slider_outer_nocontrols slider_outer_nopagination slider_outer_titles_center slider_outer_multi\"><div id=\"widget_slider_1476448332_swiper\" class=\"slider_swiper swiper-slider-container slider_direction_horizontal slider_nocontrols slider_nopagination slider_titles_center slider_multi slider_resize slider_height_auto slider_type_images\" data-ratio=\"16:9\" data-interval=\"4000\" data-effect=\"slide\" data-pagination=\"bullets\" data-direction=\"horizontal\" data-slides-per-view=\"4\" data-slides-space=\"108\">\r\n\t\t\t\t\t\t<div class=\"swiper-wrapper\"><div  class=\"swiper-slide\" style=\"\"><\/div><div  class=\"swiper-slide\" style=\"\"><\/div><div  class=\"swiper-slide\" style=\"\"><\/div><div  class=\"swiper-slide\" style=\"\"><\/div><\/div><!-- \/.swiper-wripper --><\/div><!-- \/.slider_swiper --><\/div><!-- \/.slider_swiper_outer -->\t\t\t<\/div>\r\n\t\t\t<\/aside><\/div>[vc_empty_space height=&#8220;7px&#8220; alter_height=&#8220;none&#8220; hide_on_mobile=&#8220;&#8220;][vc_empty_space alter_height=&#8220;medium&#8220; hide_on_mobile=&#8220;&#8220;][\/vc_column][\/vc_row]<\/p>\n","protected":false},"excerpt":{"rendered":"<p>[vc_row css=&#8220;.vc_custom_1642589913907{background-color: #ffffff !important;}&#8220;][vc_column][\/vc_column][\/vc_row][vc_row full_width=&#8220;stretch_row&#8220; css=&#8220;.vc_custom_1646226073794{margin-left: 2px !important;background-color: #ffffff !important;}&#8220; el_class=&#8220;gauche-mobile&#8220;][vc_column][vc_empty_space alter_height=&#8220;huge&#8220; hide_on_mobile=&#8220;&#8220;][vc_empty_space alter_height=&#8220;huge&#8220; hide_on_mobile=&#8220;&#8220;][vc_row_inner el_class=&#8220;gauche-mobile&#8220;][vc_column_inner css=&#8220;.vc_custom_1646225814474{padding-bottom: 40px !important;}&#8220;][vc_column_text] Die Acad\u00e9mie de l&#8217;Immobilier bietet eine Reihe von Schulungen in den Bereichen Technik, Technologie, Wirtschaft, Recht und Management f\u00fcr Fachleute aus der Immobilienbranche an. Sie wurde speziell f\u00fcr die 800 Unternehmen der Branche und ihre 2.000 Angestellten entwickelt. Die Schulungen werden&hellip;<\/p>\n","protected":false},"author":1,"featured_media":0,"parent":0,"menu_order":0,"comment_status":"closed","ping_status":"closed","template":"","meta":{"footnotes":""},"class_list":["post-2520","page","type-page","status-publish","hentry"],"yoast_head":"<!-- This site is optimized with the Yoast SEO plugin v20.6 - https:\/\/yoast.com\/wordpress\/plugins\/seo\/ -->\n<title>Startseite - Acad\u00e9mie de l&#039;immobilier<\/title>\n<meta name=\"robots\" content=\"index, follow, max-snippet:-1, max-image-preview:large, max-video-preview:-1\" \/>\n<link rel=\"canonical\" href=\"https:\/\/academie-immo.lu\/de\/\" \/>\n<meta property=\"og:locale\" content=\"de_DE\" \/>\n<meta property=\"og:type\" content=\"article\" \/>\n<meta property=\"og:title\" content=\"Startseite - Acad\u00e9mie de l&#039;immobilier\" \/>\n<meta property=\"og:description\" content=\"[vc_row css=&#8220;.vc_custom_1642589913907{background-color: #ffffff !important;}&#8220;][vc_column][\/vc_column][\/vc_row][vc_row full_width=&#8220;stretch_row&#8220; css=&#8220;.vc_custom_1646226073794{margin-left: 2px !important;background-color: #ffffff !important;}&#8220; el_class=&#8220;gauche-mobile&#8220;][vc_column][vc_empty_space alter_height=&#8220;huge&#8220; hide_on_mobile=&#8220;&#8220;][vc_empty_space alter_height=&#8220;huge&#8220; hide_on_mobile=&#8220;&#8220;][vc_row_inner el_class=&#8220;gauche-mobile&#8220;][vc_column_inner css=&#8220;.vc_custom_1646225814474{padding-bottom: 40px !important;}&#8220;][vc_column_text] Die Acad\u00e9mie de l&#8217;Immobilier bietet eine Reihe von Schulungen in den Bereichen Technik, Technologie, Wirtschaft, Recht und Management f\u00fcr Fachleute aus der Immobilienbranche an. Sie wurde speziell f\u00fcr die 800 Unternehmen der Branche und ihre 2.000 Angestellten entwickelt. Die Schulungen werden&hellip;\" \/>\n<meta property=\"og:url\" content=\"https:\/\/academie-immo.lu\/de\/\" \/>\n<meta property=\"og:site_name\" content=\"Acad\u00e9mie de l&#039;immobilier\" \/>\n<meta property=\"article:modified_time\" content=\"2022-07-07T14:38:41+00:00\" \/>\n<meta name=\"twitter:card\" content=\"summary_large_image\" \/>\n<meta name=\"twitter:label1\" content=\"Gesch\u00e4tzte Lesezeit\" \/>\n\t<meta name=\"twitter:data1\" content=\"11\u00a0Minuten\" \/>\n<script type=\"application\/ld+json\" class=\"yoast-schema-graph\">{\"@context\":\"https:\/\/schema.org\",\"@graph\":[{\"@type\":\"WebPage\",\"@id\":\"https:\/\/academie-immo.lu\/de\/\",\"url\":\"https:\/\/academie-immo.lu\/de\/\",\"name\":\"Startseite - Acad\u00e9mie de l&#039;immobilier\",\"isPartOf\":{\"@id\":\"https:\/\/academie-immo.lu\/#website\"},\"datePublished\":\"2017-02-06T07:50:11+00:00\",\"dateModified\":\"2022-07-07T14:38:41+00:00\",\"breadcrumb\":{\"@id\":\"https:\/\/academie-immo.lu\/de\/#breadcrumb\"},\"inLanguage\":\"de\",\"potentialAction\":[{\"@type\":\"ReadAction\",\"target\":[\"https:\/\/academie-immo.lu\/de\/\"]}]},{\"@type\":\"BreadcrumbList\",\"@id\":\"https:\/\/academie-immo.lu\/de\/#breadcrumb\",\"itemListElement\":[{\"@type\":\"ListItem\",\"position\":1,\"name\":\"Accueil\",\"item\":\"https:\/\/academie-immo.lu\/de\/\"},{\"@type\":\"ListItem\",\"position\":2,\"name\":\"Startseite\"}]},{\"@type\":\"WebSite\",\"@id\":\"https:\/\/academie-immo.lu\/#website\",\"url\":\"https:\/\/academie-immo.lu\/\",\"name\":\"Acad\u00e9mie de l&#039;immobilier\",\"description\":\"\",\"potentialAction\":[{\"@type\":\"SearchAction\",\"target\":{\"@type\":\"EntryPoint\",\"urlTemplate\":\"https:\/\/academie-immo.lu\/?s={search_term_string}\"},\"query-input\":\"required name=search_term_string\"}],\"inLanguage\":\"de\"}]}<\/script>\n<!-- \/ Yoast SEO plugin. -->","yoast_head_json":{"title":"Startseite - Acad\u00e9mie de l&#039;immobilier","robots":{"index":"index","follow":"follow","max-snippet":"max-snippet:-1","max-image-preview":"max-image-preview:large","max-video-preview":"max-video-preview:-1"},"canonical":"https:\/\/academie-immo.lu\/de\/","og_locale":"de_DE","og_type":"article","og_title":"Startseite - Acad\u00e9mie de l&#039;immobilier","og_description":"[vc_row css=&#8220;.vc_custom_1642589913907{background-color: #ffffff !important;}&#8220;][vc_column][\/vc_column][\/vc_row][vc_row full_width=&#8220;stretch_row&#8220; css=&#8220;.vc_custom_1646226073794{margin-left: 2px !important;background-color: #ffffff !important;}&#8220; el_class=&#8220;gauche-mobile&#8220;][vc_column][vc_empty_space alter_height=&#8220;huge&#8220; hide_on_mobile=&#8220;&#8220;][vc_empty_space alter_height=&#8220;huge&#8220; hide_on_mobile=&#8220;&#8220;][vc_row_inner el_class=&#8220;gauche-mobile&#8220;][vc_column_inner css=&#8220;.vc_custom_1646225814474{padding-bottom: 40px !important;}&#8220;][vc_column_text] Die Acad\u00e9mie de l&#8217;Immobilier bietet eine Reihe von Schulungen in den Bereichen Technik, Technologie, Wirtschaft, Recht und Management f\u00fcr Fachleute aus der Immobilienbranche an. Sie wurde speziell f\u00fcr die 800 Unternehmen der Branche und ihre 2.000 Angestellten entwickelt. Die Schulungen werden&hellip;","og_url":"https:\/\/academie-immo.lu\/de\/","og_site_name":"Acad\u00e9mie de l&#039;immobilier","article_modified_time":"2022-07-07T14:38:41+00:00","twitter_card":"summary_large_image","twitter_misc":{"Gesch\u00e4tzte Lesezeit":"11\u00a0Minuten"},"schema":{"@context":"https:\/\/schema.org","@graph":[{"@type":"WebPage","@id":"https:\/\/academie-immo.lu\/de\/","url":"https:\/\/academie-immo.lu\/de\/","name":"Startseite - Acad\u00e9mie de l&#039;immobilier","isPartOf":{"@id":"https:\/\/academie-immo.lu\/#website"},"datePublished":"2017-02-06T07:50:11+00:00","dateModified":"2022-07-07T14:38:41+00:00","breadcrumb":{"@id":"https:\/\/academie-immo.lu\/de\/#breadcrumb"},"inLanguage":"de","potentialAction":[{"@type":"ReadAction","target":["https:\/\/academie-immo.lu\/de\/"]}]},{"@type":"BreadcrumbList","@id":"https:\/\/academie-immo.lu\/de\/#breadcrumb","itemListElement":[{"@type":"ListItem","position":1,"name":"Accueil","item":"https:\/\/academie-immo.lu\/de\/"},{"@type":"ListItem","position":2,"name":"Startseite"}]},{"@type":"WebSite","@id":"https:\/\/academie-immo.lu\/#website","url":"https:\/\/academie-immo.lu\/","name":"Acad\u00e9mie de l&#039;immobilier","description":"","potentialAction":[{"@type":"SearchAction","target":{"@type":"EntryPoint","urlTemplate":"https:\/\/academie-immo.lu\/?s={search_term_string}"},"query-input":"required name=search_term_string"}],"inLanguage":"de"}]}},"_links":{"self":[{"href":"https:\/\/academie-immo.lu\/de\/wp-json\/wp\/v2\/pages\/2520","targetHints":{"allow":["GET"]}}],"collection":[{"href":"https:\/\/academie-immo.lu\/de\/wp-json\/wp\/v2\/pages"}],"about":[{"href":"https:\/\/academie-immo.lu\/de\/wp-json\/wp\/v2\/types\/page"}],"author":[{"embeddable":true,"href":"https:\/\/academie-immo.lu\/de\/wp-json\/wp\/v2\/users\/1"}],"replies":[{"embeddable":true,"href":"https:\/\/academie-immo.lu\/de\/wp-json\/wp\/v2\/comments?post=2520"}],"version-history":[{"count":13,"href":"https:\/\/academie-immo.lu\/de\/wp-json\/wp\/v2\/pages\/2520\/revisions"}],"predecessor-version":[{"id":2537,"href":"https:\/\/academie-immo.lu\/de\/wp-json\/wp\/v2\/pages\/2520\/revisions\/2537"}],"wp:attachment":[{"href":"https:\/\/academie-immo.lu\/de\/wp-json\/wp\/v2\/media?parent=2520"}],"curies":[{"name":"wp","href":"https:\/\/api.w.org\/{rel}","templated":true}]}}